{"id":3203,"date":"2023-06-22T15:32:01","date_gmt":"2023-06-22T18:32:01","guid":{"rendered":"https:\/\/uruguaynatural.com\/es\/places\/\/"},"modified":"2026-04-16T10:38:23","modified_gmt":"2026-04-16T13:38:23","slug":"las-canas","status":"publish","type":"places","link":"https:\/\/uruguaynatural.com\/pt\/places\/las-canas\/","title":{"rendered":"Las Ca\u00f1as"},"author":2,"template":"","place-categories":[187,101],"class_list":["post-3203","places","type-places","status-publish","hentry","place-categories-region-litoral-sur","place-categories-rio-negro"],"acf":[],"primary_title":"<h1><span class=\"highlight highlight--verde\">Las Ca\u00f1as<\/span><\/h1>","short_description":"\u00c9 o balne\u00e1rio por excel\u00eancia do Departamento de R\u00edo Negro, sendo um dos mais belos do litoral uruguaio devido \u00e0 combina\u00e7\u00e3o singular de sua paisagem natural no rio Uruguai, entre barrancos e florestas nativas.","description":"<div id=\"s5_columns_wrap_inner\">\r\n<div id=\"s5_columns_wrap_inner2\">\r\n<div id=\"s5_center_column_wrap\">\r\n<div id=\"s5_center_column_wrap_inner\">\r\n<div id=\"s5_component_wrap\">\r\n<div id=\"s5_component_wrap_inner\">\r\n<div id=\"k2Container\" class=\"itemView\">\r\n<div class=\"itemBody\">\r\n<div class=\"itemIntroText\">\r\n\r\nLocalizada a apenas 8 quil\u00f4metros da cidade de Fray Bentos e a 20 quil\u00f4metros da Ponte Internacional General San Martin, essa localidade se destaca por sua areia branca e fina, cercada por bosques nativos com ceibos, murtas, espinheiros e sarandis que formam belas galerias. Al\u00e9m disso, os turistas podem desfrutar de diversas atividades n\u00e1uticas, como windsurfe, vela, canoagem, bem como os tradicionais jogos de praia.\r\nO resort de praia tem infraestrutura adequada para uso tur\u00edstico. Possui uma \u00e1rea de camping com todos os servi\u00e7os, eletricidade, banheiros, chuveiros, policl\u00ednica, pousadas, restaurantes, mercearia e mercado de artesanato. Tamb\u00e9m possui hot\u00e9is, cabanas e casas para aluguel por temporada.\r\nFora da temporada de ver\u00e3o, caracteriza-se por sua tranquilidade, dando lugar para desfrutar de longas caminhadas ou, para aqueles que gostam de treinar, um circuito para correr ao longo da rota panor\u00e2mica que consegue desconectar do mundo qualquer pessoa que a experimente.\r\n\r\n&nbsp;\r\n\r\n<article>\r\n<h3>N\u00e3o perca essa chance!<\/h3>\r\n<div class=\"mas-visitados clearfix\">\r\n<figure><img class=\"circular-img\" src=\"https:\/\/uruguaynatural.com\/images\/destinos-destacados\/desktop.jpg\" alt=\"\" \/><\/figure>\r\n<h4>Cais de Las Ca\u00f1as.<\/h4>\r\nImperd\u00edvel para quem gosta de turismo n\u00e1utico. A instala\u00e7\u00e3o tem um calado de aproximadamente 1 metro.\r\n\r\n<\/div>\r\n<div class=\"mas-visitados clearfix\">\r\n<figure><img class=\"circular-img\" src=\"https:\/\/uruguaynatural.com\/images\/destinos-destacados\/desktop.jpg\" alt=\"\" \/><\/figure>\r\n<h4>As praias.<\/h4>\r\nPlaya Grande, El Naranjo, Caracoles e El Para\u00edso s\u00e3o as principais. Areia branca, vegeta\u00e7\u00e3o nativa, \u00e1guas calmas e pores do sol memor\u00e1veis formam um ambiente mais do que agrad\u00e1vel para toda a fam\u00edlia.\r\n\r\n&nbsp;\r\n\r\n<\/div>\r\n<\/article><\/div>\r\n<\/div>\r\n<\/div>\r\n<\/div>\r\n<\/div>\r\n<\/div>\r\n<\/div>\r\n<\/div>\r\n<\/div>","primary_image":"[{\"id\":3204,\"url\":\"https:\/\/uruguaynatural.com\/wp-content\/uploads\/2023\/06\/Lascanas.jpg\"}]","secondary_image":"[]","gallery_images":"[]","enable_map":"1","coord_lat":"","coord_lng":"","locations":"-33.165671101005756,-58.35658615102732","department":"Rio Negro","_links":{"self":[{"href":"https:\/\/uruguaynatural.com\/pt\/wp-json\/wp\/v2\/places\/3203","targetHints":{"allow":["GET"]}}],"collection":[{"href":"https:\/\/uruguaynatural.com\/pt\/wp-json\/wp\/v2\/places"}],"about":[{"href":"https:\/\/uruguaynatural.com\/pt\/wp-json\/wp\/v2\/types\/places"}],"author":[{"embeddable":true,"href":"https:\/\/uruguaynatural.com\/pt\/wp-json\/wp\/v2\/users\/2"}],"wp:attachment":[{"href":"https:\/\/uruguaynatural.com\/pt\/wp-json\/wp\/v2\/media?parent=3203"}],"wp:term":[{"taxonomy":"place-categories","embeddable":true,"href":"https:\/\/uruguaynatural.com\/pt\/wp-json\/wp\/v2\/place-categories?post=3203"}],"curies":[{"name":"wp","href":"https:\/\/api.w.org\/{rel}","templated":true}]}}