{"id":2925,"date":"2023-06-12T16:40:15","date_gmt":"2023-06-12T19:40:15","guid":{"rendered":"https:\/\/uruguaynatural.com\/es\/places\/\/"},"modified":"2023-09-27T14:38:22","modified_gmt":"2023-09-27T17:38:22","slug":"canelones","status":"publish","type":"places","link":"https:\/\/uruguaynatural.com\/pt\/places\/canelones\/","title":{"rendered":"Canelones"},"author":7,"template":"","place-categories":[91,86,85],"class_list":["post-2925","places","type-places","status-publish","hentry","place-categories-canelones","place-categories-ciudades","place-categories-metropolitana"],"acf":[],"primary_title":"<h1 class=\"itemTitle\"><span class=\"highlight highlight--verde\">Canelones<\/span><\/h1>","short_description":"Originalmente chamada de \"Villa de Nuestra Se\u00f1ora de Guadalupe\", Canelones foi o local de nascimento da primeira bandeira nacional e a terra dos imigrantes can\u00e1rios.","description":"Atualmente, \u00e9 o centro administrativo do Departamento, e seus arredores s\u00e3o dominados por pequenas fazendas, propriedades rurais, vin\u00edcolas e fazendas tur\u00edsticas de latic\u00ednios. Entre seus eventos de destaque est\u00e3o a Fiesta Nacional de la Bandera e o Peric\u00f3n Federal, que ocorre em dezembro.\r\n\r\nCanelones, como departamento, destaca-se por ser, depois de Montevid\u00e9u, o mais populoso do pa\u00eds e um dos mais estrat\u00e9gicos do ponto de vista geopol\u00edtico. Localizado no sul do pa\u00eds, \u00e9 a ponte de comunica\u00e7\u00e3o entre a capital e o interior do pa\u00eds, bem como receptor de visitantes estrangeiros, pois \u00e9 a sede do Aeroporto Internacional de Carrasco. Tem uma superf\u00edcie de mais de 4.500 metros quadrados e uma popula\u00e7\u00e3o de mais de 520.000 habitantes. Seu territ\u00f3rio, levemente ondulado e cheio de plan\u00edcies, tem um rico fluxo de c\u00f3rregos que fazem parte da bacia do rio Santa Luc\u00eda, uma fonte de riqueza de \u00e1gua pot\u00e1vel para todo o sul do pa\u00eds, que acaba desaguando nas margens do Rio da Prata. H\u00e1 tamb\u00e9m alguns grandes lagos, tajamares ou reservat\u00f3rios e po\u00e7os escavados que armazenam \u00e1gua durante o inverno para irriga\u00e7\u00e3o no ver\u00e3o. Canelones tamb\u00e9m \u00e9 um departamento fundamental para a compreens\u00e3o da hist\u00f3ria do pa\u00eds. De acordo com as instru\u00e7\u00f5es dadas pelo General Jos\u00e9 Gervasio Artigas em 1816, Canelones constituiria uma das seis jurisdi\u00e7\u00f5es que dividiriam a Prov\u00edncia Oriental.\r\n\r\nA cidade de Canelones abriga importantes monumentos e constru\u00e7\u00f5es que o convidam a desfrutar do turismo hist\u00f3rico-cultural.&nbsp;No Parque General Artigas, voc\u00ea encontrar\u00e1 o Museu Arqueol\u00f3gico Antonio Taddei, que foi um dos precursores da arqueologia cient\u00edfica no Uruguai. Ele exibe material paleontol\u00f3gico e principalmente arqueol\u00f3gico pertencente a culturas ind\u00edgenas que habitavam nosso territ\u00f3rio. Outro local imperd\u00edvel na capital das Ilhas Can\u00e1rias \u00e9 a Catedral de Nossa Senhora de Guadalupe, constru\u00edda em 1843, com uma tipologia arquitet\u00f4nica representativa do neoclassicismo espanhol. A Villa Nuestra Se\u00f1ora de Guadalupe foi fundada em torno da Capela em homenagem a essa virgem em 1783, e foi aos p\u00e9s da imagem que o primeiro Pavilh\u00e3o Nacional, criado pela Assembleia Geral Constituinte e Legislativa do Estado, foi aben\u00e7oado em 1829.\r\n\r\nO Monumento \u00e0 Bandeira, inaugurado em 1939 e conhecido como \"La Joaquina\", em alus\u00e3o ao retrato em relevo de Joaqu\u00edn Su\u00e1rez em sua fachada, est\u00e1 localizado na Plaza 18 de Julio. A figura veste a cl\u00e1ssica t\u00fanica grega das alegorias c\u00edvicas da \u00e9poca, segurando uma espada na m\u00e3o direita e, com a esquerda, ergue a bandeira nacional.\r\n\r\n<strong>N\u00e3o perca essa chance!<\/strong>\r\n<div class=\"mais visitados clearfix\">\r\n<h3><img class=\"circular-img\" src=\"https:\/\/uruguaynatural.com\/images\/destinos-destacados\/politeama.png\" alt=\"\" \/><\/h3>\r\n<strong>Complexo Cultural Politeama<\/strong>\r\n\r\nO Complexo Cultural Politeama completou 100 anos e seu nome se refere ao fato de que esse espa\u00e7o tem sido historicamente usado para diferentes tipos de espet\u00e1culos, como zarzuelas, apresenta\u00e7\u00f5es teatrais, shows de filmes, dan\u00e7as e at\u00e9 competi\u00e7\u00f5es de boxe. Possui duas tert\u00falias e um sal\u00e3o de baias ladeado por corredores que formam o sal\u00e3o teatral \"Atahualpa del Cioppo\". Reaberto em 2014 ap\u00f3s v\u00e1rias reformas, \u00e9 considerado o polo art\u00edstico da cidade e uma \u00e1rea central para atividades culturais.&nbsp;Contato: 1828 Int. 1233\r\n<h3>&nbsp;<\/h3>\r\n<\/div>\r\n<div class=\"mais visitados clearfix\">\r\n<figure><img class=\"circular-img\" src=\"https:\/\/uruguaynatural.com\/images\/destinos-destacados\/spikerman.png\" alt=\"\" \/><\/figure>\r\n<strong>Museu Spikerman<\/strong>\r\n\r\nNele est\u00e3o expostos materiais representativos da fase de funda\u00e7\u00e3o da cidade e uma valiosa cole\u00e7\u00e3o numism\u00e1tica e outra de armas pertencentes ao processo revolucion\u00e1rio Artiguista, \u00e0 Cruzada Libertadora e \u00e0s guerras civis da primeira metade do s\u00e9culo XIX, al\u00e9m de lustres e um rel\u00f3gio que pertenceram a chefes pol\u00edticos do departamento da mesma \u00e9poca.&nbsp;Contato: (+598) &nbsp;43323111\r\n\r\n<\/div>\r\n<div class=\"mais visitados clearfix\">\r\n<figure><img class=\"circular-img\" src=\"https:\/\/uruguaynatural.com\/images\/destinos-destacados\/bandera.png\" alt=\"\" \/><\/figure>\r\n<strong>Monumento \u00e0 bandeira<\/strong>\r\n<p class=\"western\" lang=\"es-UY\">Localizado na Pra\u00e7a 18 de Julio, em Canelones, \u00e9 um monumento de estilo historicista em homenagem ao primeiro pavilh\u00e3o nacional. Ele consiste em uma figura feminina em uma postura ereta, com a cabe\u00e7a erguida e uma express\u00e3o severa. Vestida com uma t\u00fanica, ela segura uma espada na m\u00e3o direita e levanta a bandeira com a esquerda.<\/p>\r\n&nbsp;\r\n\r\n<\/div>\r\n<div class=\"mas-visitados clearfix\">\r\n<figure><img class=\"circular-img\" src=\"https:\/\/uruguaynatural.com\/images\/destinos-destacados\/granja.png\" alt=\"\" \/><\/figure>\r\n<strong>Fazenda infantil<\/strong>\r\n\r\n\u00c9 um espa\u00e7o interdisciplinar, interinstitucional e educacional que busca promover a produ\u00e7\u00e3o respons\u00e1vel e uma cultura de vida saud\u00e1vel, posicionando a fazenda como um local de refer\u00eancia nos passeios p\u00fablicos da regi\u00e3o metropolitana. Inclui \u00e1reas recreativas e l\u00fadicas, um galp\u00e3o cultural, um setor agroecol\u00f3gico, uma \u00e1rea de pecu\u00e1ria, uma sala de jogos ao ar livre, casas na \u00e1rvore, currais para animais dom\u00e9sticos e um audit\u00f3rio. Contato: 43323060\r\n\r\n&nbsp;\r\n\r\n<\/div>","primary_image":"[{\"id\":2952,\"url\":\"https:\/\/uruguaynatural.com\/wp-content\/uploads\/2023\/06\/Plaza-de-Canelones.jpg\"}]","secondary_image":"[]","gallery_images":"[]","enable_map":"1","coord_lat":"","coord_lng":"","locations":"-34.52733273693529,-56.281473054296875","department":"Canelones","_links":{"self":[{"href":"https:\/\/uruguaynatural.com\/pt\/wp-json\/wp\/v2\/places\/2925","targetHints":{"allow":["GET"]}}],"collection":[{"href":"https:\/\/uruguaynatural.com\/pt\/wp-json\/wp\/v2\/places"}],"about":[{"href":"https:\/\/uruguaynatural.com\/pt\/wp-json\/wp\/v2\/types\/places"}],"author":[{"embeddable":true,"href":"https:\/\/uruguaynatural.com\/pt\/wp-json\/wp\/v2\/users\/7"}],"wp:attachment":[{"href":"https:\/\/uruguaynatural.com\/pt\/wp-json\/wp\/v2\/media?parent=2925"}],"wp:term":[{"taxonomy":"place-categories","embeddable":true,"href":"https:\/\/uruguaynatural.com\/pt\/wp-json\/wp\/v2\/place-categories?post=2925"}],"curies":[{"name":"wp","href":"https:\/\/api.w.org\/{rel}","templated":true}]}}