{"id":7289,"date":"{\"dateEnabled\":false,\"start\":\"1970-01-01T00:00:00.000Z\",\"end\":\"1970-01-01T00:00:00.000Z\"}","date_gmt":"2025-10-24T17:55:27","guid":{"rendered":"http:\/\/uruguaynatural.com\/es\/experiences\/\/"},"modified":"2025-12-30T11:54:11","modified_gmt":"2025-12-30T14:54:11","slug":"100-anos-del-palacio-legislativo-un-viaje-al-corazon-de-la-democracia-uruguaya","status":"publish","type":"experiences","link":"https:\/\/uruguaynatural.com\/pt\/experiences\/100-anos-del-palacio-legislativo-un-viaje-al-corazon-de-la-democracia-uruguaya\/","title":{"rendered":"100 A\u00f1os del Palacio Legislativo: un viaje al coraz\u00f3n de la Democracia uruguaya"},"author":7,"template":"","experience-categories":[27,56,184,30],"class_list":["post-7289","experiences","type-experiences","status-publish","hentry","experience-categories-arte","experience-categories-gastronomia","experience-categories-historia","experience-categories-patrimonio"],"acf":[],"primary_title":"<h1><span class=\"highlight highlight--turquesa highlight--verde\">100 A\u00f1os del Palacio Legislativo: un viaje al coraz\u00f3n de la Democracia uruguaya<\/span><\/h1>","description":"<p class=\"western\" align=\"justify\"><span style=\"font-family: ARial, sans-serif;\">Esta experiencia que celebra los 100 a\u00f1os del Palacio Legislativo, combina historia, arte, gastronom\u00eda y modernidad urbana, y permite vivir Montevideo en toda su riqueza cultural y arquitect\u00f3nica con la conectividad pr\u00e1ctica del Bus Tur\u00edstico.<\/span><\/p>","info":"<p align=\"justify\"><span style=\"font-family: ARial, sans-serif;\"><b>Palacio Legislativo: un \u00edcono de la Democracia<\/b><\/span><\/p>\r\n<p align=\"justify\"><span style=\"font-family: ARial, sans-serif;\">En 2025, el Palacio Legislativo celebra su centenario y se consolida como un s\u00edmbolo de la democracia y arquitectura del Uruguay. Inaugurado el 25 de agosto de 1925, en conmemoraci\u00f3n del centenario de la Declaratoria de la Independencia, este emblem\u00e1tico edificio alberga al Poder Legislativo y conserva valiosas obras de arte nacional que reflejan la historia del pa\u00eds y la construcci\u00f3n de su identidad. Sus salones principales y recintos parlamentarios fueron escenario de momentos decisivos de la Rep\u00fablica, y hoy invitan a quienes los recorren a sentirse parte de esa historia viva.<\/span><\/p>\r\n<p align=\"justify\"><span style=\"font-family: ARial, sans-serif;\">Ubicado en la Avenida de las Leyes s\/n, Montevideo, el Palacio abre sus puertas al p\u00fablico de lunes a viernes, con recorridos guiados en espa\u00f1ol, portugu\u00e9s e ingl\u00e9s. Durante la visita, los turistas pueden admirar su imponente arquitectura neocl\u00e1sica, recorrer el Sal\u00f3n de los Pasos Perdidos y las C\u00e1maras de Senadores y Representantes, adem\u00e1s de descubrir la historia pol\u00edtica y cultural del pa\u00eds, reflejada en cada detalle art\u00edstico y arquitect\u00f3nico de este monumento nacional.<\/span><\/p>\r\n<p align=\"justify\"><span style=\"font-family: ARial, sans-serif;\">Los recorridos se realizan a las 11:00 (en espa\u00f1ol y portugu\u00e9s) y a las 15:00 (en espa\u00f1ol e ingl\u00e9s), a partir del 5 de marzo. El costo de la entrada para turistas extranjeros es de tres d\u00f3lares estadounidenses o 140 pesos uruguayos (solo efectivo). Los residentes pueden consultar directamente con el Parlamento. Para coordinaci\u00f3n y consultas, se puede comunicar al tel\u00e9fono 29241783 o al correo electr\u00f3nico: protocolo@parlamento.gub.uy.<\/span><\/p>\r\n<p class=\"western\" align=\"justify\"><span style=\"font-family: ARial, sans-serif;\"><b>Mercado Agr\u00edcola de Montevideo, Torre de las Telecomunicaciones y Bus Tur\u00edstico: sabores, cultura y conectividad<\/b><\/span><\/p>\r\n<p class=\"western\" align=\"justify\"><span style=\"font-family: ARial, sans-serif;\">En la misma zona, el Mercado Agr\u00edcola de Montevideo (MAM) y la Torre de las Telecomunicaciones ofrecen experiencias complementarias.<\/span><\/p>\r\n<p class=\"western\" align=\"justify\"><span style=\"font-family: ARial, sans-serif;\">El <\/span><strong><span style=\"font-family: ARial, sans-serif;\">MAM<\/span><\/strong><span style=\"font-family: ARial, sans-serif;\">, inaugurado en 1913 y declarado Monumento Hist\u00f3rico Nacional en 1999, fue <\/span><strong><span style=\"font-family: ARial, sans-serif;\">restaurado y reinaugurado en 2013<\/span><\/strong><span style=\"font-family: ARial, sans-serif;\">, consolid\u00e1ndose como un centro cultural, gastron\u00f3mico y comercial vibrante. Los visitantes pueden probar aqu\u00ed productos locales frescos, degustar platos tradicionales e internacionales y recorrer los puestos de artesan\u00edas y recuerdos de Montevideo.<\/span><\/p>\r\n<p class=\"western\" align=\"justify\"><span style=\"font-family: ARial, sans-serif;\">La Torre de las Telecomunicaciones, sede de la Administraci\u00f3n Nacional de Telecomunicaciones (ANTEL), destaca por su arquitectura contempor\u00e1nea y su relevancia institucional. Su mirador panor\u00e1mico ofrece una vista \u00fanica de la ciudad y la rambla, y representa un punto de inter\u00e9s imperdible.<\/span><\/p>\r\n<p class=\"western\" align=\"justify\"><span style=\"font-family: ARial, sans-serif;\">Adem\u00e1s, el Bus Tur\u00edstico de Montevideo conecta el Palacio Legislativo, el MAM, la Torre de Antel y otros puntos clave, que incluyen Parque del Prado, Plaza Independencia, Ciudad Vieja, Estadio Centenario, Parque Rod\u00f3 y la rambla hasta Carrasco. Su servicio \u201chop on - hop off\u201d permite subir y bajar en las paradas de inter\u00e9s y recorrer la ciudad c\u00f3modamente con historia, cultura y arquitectura a tu ritmo.<\/span><\/p>\r\n<p class=\"western\" align=\"justify\"><span style=\"font-family: ARial, sans-serif;\"><b>Tarifas Bus Tur\u00edstico:<\/b><\/span><\/p>\r\n<p class=\"western\" align=\"justify\"><span style=\"font-family: ARial, sans-serif;\">Las tarifas del <\/span><strong><span style=\"font-family: ARial, sans-serif;\">Bus Tur\u00edstico<\/span><\/strong><span style=\"font-family: ARial, sans-serif;\"> son las siguientes: el boleto de 24 horas tiene un valor de 1.000 pesos uruguayos o 25 d\u00f3lares estadounidenses por persona. <\/span><\/p>\r\n<p class=\"western\" align=\"justify\"><span style=\"font-family: ARial, sans-serif;\">Los residentes que cuenten con la <\/span><strong><span style=\"font-family: ARial, sans-serif;\">Tarjeta STM Com\u00fan, <\/span><\/strong><span style=\"font-family: ARial, sans-serif;\">pueden acceder al servicio con un precio reducido de 500 pesos uruguayos por persona. <\/span><\/p>\r\n<p class=\"western\" align=\"justify\"><span style=\"font-family: ARial, sans-serif;\">Adem\u00e1s, existe un <\/span><strong><span style=\"font-family: ARial, sans-serif;\">boleto bonificado de 250 pesos uruguayos<\/span><\/strong><span style=\"font-family: ARial, sans-serif;\"> para jubilados (con tarjetas STM tipo A y B), estudiantes y clientes de Gesti\u00f3n Social, que dispongan de saldo en su tarjeta. Este monto se debe abonar al subir a la unidad, y la tarjeta puede recargarse en cualquiera de los puntos habilitados.<\/span><\/p>\r\n<p class=\"western\" align=\"justify\"><span style=\"font-family: ARial, sans-serif;\"><b>Horarios y contacto:<\/b><\/span><\/p>\r\n<p class=\"western\" align=\"justify\"><span style=\"font-family: ARial, sans-serif;\">Estos son los horarios y contactos de los principales puntos de la experiencia tur\u00edstica: <\/span><\/p>\r\n<p class=\"western\" align=\"justify\"><span style=\"font-family: ARial, sans-serif;\">Para el <\/span><strong><span style=\"font-family: ARial, sans-serif;\">Palacio Legislativo<\/span><\/strong><span style=\"font-family: ARial, sans-serif;\">, los interesados pueden comunicarse al 29241783 o al correo protocolo@parlamento.gub.uy.<\/span><\/p>\r\n<p class=\"western\" align=\"justify\"><span style=\"font-family: ARial, sans-serif;\">El <\/span><span style=\"color: #000080;\"><u><a href=\"https:\/\/www.mam.com.uy\/\"><span style=\"font-family: ARial, sans-serif;\"><b>Mercado Agr\u00edcola de Montevideo<\/b><\/span><\/a><\/u><\/span><strong><span style=\"font-family: ARial, sans-serif;\"> (MAM), <\/span><\/strong><span style=\"font-family: ARial, sans-serif;\">abre de 9:00 a 22:00 horas de manera general, y sus locales gastron\u00f3micos atienden de 11:00 a 23:00 horas; su tel\u00e9fono de contacto es (+598) 2200 9535 y el correo electr\u00f3nico clientes@mam.com.uy. <\/span><\/p>\r\n<p class=\"western\" align=\"justify\"><span style=\"font-family: ARial, sans-serif;\">Para la <\/span><strong><span style=\"font-family: ARial, sans-serif;\">Torre de las Telecomunicaciones<\/span><\/strong><span style=\"font-family: ARial, sans-serif;\">, se recomienda consultar directamente las visitas guiadas y actividades disponibles en la web de <\/span><span style=\"color: #000080;\"><u><a href=\"https:\/\/www.antel.com.uy\/institucional\/nuestra-empresa\/complejo-torre\/visitas-guiadas\"><span style=\"font-family: ARial, sans-serif;\"><b>ANTEL<\/b><\/span><\/a><\/u><\/span><span style=\"font-family: ARial, sans-serif;\">. <\/span><\/p>\r\n<p class=\"western\" align=\"justify\"><span style=\"font-family: ARial, sans-serif;\">El <\/span><span style=\"color: #000080;\"><u><a href=\"https:\/\/www.busturisticomontevideo.com\/\"><span style=\"font-family: ARial, sans-serif;\"><b>Bus Tur\u00edstico<\/b><\/span><\/a><\/u><\/span><span style=\"font-family: ARial, sans-serif;\"> funciona de lunes a domingo de 11:00 a 20:30 horas; su tel\u00e9fono de contacto es +598 93418090 y el correo es consultas@busturisticomontevideo.com.<\/span><\/p>","highlights":"","primary_image":"[{\"id\":7290,\"url\":\"https:\/\/uruguaynatural.com\/wp-content\/uploads\/2025\/10\/20250828_113323-scaled.jpg\"}]","secondary_image":"[{\"id\":7293,\"url\":\"http:\/\/uruguaynatural.com\/wp-content\/uploads\/2025\/10\/Palacio-Legislativo-Dron-Noche-4096-2304-max-scaled.jpg\"}]","gallery_images":"[{\"id\":7306,\"url\":\"http:\/\/uruguaynatural.com\/wp-content\/uploads\/2025\/10\/2019-Alexis-NOQUET-MAM-1-scaled.jpg\"},{\"id\":7305,\"url\":\"http:\/\/uruguaynatural.com\/wp-content\/uploads\/2025\/10\/2019-Alexis-NOQUET-MAM-5-scaled.jpg\"},{\"id\":7304,\"url\":\"http:\/\/uruguaynatural.com\/wp-content\/uploads\/2025\/10\/20250828_122442-scaled.jpg\"},{\"id\":7303,\"url\":\"http:\/\/uruguaynatural.com\/wp-content\/uploads\/2025\/10\/20250828_122458-scaled.jpg\"},{\"id\":7302,\"url\":\"http:\/\/uruguaynatural.com\/wp-content\/uploads\/2025\/10\/20250828_123348-scaled.jpg\"},{\"id\":7301,\"url\":\"http:\/\/uruguaynatural.com\/wp-content\/uploads\/2025\/10\/20250828_121227-scaled.jpg\"},{\"id\":7299,\"url\":\"http:\/\/uruguaynatural.com\/wp-content\/uploads\/2025\/10\/20250828_115710-scaled.jpg\"},{\"id\":7298,\"url\":\"http:\/\/uruguaynatural.com\/wp-content\/uploads\/2025\/10\/20250828_115600-scaled.jpg\"},{\"id\":7297,\"url\":\"http:\/\/uruguaynatural.com\/wp-content\/uploads\/2025\/10\/20250828_114041-scaled.jpg\"},{\"id\":7295,\"url\":\"http:\/\/uruguaynatural.com\/wp-content\/uploads\/2025\/10\/20250828_113638-scaled.jpg\"},{\"id\":7294,\"url\":\"http:\/\/uruguaynatural.com\/wp-content\/uploads\/2025\/10\/20250828_110952-scaled.jpg\"},{\"id\":7293,\"url\":\"http:\/\/uruguaynatural.com\/wp-content\/uploads\/2025\/10\/Palacio-Legislativo-Dron-Noche-4096-2304-max-scaled.jpg\"},{\"id\":7291,\"url\":\"http:\/\/uruguaynatural.com\/wp-content\/uploads\/2025\/10\/Dron-Palacio-Legislativo-y-Torre-de-Antel-al-atardecer-4096-2304-max-scaled.jpg\"},{\"id\":7313,\"url\":\"http:\/\/uruguaynatural.com\/wp-content\/uploads\/2025\/10\/FTO07154-scaled.jpg\"},{\"id\":7312,\"url\":\"http:\/\/uruguaynatural.com\/wp-content\/uploads\/2025\/10\/FTO07161-scaled.jpg\"},{\"id\":7315,\"url\":\"http:\/\/uruguaynatural.com\/wp-content\/uploads\/2025\/10\/DJI_20250130113501_0220_D-scaled.jpg\"},{\"id\":7308,\"url\":\"http:\/\/uruguaynatural.com\/wp-content\/uploads\/2025\/10\/IMG_6062.jpeg\"},{\"id\":7290,\"url\":\"http:\/\/uruguaynatural.com\/wp-content\/uploads\/2025\/10\/20250828_113323-scaled.jpg\"},{\"id\":1042,\"url\":\"http:\/\/uruguaynatural.com\/wp-content\/uploads\/2023\/03\/Montevideo-desde-las-alturas.jpg\"},{\"id\":1298,\"url\":\"http:\/\/uruguaynatural.com\/wp-content\/uploads\/2023\/04\/Captura-de-pantalla-de-2023-04-11-15-39-26.png\"},{\"id\":1688,\"url\":\"http:\/\/uruguaynatural.com\/wp-content\/uploads\/2023\/04\/home-montevideo.jpg\"},{\"id\":3264,\"url\":\"http:\/\/uruguaynatural.com\/wp-content\/uploads\/2023\/06\/1-montevideo-rambla-costa-1.webp\"}]","enable_map":"1","coord_lat":"","coord_lng":"","locations":"-34.8912374,-56.1872631|-34.8869474,-56.1834235|-34.891944,-56.194722","department":"Montevideo","places":"[{\"id\":1296,\"link\":\"http:\/\/uruguaynatural.com\/es\/places\/montevideo\/\",\"title\":\"Montevideo\",\"description\":\"La rambla capitalina, el balc\u00f3n de acceso a m\u00e1s de <strong>30 kil\u00f3metros de costa<\/strong>, es uno de los principales atributos de Montevideo y un paseo imperdible para sus habitantes que suelen recurrir a ella para tomar mate y realizar extensas caminatas. Tambi\u00e9n lo son la cantidad de espacios verdes, parques y jardines que posibilitan m\u00faltiples opciones al aire libre.\\r\\n\\r\\nMontevideo tambi\u00e9n cuenta con una amplia movida cultural. As\u00ed por ejemplo, su cartelera teatral, es llamativamente extensa y variada, y abarca tanto espect\u00e1culos cl\u00e1sicos, como modernos o alternativos. En sus museos, centros culturales , casas de cultura y salas de exposici\u00f3n es posible apreciar el arte de una amplia gama de artistas de alcance internacional como Juan Manuel Blanes, Rafael Barradas, Pedro Figari, Joaqu\u00edn Torres Garc\u00eda, Jos\u00e9 C\u00faneo e Ignacio Iturria, entre otros.\\r\\n<h3>M\u00e1s informaci\u00f3n<\/h3>\\r\\n<ul>\\r\\n \\t<li><strong>Los inicios:<\/strong> Montevideo fue fundada por el gobernador y capit\u00e1n del R\u00edo del Plata Don Bruno Mauricio de Zabala. El proceso fundacional de la ciudad se inscribe entre 1724 y 1730, per\u00edodo en que comenzaron a arribar los primeros pobladores provenientes de Buenos aires y de las Islas Canarias. En el a\u00f1o 1833 se proyecta el nuevo trazado para la Ciudad Nueva que comienza a ejecutarse plenamente a partir de 1861.A diferencia de la Ciudad Vieja, que estaba amurallada en todo su per\u00edmetro, la Ciudad Nueva se proyecta con calles anchas y arboladas donde se localizaron comercios suntuosos y grandes residencias.<\/li>\\r\\n<\/ul>\\r\\n\u00a0\\r\\n<ul>\\r\\n \\t<li><strong>Capital con los pies en el r\u00edo:<\/strong> Recorrer 30 kil\u00f3metros de costa a es una de las posibilidades imperdibles que ofrece la capital montevideana que nunca le da la espalda al R\u00edo de la Plata. Por un extenso trayecto, desde Capurro hasta Carrasco, se extiende la Rambla de Montevideo, que fue concebida como un balc\u00f3n hacia el mar, para un verdadero disfrute de las costas de la ciudad.\\r\\nSus diversos tramos poseen especial belleza, ya que en su recorrido, ya sea a pie, en bicicleta o en auto, adem\u00e1s de hermosas playas es posible apreciar la arquitectura urbana que las rodea. Edificios antiguos y modernos, plazas y espacios deportivos como la pista de patinaje en el Parque Rod\u00f3, la de Skate en Buceo y varios gimnasios al aire libre, se suceden conformando atractivas panor\u00e1micas para el turista.\\r\\nDesde el puerto capitalino, hacia el Este, se suceden las playas m\u00e1s urbanas: Ram\u00edrez, Pocitos, Carrasco, Buceo, Malv\u00edn, en tanto hacia el Oeste, existen otras playas m\u00e1s agrestes y de acceso individual como la Colorada, Punta Espinillo, Punta Yeguas, Zabala o Santa Catarina. Las playas de Montevideo son caracter\u00edsticas por sus finas y blancas arenas y las calmas aguas del R\u00edo de la Plata, as\u00ed como por su seguridad. Adem\u00e1s del servicio de guardavidas, todas las playas habilitadas tienen asegurada la cobertura de salud y el cuidado de los ba\u00f1istas a trav\u00e9s de puestos de primeros auxilios y atenci\u00f3n m\u00e9dica de urgencia y emergencia. En el verano, adem\u00e1s de disfrutar del sol, arena y mar, los turistas pueden disfrutar de espect\u00e1culos y actividades recreativas gratuitas para ni\u00f1os, j\u00f3venes y adultos.<\/li>\\r\\n<\/ul>\\r\\n<h4>\u00a1No te pierdas!<\/h4>\\r\\n<ol>\\r\\n \\t<li>Plaza Matriz: ubicada en la Ciudad Vieja, entre las calles Peatonal Sarand\u00ed y Juan Carlos G\u00f3mez,\u00a0 en esta plaza se respira historia. La Iglesia Matriz, El Cabildo y otros edificios hist\u00f3ricos se encuentran rodeando su m\u00edtica fuente, uno de los monumentos m\u00e1s bellos de la ciudad.<\/li>\\r\\n \\t<li>Estadio Centenario: ubicado en la zona de Parque Batlle, es el principal escenario deportivo del pa\u00eds, con una imponente infraestructura capaz de albergar hasta 80.000 espectadores. Es posible coordinar visitas guiadas y conocer los hitos que transformaron al f\u00fatbol en la mayor pasi\u00f3n de los uruguayos.<\/li>\\r\\n \\t<li>Jard\u00edn Bot\u00e1nico: ubicado en el Prado,\u00a0 alberga una gran colecci\u00f3n de flora de distintas partes del mundo a lo largo y ancho de m\u00e1s de trece hect\u00e1reas. El entorno es ideal para extensas jornadas de picnic y para conectarse con la naturaleza, sin salir de la ciudad. El acceso es gratuito.<\/li>\\r\\n \\t<li>Mercado del Puerto: es uno de los puntos de mayor congregaci\u00f3n de turistas en la capital. Su gastronom\u00eda representa las m\u00e1s arraigadas tradiciones de Uruguay. El asado es el plato predominante y la mayor\u00eda de los restaurantes son parilladas pero existen otras opciones. Los espect\u00e1culos culturales y las artesan\u00edas tambi\u00e9n son protagonistas en el entorno.<\/li>\\r\\n<\/ol>\",\"primary_image\":\"http:\/\/uruguaynatural.com\/wp-content\/uploads\/2023\/04\/Captura-de-pantalla-de-2023-04-11-15-39-26.png\"}]","date_enabled":"","start_date":"0","end_date":"0","_links":{"self":[{"href":"https:\/\/uruguaynatural.com\/pt\/wp-json\/wp\/v2\/experiences\/7289","targetHints":{"allow":["GET"]}}],"collection":[{"href":"https:\/\/uruguaynatural.com\/pt\/wp-json\/wp\/v2\/experiences"}],"about":[{"href":"https:\/\/uruguaynatural.com\/pt\/wp-json\/wp\/v2\/types\/experiences"}],"author":[{"embeddable":true,"href":"https:\/\/uruguaynatural.com\/pt\/wp-json\/wp\/v2\/users\/7"}],"wp:attachment":[{"href":"https:\/\/uruguaynatural.com\/pt\/wp-json\/wp\/v2\/media?parent=7289"}],"wp:term":[{"taxonomy":"experience-categories","embeddable":true,"href":"https:\/\/uruguaynatural.com\/pt\/wp-json\/wp\/v2\/experience-categories?post=7289"}],"curies":[{"name":"wp","href":"https:\/\/api.w.org\/{rel}","templated":true}]}}