{"id":6612,"date":"{\"dateEnabled\":false,\"start\":\"1970-01-01T00:00:00.000Z\",\"end\":\"1970-01-01T00:00:00.000Z\"}","date_gmt":"2025-07-04T21:19:31","guid":{"rendered":"http:\/\/uruguaynatural.com\/es\/experiences\/\/"},"modified":"2025-07-04T18:27:24","modified_gmt":"2025-07-04T21:27:24","slug":"vivi-rocha-de-los-palmares-al-mar","status":"publish","type":"experiences","link":"https:\/\/uruguaynatural.com\/pt\/experiences\/vivi-rocha-de-los-palmares-al-mar\/","title":{"rendered":"Viva Rocha, dos palmares ao mar"},"author":7,"template":"","experience-categories":[75,73,17,131,56,20,48],"class_list":["post-6612","experiences","type-experiences","status-publish","hentry","experience-categories-areaprotegida","experience-categories-aventuraeesporte","experience-categories-cultura","experience-categories-fiestas-tradicionales","experience-categories-gastronomia","experience-categories-naturaleza","experience-categories-praias"],"acf":[],"primary_title":"<h1><span class=\"highlight highlight--verde\">Viv\u00ed Rocha: de los palmares al mar<\/span><\/h1>","description":"<p class=\"western\" align=\"justify\"><span style=\"font-family: ARial, sans-serif;\">Imagin\u00e1 sumergirte en una tierra donde la naturaleza te abraza en cada paso, la historia susurra entre sus troncos y los sabores te conectan con el alma del lugar. <\/span><\/p>","info":"<span style=\"font-family: Times New Roman, serif;\"><span style=\"font-size: medium;\"><span lang=\"pt-BR\">Imagine mergulhar em uma terra onde a natureza abra\u00e7a cada passo, a hist\u00f3ria sussurra entre os troncos e os sabores conectam voc\u00ea com a alma do lugar<\/span><\/span><\/span>\r\n\r\n<span style=\"font-family: Times New Roman, serif;\"><span style=\"font-size: medium;\"><span lang=\"pt-BR\">Imagine mergulhar em uma terra onde a natureza abra\u00e7a cada passo, a hist\u00f3ria sussurra entre os troncos e os sabores conectam voc\u00ea com a alma do lugar\r\n\r\n(ver menos)<\/span><\/span><\/span>\r\n\r\n<span style=\"font-family: Times New Roman, serif;\"><span style=\"font-size: medium;\"><span lang=\"pt-BR\">Rocha espera por voc\u00ea com cen\u00e1rios cativantes: dunas que apagam pegadas, palmares de buti\u00e1 que dan\u00e7am ao vento e um mar hipn\u00f3tico que desperta emo\u00e7\u00f5es. Sua hist\u00f3ria vibra em lendas ind\u00edgenas, uma rica cultura costeira e um patrim\u00f4nio vivo em cada povoado. Nos sabores, voc\u00ea descobrir\u00e1 frutos nativos, frutos do mar rec\u00e9m-capturados e produtos sustent\u00e1veis que remetem ao lar. Seja nas hospedarias ou em cada encontro, voc\u00ea experimentar\u00e1 uma hospitalidade genu\u00edna e um ref\u00fagio acolhedor onde se sentir\u00e1 em fam\u00edlia.\r\n\r\nConvidamos voc\u00ea a explorar Rocha de forma vibrante, aut\u00eantica e emocionante:<\/span><\/span><\/span>\r\n\r\n<span style=\"font-family: Times New Roman, serif;\"><span style=\"font-size: medium;\"><strong><span lang=\"pt-BR\">Palmares de Rocha, floresta bicenten\u00e1ria de buti\u00e1<\/span><\/strong><span lang=\"pt-BR\">\r\nAtravesse uma floresta de 70.000 hectares onde as palmeiras de buti\u00e1 alcan\u00e7am at\u00e9 9 m, com sua folhagem verde-acinzentada que imp\u00f5e respeito e beleza. Fazem parte da Reserva da Biosfera <\/span><span lang=\"pt-BR\"><i>Ba\u00f1ados del Este<\/i><\/span><span lang=\"pt-BR\"> (Patrim\u00f4nio UNESCO desde 1976) e se estendem por uma paisagem de \u00e1reas \u00famidas, hist\u00f3ria ind\u00edgena e poesia viva. Cada palmeira, com mais de 200 anos, \u00e9 uma guardi\u00e3 do tempo, entrela\u00e7ada em lendas, cantos e no escudo do departamento.\r\n\r\nVoc\u00ea acha interessante os tesouros culin\u00e1rios? Experimente o fruto do buti\u00e1: agridoce, seu sabor desperta os sentidos e \u00e9 base de vinhos, licores, doces e molhos artesanais \u00fanicos. S\u00f3 aqui, entre essas palmeiras, voc\u00ea poder\u00e1 viver essa experi\u00eancia singular.<\/span><\/span><\/span>\r\n\r\n<span style=\"font-family: Times New Roman, serif;\"><span style=\"font-size: medium;\"><strong><span lang=\"pt-BR\">Aguas Dulces, hist\u00f3ria, praia e ra\u00edzes nativas<\/span><\/strong><span lang=\"pt-BR\">\r\nUm ref\u00fagio onde se encontram praia, natureza, hist\u00f3ria e cultura. Descubra a Laguna de Brioso, ideal para caminhadas, chimarr\u00e3o e observa\u00e7\u00e3o de aves. Sua praia naturista, tranquila e serena, convida ao descanso em um ambiente respeitoso da natureza.\r\nN\u00e3o perca os festivais da primavera dedicados aos frutos nativos, que combinam degusta\u00e7\u00f5es, m\u00fasica e oficinas para se conectar com nossas ra\u00edzes. Caminhos que adentram os trilhos do Monte de Omb\u00fa deixam a sensa\u00e7\u00e3o de estar no cora\u00e7\u00e3o do leste uruguaio.<\/span><\/span><\/span>\r\n\r\n<span style=\"font-family: Times New Roman, serif;\"><span style=\"font-size: medium;\"><strong><span lang=\"pt-BR\">Barra de Valizas, entre dunas e lendas<\/span><\/strong><span lang=\"pt-BR\">\r\nAqui, as dunas douradas dan\u00e7am com o vento e o mar canta nas enseadas. Ande a cavalo, caminhe por trilhas at\u00e9 o Cerro de la Buena Vista e olhe o horizonte, ou sinta-se livre descendo de <\/span><span lang=\"pt-BR\"><i>sandboard<\/i><\/span><span lang=\"pt-BR\">.\r\n\r\nExplore florestas que guardam hist\u00f3rias de naufr\u00e1gios, lendas mar\u00edtimas e festivais de camar\u00e3o onde pescadores compartilham sua tradi\u00e7\u00e3o. A gastronomia local (com camar\u00f5es rec\u00e9m-capturados) levar\u00e1 voc\u00ea diretamente ao sabor do oceano.<\/span><\/span><\/span>\r\n\r\n<span style=\"font-family: Times New Roman, serif;\"><span style=\"font-size: medium;\"><strong><span lang=\"pt-BR\">Punta del Diablo, o ref\u00fagio do esp\u00edrito costeiro<\/span><\/strong><span lang=\"pt-BR\">\r\nUm povoado que pulsa no compasso das ondas: pescador, relaxado, aut\u00eantico. Seus alojamentos oferecem vistas eternas para o mar e sua culin\u00e1ria conecta com a frescura regional. Aqui, o dia come\u00e7a com o canto das gaivotas e a brisa do mar.\r\n\r\nCaf\u00e9s aconchegantes, pores do sol na areia e uma comunidade que acolhe com carinho fazem deste cantinho uma experi\u00eancia tranquila e memor\u00e1vel.<\/span><\/span><\/span>\r\n\r\n<span style=\"font-family: Times New Roman, serif;\"><span style=\"font-size: medium;\"><strong><span lang=\"pt-BR\">La Paloma, sopros de vento, surf e natureza viva<\/span><\/strong><span lang=\"pt-BR\">\r\nA \u201cCapital do Surf\u201d oferece um farol centen\u00e1rio (o Cabo Santa Mar\u00eda) e a possibilidade de avistar baleias entre julho e outubro a partir de seus mirantes tem\u00e1ticos.\r\n\r\nPratique surf, windsurf ou kitesurf, depois descanse em hospedagens com piscina climatizada, perfeitas o ano todo. E quando bater a fome: saboreie peixes, frutos do mar e carnes locais, al\u00e9m da feira \u201cSabores de Rocha\u201d em setembro, que une gastronomia e sustentabilidade.<\/span><\/span><\/span>\r\n\r\n<span style=\"font-family: Times New Roman, serif;\"><span style=\"font-size: medium;\"><strong><span lang=\"pt-BR\">Chuy e Barra do Chuy, fronteira, compras e natureza<\/span><\/strong><\/span><\/span>\r\n\r\n<span style=\"font-family: Times New Roman, serif;\"><span style=\"font-size: medium;\"><strong><span lang=\"pt-BR\">Chuy<\/span><\/strong><span lang=\"pt-BR\">\r\nViva a fus\u00e3o vibrante de Uruguai e Brasil em uma cidade de fronteiras fluidas, sabores mistos e sotaques cruzados. Desfrute de uma gastronomia caseira carregada de identidade regional e alojamentos confort\u00e1veis que oferecem descanso ap\u00f3s um dia de explora\u00e7\u00e3o.<\/span><\/span><\/span>\r\n\r\n<span style=\"font-family: Times New Roman, serif;\"><span style=\"font-size: medium;\"><strong><span lang=\"pt-BR\">Barra do Chuy<\/span><\/strong><span lang=\"pt-BR\">\r\nUm ref\u00fagio natural onde voc\u00ea pode relaxar na praia, caminhar pela floresta ou tomar um chimarr\u00e3o no deck. E, se quiser, voc\u00ea pode atravessar at\u00e9 o Chuy e encontrar produtos isentos de impostos: moda, eletr\u00f4nicos, vinhos\u2026 uma experi\u00eancia dupla de descanso e compras.<\/span><\/span><\/span>\r\n\r\n<span style=\"font-family: Times New Roman, serif;\"><span style=\"font-size: medium;\"><span lang=\"pt-BR\">Rocha est\u00e1 mais perto do que voc\u00ea imagina... e espera por voc\u00ea de bra\u00e7os abertos. Venha, descubra seus palmares, caminhe por seus trilhos, percorra sua costa, experimente seus sabores e reconhe\u00e7a um Uruguai que pulsa em cada canto.<\/span><\/span><\/span>\r\n\r\n<span style=\"font-family: Times New Roman, serif;\"><span style=\"font-size: medium;\"><span lang=\"pt-BR\">Mais informa\u00e7\u00f5es em <\/span><em><span lang=\"pt-BR\">Escapate a Rocha<\/span><\/em><span lang=\"pt-BR\"> e <\/span><em><span lang=\"pt-BR\">Turismo Rocha<\/span><\/em><\/span><\/span>","highlights":"","primary_image":"[{\"id\":6613,\"url\":\"https:\/\/uruguaynatural.com\/wp-content\/uploads\/2025\/07\/Palmares-de-Rocha-Ganadora-concurso-instagram-scaled.jpg\"}]","secondary_image":"[{\"id\":6613,\"url\":\"http:\/\/uruguaynatural.com\/wp-content\/uploads\/2025\/07\/Palmares-de-Rocha-Ganadora-concurso-instagram-scaled.jpg\"}]","gallery_images":"[{\"id\":6613,\"url\":\"http:\/\/uruguaynatural.com\/wp-content\/uploads\/2025\/07\/Palmares-de-Rocha-Ganadora-concurso-instagram-scaled.jpg\"},{\"id\":6614,\"url\":\"http:\/\/uruguaynatural.com\/wp-content\/uploads\/2025\/07\/Palmares-de-Rocha.jpg\"},{\"id\":6615,\"url\":\"http:\/\/uruguaynatural.com\/wp-content\/uploads\/2025\/07\/08-12-2024-Rocha-Valizas-paisaje-palmera-Manana-Alexis-Noquet-1-scaled.jpg\"},{\"id\":6616,\"url\":\"http:\/\/uruguaynatural.com\/wp-content\/uploads\/2025\/07\/Valizas-Cabalgata-4096-2731-max-scaled.jpg\"},{\"id\":6617,\"url\":\"http:\/\/uruguaynatural.com\/wp-content\/uploads\/2025\/07\/Playa-Punta-del-Diablo-4096-2729-max-scaled.jpg\"},{\"id\":6618,\"url\":\"http:\/\/uruguaynatural.com\/wp-content\/uploads\/2025\/07\/08-12-2024-Rocha-Cabo-Polonio-playa-Amanecer-Alexis-Noquet-1-scaled.jpg\"},{\"id\":6619,\"url\":\"http:\/\/uruguaynatural.com\/wp-content\/uploads\/2025\/07\/07-12-2024-Rocha-Cabo-Polonio-astrofotografia-Noche-Alexis-Noquet-1-scaled.jpg\"},{\"id\":6620,\"url\":\"http:\/\/uruguaynatural.com\/wp-content\/uploads\/2025\/07\/07-12-2024-Rocha-Cabo-Polonio-fogata-Noche-Alexis-Noquet-7-1-scaled.jpg\"},{\"id\":6621,\"url\":\"http:\/\/uruguaynatural.com\/wp-content\/uploads\/2025\/07\/La-Paloma-4096-2731-max-scaled.jpg\"},{\"id\":6622,\"url\":\"http:\/\/uruguaynatural.com\/wp-content\/uploads\/2025\/07\/Rocha-Surf-4096-2734-max-scaled.jpg\"},{\"id\":6623,\"url\":\"http:\/\/uruguaynatural.com\/wp-content\/uploads\/2025\/07\/Rocha-surfistas-4096-2725-max-scaled.jpg\"},{\"id\":6624,\"url\":\"http:\/\/uruguaynatural.com\/wp-content\/uploads\/2025\/07\/08-12-2024-Rocha-Laguna-Garzon-Hotel-laguna-Garzon-Merienda-Atardecer-Alexis-Noquet-3-scaled.jpg\"}]","enable_map":"1","coord_lat":"","coord_lng":"","locations":"-34.1879845,-53.7809281|-34.2756177,-53.7827584|-34.0461502,-53.5491787|-34.3352846,-53.7934232|-34.6601743,-54.1683187|-33.6979513,-53.4556873|-33.7547214,-53.3928701","department":"Rocha","places":"[{\"id\":1588,\"link\":\"http:\/\/uruguaynatural.com\/es\/places\/maldonado\/\",\"title\":\"Maldonado\",\"description\":\"<section id=\\\"item-wrap\\\" class=\\\"destino-wrap\\\"><!--Desarrollo item--><article>Entre las tres ciudades conforman el segundo conurbano m\u00e1s amplio y poblado del pa\u00eds. El departamento en su conjunto es rico en contrastes. Posee un relieve sorprendente que se caracteriza por la presencia de sierras y por m\u00e1s de 100 kil\u00f3metros de costa diversa para disfrutar desde su l\u00edmite con Canelones (por el arroyo Sol\u00eds Grande) hasta su frontera con Rocha en el extremo este del pa\u00eds. Su famosa pen\u00ednsula de Punta del Este divide al r\u00edo de la Plata del oc\u00e9ano Atl\u00e1ntico, y es conocida como la ciudad balnearia m\u00e1s glamorosa de la regi\u00f3n.\\r\\nLa catedral de San Fernando de Maldonado es uno de los edificios m\u00e1s emblem\u00e1ticos de la capital. Frente a ella se ubica la moderna plaza San Fernando de Maldonado, donde se desarrollan numerosos eventos culturales y sociales. El cuartel de dragones es otro de los edificios importantes que no pueden dejar de conocerse. Su construcci\u00f3n culmin\u00f3 en 1797 y actualmente alberba diversos vestigios hist\u00f3rico-culturales que permiten al turista trasladarse en el tiempo.<\/article>\\r\\n<h3>\u00a1No te pierdas!<\/h3>\\r\\n<div class=\\\"mas-visitados clearfix\\\">\\r\\n<figure><img class=\\\"circular-img\\\" src=\\\"images\/destinos-destacados\/desktop.jpg\\\" alt=\\\"\\\" \/><\/figure>\\r\\n<h4>Catedral de San Fernando.<\/h4>\\r\\nEmblem\u00e1tica iglesia de estilo neocl\u00e1sico, construida a lo largo de casi un siglo, entre 1801 y 1895. El altar mayor, obra de Antonio Veiga, guarda la imagen de la Virgen del Carmen, perteneciente al vapor Ciudad de Santander, naufragado en 1829 cerca de la Isla de Lobos.\\r\\n\\r\\n<\/div>\\r\\n<div class=\\\"mas-visitados clearfix\\\">\\r\\n<figure><img class=\\\"circular-img\\\" src=\\\"images\/destinos-destacados\/desktop.jpg\\\" alt=\\\"\\\" \/><\/figure>\\r\\n<h4>Cuartel de Dragones.<\/h4>\\r\\nEl edificio hist\u00f3rico construido entre 1771 y 1797, abarca una manzana frente a la plaza principal. En su interior funcional el Museo Did\u00e1ctico Artiguista, a su vez, se exhibe una colecci\u00f3n de pintura y escultura Nacional, donada por Nicol\u00e1s Garc\u00eda Uriburu.\\r\\n\\r\\n<\/div>\\r\\n<!--Fin m\u00e1s visitados-->\\r\\n\\r\\n<\/section>\",\"primary_image\":\"http:\/\/uruguaynatural.com\/wp-content\/uploads\/2023\/04\/Maldonado.jpg\"},{\"id\":402,\"link\":\"http:\/\/uruguaynatural.com\/es\/places\/punta-del-este\/\",\"title\":\"Punta del Este\",\"description\":\"Se ubica en el departamento de Maldonado, a s\u00f3lo una hora y media de la capital del pa\u00eds. Lujosas residencias de veraneo, altos edificios de apartamento frente al mar, enormes yates en el puerto, hoteles y restaurantes de lujo lo transforman en el balneario de mayor glamour de Am\u00e9rica.\\r\\n\\r\\nNo en vano, fue elegida como destino de veraneo por grandes celebridades como el dise\u00f1ador Ralph Lauren, el jugador del f\u00fatbol Zinedine Zidane, el cantante de Metallica James Hetfield o la colombiana Shakira.\\r\\n\\r\\nRecorriendo la ciudad el visitante encuentra una amplia oferta recreativa, que incluye sala de exposiciones, restaurantes, pubs, discotecas, tiendas de antig\u00fcedades, galer\u00edas de arte, cines, teatros y una agitada vida nocturna. La ciudad balnearia es elegida para la realizaci\u00f3n de grandes fiestas de lujo, desfiles de moda de marcas de prestigio y una amplia gama de propuestas culturales de gran dimensi\u00f3n como el Festival Internacional de Jazz, el Festival Internacional de Cine o exposiciones de artistas contempor\u00e1neos de renombre.\\r\\n\\r\\nPunta del Este es tambi\u00e9n un destino natural \u00fanico. Con m\u00e1s de 20 kil\u00f3metros de costa y altas sierras que miran al mar, el balneario tambi\u00e9n ofrece encantadores rincones y paisajes para quienes llegan en busca de una tranquilidad absoluta.\\r\\n\\r\\nEl punto de encuentro de sus dos playas m\u00e1s famosas, Playa Mansa y Playa Brava, supone el fin del R\u00edo de la Plata y el comienzo del Oc\u00e9ano Atl\u00e1ntico. El balneario creci\u00f3 hacia el Oeste formando Punta Ballena y hacia el Este creando La Barra y Jos\u00e9 Ignacio.\\r\\n\\r\\nLa diversidad de su costa y sus arenas finas y blancas la hacen un destino ideal para la realizaci\u00f3n de deportes como el surf, windsurf, jet-ski, moton\u00e1utica, vela, pesca y yachting. En tierra firme, los turistas tambi\u00e9n encuentran escenarios privilegiados para la pr\u00e1ctica de otros deportes como el polo, el golf, el tenis o el rugby. En s\u00edntesis, Punta del Este, es sin\u00f3nimo de un sinf\u00edn de alternativas para satisfacer las necesidades de los paladares tur\u00edsticos m\u00e1s exigentes y heterog\u00e9neos.\",\"primary_image\":\"http:\/\/uruguaynatural.com\/wp-content\/uploads\/2023\/05\/Punta-del-Este-01.png\"}]","date_enabled":"","start_date":"0","end_date":"0","_links":{"self":[{"href":"https:\/\/uruguaynatural.com\/pt\/wp-json\/wp\/v2\/experiences\/6612","targetHints":{"allow":["GET"]}}],"collection":[{"href":"https:\/\/uruguaynatural.com\/pt\/wp-json\/wp\/v2\/experiences"}],"about":[{"href":"https:\/\/uruguaynatural.com\/pt\/wp-json\/wp\/v2\/types\/experiences"}],"author":[{"embeddable":true,"href":"https:\/\/uruguaynatural.com\/pt\/wp-json\/wp\/v2\/users\/7"}],"wp:attachment":[{"href":"https:\/\/uruguaynatural.com\/pt\/wp-json\/wp\/v2\/media?parent=6612"}],"wp:term":[{"taxonomy":"experience-categories","embeddable":true,"href":"https:\/\/uruguaynatural.com\/pt\/wp-json\/wp\/v2\/experience-categories?post=6612"}],"curies":[{"name":"wp","href":"https:\/\/api.w.org\/{rel}","templated":true}]}}