{"id":5762,"date":"{\"dateEnabled\":false,\"start\":\"1970-01-01T00:00:00.000Z\",\"end\":\"1970-01-01T00:00:00.000Z\"}","date_gmt":"2025-02-04T14:33:09","guid":{"rendered":"http:\/\/uruguaynatural.com\/es\/experiences\/\/"},"modified":"2025-05-21T15:58:22","modified_gmt":"2025-05-21T18:58:22","slug":"escapadaaventureraajuan-lacaze","status":"publish","type":"experiences","link":"https:\/\/uruguaynatural.com\/pt\/experiences\/fugajuanlacaze\/","title":{"rendered":"Aventura em Juan Lacaze"},"author":5,"template":"","experience-categories":[73,20,72,30],"class_list":["post-5762","experiences","type-experiences","status-publish","hentry","experience-categories-aventuraeesporte","experience-categories-naturaleza","experience-categories-nautico","experience-categories-patrimonio"],"acf":[],"primary_title":"<h1><span class=\"highlight highlight--verde\"><b>Escapada aventurera a Juan Lacaze<\/b><\/span><\/h1>","description":"Uno de los puntos claves para realizar turismo Aventura en el Uruguay es Juan Lacaze. Adem\u00e1s de ser la tierra del Sabalero, del actor Osvaldo Laport y el jugador de f\u00fatbol Cristian (Cebolla) Rodr\u00edguez, re\u00fane parte de la historia industrial del pa\u00eds y provoca fascinaci\u00f3n por sus r\u00edos, as\u00ed como por su actividad n\u00e1utica.","info":"<span style=\"font-family: Times New Roman, serif;\"><span style=\"font-size: medium;\"><span lang=\"pt-BR\">Uma das principais atra\u00e7\u00f5es de turismo de aventura no Uruguai \u00e9 Juan Lacaze. Al\u00e9m de ser a terra do cantor Jos\u00e9 Carbajal \u201cEl Sabalero\u201d, do ator Osvaldo Laport e do jogador de futebol Cristian \u201cCebolla\u201d Rodr\u00edguez, a cidade carrega parte da hist\u00f3ria industrial do pa\u00eds e encanta por seus rios e atividades n\u00e1uticas.<\/span><\/span><\/span>\r\n\r\n<span style=\"font-family: Times New Roman, serif;\"><span style=\"font-size: medium;\"><span lang=\"pt-BR\">Localizada na regi\u00e3o sul do departamento de Colonia, a cerca de 49 km de Colonia del Sacramento, a cidade conta com uma bela ba\u00eda e uma praia com mais de 6 km de extens\u00e3o, que liga o Rio Rosario \u00e0 Praia Verde. Isso a torna um destino cultural ideal para curtir a praia e viver diversas aventuras aqu\u00e1ticas.<\/span><\/span><\/span>\r\n\r\n<span style=\"font-family: Times New Roman, serif;\"><span style=\"font-size: medium;\"><span lang=\"pt-BR\"><b>PATRIM\u00d4NIO INDUSTRIAL<\/b><\/span><\/span><\/span><span style=\"font-family: Times New Roman, serif;\"><span style=\"font-size: medium;\"><span lang=\"pt-BR\">\r\nAntes da funda\u00e7\u00e3o da cidade, que hoje possui mais de 13.600 habitantes, havia apenas uma charqueada instalada na regi\u00e3o desde 1840. No entanto, as caracter\u00edsticas favor\u00e1veis do porto natural atra\u00edram a aten\u00e7\u00e3o da fam\u00edlia Lacaze e, em fevereiro de 1884, em nome de Lavalle, Medeci y Cia., Juan L. Lacaze comprou dos herdeiros de Blanco (propriet\u00e1rio da charqueada local) os terrenos adjacentes \u00e0 ba\u00eda. Um ano depois, em 1885, a fam\u00edlia estabeleceu no local conhecido como El Sauce uma empresa de extra\u00e7\u00e3o de pedra e areia com o nome de Lacaze y Cia. Essa companhia passou a atrair moradores, o que foi impulsionado pela instala\u00e7\u00e3o da F\u00e1brica Nacional de Papel (FANAPEL) em 1898 e da f\u00e1brica t\u00eaxtil \u201cLa Industrial\u201d de Campomar y Soulas S.A em 1903, que podem ser visitadas como testemunhas do desenvolvimento industrial.<\/span><\/span><\/span>\r\n\r\n<span style=\"font-family: Times New Roman, serif;\"><span style=\"font-size: medium;\"><span lang=\"pt-BR\"><b>O que fazer?<\/b><\/span><\/span><\/span>\r\n<ul>\r\n \t<li><b>Kitesurf&nbsp;<\/b><b><b>: <\/b><\/b>Um dos esportes aqu\u00e1ticos mais vers\u00e1teis, aproveitando os ventos frequentes durante o ano em Colonia. Existem escolas de kitesurf em Colonia Valdense, Balne\u00e1rio Los Pinos, na Praia Charr\u00faa\u2013Juan Lacaze e em Colonia del Sacramento.<\/li>\r\n \t<li><b>Passeio de canoa&nbsp;<\/b><b>ao longo do Sauce Creek<\/b> .<span style=\"font-family: Times New Roman, serif;\"><span style=\"font-size: medium;\"><span lang=\"pt-BR\">ilvina Sobrado, anfitri\u00e3 tur\u00edstica, prop\u00f5e um passeio de canoa desde a foz do riacho at\u00e9 a ponte do Paso La Balsa, com retorno no mesmo ponto. Uma experi\u00eancia de 90 minutos em contato direto com a natureza, com observa\u00e7\u00e3o de aves e flora nativa.\r\nReservas: 094 680 767<\/span><\/span><\/span><\/li>\r\n<\/ul>\r\n<a href=\"https:\/\/www.facebook.com\/SilvinaSobradoAnfitrionTuristico\">+ informa\u00e7\u00f5es<\/a>\r\n<ul>\r\n \t<li><b>Passeio de bicicleta recreativo:<\/b>&nbsp;explore belas paisagens, aprenda sobre a hist\u00f3ria, a flora e a fauna locais, tudo isso enquanto pedala com um grupo de amigos ou familiares.<\/li>\r\n<\/ul>\r\nReservas antecipadas em: 094 680 767\r\n\r\n<a href=\"https:\/\/www.facebook.com\/SilvinaSobradoAnfitrionTuristico\">+ informa\u00e7\u00f5es<\/a>\r\n<ul>\r\n \t<li>A pesca \u00e9&nbsp;<b>uma atividade comum em seus rios e competi\u00e7\u00f5es s\u00e3o&nbsp;<\/b><b>realizadas<\/b>&nbsp;durante todo o ano.<b><\/b><\/li>\r\n<\/ul>\r\n<ul>\r\n \t<li><b>A Funda\u00e7\u00e3o&nbsp;<\/b><b>Kerayvoty<\/b>&nbsp;, uma reserva natural para animais nativos e ex\u00f3ticos que trabalha para recuper\u00e1-los, tem um restaurante onde voc\u00ea pode almo\u00e7ar e depois visitar o local.<\/li>\r\n<\/ul>\r\nLocaliza\u00e7\u00e3o: Rota 1, Km 149,5\r\n\r\nEntrada: gratuita\r\n<ul>\r\n \t<li>Assistir ao lindo p\u00f4r do sol sobre o Rio da Prata \u00e9 uma atividade obrigat\u00f3ria para os visitantes deste destino pitoresco.<\/li>\r\n<\/ul>\r\n+ informa\u00e7\u00f5es no Munic\u00edpio de Juan Lacaze: tel: +598 4586 3563 \/ WhatsApp: 091 397 548\r\n\r\n<a href=\"https:\/\/colonia.gub.uy\/turismo\/\">Saiba mais sobre Col\u00f4nia!<\/a>","highlights":"","primary_image":"[{\"id\":5763,\"url\":\"https:\/\/uruguaynatural.com\/wp-content\/uploads\/2025\/02\/WhatsApp-Image-2025-02-04-at-10.39.54-scaled.jpeg\"}]","secondary_image":"[{\"id\":5763,\"url\":\"http:\/\/uruguaynatural.com\/wp-content\/uploads\/2025\/02\/WhatsApp-Image-2025-02-04-at-10.39.54-scaled.jpeg\"}]","gallery_images":"[]","enable_map":"","coord_lat":"","coord_lng":"","locations":"-34.4312642,-57.44229730000001","department":"Colonia","places":"[{\"id\":2577,\"link\":\"http:\/\/uruguaynatural.com\/es\/places\/colonia-del-sacramento\/\",\"title\":\"Colonia del Sacramento\",\"description\":\"Un barrio hist\u00f3rico Patrimonio de la Humanidad, quesos que dan que hablar en todo el mundo, y \u00f3ptimas condiciones n\u00e1uticas son algunos de los motivos por los que no podes dejar de visitar el oeste.\\r\\nColonia del Sacramento es uno de los m\u00e1s importantes referentes tur\u00edsticos del Uruguay, recibiendo miles de visitantes durante el a\u00f1o. A tan s\u00f3lo una hora de Buenos Aires por barco, y a dos horas de Montevideo por carretera, Colonia del Sacramento es un remanso donde el visitante se encuentra con la cultura, la historia y la magia de un destino ineludible en el R\u00edo de la Plata. El encanto de la ciudad est\u00e1 vinculado a la particularidad de su historia.\\r\\n\\r\\nFundada en 1680 por el portugu\u00e9s Manuel de Lobo, la ciudad pas\u00f3 de dominio portugu\u00e9s a dominio espa\u00f1ol varias veces, hasta la Declaratoria de Independencia de la Banda Oriental en 1825. Estos sucesos hicieron del Casco Hist\u00f3rico de la capital coloniense un crisol de estilos arquitect\u00f3nicos y urban\u00edsticos en el que conviven estilos coloniales t\u00edpicamente portugueses y viviendas de porte espa\u00f1ol.\\r\\n\\r\\nEl Casco Hist\u00f3rico de Colonia del Sacramento, declarado Patrimonio Mundial por UNESCO en 1995, atrae a turistas de todo el mundo y es escenario de innumerables producciones fotogr\u00e1ficas que buscan captar la magia del lugar.\\r\\nCaminar por sus empedradas e irregulares calles permite rememorar la historia, y disfrutar de un paisaje \u00fanico con vistas privilegiadas del R\u00edo de la Plata. La enigm\u00e1tica Calle de los Suspiros, pavimentada con piedras de cu\u00f1a, posee un encanto \u00fanico, capaz de transportar al visitante a un mundo de ensue\u00f1o.\\r\\n\\r\\nUna visita guiada por el Casco Hist\u00f3rico de Colonia del Sacramento permite sumergirse en la historia y acercarse al rico legado cultural de la ciudad. Museos, teatro, arte, artesan\u00edas y una buena gastronom\u00eda complementan un abanico de posibilidades para el visitante. Adem\u00e1s, la ciudad ofrece al visitante una vasta oferta hotelera de calidad, con opciones que van desde cadenas de hoteles internacionales a las t\u00edpicas posadas, alojadas en antiguas casas coloniales, as\u00ed como una gran variedad de alegres y pintorescos restaurantes.\\r\\n\\r\\nSiguiendo por la rambla de la ciudad, paseo que muchos eligen hacer en bicicleta, se llega al Real de San Carlos, antiguo enclave militar espa\u00f1ol. All\u00ed se encuentra la iglesia de San Benito, con su imagen de santo negro, y el emprendimiento de Nicol\u00e1s Mihanovich, que a comienzos del siglo XX desarroll\u00f3 en este lugar un complejo tur\u00edstico al gusto de la \u00e9poca y que actualmente posee su principal \u00edcono en la Plaza de Toros.\\r\\n\\r\\nComo parte del encanto de la ciudad, Colonia del Sacramento seduce con sus atardeceres sobre el R\u00edo de la Plata cargados de color y magia. La vista desde el faro o desde el muelle viejo es, sin duda, un espect\u00e1culo que seduce a los sentidos. Consulte sobre circuitos tur\u00edsticos y paseos guiados.\\r\\n<div class=\\\"vue-app uk-container\\\" data-v-app=\\\"\\\">\\r\\n<div class=\\\"uk-text-primary uk-margin-remove-top\\\"><article><article>\\r\\n<h3>\u00a1No te pierdas!<\/h3>\\r\\n<div class=\\\"mas-visitados clearfix\\\">\\r\\n<figure><img class=\\\"circular-img\\\" src=\\\"https:\/\/uruguaynatural.com\/images\/destinos-destacados\/FAROCOLONIA.jpg\\\" alt=\\\"\\\" \/><\/figure>\\r\\n<h4><img class=\\\"alignnone size-medium wp-image-2947\\\" src=\\\"http:\/\/uruguaynatural.com\/wp-content\/uploads\/2023\/06\/DSC_0925-195x300.jpg\\\" alt=\\\"\\\" width=\\\"195\\\" height=\\\"300\\\" \/><\/h4>\\r\\n<h4>Faro de Colonia de Sacramento<\/h4>\\r\\nInaugurado en 1857, est\u00e1 emplazado en la calle San Francisco, entre Plaza Mayor y San Pedro. Se asciende a trav\u00e9s de una angosta escalera de caracol que conduce a una de las mejores vistas de la ciudad.\\r\\n\\r\\n<\/div>\\r\\n<div class=\\\"mas-visitados clearfix\\\">\\r\\n<figure><img class=\\\"circular-img\\\" src=\\\"https:\/\/uruguaynatural.com\/images\/destinos-destacados\/Calledelossuspiros.jpg\\\" alt=\\\"\\\" \/><\/figure>\\r\\n<h4><img class=\\\"alignnone wp-image-3565\\\" src=\\\"http:\/\/uruguaynatural.com\/wp-content\/uploads\/2023\/09\/247ColoniaSacramento-SerranaDiaz-900x600-1.jpg\\\" alt=\\\"\\\" width=\\\"297\\\" height=\\\"198\\\" \/><\/h4>\\r\\n<h4>Calle de los Suspiros<\/h4>\\r\\nEsta angosta y pintoresca callecita construida con\u00a0 adoquines que perviven desde la \u00e9poca colonial,\u00a0 es la arteria principal del Barrio Hist\u00f3rico y est\u00e1 rodeada de construcciones antiguas de gran inter\u00e9s.\\r\\n<div class=\\\"mas-visitados clearfix\\\">\\r\\n<figure><img class=\\\"circular-img\\\" src=\\\"https:\/\/uruguaynatural.com\/images\/destinos-destacados\/PUERTOCOLONIA.jpg\\\" alt=\\\"\\\" \/><\/figure>\\r\\n<h4><img class=\\\"alignnone size-medium wp-image-2945\\\" src=\\\"http:\/\/uruguaynatural.com\/wp-content\/uploads\/2023\/06\/DSC_0444-300x200.jpg\\\" alt=\\\"\\\" width=\\\"300\\\" height=\\\"200\\\" \/><\/h4>\\r\\n<h4>Puerto de Colonia<\/h4>\\r\\nPor su cercan\u00eda a Buenos Aires, es la principal puerta de entrada desde el pa\u00eds vecino, con intenso tr\u00e1nsito de pasajeros entre las dos orillas del R\u00edo de la Plata. Contemplar un atardecer con los buques de fondo resulta una experiencia renovadora.\\r\\n\\r\\n<a href=\\\"https:\/\/www.colonia.gub.uy\/turismo\/\\\">+ info<\/a>\\r\\n\\r\\n<\/div>\\r\\n<div id=\\\"s5_center_area1\\\" class=\\\"back_colonia-del-sacramento\\\">\\r\\n<div id=\\\"s5_center_area2\\\">\\r\\n<div id=\\\"s5_center_area_inner\\\" class=\\\"s5_wrap\\\">\\r\\n<div id=\\\"s5_columns_wrap\\\">\\r\\n<div id=\\\"s5_columns_wrap_inner\\\">\\r\\n<div id=\\\"s5_columns_wrap_inner2\\\">\\r\\n<div id=\\\"s5_right_column_wrap\\\" class=\\\"s5_float_left\\\">\\r\\n<div id=\\\"s5_right_column_wrap_inner\\\">\\r\\n<div id=\\\"s5_right_wrap\\\" class=\\\"s5_float_left\\\">\\r\\n<div class=\\\"module_round_box_outer\\\">\\r\\n<div class=\\\"module_round_box\\\">\\r\\n<div class=\\\"s5_module_box_1\\\">\\r\\n<div class=\\\"s5_module_box_2\\\">\\r\\n<div class=\\\"s5_outer\\\">\\r\\n<div class=\\\"custom\\\">\\r\\n\\r\\n\u00a0\\r\\n\\r\\n<img src=\\\"https:\/\/uruguaynatural.com\/images\/icon-informacion-turistica.png\\\" alt=\\\"\\\" \/><strong>COLONIA DEL SACRAMENTO<\/strong>\\r\\n\\r\\n<\/div>\\r\\n<\/div>\\r\\n<\/div>\\r\\n<\/div>\\r\\n<\/div>\\r\\n<\/div>\\r\\n<div class=\\\"module_round_box_outer\\\">\\r\\n<div class=\\\"module_round_box\\\">\\r\\n<div class=\\\"s5_module_box_1\\\">\\r\\n<div class=\\\"s5_module_box_2\\\">\\r\\n<div class=\\\"s5_outer\\\"><section><section><\/section><section><\/section><section class=\\\"informacion-turistica\\\"><strong>Centro de Informes BIT<\/strong>\\r\\nOdriozola 434 esq. A. M\u00e9ndez\\r\\n<span id=\\\"cloak4e833e7f001e62f4547504c9293acb44\\\"><a href=\\\"mailto:infoturismobit@gmail.com\\\">infoturismobit@gmail.com<\/a><\/span>\\r\\nTel. 4523 7707<\/section><section><\/section><section><\/section><\/section>\\r\\n<div class=\\\"custom\\\"><section><\/section><section class=\\\"informacion-turistica\\\"><strong>Centro<\/strong>\\r\\nAv. Gral. Flores y Rivera\\r\\n<span id=\\\"cloakf1c3b346190017ba99865db4f1002061\\\"><a href=\\\"mailto:ncentro1680@gmail.com\\\">ncentro1680@gmail.com<\/a><\/span>\\r\\nTel. 4522 6141<\/section><section><\/section><section><\/section><section><\/section><section class=\\\"informacion-turistica\\\"><strong>Terminal de Puerto<\/strong>\\r\\nIsla Central \u2013 Hall de acceso\\r\\n<span id=\\\"cloak7bb36a2afe34d65c5f506fb4b14e8134\\\"><a href=\\\"mailto:centroinfobit@gmail.com\\\">centroinfobit@gmail.com<\/a><\/span><\/section><section><\/section><section><\/section><section><\/section><section class=\\\"informacion-turistica\\\"><strong>Barrio Hist\u00f3rico (Barrio Sur)<\/strong>\\r\\nManuel Lobo 224\\r\\n<span id=\\\"cloak0c49e12a44010511a61480d3482c5326\\\"><a href=\\\"mailto:barriohistorico1680@gmail.com\\\">barriohistorico1680@gmail.com<\/a><\/span>\\r\\nTel. 4522 8506<\/section><section><\/section><section><\/section><section class=\\\"informacion-turistica\\\"><strong>Terminal de Buses<\/strong>\\r\\nAv. Buenos Aires esq. Manuel Lobo\\r\\n<span id=\\\"cloak8d7fed3ae703679c72ca8531908320fb\\\"><a href=\\\"mailto:infoterminal1680@gmail.com\\\">infoterminal1680@gmail.com<\/a><\/span><\/section><section><\/section><section><\/section><section class=\\\"informacion-turistica\\\"><strong>CONCHILLAS<\/strong>\\r\\nAv. David Evans\\r\\nEdificio Casa Evans\\r\\n<span id=\\\"cloakc4cdeeb9577a80cd4af57157314a4e0d\\\"><a href=\\\"mailto:turismoconchillas@gmail.com\\\">turismoconchillas@gmail.com<\/a><\/span>\\r\\nTel. 4577 2454<\/section><section><\/section><section class=\\\"informacion-turistica\\\"><strong>CARMELO<\/strong>\\r\\nKiosco Plaza Independencia\\r\\nUruguay esq. Roosevelt\\r\\n<span id=\\\"cloak98c9871becf6866ddd09d707425c23c7\\\"><a href=\\\"mailto:turismocarmelo@gmail.com\\\">turismocarmelo@gmail.com<\/a><\/span>\\r\\nTel. 4543 1890<strong>Playa Ser\u00e9<\/strong>\\r\\nLocal Artesanos<\/section><section><\/section><section class=\\\"informacion-turistica\\\"><strong>FLORENCIO SANCHEZ<\/strong>\\r\\nCruce Rutas 2, 12 y 57\\r\\nTel. 4536 6703<\/section><section><\/section><section class=\\\"informacion-turistica\\\"><strong>VILLA LA PAZ<\/strong>\\r\\nCentro de Artesanos La Paz\\r\\nPlaza Doroteo Garc\u00eda, e\/ J.D.Costabel y Gral. Artigas<\/section><section><\/section><section class=\\\"informacion-turistica\\\"><strong>COLONIA VALDENSE<\/strong>\\r\\nCentro de Artesanos Ciudad Jard\u00edn\\r\\nRuta 1, km. 121\\r\\nTel. 4558 8412<\/section><section><\/section><section class=\\\"informacion-turistica\\\"><strong>NUEVA HELVECIA<\/strong>\\r\\nCentro del Movimiento \u201cNuevas Generaciones\u201d\\r\\n25 de Agosto e\/Berna y 18 de Julio\\r\\nTel. 4554 5657<\/section><section><\/section><section class=\\\"informacion-turistica\\\"><strong>ROSARIO<\/strong>\\r\\nItuzaing\u00f3 y Fuica<\/section><\/div>\\r\\n<\/div>\\r\\n<div><\/div>\\r\\n<\/div>\\r\\n<\/div>\\r\\n<\/div>\\r\\n<\/div>\\r\\n<\/div>\\r\\n<\/div>\\r\\n<\/div>\\r\\n<\/div>\\r\\n<\/div>\\r\\n<\/div>\\r\\n<\/div>\\r\\n<\/div>\\r\\n<\/div>\\r\\n<div id=\\\"s5_bottom_row1_area1\\\">\\r\\n<div id=\\\"s5_bottom_row1_area2\\\">\\r\\n<div id=\\\"s5_bottom_row1_area_inner\\\" class=\\\"s5_wrap\\\">\\r\\n<div id=\\\"s5_bottom_row1_wrap\\\">\\r\\n<div id=\\\"s5_bottom_row1\\\">\\r\\n<div id=\\\"s5_bottom_row1_inner\\\">\\r\\n<div id=\\\"s5_pos_bottom_row1_1\\\" class=\\\"s5_float_left\\\">\\r\\n<div class=\\\"module_round_box_outer\\\">\\r\\n<div class=\\\"module_round_box\\\">\\r\\n<div class=\\\"s5_module_box_1\\\">\\r\\n<div class=\\\"s5_module_box_2\\\">\\r\\n<div class=\\\"s5_mod_h3_outer\\\"><\/div>\\r\\n<\/div>\\r\\n<\/div>\\r\\n<\/div>\\r\\n<\/div>\\r\\n<\/div>\\r\\n<\/div>\\r\\n<\/div>\\r\\n<\/div>\\r\\n<\/div>\\r\\n<\/div>\\r\\n<\/div>\\r\\n<\/div>\\r\\n<\/article><\/article><\/div>\\r\\n<\/div>\\r\\n\u00a0\",\"primary_image\":\"http:\/\/uruguaynatural.com\/wp-content\/uploads\/2023\/06\/DSC_0093.jpg\"},{\"id\":3173,\"link\":\"http:\/\/uruguaynatural.com\/es\/places\/colonia-valdense\/\",\"title\":\"Colonia Valdense\",\"description\":\"<span style=\\\"color: #000000;\\\">La fiesta de la gratitud en marzo, el D\u00eda de la Fraternidad Valdense en Agosto y la Fiesta de la Cata Nacional de Queso en noviembre, constitituyen tres momentos del a\u00f1o ideales para decidirse a descubrirla. Adem\u00e1s de disfrutar de su vida tranquila y sus paisajes, no deje de conocer los siguientes atractivos de gran valor hist\u00f3rico y patrimonial.<\/span>\\r\\n\\r\\n<span style=\\\"color: #000000;\\\">Recorriendo la ciudad, se encuentra la Plaza de la Libertad, el Parque escolar, la Escuela N\u00ba 26, el Club Atl\u00e9tico Valdense, la casa quinta que perteneci\u00f3 al secretario del presidente Williman, Emilio Barbouroux, la Plaza de Deportes, el Primer Liceo Rural del pa\u00eds, fundado en 1888, por el pastor Daniel Armand Ug\u00f3n y la Biblioteca Archivo Valdense.<\/span>\\r\\n\\r\\n\u00a0\\r\\n<div class=\\\"module_round_box_outer\\\">\\r\\n<div class=\\\"module_round_box\\\">\\r\\n<div class=\\\"s5_module_box_1\\\">\\r\\n<div class=\\\"s5_module_box_2\\\">\\r\\n<div class=\\\"s5_outer\\\">\\r\\n<div class=\\\"custom\\\">\\r\\n\\r\\n[embed]https:\/\/www.youtube.com\/watch?v=sWAdu-lOC1I[\/embed]\\r\\n\\r\\n<section id=\\\"modulo-wrap\\\" class=\\\"links-de-interes-wrap\\\"><span style=\\\"color: #000000;\\\"><img src=\\\"https:\/\/uruguaynatural.com\/images\/icon-link.png\\\" \/><\/span>\\r\\n<span style=\\\"color: #000000;\\\"><a style=\\\"color: #000000;\\\" href=\\\"https:\/\/www.colonia.gub.uy\/turismo\/\\\">https:\/\/www.colonia.gub.uy\/turismo\/<\/a>\u00a0<\/span><\/section><\/div>\\r\\n<\/div>\\r\\n<\/div>\\r\\n<\/div>\\r\\n<\/div>\\r\\n<\/div>\\r\\n<div class=\\\"module_round_box_outer\\\">\\r\\n<div class=\\\"module_round_box\\\">\\r\\n<div class=\\\"s5_module_box_1\\\">\\r\\n<div class=\\\"s5_module_box_2\\\">\\r\\n<div class=\\\"s5_outer\\\">\\r\\n<div class=\\\"custom\\\"><section id=\\\"modulo-wrap\\\" class=\\\"informacion-turistica\\\"><span style=\\\"color: #000000;\\\"><img src=\\\"https:\/\/uruguaynatural.com\/images\/icon-informacion-turistica.png\\\" alt=\\\"\\\" \/><\/span>\\r\\n<span style=\\\"color: #000000;\\\">COLONIA DEL SACRAMENTO<\/span><\/section><section><\/section><section class=\\\"informacion-turistica\\\"><span style=\\\"color: #000000;\\\"><strong>Centro de Informes BIT<\/strong><\/span>\\r\\n<span style=\\\"color: #000000;\\\">Odriozola 434 esq. A. M\u00e9ndez<\/span>\\r\\n<span id=\\\"cloak4e833e7f001e62f4547504c9293acb44\\\" style=\\\"color: #000000;\\\"><a style=\\\"color: #000000;\\\" href=\\\"mailto:infoturismobit@gmail.com\\\">infoturismobit@gmail.com<\/a><\/span>\\r\\n<span style=\\\"color: #000000;\\\">Tel. 4523 7707<\/span>\\r\\n<span style=\\\"color: #000000;\\\"><strong>\u00a0<\/strong><\/span>\\r\\n<span style=\\\"color: #000000;\\\"><strong>Centro<\/strong><\/span>\\r\\n<span style=\\\"color: #000000;\\\">Av. Gral. Flores y Rivera<\/span>\\r\\n<span id=\\\"cloakf1c3b346190017ba99865db4f1002061\\\" style=\\\"color: #000000;\\\"><a style=\\\"color: #000000;\\\" href=\\\"mailto:ncentro1680@gmail.com\\\">ncentro1680@gmail.com<\/a><\/span>\\r\\n<span style=\\\"color: #000000;\\\">Tel. 4522 6141<\/span><\/section><section><\/section><section class=\\\"informacion-turistica\\\"><span style=\\\"color: #000000;\\\"><strong>Terminal de Puerto<\/strong><\/span>\\r\\n<span style=\\\"color: #000000;\\\">Isla Central \u2013 Hall de acceso<\/span>\\r\\n<span style=\\\"color: #000000;\\\"><a style=\\\"color: #000000;\\\" href=\\\"mailto:centroinfobit@gmail.com\\\">centroinfobit@gmail.com<\/a><\/span><\/section><section><\/section><section class=\\\"informacion-turistica\\\"><span style=\\\"color: #000000;\\\"><strong>\\r\\nBarrio Hist\u00f3rico (Barrio Sur)<\/strong><\/span>\\r\\n<span style=\\\"color: #000000;\\\">Manuel Lobo 224<\/span>\\r\\n<span id=\\\"cloak0c49e12a44010511a61480d3482c5326\\\" style=\\\"color: #000000;\\\"><a style=\\\"color: #000000;\\\" href=\\\"mailto:barriohistorico1680@gmail.com\\\">barriohistorico1680@gmail.com<\/a><\/span>\\r\\n<span style=\\\"color: #000000;\\\">Tel. 4522 8506<\/span><span style=\\\"color: #000000;\\\"><strong>Terminal de Buses\\r\\n<\/strong>Av. Buenos Aires esq. Manuel Lobo<\/span>\\r\\n<span style=\\\"color: #000000;\\\"><a style=\\\"color: #000000;\\\" href=\\\"mailto:infoterminal1680@gmail.com\\\">infoterminal1680@gmail.com<\/a><\/span>\\r\\n<div class=\\\"FOOTERsubTituloFooter\\\"><span style=\\\"color: #000000;\\\"><strong>Colonia Valdense<\/strong><\/span><\/div>\\r\\n<div class=\\\"FOOTERtextoFooter\\\"><span style=\\\"color: #000000;\\\">Centro de Artesanos Ciudad Jard\u00edn<\/span>\\r\\n<span style=\\\"color: #000000;\\\">Ruta 1, km. 121<\/span>\\r\\n<span style=\\\"color: #000000;\\\">Tel. 4558 8412<\/span><\/div>\\r\\n<\/section><\/div>\\r\\n<\/div>\\r\\n<\/div>\\r\\n<\/div>\\r\\n<\/div>\\r\\n<\/div>\",\"primary_image\":\"http:\/\/uruguaynatural.com\/wp-content\/uploads\/2023\/06\/Cvaldense.png\"}]","date_enabled":"","start_date":"0","end_date":"0","_links":{"self":[{"href":"https:\/\/uruguaynatural.com\/pt\/wp-json\/wp\/v2\/experiences\/5762","targetHints":{"allow":["GET"]}}],"collection":[{"href":"https:\/\/uruguaynatural.com\/pt\/wp-json\/wp\/v2\/experiences"}],"about":[{"href":"https:\/\/uruguaynatural.com\/pt\/wp-json\/wp\/v2\/types\/experiences"}],"author":[{"embeddable":true,"href":"https:\/\/uruguaynatural.com\/pt\/wp-json\/wp\/v2\/users\/5"}],"wp:attachment":[{"href":"https:\/\/uruguaynatural.com\/pt\/wp-json\/wp\/v2\/media?parent=5762"}],"wp:term":[{"taxonomy":"experience-categories","embeddable":true,"href":"https:\/\/uruguaynatural.com\/pt\/wp-json\/wp\/v2\/experience-categories?post=5762"}],"curies":[{"name":"wp","href":"https:\/\/api.w.org\/{rel}","templated":true}]}}