{"id":5595,"date":"{\"dateEnabled\":false,\"start\":\"1970-01-01T00:00:00.000Z\",\"end\":\"1970-01-01T00:00:00.000Z\"}","date_gmt":"2024-12-31T13:53:32","guid":{"rendered":"http:\/\/uruguaynatural.com\/es\/experiences\/\/"},"modified":"2025-01-27T15:34:20","modified_gmt":"2025-01-27T18:34:20","slug":"santiago-vazquez-nuevo-punto-panoramico-de-montevideo","status":"publish","type":"experiences","link":"https:\/\/uruguaynatural.com\/pt\/experiences\/santiago-vazquez-nuevo-punto-panoramico-de-montevideo\/","title":{"rendered":"Santiago V\u00e1zquez, novo ponto panor\u00e2mico e recreativo de Montevid\u00e9u"},"author":5,"template":"","experience-categories":[75,73,20],"class_list":["post-5595","experiences","type-experiences","status-publish","hentry","experience-categories-areaprotegida","experience-categories-aventuraeesporte","experience-categories-naturaleza"],"acf":[],"primary_title":"<h1><span class=\"highlight highlight--verde\">Santiago V\u00e1zquez, nuevo punto panor\u00e1mico y recreativo de Montevideo<\/span><\/h1>","description":"Hay pueblos que tienen encanto y Santiago V\u00e1zquez, con m\u00e1s de 100 a\u00f1os de existencia, se consagra como un nuevo punto panor\u00e1mico y recreativo de Montevideo con la reciente inauguraci\u00f3n de su mirador e infraestructura para su Escuela Polifuncional de Canotaje, donde dictan clases y realizan paseos por el R\u00edo Santa Luc\u00eda.","info":"<span style=\"font-family: Times New Roman, serif;\"><span style=\"font-size: medium;\"><span lang=\"pt-BR\">Existem vilarejos com um charme especial, e Santiago V\u00e1zquez, com mais de 100 anos de exist\u00eancia, consagra-se como um novo ponto panor\u00e2mico e recreativo de Montevid\u00e9u com a recente inaugura\u00e7\u00e3o de seu mirante e da infraestrutura da Escola Polifuncional de Canoagem, onde s\u00e3o oferecidas aulas e passeios pelo Rio Santa Luc\u00eda.<\/span><\/span><\/span>\r\n\r\n<span style=\"font-family: Times New Roman, serif;\"><span style=\"font-size: medium;\"><span lang=\"pt-BR\">Possuidor de uma exuberante beleza natural, \u00e9 o \u00fanico vilarejo de Montevid\u00e9u localizado \u00e0s margens do Rio Santa Luc\u00eda, junto \u00e0 ic\u00f4nica Ponte de la Barra. Visitantes e moradores descrevem seus entardeceres como \u201cinesquec\u00edveis\u201d.<\/span><\/span><\/span>\r\n\r\n<span style=\"font-family: Times New Roman, serif;\"><span style=\"font-size: medium;\"><span lang=\"pt-BR\">Com 3.800 habitantes, conta com um centro ecol\u00f3gico composto por um porto natural para embarca\u00e7\u00f5es esportivas e pista de regatas, \u00e1reas alagadas, matas nativas e banhados. Al\u00e9m de seu patrim\u00f4nio natural, o vilarejo tem outra particularidade: foi onde o famoso artista uruguaio Alfredo Zitarrosa viveu parte de sua inf\u00e2ncia e adolesc\u00eancia.<\/span><\/span><\/span>\r\n\r\n<span style=\"font-family: Times New Roman, serif;\"><span style=\"font-size: medium;\"><span lang=\"pt-BR\"><b>Mirante e canoagem<\/b><\/span><\/span><\/span><span style=\"font-family: Times New Roman, serif;\"><span style=\"font-size: medium;\"><span lang=\"pt-BR\">\r\nAs novas atra\u00e7\u00f5es do povoado incluem um mirante de 15,5 metros de altura e um total de 74 degraus, de onde se pode observar a barra e os banhados do Santa Luc\u00eda, al\u00e9m da urbaniza\u00e7\u00e3o de Santiago V\u00e1zquez e suas \u00e1reas verdes. Localizado no final da Rua Isla del Tigre, tamb\u00e9m conta com brinquedos acess\u00edveis para crian\u00e7as.<\/span><\/span><\/span>\r\n\r\n<span style=\"font-family: Times New Roman, serif;\"><span style=\"font-size: medium;\"><span lang=\"pt-BR\">Al\u00e9m disso, na Rua La Guardia funciona a Escola N\u00e1utica e de Canoagem Santiago V\u00e1zquez, que oferece tanto aulas quanto passeios de uma hora em canoas e caiaques para turistas. As atividades fazem parte de <\/span><\/span><\/span><span style=\"font-family: Times New Roman, serif;\"><span style=\"font-size: medium;\"><span lang=\"pt-BR\"><i>Caminos del Agua<\/i><\/span><\/span><\/span><span style=\"font-family: Times New Roman, serif;\"><span style=\"font-size: medium;\"><span lang=\"pt-BR\">, um projeto de ecoturismo ligado \u00e0 escola que ajuda a financiar atividades recreativas e sociais para crian\u00e7as e adolescentes de projetos locais.<\/span><\/span><\/span>\r\n\r\n<span style=\"font-family: Times New Roman, serif;\"><span style=\"font-size: medium;\"><span lang=\"pt-BR\">O espa\u00e7o tamb\u00e9m acaba de inaugurar, por meio do programa Or\u00e7amento Participativo da Prefeitura de Montevid\u00e9u, vesti\u00e1rios com chuveiros e banheiros, banheiro inclusivo independente, escrit\u00f3rio e deck integrador de madeira com acessibilidade, promovendo o esporte na regi\u00e3o.<\/span><\/span><\/span>\r\n\r\n<span style=\"font-family: Times New Roman, serif;\"><span style=\"font-size: medium;\"><span lang=\"pt-BR\">Outra op\u00e7\u00e3o s\u00e3o as visitas guiadas pelo vilarejo ou fazer trekking pelos Banhados do Santa Luc\u00eda, tamb\u00e9m com o acompanhamento de <\/span><\/span><\/span><span style=\"font-family: Times New Roman, serif;\"><span style=\"font-size: medium;\"><span lang=\"pt-BR\"><i>Caminos del Agua<\/i><\/span><\/span><\/span><span style=\"font-family: Times New Roman, serif;\"><span style=\"font-size: medium;\"><span lang=\"pt-BR\">. Existe disponibilidade de tours com guia, mas cada visitante tamb\u00e9m pode fazer o trajeto por conta pr\u00f3pria acessando a plataforma hom\u00f4nima ou via Google Maps, onde um guia online narra os detalhes de cada ponto tur\u00edstico.<\/span><\/span><\/span>\r\n\r\n<span style=\"font-family: Times New Roman, serif;\"><span style=\"font-size: medium;\"><span lang=\"pt-BR\"><b>Banhados do Santa Luc\u00eda<\/b><\/span><\/span><\/span><span style=\"font-family: Times New Roman, serif;\"><span style=\"font-size: medium;\"><span lang=\"pt-BR\">\r\nO entorno do povoado de Santiago V\u00e1zquez est\u00e1 cercado por um ecossistema de banhados salinos costeiros, \u00e0 beira do Rio de la Plata, que abrange mais de 20.000 hectares, rodeado por extensa mata nativa. <\/span><\/span><\/span>\r\n\r\n<span style=\"font-family: Times New Roman, serif;\"><span style=\"font-size: medium;\"><span lang=\"pt-BR\">S\u00e3o os \u00fanicos banhados de \u00e1gua salobra da Am\u00e9rica do Sul, os mais extensos e importantes do Uruguai, e cont\u00eam um alto grau de biodiversidade, incluindo mais da metade das esp\u00e9cies de aves existentes no pa\u00eds. Por esses motivos, esse ecossistema foi inclu\u00eddo no Sistema Nacional de \u00c1reas Protegidas.<\/span><\/span><\/span>\r\n\r\n<span style=\"font-family: Times New Roman, serif;\"><span style=\"font-size: medium;\"><span lang=\"pt-BR\"><b>Informa\u00e7\u00f5es \u00fateis<\/b><\/span><\/span><\/span><span style=\"font-family: Times New Roman, serif;\"><span style=\"font-size: medium;\"><span lang=\"pt-BR\">\r\n<\/span><\/span><\/span><span style=\"font-family: Times New Roman, serif;\"><span style=\"font-size: medium;\"><span lang=\"pt-BR\"><b>Local da Escola N\u00e1utica e de Canoagem<\/b><\/span><\/span><\/span><span style=\"font-family: Times New Roman, serif;\"><span style=\"font-size: medium;\"><span lang=\"pt-BR\">: Calle La Guardia, 12600 Santiago V\u00e1zquez, Montevid\u00e9u\r\n<\/span><\/span><\/span><span style=\"font-family: Times New Roman, serif;\"><span style=\"font-size: medium;\"><span lang=\"pt-BR\"><b>Instagram<\/b><\/span><\/span><\/span><span style=\"font-family: Times New Roman, serif;\"><span style=\"font-size: medium;\"><span lang=\"pt-BR\">: caminosdelaguauy\/\r\n<\/span><\/span><\/span><span style=\"font-family: Times New Roman, serif;\"><span style=\"font-size: medium;\"><span lang=\"pt-BR\"><b>Contato<\/b><\/span><\/span><\/span><span style=\"font-family: Times New Roman, serif;\"><span style=\"font-size: medium;\"><span lang=\"pt-BR\">: (+598) 91 335 990 \/ (+598) 97 442 101<\/span><\/span><\/span>\r\n\r\n<span style=\"font-family: Times New Roman, serif;\"><span style=\"font-size: medium;\"><span lang=\"pt-BR\"><b>\r\nPonta Espinillo<\/b><\/span><\/span><\/span><span style=\"font-family: Times New Roman, serif;\"><span style=\"font-size: medium;\"><span lang=\"pt-BR\">\r\nBem pr\u00f3ximo dali encontra-se Ponta Espinillo, conhecida por sua ampla \u00e1rea arborizada e por ter uma praia pequena e rochosa, pr\u00f3pria para banho. Conta com uma \u00e1rea de parque com servi\u00e7os para passar o dia: churrasqueiras, brinquedos infantis, \u00e1reas esportivas e quiosque, al\u00e9m de uma zona de camping livre e cabanas que s\u00e3o abertas durante a temporada de ver\u00e3o.<\/span><\/span><\/span>\r\n\r\n<span style=\"font-family: Times New Roman, serif;\"><span style=\"font-size: medium;\"><span lang=\"pt-BR\"><b>Informa\u00e7\u00f5es \u00fateis<\/b><\/span><\/span><\/span><span style=\"font-family: Times New Roman, serif;\"><span style=\"font-size: medium;\"><span lang=\"pt-BR\">\r\n<\/span><\/span><\/span><span style=\"font-family: Times New Roman, serif;\"><span style=\"font-size: medium;\"><span lang=\"pt-BR\"><b>Local do Parque<\/b><\/span><\/span><\/span><span style=\"font-family: Times New Roman, serif;\"><span style=\"font-size: medium;\"><span lang=\"pt-BR\">: Camino 2do. Sanguinetti s\/n\r\n<\/span><\/span><\/span><span style=\"font-family: Times New Roman, serif;\"><span style=\"font-size: medium;\"><span lang=\"pt-BR\"><b>Acesso<\/b><\/span><\/span><\/span><span style=\"font-family: Times New Roman, serif;\"><span style=\"font-size: medium;\"><span lang=\"pt-BR\">: gratuito\r\n<\/span><\/span><\/span><span style=\"font-family: Times New Roman, serif;\"><span style=\"font-size: medium;\"><span lang=\"pt-BR\"><b>Tel. da Administra\u00e7\u00e3o<\/b><\/span><\/span><\/span><span style=\"font-family: Times New Roman, serif;\"><span style=\"font-size: medium;\"><span lang=\"pt-BR\">: (+598) 2312 0667<\/span><\/span><\/span>","highlights":"","primary_image":"[{\"id\":5596,\"url\":\"https:\/\/uruguaynatural.com\/wp-content\/uploads\/2024\/12\/Canotaje-SantaLucia.jpg\"}]","secondary_image":"[{\"id\":5636,\"url\":\"http:\/\/uruguaynatural.com\/wp-content\/uploads\/2024\/12\/2019-Alexis-Noquet-Tajes-Editable-45_chicajpg-scaled.jpg\"}]","gallery_images":"[{\"id\":5633,\"url\":\"http:\/\/uruguaynatural.com\/wp-content\/uploads\/2024\/12\/2019-Alexis-Noquet-Tajes-Alta-47.jpg\"},{\"id\":5634,\"url\":\"http:\/\/uruguaynatural.com\/wp-content\/uploads\/2024\/12\/MiradorSantiagoVazquez-1.jpg\"},{\"id\":5635,\"url\":\"http:\/\/uruguaynatural.com\/wp-content\/uploads\/2024\/12\/MiradorSantiagoVazquez-vista.jpg\"},{\"id\":5636,\"url\":\"http:\/\/uruguaynatural.com\/wp-content\/uploads\/2024\/12\/2019-Alexis-Noquet-Tajes-Editable-45_chicajpg-scaled.jpg\"},{\"id\":5637,\"url\":\"http:\/\/uruguaynatural.com\/wp-content\/uploads\/2024\/12\/EscuelaCanotaje.jpg\"},{\"id\":5638,\"url\":\"http:\/\/uruguaynatural.com\/wp-content\/uploads\/2024\/12\/Canotaje2.jpg\"}]","enable_map":"","coord_lat":"","coord_lng":"","locations":"-34.7903355,-56.3502545|-34.83829249999999,-56.4075512|-34.7908757,-56.3465723|-34.78740730000001,-56.3474319","department":"Montevideo","places":"[{\"id\":1296,\"link\":\"http:\/\/uruguaynatural.com\/es\/places\/montevideo\/\",\"title\":\"Montevideo\",\"description\":\"La rambla capitalina, el balc\u00f3n de acceso a m\u00e1s de <strong>30 kil\u00f3metro de costa<\/strong>, es uno de los principales atributos de Montevideo y un paseo imperdible para sus habitantes que suelen recurrir a ella para tomar mate y realizar extensas caminatas. Tambi\u00e9n lo son la cantidad de espacios verdes, parques y jardines que posibilitan m\u00faltiples opciones al aire libre.\\r\\n\\r\\nMontevideo tambi\u00e9n cuenta con una amplia movida cultural. As\u00ed por ejemplo, su cartelera teatral, es llamativamente extensa y variada, y abarca tanto espect\u00e1culos cl\u00e1sicos, como modernos o alternativos. En sus museos, centros culturales , casas de cultura y salas de exposici\u00f3n es posible apreciar el arte de una amplia gama de artistas de alcance internacional como Juan Manuel Blanes, Rafael Barradas, Pedro Figari, Joaqu\u00edn Torres Garc\u00eda, Jos\u00e9 C\u00faneo e Ignacio Iturria, entre otros.\\r\\n<h3>M\u00e1s informaci\u00f3n<\/h3>\\r\\n<ul>\\r\\n \\t<li><strong>Los inicios:<\/strong> Montevideo fue fundada por el gobernador y capit\u00e1n del R\u00edo del Plata Don Bruno Mauricio de Zabala. El proceso fundacional de la ciudad se inscribe entre 1724 y 1730, per\u00edodo en que comenzaron a arribar los primeros pobladores provenientes de Buenos aires y de las Islas Canarias. En el a\u00f1o 1833 se proyecta el nuevo trazado para la Ciudad Nueva que comienza a ejecutarse plenamente a partir de 1861.A diferencia de la Ciudad Vieja, que estaba amurallada en todo su per\u00edmetro, la Ciudad Nueva se proyecta con calles anchas y arboladas donde se localizaron comercios suntuosos y grandes residencias.<\/li>\\r\\n<\/ul>\\r\\n\u00a0\\r\\n<ul>\\r\\n \\t<li><strong>Capital con los pies en el r\u00edo:<\/strong> Recorrer 30 kil\u00f3metros de costa a es una de las posibilidades imperdibles que ofrece la capital montevideana que nunca le da la espalda al R\u00edo de la Plata. Por un extenso trayecto, desde Capurro hasta Carrasco, se extiende la Rambla de Montevideo, que fue concebida como un balc\u00f3n hacia el mar, para un verdadero disfrute de las costas de la ciudad.\\r\\nSus diversos tramos poseen especial belleza, ya que en su recorrido, ya sea a pie, en bicicleta o en auto, adem\u00e1s de hermosas playas es posible apreciar la arquitectura urbana que las rodea. Edificios antiguos y modernos, plazas y espacios deportivos como la pista de patinaje en el Parque Rod\u00f3, la de Skate en Buceo y varios gimnasios al aire libre, se suceden conformando atractivas panor\u00e1micas para el turista.\\r\\nDesde el puerto capitalino, hacia el Este, se suceden las playas m\u00e1s urbanas: Ram\u00edrez, Pocitos, Carrasco, Buceo, Malv\u00edn, en tanto hacia el Oeste, existen otras playas m\u00e1s agrestes y de acceso individual como la Colorada, Punta Espinillo, Punta Yeguas, Zabala o Santa Catarina. Las playas de Montevideo son caracter\u00edsticas por sus finas y blancas arenas y las calmas aguas del R\u00edo de la Plata, as\u00ed como por su seguridad. Adem\u00e1s del servicio de guardavidas, todas las playas habilitadas tienen asegurada la cobertura de salud y el cuidado de los ba\u00f1istas a trav\u00e9s de puestos de primeros auxilios y atenci\u00f3n m\u00e9dica de urgencia y emergencia. En el verano, adem\u00e1s de disfrutar del sol, arena y mar, los turistas pueden disfrutar de espect\u00e1culos y actividades recreativas gratuitas para ni\u00f1os, j\u00f3venes y adultos.<\/li>\\r\\n<\/ul>\\r\\n<h4>\u00a1No te pierdas!<\/h4>\\r\\n<ol>\\r\\n \\t<li>Plaza Matriz: ubicada en la Ciudad Vieja, entre las calles Peatonal Sarand\u00ed y Juan Carlos G\u00f3mez,\u00a0 en esta plaza se respira historia. La Iglesia Matriz, El Cabildo y otros edificios hist\u00f3ricos se encuentran rodeando su m\u00edtica fuente, uno de los monumentos m\u00e1s bellos de la ciudad.<\/li>\\r\\n \\t<li>Estadio Centenario: ubicado en la zona de Parque Batlle, es el principal escenario deportivo del pa\u00eds, con una imponente infraestructura capaz de albergar hasta 80.000 espectadores. Es posible coordinar visitas guiadas y conocer los hitos que transformaron al f\u00fatbol en la mayor pasi\u00f3n de los uruguayos.<\/li>\\r\\n \\t<li>Jard\u00edn Bot\u00e1nico: ubicado en el Prado,\u00a0 alberga una gran colecci\u00f3n de flora de distintas partes del mundo a lo largo y ancho de m\u00e1s de trece hect\u00e1reas. El entorno es ideal para extensas jornadas de picnic y para conectarse con la naturaleza, sin salir de la ciudad. El acceso es gratuito.<\/li>\\r\\n \\t<li>Mercado del Puerto: es uno de los puntos de mayor congregaci\u00f3n de turistas en la capital. Su gastronom\u00eda representa las m\u00e1s arraigadas tradiciones de Uruguay. El asado es el plato predominante y la mayor\u00eda de los restaurantes son parilladas pero existen otras opciones. Los espect\u00e1culos culturales y las artesan\u00edas tambi\u00e9n son protagonistas en el entorno.<\/li>\\r\\n<\/ol>\",\"primary_image\":\"http:\/\/uruguaynatural.com\/wp-content\/uploads\/2023\/04\/Captura-de-pantalla-de-2023-04-11-15-39-26.png\"},{\"id\":3115,\"link\":\"http:\/\/uruguaynatural.com\/es\/places\/santa-lucia\/\",\"title\":\"Santa Luc\u00eda\",\"description\":\"<article>La ciudad est\u00e1 situada junto al r\u00edo Santa Luc\u00eda, cuyo monte ribere\u00f1o posee extensas \u00e1reas naturales, valoradas tanto por desde el punto de vista ecol\u00f3gico y\u00a0 como por su potencial recreativo y deportivo.Ubicada al oeste del departamento de Canelones, la ciudad fue fundada por la corona espa\u00f1ola en el siglo XVIII seg\u00fan las Ordenanzas de Indias. Desde entonces se ha recorrido un largo camino hasta la conformaci\u00f3n urbana actual, que incluye un indiscutido patrimonio ambiental. Parte del mismo son las bodegas que la rodean, que merecen una visita y la degustaci\u00f3n de sus exquisitos vinos.<\/article>\u00a0\\r\\n\\r\\n<article>\\r\\n<h3>\u00a1No te pierdas!<\/h3>\\r\\n<div class=\\\"mas-visitados clearfix\\\">\\r\\n<figure><img class=\\\"circular-img\\\" src=\\\"https:\/\/uruguaynatural.com\/images\/destinos-destacados\/quintacapurro1.jpg\\\" alt=\\\"\\\" \/><\/figure>\\r\\n<h4>Quinta Capurro.<\/h4>\\r\\n\u00cdcono de la \u00e9poca m\u00e1s esplendorosa de la ciudad, cuando era un destino de veraneo elegido por la aristocracia montevideana esta casa quinta construida en 1873, hoy propiedad de la Intendencia de Canelones resulta ineludible. Cuenta con una gran reserva forestal y un museo con entrada libre. Horarios: Luneas a domingo de 10.30 a 17 horas.\\r\\nContacto: 4334 6137.\\r\\n\\r\\n<\/div>\\r\\n<div class=\\\"mas-visitados clearfix\\\">\\r\\n<figure><img class=\\\"circular-img\\\" src=\\\"https:\/\/uruguaynatural.com\/images\/destinos-destacados\/CASARODO1.jpg\\\" alt=\\\"\\\" \/><\/figure>\\r\\n<h4>Centro Cultural Enrique Rod\u00f3.<\/h4>\\r\\nEste monumento hist\u00f3rico Nacional consta de una casona con estilo morisco-espa\u00f1ol rodeada de un cautivante jard\u00edn. Hasta 1984, esta casa perteneci\u00f3 a la familia del escritor Jos\u00e9 Enrique Rod\u00f3, quien durante su ni\u00f1ez disfrut\u00f3 los veranos all\u00ed.\\r\\nContacto: 43346782\\r\\n\\r\\n<\/div>\\r\\n<\/article>\",\"primary_image\":\"http:\/\/uruguaynatural.com\/wp-content\/uploads\/2023\/06\/QuintaCapurro-Parque-DSC_0087-Edit-900x400-1.jpg\"}]","date_enabled":"","start_date":"0","end_date":"0","_links":{"self":[{"href":"https:\/\/uruguaynatural.com\/pt\/wp-json\/wp\/v2\/experiences\/5595","targetHints":{"allow":["GET"]}}],"collection":[{"href":"https:\/\/uruguaynatural.com\/pt\/wp-json\/wp\/v2\/experiences"}],"about":[{"href":"https:\/\/uruguaynatural.com\/pt\/wp-json\/wp\/v2\/types\/experiences"}],"author":[{"embeddable":true,"href":"https:\/\/uruguaynatural.com\/pt\/wp-json\/wp\/v2\/users\/5"}],"wp:attachment":[{"href":"https:\/\/uruguaynatural.com\/pt\/wp-json\/wp\/v2\/media?parent=5595"}],"wp:term":[{"taxonomy":"experience-categories","embeddable":true,"href":"https:\/\/uruguaynatural.com\/pt\/wp-json\/wp\/v2\/experience-categories?post=5595"}],"curies":[{"name":"wp","href":"https:\/\/api.w.org\/{rel}","templated":true}]}}