{"id":4674,"date":"{\"dateEnabled\":true,\"start\":\"2024-06-10T23:00:00.000Z\",\"end\":\"2024-06-25T02:59:00.000Z\"}","date_gmt":"2024-06-20T18:00:11","guid":{"rendered":"http:\/\/uruguaynatural.com\/es\/experiences\/\/"},"modified":"2025-06-18T14:42:01","modified_gmt":"2025-06-18T17:42:01","slug":"festival-del-tannat-cordero-y-noche-de-san-juan-en-bodegas-turisticas","status":"publish","type":"experiences","link":"https:\/\/uruguaynatural.com\/pt\/experiences\/festival-del-tannat-cordero-y-noche-de-san-juan-en-bodegas-turisticas\/","title":{"rendered":"Tannat, Cordeiro e Noite de S\u00e3o Jo\u00e3o nas vin\u00edcolas tur\u00edsticas"},"author":7,"template":"","experience-categories":[74,17,131,56],"class_list":["post-4674","experiences","type-experiences","status-publish","hentry","experience-categories-bodegas","experience-categories-cultura","experience-categories-fiestas-tradicionales","experience-categories-gastronomia"],"acf":[],"primary_title":"<h1><span class=\"highlight highlight--verde\"><strong>Tannat y Cordero m\u00e1s Noche de San Juan en bodegas tur\u00edsticas<\/strong><\/span><\/h1>","description":"<p align=\"justify\"><span style=\"font-family: ARial, sans-serif;\">En junio la magia del fuego cobra especial relevancia en las bodegas tur\u00edsticas del Uruguay, con la realizaci\u00f3n de dos eventos: la bienvenida al invierno con la Noche de San Juan y el Festival del Tannat &amp; Cordero.<\/span><\/p>","info":"<span style=\"font-family: Times New Roman, serif;\"><span style=\"font-size: medium;\"><span lang=\"pt-BR\">Em junho, a magia do fogo ganha um destaque especial nas vin\u00edcolas tur\u00edsticas do Uruguai, com a realiza\u00e7\u00e3o de dois eventos: a chegada do inverno com a Noite de S\u00e3o Jo\u00e3o e o Festival Tannat &amp; Cordeiro.\r\n\r\n<\/span><\/span><\/span>\r\n\r\n<span style=\"font-family: Times New Roman, serif;\"><span style=\"font-size: medium;\"><span lang=\"pt-BR\"><b>Tannat &amp; Cordeiro<\/b><\/span><\/span><\/span><span style=\"font-family: Times New Roman, serif;\"><span style=\"font-size: medium;\"><span lang=\"pt-BR\">\r\nDesde tempos imemoriais, o ser humano se reuniu ao redor do fogo. Seu poder de coc\u00e7\u00e3o e transmuta\u00e7\u00e3o \u00e9 comemorado em junho com propostas gastron\u00f4micas e rituais em alguns estabelecimentos enotur\u00edsticos do Uruguai.<\/span><\/span><\/span>\r\n\r\n<span style=\"font-family: Times New Roman, serif;\"><span style=\"font-size: medium;\"><span lang=\"pt-BR\">Os visitantes ter\u00e3o a oportunidade de experimentar as del\u00edcias do vinho Tannat e a excelente harmoniza\u00e7\u00e3o com a carne de cordeiro, dois emblemas da gastronomia uruguaia.<\/span><\/span><\/span>\r\n\r\n<span style=\"font-family: Times New Roman, serif;\"><span style=\"font-size: medium;\"><span lang=\"pt-BR\">O Tannat \u00e9 um vinho varietal elaborado com a uva Tannat origin\u00e1ria da Fran\u00e7a, introduzida no Uruguai por imigrantes bascos desde a cidade de Concordia, na Argentina, no final do s\u00e9culo XIX. Ap\u00f3s mais de um s\u00e9culo de cultivo, teve grande difus\u00e3o e adapta\u00e7\u00e3o ao nosso solo, transformando-se na \u201cUva Nacional\u201d. As vin\u00edcolas, com processos de vinifica\u00e7\u00e3o altamente sofisticados, posicionaram o Tannat uruguaio entre os vinhos de destaque mundial, tornando-se nossa bebida s\u00edmbolo.<\/span><\/span><\/span>\r\n\r\n<span style=\"font-family: Times New Roman, serif;\"><span style=\"font-size: medium;\"><span lang=\"pt-BR\">A carne ovina sempre esteve presente na culin\u00e1ria tradicional das est\u00e2ncias e ch\u00e1caras do nosso interior. A introdu\u00e7\u00e3o de ra\u00e7as ovinas de carne de qualidade deu \u00e0 alta gastronomia acesso a essa carne nobre. Chefs come\u00e7aram a apresentar pratos com cordeiro em diversas prepara\u00e7\u00f5es, oferecendo experi\u00eancias \u00fanicas, nesta ocasi\u00e3o, harmonizadas com diferentes vinhos Tannat.<\/span><\/span><\/span>\r\n\r\n<span style=\"font-family: Times New Roman, serif;\"><span style=\"font-size: medium;\"><span lang=\"pt-BR\">Nessa nova edi\u00e7\u00e3o, diversos operadores tur\u00edsticos oferecem transfers at\u00e9 as vin\u00edcolas com visitas guiadas e almo\u00e7os ou jantares.<\/span><\/span><\/span>\r\n\r\n<span style=\"font-family: Times New Roman, serif;\"><span style=\"font-size: medium;\"><span lang=\"pt-BR\">A maioria das propostas requer reserva pr\u00e9via, por isso \u00e9 essencial organizar a visita com anteced\u00eancia.<\/span><\/span><\/span>\r\n\r\n<span style=\"font-family: Times New Roman, serif;\"><span style=\"font-size: medium;\"><span lang=\"pt-BR\">Confira a programa\u00e7\u00e3o do Festival Tannat &amp; Cordeiro nas vin\u00edcolas tur\u00edsticas.<\/span><\/span><\/span>\r\n\r\n<span style=\"font-family: Times New Roman, serif;\"><span style=\"font-size: medium;\"><span lang=\"pt-BR\"><b>Noite de S\u00e3o Jo\u00e3o<\/b><\/span><\/span><\/span><span style=\"font-family: Times New Roman, serif;\"><span style=\"font-size: medium;\"><span lang=\"pt-BR\">\r\nDiferente do hemisf\u00e9rio norte, que comemora a chegada do ver\u00e3o, na Noite de S\u00e3o Jo\u00e3o \u201c\u00e0 uruguaia\u201d, damos as boas-vindas ao inverno. Apesar da origem europeia dessa celebra\u00e7\u00e3o, ela foi incorporada com identidade pr\u00f3pria h\u00e1 mais de uma d\u00e9cada no pa\u00eds.<\/span><\/span><\/span>\r\n\r\n<span style=\"font-family: Times New Roman, serif;\"><span style=\"font-size: medium;\"><span lang=\"pt-BR\">Em seus prim\u00f3rdios era uma celebra\u00e7\u00e3o pag\u00e3, que o cristianismo associou ao nascimento de S\u00e3o Jo\u00e3o Batista em 24 de junho. Hoje, \u00e9 difundida pela Europa toda, especialmente na Pen\u00ednsula Ib\u00e9rica.<\/span><\/span><\/span>\r\n\r\n<span style=\"font-family: Times New Roman, serif;\"><span style=\"font-size: medium;\"><span lang=\"pt-BR\">Al\u00e9m de homenagear o sol, durante a cerim\u00f4nia todas as coisas ruins s\u00e3o queimadas para purificar os pecados. Por isso, s\u00e3o jogados ao fogo os \u201cCedulones de San Juan\u201d, mas muitas pessoas preferem apenas invocar seus desejos para o pr\u00f3ximo ano.<\/span><\/span><\/span>\r\n\r\n<span style=\"font-family: Times New Roman, serif;\"><span style=\"font-size: medium;\"><span lang=\"pt-BR\">No Uruguai, essa celebra\u00e7\u00e3o se combina com uma exibi\u00e7\u00e3o cultural: tambores, espet\u00e1culos com fogo, pinturas, proje\u00e7\u00f5es audiovisuais, narradores, dan\u00e7arinos, poesia, entre outros.<\/span><\/span><\/span>\r\n\r\n<span style=\"font-family: Times New Roman, serif;\"><span style=\"font-size: medium;\"><span lang=\"pt-BR\">Descubra a programa\u00e7\u00e3o da Noite de S\u00e3o Jo\u00e3o de cada vin\u00edcola!<\/span><\/span><\/span>\r\n\r\n<span style=\"font-family: Times New Roman, serif;\"><span style=\"font-size: medium;\"><span lang=\"pt-BR\"><b>A festa pioneira em Montevid\u00e9u<\/b><\/span><\/span><\/span><span style=\"font-family: Times New Roman, serif;\"><span style=\"font-size: medium;\"><span lang=\"pt-BR\">\r\nA festa pioneira de S\u00e3o Jo\u00e3o \u00e9 organizada na Pra\u00e7a Varela de Montevid\u00e9u por Casal Catal\u00e1, sendo declarada de interesse municipal pelo Munic\u00edpio CH e apoiada pela Generalitat de Catalunya. A organiza\u00e7\u00e3o j\u00e1 soma mais de 20 anos promovendo uma celebra\u00e7\u00e3o que re\u00fane moradores de toda a cidade.<\/span><\/span><\/span>\r\n\r\n<span style=\"font-family: Times New Roman, serif;\"><span style=\"font-size: medium;\"><span lang=\"pt-BR\">Queimam-se v\u00e1rios milhares de quilos de lenha e, al\u00e9m da fogueira, tem del\u00edcias gastron\u00f4micas: Paella, Coca de Sant Joan (doce t\u00edpico catal\u00e3o), Coca de Recapte (variedade salgada), carquinyolis e ron cremat (rum aromatizado com canela, cravo-da-\u00edndia e lim\u00e3o).<\/span><\/span><\/span>\r\n\r\n<span style=\"font-family: Times New Roman, serif;\"><span style=\"font-size: medium;\"><span lang=\"pt-BR\">Tamb\u00e9m se apresentam dan\u00e7as e m\u00fasica tradicional catal\u00e3 e, no final da noite, fogos de artif\u00edcio para celebrar a noite mais longa do hemisf\u00e9rio sul.<\/span><\/span><\/span>\r\n\r\n<span style=\"font-family: Times New Roman, serif;\"><span style=\"font-size: medium;\"><span lang=\"pt-BR\"><b>Outras celebra\u00e7\u00f5es de S\u00e3o Jo\u00e3o no Uruguai<\/b><\/span><\/span><\/span>\r\n\r\n<span style=\"font-family: Times New Roman, serif;\"><span style=\"font-size: medium;\"><span lang=\"pt-BR\"><b>Noite de S\u00e3o Jo\u00e3o em Canelones<\/b><\/span><\/span><\/span><span style=\"font-family: Times New Roman, serif;\"><span style=\"font-size: medium;\"><span lang=\"pt-BR\">\r\nA Noite de S\u00e3o Jo\u00e3o ser\u00e1 comemorada em v\u00e1rias localidades do departamento de Canelones, com fogueiras tradicionais, espet\u00e1culos musicais, gastronomia e muito mais.<\/span><\/span><\/span>\r\n\r\n<span style=\"font-family: Times New Roman, serif;\"><span style=\"font-size: medium;\"><span lang=\"pt-BR\">De sexta-feira 20 at\u00e9 ter\u00e7a-feira 24 de junho, ser\u00e3o mais de 20 atividades em cidades como Atl\u00e1ntida, Melgarejo, Totoral del Sauce, San Jacinto, Migues, Tala e Santa Rosa, al\u00e9m de diversas vin\u00edcolas em Progreso, Las Piedras, La Paz, Sauce, Joaqu\u00edn Su\u00e1rez e Santa Luc\u00eda.<\/span><\/span><\/span>\r\n\r\n<span style=\"font-family: Times New Roman, serif;\"><span style=\"font-size: medium;\"><span lang=\"pt-BR\">A Festa de S\u00e3o Jo\u00e3o tem origem pag\u00e3 e \u00e9 celebrada todo 23 de junho, v\u00e9spera do dia de S\u00e3o Jo\u00e3o Batista. Esta tradi\u00e7\u00e3o est\u00e1 associada ao solst\u00edcio de ver\u00e3o no hemisf\u00e9rio norte e, no sul, adquiriu um selo distintivo uruguaio, consolidando-se como uma festividade popular em todo o pa\u00eds.<\/span><\/span><\/span>\r\n\r\n<span style=\"font-family: Times New Roman, serif;\"><span style=\"font-size: medium;\"><span lang=\"pt-BR\">As fogueiras s\u00e3o as grandes protagonistas desta noite m\u00e1gica. Nas festas de Canelones, al\u00e9m das fogueiras, os participantes poder\u00e3o desfrutar de gastronomia com chefs convidados, pratos t\u00edpicos, lanches, chocolate quente, harmoniza\u00e7\u00f5es especiais e quent\u00e3o. Tamb\u00e9m haver\u00e1 m\u00fasica, dan\u00e7as, rituais em torno do fogo e feiras de artesanato, entre outras atividades.<\/span><\/span><\/span>\r\n\r\n<span style=\"font-family: Times New Roman, serif;\"><span style=\"font-size: medium;\"><span lang=\"pt-BR\">Consulte todos os eventos no App Turismo Canelones ou por este link.<\/span><\/span><\/span>\r\n\r\n<span style=\"font-family: Times New Roman, serif;\"><span style=\"font-size: medium;\"><span lang=\"pt-BR\"><b>Festa das Fogueiras de S\u00e3o Jo\u00e3o em Aigu\u00e1<\/b><\/span><\/span><\/span><span style=\"font-family: Times New Roman, serif;\"><span style=\"font-size: medium;\"><span lang=\"pt-BR\">\r\nAigu\u00e1 espera os visitantes no s\u00e1bado 21 de junho para celebrar as tradicionais Fogueiras de S\u00e3o Jo\u00e3o, uma festa cheia de m\u00fasica, dan\u00e7a, tradi\u00e7\u00e3o e divers\u00e3o para toda a fam\u00edlia. O evento come\u00e7a ao meio-dia na pra\u00e7a principal e vai at\u00e9 a meia-noite.<\/span><\/span><\/span>\r\n\r\n<span style=\"font-family: Times New Roman, serif;\"><span style=\"font-size: medium;\"><span lang=\"pt-BR\">A celebra\u00e7\u00e3o, que resgata as tradi\u00e7\u00f5es das fam\u00edlias imigrantes, inclui o acendimento da fogueira \u00e0s 17:35, acompanhado de dan\u00e7as com fogo, malabares, tambores e o cl\u00e1ssico \u201cjogo das c\u00e9dulas\u201d. Haver\u00e1 mais de 70 estandes de empreendedores, pra\u00e7a de alimenta\u00e7\u00e3o, espet\u00e1culos art\u00edsticos e jogos infantis ao longo do dia.<\/span><\/span><\/span>\r\n\r\n<span style=\"font-family: Times New Roman, serif;\"><span style=\"font-size: medium;\"><span lang=\"pt-BR\">A feira abre ao meio-dia com produtos artesanais e gastron\u00f4micos. \u00c0s 15:00 se apresenta a Banda Municipal de Aigu\u00e1, seguida \u00e0s 16:00 por Mar\u00eda Noel e Kike Lafourcade. \u00c0s 16:45, a Companhia Le Pifi\u00e9 apresenta o circo \u201c\u00a1Hurra!\u201d, para toda a fam\u00edlia. O ponto alto, o acendimento da fogueira, ser\u00e1 \u00e0s 17:35. \u00c0s 19:00, tem a apresenta\u00e7\u00e3o do grupo de Dan\u00e7as Folcl\u00f3ricas Taguat\u00f3, \u00e0s 19:30 o Grupo \u00d1ande, \u00e0s 20:30 Los Sabrosos e \u00e0s 21:45 Doble 5 Rock Band. A noite encerra com Mica Serr\u00f3n \u00e0s 22:45 e DJ Maurix \u00e0s 23:30.<\/span><\/span><\/span>\r\n\r\n<span style=\"font-family: Times New Roman, serif;\"><span style=\"font-size: medium;\"><span lang=\"pt-BR\">N\u00e3o perca essa festa \u00fanica que combina tradi\u00e7\u00e3o e cultura!<\/span><\/span><\/span>\r\n\r\n<span style=\"font-family: Times New Roman, serif;\"><span style=\"font-size: medium;\"><span lang=\"pt-BR\"><b>S\u00e3o Jo\u00e3o em Florida<\/b><\/span><\/span><\/span><span style=\"font-family: Times New Roman, serif;\"><span style=\"font-size: medium;\"><span lang=\"pt-BR\">\r\nFlorida comemora a tradicional Noite de S\u00e3o Jo\u00e3o com uma s\u00e9rie de atividades em diferentes localidades do departamento, onde o fogo, a m\u00fasica, a gastronomia e as tradi\u00e7\u00f5es se unem para uma experi\u00eancia \u00fanica. Veja a seguir as propostas para curtir essa festividade:<\/span><\/span><\/span>\r\n\r\n<span style=\"font-family: Times New Roman, serif;\"><span style=\"font-size: medium;\"><span lang=\"pt-BR\"><b>Noite de S\u00e3o Jo\u00e3o na Vieja Estancia<\/b><\/span><\/span><\/span><span style=\"font-family: Times New Roman, serif;\"><span style=\"font-size: medium;\"><span lang=\"pt-BR\">\r\nUma noite especial com fogueira, m\u00fasica ao vivo e uma experi\u00eancia inesquec\u00edvel. S\u00e1bado 21 de junho \u00e0s 20:00, no Camino Villa Vieja 104.500, Villa 25 de Mayo. Reservas: 099 222 517.<\/span><\/span><\/span>\r\n\r\n<span style=\"font-family: Times New Roman, serif;\"><span style=\"font-size: medium;\"><span lang=\"pt-BR\"><b>Fogueiras de S\u00e3o Jo\u00e3o em San Pedro de Timote<\/b><\/span><\/span><\/span><span style=\"font-family: Times New Roman, serif;\"><span style=\"font-size: medium;\"><span lang=\"pt-BR\">\r\nCom uma proposta especial: reservando duas noites, voc\u00ea ganha 10% de desconto e late check-out at\u00e9 as 16:00. De 20 a 22 de junho. Informa\u00e7\u00f5es: 091 635 019 ou reservas@sanpedrodetimote.com.<\/span><\/span><\/span>\r\n\r\n<span style=\"font-family: Times New Roman, serif;\"><span style=\"font-size: medium;\"><span lang=\"pt-BR\"><b>S\u00e3o Jo\u00e3o em Paso Severino<\/b><\/span><\/span><\/span><span style=\"font-family: Times New Roman, serif;\"><span style=\"font-size: medium;\"><span lang=\"pt-BR\">\r\n20% de desconto em hospedagem com caf\u00e9 da manh\u00e3, de 20 a 23 de junho. Contato: 4330 9033 \/ 9250, 091 976 285 \/ 095 329 283.<\/span><\/span><\/span>\r\n\r\n<span style=\"font-family: Times New Roman, serif;\"><span style=\"font-size: medium;\"><span lang=\"pt-BR\"><b>Fogueira de S\u00e3o Jo\u00e3o na Villa 25 de Agosto<\/b><\/span><\/span><\/span><span style=\"font-family: Times New Roman, serif;\"><span style=\"font-size: medium;\"><span lang=\"pt-BR\">\r\nNa segunda-feira 23 de junho, La Cocina de Ana ter\u00e1 fogueira com petiscos e queimada, das 18:30 \u00e0s 21:30, na 19 de Abril 516. Reservas: 094 356 116.<\/span><\/span><\/span>\r\n\r\n<span style=\"font-family: Times New Roman, serif;\"><span style=\"font-size: medium;\"><span lang=\"pt-BR\"><b>Asamblea Bodeg\u00f3n<\/b><\/span><\/span><\/span><span style=\"font-family: Times New Roman, serif;\"><span style=\"font-size: medium;\"><span lang=\"pt-BR\">\r\nNa Batlle y Ord\u00f3\u00f1ez 529, Florida, com fogueira comunit\u00e1ria e quent\u00e3o gratuito com reserva de jantar. Informa\u00e7\u00f5es: 091 243 460.<\/span><\/span><\/span>\r\n\r\n<span style=\"font-family: Times New Roman, serif;\"><span style=\"font-size: medium;\"><span lang=\"pt-BR\"><b>Est\u00e2ncia Hoster\u00eda El Ceibo<\/b><\/span><\/span><\/span><span style=\"font-family: Times New Roman, serif;\"><span style=\"font-size: medium;\"><span lang=\"pt-BR\">\r\nEntre La Macana e San Jer\u00f3nimo, com fogueira sob o c\u00e9u estrelado, quent\u00e3o, jantar caseiro e hospedagem em um ambiente natural. Reservas: 099 125 761.<\/span><\/span><\/span>\r\n\r\n<span style=\"font-family: Times New Roman, serif;\"><span style=\"font-size: medium;\"><span lang=\"pt-BR\">Florida oferece diversas op\u00e7\u00f5es para aproveitar a magia de S\u00e3o Jo\u00e3o junto ao fogo!<\/span><\/span><\/span>\r\n<p lang=\"pt-BR\">\r\n\r\n<\/p>\r\n<span style=\"font-family: Times New Roman, serif;\"><span style=\"font-size: medium;\"><span lang=\"pt-BR\">&nbsp;<\/span><\/span><\/span>","highlights":"","primary_image":"[{\"id\":4681,\"url\":\"https:\/\/uruguaynatural.com\/wp-content\/uploads\/2024\/06\/festivales-junio2024-ppal.jpg\"}]","secondary_image":"[{\"id\":4675,\"url\":\"http:\/\/uruguaynatural.com\/wp-content\/uploads\/2024\/06\/Tannat-y-Cordero.jpg\"}]","gallery_images":"[]","enable_map":"1","coord_lat":"","coord_lng":"","locations":"-34.744756,-55.0250881|-34.7791216,-56.2477087|-34.7242605,-56.0404272|-34.713829,-55.850342|-34.590104,-56.2626374|-34.74366699999999,-56.2087458|-34.715247,-56.168007|-34.3928981,-56.6692326|-34.5694274,-54.6279974|-32.3097676,-58.0594088|-34.6713616,-56.37147019999999|-34.67979,-56.25802969999999|-34.7413989,-56.1637703|-34.7452848,-56.1518453|-34.8596687,-55.2351087|-34.7437074,-56.26854609999999|-34.042265,-58.187421|-34.2186967,-57.9308182|-34.626161,-56.248842","department":"Montevideo","places":"[{\"id\":1296,\"link\":\"http:\/\/uruguaynatural.com\/%places-slug%\/montevideo\/\",\"title\":\"Montevideo\",\"description\":\"La rambla capitalina, el balc\u00f3n de acceso a m\u00e1s de <strong>30 kil\u00f3metro de costa<\/strong>, es uno de los principales atributos de Montevideo y un paseo imperdible para sus habitantes que suelen recurrir a ella para tomar mate y realizar extensas caminatas. Tambi\u00e9n lo son la cantidad de espacios verdes, parques y jardines que posibilitan m\u00faltiples opciones al aire libre.\\r\\n\\r\\nMontevideo tambi\u00e9n cuenta con una amplia movida cultural. As\u00ed por ejemplo, su cartelera teatral, es llamativamente extensa y variada, y abarca tanto espect\u00e1culos cl\u00e1sicos, como modernos o alternativos. En sus museos, centros culturales , casas de cultura y salas de exposici\u00f3n es posible apreciar el arte de una amplia gama de artistas de alcance internacional como Juan Manuel Blanes, Rafael Barradas, Pedro Figari, Joaqu\u00edn Torres Garc\u00eda, Jos\u00e9 C\u00faneo e Ignacio Iturria, entre otros.\\r\\n<h3>M\u00e1s informaci\u00f3n<\/h3>\\r\\n<ul>\\r\\n \\t<li><strong>Los inicios:<\/strong> Montevideo fue fundada por el gobernador y capit\u00e1n del R\u00edo del Plata Don Bruno Mauricio de Zabala. El proceso fundacional de la ciudad se inscribe entre 1724 y 1730, per\u00edodo en que comenzaron a arribar los primeros pobladores provenientes de Buenos aires y de las Islas Canarias. En el a\u00f1o 1833 se proyecta el nuevo trazado para la Ciudad Nueva que comienza a ejecutarse plenamente a partir de 1861.A diferencia de la Ciudad Vieja, que estaba amurallada en todo su per\u00edmetro, la Ciudad Nueva se proyecta con calles anchas y arboladas donde se localizaron comercios suntuosos y grandes residencias.<\/li>\\r\\n<\/ul>\\r\\n\u00a0\\r\\n<ul>\\r\\n \\t<li><strong>Capital con los pies en el r\u00edo:<\/strong> Recorrer 30 kil\u00f3metros de costa a es una de las posibilidades imperdibles que ofrece la capital montevideana que nunca le da la espalda al R\u00edo de la Plata. Por un extenso trayecto, desde Capurro hasta Carrasco, se extiende la Rambla de Montevideo, que fue concebida como un balc\u00f3n hacia el mar, para un verdadero disfrute de las costas de la ciudad.\\r\\nSus diversos tramos poseen especial belleza, ya que en su recorrido, ya sea a pie, en bicicleta o en auto, adem\u00e1s de hermosas playas es posible apreciar la arquitectura urbana que las rodea. Edificios antiguos y modernos, plazas y espacios deportivos como la pista de patinaje en el Parque Rod\u00f3, la de Skate en Buceo y varios gimnasios al aire libre, se suceden conformando atractivas panor\u00e1micas para el turista.\\r\\nDesde el puerto capitalino, hacia el Este, se suceden las playas m\u00e1s urbanas: Ram\u00edrez, Pocitos, Carrasco, Buceo, Malv\u00edn, en tanto hacia el Oeste, existen otras playas m\u00e1s agrestes y de acceso individual como la Colorada, Punta Espinillo, Punta Yeguas, Zabala o Santa Catarina. Las playas de Montevideo son caracter\u00edsticas por sus finas y blancas arenas y las calmas aguas del R\u00edo de la Plata, as\u00ed como por su seguridad. Adem\u00e1s del servicio de guardavidas, todas las playas habilitadas tienen asegurada la cobertura de salud y el cuidado de los ba\u00f1istas a trav\u00e9s de puestos de primeros auxilios y atenci\u00f3n m\u00e9dica de urgencia y emergencia. En el verano, adem\u00e1s de disfrutar del sol, arena y mar, los turistas pueden disfrutar de espect\u00e1culos y actividades recreativas gratuitas para ni\u00f1os, j\u00f3venes y adultos.<\/li>\\r\\n<\/ul>\\r\\n<h4>\u00a1No te pierdas!<\/h4>\\r\\n<ol>\\r\\n \\t<li>Plaza Matriz: ubicada en la Ciudad Vieja, entre las calles Peatonal Sarand\u00ed y Juan Carlos G\u00f3mez,\u00a0 en esta plaza se respira historia. La Iglesia Matriz, El Cabildo y otros edificios hist\u00f3ricos se encuentran rodeando su m\u00edtica fuente, uno de los monumentos m\u00e1s bellos de la ciudad.<\/li>\\r\\n \\t<li>Estadio Centenario: ubicado en la zona de Parque Batlle, es el principal escenario deportivo del pa\u00eds, con una imponente infraestructura capaz de albergar hasta 80.000 espectadores. Es posible coordinar visitas guiadas y conocer los hitos que transformaron al f\u00fatbol en la mayor pasi\u00f3n de los uruguayos.<\/li>\\r\\n \\t<li>Jard\u00edn Bot\u00e1nico: ubicado en el Prado,\u00a0 alberga una gran colecci\u00f3n de flora de distintas partes del mundo a lo largo y ancho de m\u00e1s de trece hect\u00e1reas. El entorno es ideal para extensas jornadas de picnic y para conectarse con la naturaleza, sin salir de la ciudad. El acceso es gratuito.<\/li>\\r\\n \\t<li>Mercado del Puerto: es uno de los puntos de mayor congregaci\u00f3n de turistas en la capital. Su gastronom\u00eda representa las m\u00e1s arraigadas tradiciones de Uruguay. El asado es el plato predominante y la mayor\u00eda de los restaurantes son parilladas pero existen otras opciones. Los espect\u00e1culos culturales y las artesan\u00edas tambi\u00e9n son protagonistas en el entorno.<\/li>\\r\\n<\/ol>\",\"primary_image\":\"http:\/\/uruguaynatural.com\/wp-content\/uploads\/2023\/04\/Captura-de-pantalla-de-2023-04-11-15-39-26.png\"},{\"id\":402,\"link\":\"http:\/\/uruguaynatural.com\/%places-slug%\/punta-del-este\/\",\"title\":\"Punta del Este\",\"description\":\"Se ubica en el departamento de Maldonado, a s\u00f3lo una hora y media de la capital del pa\u00eds. Lujosas residencias de veraneo, altos edificios de apartamento frente al mar, enormes yates en el puerto, hoteles y restaurantes de lujo lo transforman en el balneario de mayor glamour de Am\u00e9rica.\\r\\n\\r\\nNo en vano, fue elegida como destino de veraneo por grandes celebridades como el dise\u00f1ador Ralph Lauren, el jugador del f\u00fatbol Zinedine Zidane, el cantante de Metallica James Hetfield o la colombiana Shakira.\\r\\n\\r\\nRecorriendo la ciudad el visitante encuentra una amplia oferta recreativa, que incluye sala de exposiciones, restaurantes, pubs, discotecas, tiendas de antig\u00fcedades, galer\u00edas de arte, cines, teatros y una agitada vida nocturna. La ciudad balnearia es elegida para la realizaci\u00f3n de grandes fiestas de lujo, desfiles de moda de marcas de prestigio y una amplia gama de propuestas culturales de gran dimensi\u00f3n como el Festival Internacional de Jazz, el Festival Internacional de Cine o exposiciones de artistas contempor\u00e1neos de renombre.\\r\\n\\r\\nPunta del Este es tambi\u00e9n un destino natural \u00fanico. Con m\u00e1s de 20 kil\u00f3metros de costa y altas sierras que miran al mar, el balneario tambi\u00e9n ofrece encantadores rincones y paisajes para quienes llegan en busca de una tranquilidad absoluta.\\r\\n\\r\\nEl punto de encuentro de sus dos playas m\u00e1s famosas, Playa Mansa y Playa Brava, supone el fin del R\u00edo de la Plata y el comienzo del Oc\u00e9ano Atl\u00e1ntico. El balneario creci\u00f3 hacia el Oeste formando Punta Ballena y hacia el Este creando La Barra y Jos\u00e9 Ignacio.\\r\\n\\r\\nLa diversidad de su costa y sus arenas finas y blancas la hacen un destino ideal para la realizaci\u00f3n de deportes como el surf, windsurf, jet-ski, moton\u00e1utica, vela, pesca y yachting. En tierra firme, los turistas tambi\u00e9n encuentran escenarios privilegiados para la pr\u00e1ctica de otros deportes como el polo, el golf, el tenis o el rugby. En s\u00edntesis, Punta del Este, es sin\u00f3nimo de un sinf\u00edn de alternativas para satisfacer las necesidades de los paladares tur\u00edsticos m\u00e1s exigentes y heterog\u00e9neos.\",\"primary_image\":\"http:\/\/uruguaynatural.com\/wp-content\/uploads\/2023\/02\/29262640598_f94d21ab1b_o-copy.jpg.webp\"},{\"id\":2567,\"link\":\"http:\/\/uruguaynatural.com\/%places-slug%\/carmelo\/\",\"title\":\"Carmelo\",\"description\":\"Hacia el oeste de Colonia del Sacramento, por la ruta 21, se llega a la ciudad de Carmelo.Esta ciudad, cuya fundaci\u00f3n se remonta a 1816, se enorgullece en tener como fundador al General Jos\u00e9 Gervasio Artigas, pr\u00f3cer de la patria.Poseedora de un entorno natural colmado de belleza y serenidad, durante a\u00f1os Carmelo ha seducido a miles de turistas que buscan descanso, tranquilidad, belleza y comodidad.Su atracadero de yates y la extensa zona de playas que posee atraen a los aficionados a los deportes n\u00e1uticos y de playa.Adem\u00e1s, en su entorno se ubican varias de las Bodegas Tur\u00edsticas que ya se han consolidado como importante atractivo del Departamento de Colonia, y que siguiendo las m\u00e1s viejas tradiciones europeas elaboran deliciosos vinos de nivel internacional.Entre sus varios atractivos se encuentra, adem\u00e1s, su caracter\u00edstico puente giratorio, que cruza el arroyo Las Vacas y que es el \u00fanico a tracci\u00f3n humana de Sudam\u00e9rica; las ruinas jesu\u00edticas de la estancia de Bel\u00e9n, conocidas como Calera de las Hu\u00e9rfanas; y la estancia Narbona, que es el edificio m\u00e1s antiguo del Uruguay que se conserva en sus lineamientos originales. Con su belleza natural y su historia, Carmelo es sin duda un lugar que invita a disfrutar.\",\"primary_image\":\"http:\/\/uruguaynatural.com\/wp-content\/uploads\/2023\/06\/LEO8806-scaled.jpg\"},{\"id\":506,\"link\":\"http:\/\/uruguaynatural.com\/%places-slug%\/paysandu\/\",\"title\":\"Paysand\u00fa\",\"description\":\"En Paysand\u00fa conviven diversas actividades productivas, riquezas hist\u00f3ricas, culturales y naturales, que a la vez que lo diferencian, lo hacen un lugar \u00fanico y especial en la regi\u00f3n.\\r\\n\\r\\nSe ubica en el litoral termal donde existen dos centros con aguas de propiedades curativas. La naturaleza se expresa en cada rinc\u00f3n del departamento, donde habitan maravillosos paisajes, como los ubicados dentro del \u00c1rea Protegida Montes del Queguay, bellos palmares y hermosos atardeceres pueden disfrutarse a lo largo de la costa del r\u00edo Uruguay.\\r\\n\\r\\nPaysand\u00fa es cuna del Artiguismo, es ciudad de h\u00e9roes que sucumbieron en defensa de la soberan\u00eda nacional con un pasado de gloria industrial y de suelos que fueron habitados por poblaciones charr\u00faas. Un departamento donde a\u00fan persisten las tradiciones criollas y donde la cultura se traduce en cada uno de los eventos que se conmemoran a lo largo del a\u00f1o.\",\"primary_image\":\"http:\/\/uruguaynatural.com\/wp-content\/uploads\/2023\/02\/2021-03-03-18_11_16-Morato-un-castillo-en-Uruguay-YouTube.png\"},{\"id\":2528,\"link\":\"http:\/\/uruguaynatural.com\/%places-slug%\/piriapolis\/\",\"title\":\"Piri\u00e1polis\",\"description\":\"Descubrirla de cerca suele llevar aparejada la necesidad de adentrarse en su historia, sus s\u00edmbolos, sus tradiciones y la riqueza de su pasado que le regala una identidad \u00fanica en el presente. En ella, extensas playas y altos cerros disputan protagonismo, creando un entorno ideal para el descanso.\\r\\n\\r\\nFundada por Francisco Piria en 1890, en pleno auge de la Belle \u00c9poque. Piria fue un visionario y alquimista, quien originariamente la bautiz\u00f3 \u201cBalneario del Porvenir\u201d, un nombre que con el tiempo se convertir\u00eda en realidad.\\r\\n\\r\\nPiri\u00e1polis cuenta con magn\u00edficos edificaciones como una extensa rambla costanera, r\u00e9plica de la Biarritz francesa, el gigantesco Argentino Hotel que durante mucho a\u00f1os fue el m\u00e1s grande de Am\u00e9rica del Sur y el enigm\u00e1tico Castillo de Piria.\\r\\n\\r\\nSus playas se ubican a lo largo de una franja de 25 kil\u00f3metros de costa, desde el arroyo Sol\u00eds hasta Punta Negra. Todas ellas, de blancas arenas y aguas limpias, reciben cada verano miles de turistas uruguayos, argentinos, brasile\u00f1os, chilenos, paraguayos y de otros pa\u00edses de Am\u00e9rica Latina Am\u00e9rica y de Europa. Hacia el oeste algunas de las m\u00e1s atractivas son: Playa Grande, Playa Verde, Playa Hermosa, Las Flores y Bella Vista.\\r\\n\\r\\nEn los espacios naturales se practican diferentes deportes n\u00e1uticos, pesca y recreaci\u00f3n para todos los gustos. Es ideal para recorrer los senderos de los cerros a pie, en bici o en aerosillas, las \u00fanicas de estas latitudes.\\r\\n\\r\\nLa gastronom\u00eda de Piri\u00e1polis, asociada a su ubicaci\u00f3n costera, ofrece eventos a lo largo del a\u00f1o donde se pueden degustar las delicias locales como sucede en la Paella Gigante, en diciembre de cada a\u00f1o, entre otros. Los eventos deportivos y culturales son moneda corriente en este destino privilegiado por su naturaleza, su historia y su gente.\\r\\n\\r\\nSu alta conectividad y accesibilidad permiten llegar a ella por tierra, agua y aire, contando con puerto, y aeropuertos a s\u00f3lo 81 km de distancia de Montevideo, y 38 km de Punta del Este respectivamente.\\r\\n\\r\\nPiri\u00e1polis te espera con toda su magia... sus cerros, bulevares extensos, historia, cultura y sus playas de ensue\u00f1o.\",\"primary_image\":\"http:\/\/uruguaynatural.com\/wp-content\/uploads\/2023\/12\/PiriaPuerto-WEB.jpg\"}]","date_enabled":"1","start_date":"1718060400000","end_date":"1719284340000","_links":{"self":[{"href":"https:\/\/uruguaynatural.com\/pt\/wp-json\/wp\/v2\/experiences\/4674","targetHints":{"allow":["GET"]}}],"collection":[{"href":"https:\/\/uruguaynatural.com\/pt\/wp-json\/wp\/v2\/experiences"}],"about":[{"href":"https:\/\/uruguaynatural.com\/pt\/wp-json\/wp\/v2\/types\/experiences"}],"author":[{"embeddable":true,"href":"https:\/\/uruguaynatural.com\/pt\/wp-json\/wp\/v2\/users\/7"}],"wp:attachment":[{"href":"https:\/\/uruguaynatural.com\/pt\/wp-json\/wp\/v2\/media?parent=4674"}],"wp:term":[{"taxonomy":"experience-categories","embeddable":true,"href":"https:\/\/uruguaynatural.com\/pt\/wp-json\/wp\/v2\/experience-categories?post=4674"}],"curies":[{"name":"wp","href":"https:\/\/api.w.org\/{rel}","templated":true}]}}