{"id":4565,"date":"{\"dateEnabled\":false,\"start\":\"1970-01-01T00:00:00.000Z\",\"end\":\"1970-01-01T00:00:00.000Z\"}","date_gmt":"2024-05-20T19:01:39","guid":{"rendered":"http:\/\/uruguaynatural.com\/es\/experiences\/\/"},"modified":"2025-05-26T12:24:04","modified_gmt":"2025-05-26T15:24:04","slug":"un-tour-de-pelicula","status":"publish","type":"experiences","link":"https:\/\/uruguaynatural.com\/pt\/experiences\/un-tour-de-pelicula\/","title":{"rendered":"Um tour de cinema"},"author":5,"template":"","experience-categories":[17,21,20,48],"class_list":["post-4565","experiences","type-experiences","status-publish","hentry","experience-categories-cultura","experience-categories-multidestino","experience-categories-naturaleza","experience-categories-praias"],"acf":[],"primary_title":"<h1><span class=\"highlight highlight--naranja\"><b>Un tour de\u00a0<\/b><b>pel\u00edcula<\/b><\/span><\/h1>","description":"Si te apasiona el cine te proponemos un tour para conocer las locaciones uruguayas que sirvieron como escenarios de grandes films y donde podr\u00e1s volverte el protagonista.","info":"<span style=\"font-family: Times New Roman, serif;\"><span style=\"font-size: medium;\"><span lang=\"pt-BR\">Se voc\u00ea \u00e9 apaixonado por cinema, existe um tour perfeito para conhecer as loca\u00e7\u00f5es uruguaias que serviram de cen\u00e1rio para grandes filmes, onde voc\u00ea poder\u00e1 se tornar o protagonista.\r\n<\/span><\/span><\/span>\r\n\r\n<span style=\"font-family: Times New Roman, serif;\"><span style=\"font-size: medium;\"><span lang=\"pt-BR\">Nos \u00faltimos 25 anos, o Uruguai consolidou-se como loca\u00e7\u00e3o de grandes filmes e s\u00e9ries em n\u00edvel internacional. Por exemplo, em 2023 foram registrados mais de 120 servi\u00e7os realizados para o exterior, incluindo a produ\u00e7\u00e3o de conte\u00fado e publicidade, e mais de 50 coprodu\u00e7\u00f5es internacionais.<\/span><\/span><\/span>\r\n\r\n<span style=\"font-family: Times New Roman, serif;\"><span style=\"font-size: medium;\"><span lang=\"pt-BR\">O pa\u00eds vive um grande momento, reunindo v\u00e1rias condi\u00e7\u00f5es para realizar qualquer produ\u00e7\u00e3o cinematogr\u00e1fica: talento profissional, infraestrutura, arquitetura ecl\u00e9tica, um ambiente natural privilegiado, al\u00e9m da qualidade de vida, incentivos fiscais para os produtores e estabilidade social.<\/span><\/span><\/span>\r\n\r\n<span style=\"font-family: Times New Roman, serif;\"><span style=\"font-size: medium;\"><span lang=\"pt-BR\">N\u00e3o h\u00e1 nada como conhecer um destino, sua cultura, gastronomia, aromas e paisagens pessoalmente. Prepare sua mala e siga esse tour na ordem que preferir.<\/span><\/span><\/span>\r\n\r\n<span style=\"font-family: Times New Roman, serif;\"><span style=\"font-size: medium;\"><span lang=\"pt-BR\">\u00c9 poss\u00edvel identificar tr\u00eas grandes marcos que marcaram a hist\u00f3ria cinematogr\u00e1fica uruguaia.<\/span><\/span><\/span>\r\n\r\n\u25cf <span style=\"font-family: Times New Roman, serif;\"><span style=\"font-size: medium;\"><span lang=\"pt-BR\">O mais recente foi o filme <\/span><em><span lang=\"pt-BR\">La sociedad de la nieve<\/span><\/em><span lang=\"pt-BR\">, com estreia em dezembro de 2023, sob a dire\u00e7\u00e3o de Juan Bayona, exibido nos cinemas e na plataforma Netflix. O filme relata o acidente na cordilheira dos Andes vivido por um grupo de jogadores de r\u00fagbi uruguaios, familiares e amigos em 1972, e tornou-se um sucesso global em pr\u00eamios e audi\u00eancia ao p\u00f4r \u00e0 prova valores e abordar a ess\u00eancia do comportamento humano.<\/span><\/span><\/span>\r\n\r\n<span style=\"font-family: Times New Roman, serif;\"><span style=\"font-size: medium;\"><span lang=\"pt-BR\">A longa-metragem se passa na Cordilheira dos Andes, onde ocorreu o acidente, e em paisagens de Sierra Nevada, em Granada, Espanha. Quanto \u00e0s loca\u00e7\u00f5es uruguaias utilizadas, foram: as Serras de Minas, o antigo aeroporto de Carrasco, a base a\u00e9rea de Pando, campos de r\u00fagbi, a igreja San Juan Bautista de Pocitos e ruas de bairros residenciais como Carrasco e Prado.<\/span><\/span><\/span>\r\n\r\n<span style=\"font-family: Times New Roman, serif;\"><span style=\"font-size: medium;\"><span lang=\"pt-BR\">Percorrer a costa de Pocitos e Carrasco, sua igreja e os amplos parques, bem como visitar os museus da zona do Prado e apreciar sua arquitetura s\u00e3o algumas das sugest\u00f5es imperd\u00edveis para o visitante.<\/span><\/span><\/span>\r\n\r\n\u25cf <span style=\"font-family: Times New Roman, serif;\"><span style=\"font-size: medium;\"><span lang=\"pt-BR\">O segundo marco foi o filme <\/span><em><span lang=\"pt-BR\">Miami Vice<\/span><\/em><span lang=\"pt-BR\">, da Universal Pictures, dirigido por Michael Mann e protagonizado por Colin Farrell em 2005, no qual um trecho foi rodado em Atl\u00e1ntida, Canelones. A cidade balne\u00e1ria est\u00e1 localizada a 50 km de Montevid\u00e9u e foi utilizada como loca\u00e7\u00e3o por sua semelhan\u00e7a com Havana, Cuba.<\/span><\/span><\/span>\r\n\r\n<span style=\"font-family: Times New Roman, serif;\"><span style=\"font-size: medium;\"><span lang=\"pt-BR\">No balne\u00e1rio as recomenda\u00e7\u00f5es s\u00e3o realizar caminhadas, banhos de mar, e visitar <\/span><em><span lang=\"pt-BR\">El \u00c1guila<\/span><\/em><span lang=\"pt-BR\">, o edif\u00edcio mais curioso e emblem\u00e1tico da cidade, em torno do qual existem in\u00fameras lendas: que foi um observat\u00f3rio para espi\u00f5es nazistas, um centro de energia c\u00f3smica ou um laborat\u00f3rio alquimista. Est\u00e1 localizado na Rambla, na altura do quil\u00f4metro 43 da Estrada Interbalne\u00e1ria.<\/span><\/span><\/span>\r\n\r\n<span style=\"font-family: Times New Roman, serif;\"><span style=\"font-size: medium;\"><span lang=\"pt-BR\">Outro ponto imperd\u00edvel \u00e9 o edif\u00edcio <\/span><em><span lang=\"pt-BR\">El Planeta<\/span><\/em><span lang=\"pt-BR\">, na Rambla com a Calle 22. Com forma de navio, a constru\u00e7\u00e3o \u00e9 fiel representante da vertente n\u00e1utica do Art D\u00e9co. Foi constru\u00eddo entre 1937 e 1939 pelo empres\u00e1rio napolitano Natalio Michelizzi, sendo o primeiro hotel de alto n\u00edvel da regi\u00e3o e recebendo personalidades da pol\u00edtica como Tom\u00e1s Berreta e do espet\u00e1culo como Luis Sandrini, Mirtha Legrand, Zully Moreno e outras personalidades do cinema argentino.<\/span><\/span><\/span>\r\n\r\n<span style=\"font-family: Times New Roman, serif;\"><span style=\"font-size: medium;\"><span lang=\"pt-BR\">Na Estrada 11 encontra-se uma joia arquitet\u00f4nica constru\u00edda por Eladio Dieste, com um sistema original de engenharia que lhe valeu reconhecimento internacional como Patrim\u00f4nio Mundial da Humanidade: a Par\u00f3quia Cristo Obrero. Nessa constru\u00e7\u00e3o, surpreendentes paredes curvas de tijolo aparente sustentam sem colunas a ab\u00f3bada que cobre a nave principal.<\/span><\/span><\/span>\r\n\r\n\u25cf <span style=\"font-family: Times New Roman, serif;\"><span style=\"font-size: medium;\"><span lang=\"pt-BR\">O terceiro marco ocorreu no in\u00edcio dos anos 2000, quando tr\u00eas filmes marcaram uma era de renova\u00e7\u00e3o da produ\u00e7\u00e3o nacional: <\/span><em><span lang=\"pt-BR\">25 Watts<\/span><\/em><span lang=\"pt-BR\">, <\/span><em><span lang=\"pt-BR\">En la puta vida<\/span><\/em><span lang=\"pt-BR\"> e <\/span><em><span lang=\"pt-BR\">El viaje hacia el mar<\/span><\/em><span lang=\"pt-BR\">.<\/span><\/span><\/span>\r\n\r\n<span style=\"font-family: Times New Roman, serif;\"><span style=\"font-size: medium;\"><span lang=\"pt-BR\">O primeiro se passa no bairro Larra\u00f1aga, perto do atual Nuevo Centro Shopping, onde fica um centro de entretenimento e compras, al\u00e9m do Parque de Esculturas, uma grande galeria a c\u00e9u aberto do lado do Shopping. Foi inaugurado em 1996, projetado pelos Arquitetos E. Benech e M. Danza e cont\u00e9m obras dos escultores M. Pail\u00f3s, S. Pintos, P. Atchugarry, G. Cabrera, G. Fonseca, M. Lorieto, F. Matto, O. Podest\u00e1, J. Abbondanza, E. Silveira e G. Riva-Zucchelli.<\/span><\/span><\/span>\r\n\r\n<span style=\"font-family: Times New Roman, serif;\"><span style=\"font-size: medium;\"><span lang=\"pt-BR\">O segundo foi filmado em Montevid\u00e9u e na Espanha. Na capital do pa\u00eds, o centro hist\u00f3rico foi o principal local escolhido para as filmagens. Ali, a arquitetura destaca-se por ser ecl\u00e9tica e reunir v\u00e1rios estilos: Art D\u00e9co, Neocl\u00e1ssico, Art Nouveau e Moderno. Montevid\u00e9u tamb\u00e9m conta com uma intensa cena cultural. Sua programa\u00e7\u00e3o teatral, por exemplo, \u00e9 surpreendentemente extensa e variada, abrangendo tanto espet\u00e1culos cl\u00e1ssicos quanto modernos ou alternativos. Em seus museus, centros culturais, casas de cultura e salas de exposi\u00e7\u00e3o \u00e9 poss\u00edvel apreciar a arte de uma ampla sele\u00e7\u00e3o de artistas de alcance internacional como Juan Manuel Blanes, Rafael Barradas, Pedro Figari, Joaqu\u00edn Torres Garc\u00eda, Jos\u00e9 C\u00faneo e Ignacio Iturria, entre muitos outros.<\/span><\/span><\/span>\r\n\r\n<span style=\"font-family: Times New Roman, serif;\"><span style=\"font-size: medium;\"><span lang=\"pt-BR\">O terceiro, <\/span><em><span lang=\"pt-BR\">El viaje hacia el mar<\/span><\/em><span lang=\"pt-BR\">, \u00e9 baseado no conto de mesmo nome do autor minuano Juan Jos\u00e9 Morosoli, publicado pela primeira vez em 1952. No filme, o personagem Siete y Tres Diez \u00e9 o vendedor de lot\u00e9ricas do povoado.<\/span><\/span><\/span>\r\n\r\n<span style=\"font-family: Times New Roman, serif;\"><span style=\"font-size: medium;\"><span lang=\"pt-BR\">As cenas foram filmadas nas paisagens serranas de Lavalleja e em loca\u00e7\u00f5es nas cidades de Minas e Aigu\u00e1, com reconstru\u00e7\u00e3o de \u00e9poca ambientada em 1963. Tamb\u00e9m foram filmadas cenas de praia nos balne\u00e1rios Atl\u00e1ntida, Costa Azul e Parque del Plata, no departamento de Canelones.<\/span><\/span><\/span>\r\n\r\n<span style=\"font-family: Times New Roman, serif;\"><span style=\"font-size: medium;\"><span lang=\"pt-BR\">Se voc\u00ea procura se desconectar da rotina, Minas e Aigu\u00e1 s\u00e3o ideais pela sua sinuosa paisagem de serra, vegeta\u00e7\u00e3o verdejante e uma grande riqueza de flora e fauna. N\u00e3o \u00e9 preciso fazer muitos quil\u00f4metros para aproveitar: pesca, asa-delta, tirolesa, trilhas ecotur\u00edsticas por matas densas e navega\u00e7\u00e3o por rios e lagoas fazem parte das alternativas. S\u00e3o paradas obrigat\u00f3rias o Parque Salto del Penitente, o Vale do Hilo de la Vida, a Reserva de Salus e o Morro Arequita. Visitar o museu a c\u00e9u aberto de Aigu\u00e1 com grandes murais de artistas locais pode ser \u201ca cereja do bolo\u201d. Para quem busca um passeio mais espiritual ou original, o Templo Budista \u00e9 o encerramento ideal de uma grande estadia pelo departamento de Maldonado.<\/span><\/span><\/span>\r\n\r\n<span style=\"font-family: Times New Roman, serif;\"><span style=\"font-size: medium;\"><span lang=\"pt-BR\">As praias de Costa Azul e Parque del Plata oferecem areia branca, pores do sol \u00fanicos e a tranquilidade que qualquer visitante pode buscar, com a possibilidade de participar de uma agenda cultural. S\u00e3o alguns dos balne\u00e1rios familiares mais tradicionais da Costa de Oro.<\/span><\/span><\/span>\r\n\r\n<span style=\"font-family: Times New Roman, serif;\"><span style=\"font-size: medium;\"><span lang=\"pt-BR\">As condi\u00e7\u00f5es hidrogr\u00e1ficas do extremo oeste de Costa Azul, em seu limite com Bello Horizonte, fazem deste ponto um dos pesqueiros de corvina mais importantes das costas do Rio da Prata.<\/span><\/span><\/span>\r\n\r\n<span style=\"font-family: Times New Roman, serif;\"><span style=\"font-size: medium;\"><span lang=\"pt-BR\">Parque del Plata conta com aproximadamente quatro quil\u00f4metros de praias destacadas por suas amplas dunas brancas e \u00e1guas tranquilas. A zona da barra do Arroyo Sol\u00eds Chico \u00e9 um dos lugares preferidos para esportes n\u00e1uticos e pesca. No Paseo del Sol\u00eds \u00e9 poss\u00edvel admirar a escultura do Sapo Ruperto, protagonista de diversas hist\u00f3rias da narrativa infantil uruguaia. Tamb\u00e9m \u00e9 poss\u00edvel curtir espet\u00e1culos musicais e feiras de artesanato.<\/span><\/span><\/span>\r\n\r\n<span style=\"font-family: Times New Roman, serif;\"><span style=\"font-size: medium;\"><span lang=\"pt-BR\">Venha ser protagonista da sua pr\u00f3pria hist\u00f3ria cheia de aventuras. O Uruguai espera por voc\u00ea!<\/span><\/span><\/span>\r\n<p lang=\"pt-BR\">\r\n\r\n<\/p>","highlights":"","primary_image":"[{\"id\":4566,\"url\":\"https:\/\/uruguaynatural.com\/wp-content\/uploads\/2024\/05\/SociedadDeLaNieve-1024x576-1.jpg\"}]","secondary_image":"[{\"id\":4569,\"url\":\"http:\/\/uruguaynatural.com\/wp-content\/uploads\/2024\/05\/Ruta60-Dsc_7367-1439x772-1.jpg\"}]","gallery_images":"[{\"id\":4567,\"url\":\"http:\/\/uruguaynatural.com\/wp-content\/uploads\/2024\/05\/25Whatts.jpeg\"},{\"id\":4566,\"url\":\"http:\/\/uruguaynatural.com\/wp-content\/uploads\/2024\/05\/SociedadDeLaNieve-1024x576-1.jpg\"}]","enable_map":"1","coord_lat":"","coord_lng":"","locations":"-34.3756356,-55.2368996|-34.7742796,-55.7590249|-34.767908,-55.6544506|-34.7742796,-55.7590249|-34.3756356,-55.2368996|-34.7528192,-55.717873|-34.8850061,-56.0556603|-34.8591268,-56.20633119999999|-34.8706589,-56.0247177|-34.77439570000001,-55.7640219|-34.3223115,-54.9888694|-34.9080259,-56.20633119999999|-34.2020299,-54.7634459","department":"Maldonado","places":"[{\"id\":2556,\"link\":\"http:\/\/uruguaynatural.com\/%places-slug%\/atlantida\/\",\"title\":\"Atl\u00e1ntida\",\"description\":\"Atl\u00e1ntida, la capital tur\u00edstica de la Costa de Oro, tiene el encanto de lo agreste y la comodidad de los servicios de una ciudad. El balneario, que en 2011 cumpli\u00f3 100 a\u00f1os, invita por igual al descanso en sus playas y parques, como a la contemplaci\u00f3n de sus calles y edificaciones antiguas cargadas de historias pintorescas.\\r\\nAs\u00ed, alguna vez Atl\u00e1ntida fue musa inspiradora y refugio para un amor clandestino del poeta chileno Pablo Neruda con Matilde Urrutia, la que luego ser\u00eda su tercera esposa.\\r\\n\\r\\nEl poeta nombraba al balneario como Datitla, manteniendo en secreto del mundo el lugar de sus escapadas amorosas.Entre los visitantes ilustres del balneario figuran nombres tan diversos como el actor Luis Sandrini, el cantante Hugo del Carril o el poeta espa\u00f1ol Federico Garc\u00eda Lorca.\\r\\n\\r\\nEn el presente, sus residencias enjardinadas, su belleza natural, y el romanticismo de sus estilos arquitect\u00f3nicos, lo convierten en uno de los destinos favoritos de miles de uruguayos.\\r\\nSus dos playas, se caracterizan por bosques de pinos y eucaliptos que le regalan al turista un reparo inigualable del sol veraniego. La Mansa al Oeste, tiene un mar calmo y es la preferida por el p\u00fablico familiar; en tanto La Brava al Este es la elegida por los surfistas que llegan en busca de sus fuertes olas.\\r\\n\\r\\nSon playas amplias y extensas, de arenas blancas y finas, que cuentan con una excelente infraestructura dedicada para satisfacer las necesidades de los turistas. La movida nocturna, con un fuerte polo gastron\u00f3mico y varios pubs y discotecas, constituye otro de los atractivos de la ciudad balnearia.\\r\\n\\r\\nApenas a 45 minutos de Montevideo, Atl\u00e1ntida, constituye un remanso imperdible para los amantes de la poes\u00eda, la literatura y la historia.\",\"primary_image\":\"http:\/\/uruguaynatural.com\/wp-content\/uploads\/2023\/06\/Atlantida2-scaled.jpg\"},{\"id\":402,\"link\":\"http:\/\/uruguaynatural.com\/%places-slug%\/punta-del-este\/\",\"title\":\"Punta del Este\",\"description\":\"Se ubica en el departamento de Maldonado, a s\u00f3lo una hora y media de la capital del pa\u00eds. Lujosas residencias de veraneo, altos edificios de apartamento frente al mar, enormes yates en el puerto, hoteles y restaurantes de lujo lo transforman en el balneario de mayor glamour de Am\u00e9rica.\\r\\n\\r\\nNo en vano, fue elegida como destino de veraneo por grandes celebridades como el dise\u00f1ador Ralph Lauren, el jugador del f\u00fatbol Zinedine Zidane, el cantante de Metallica James Hetfield o la colombiana Shakira.\\r\\n\\r\\nRecorriendo la ciudad el visitante encuentra una amplia oferta recreativa, que incluye sala de exposiciones, restaurantes, pubs, discotecas, tiendas de antig\u00fcedades, galer\u00edas de arte, cines, teatros y una agitada vida nocturna. La ciudad balnearia es elegida para la realizaci\u00f3n de grandes fiestas de lujo, desfiles de moda de marcas de prestigio y una amplia gama de propuestas culturales de gran dimensi\u00f3n como el Festival Internacional de Jazz, el Festival Internacional de Cine o exposiciones de artistas contempor\u00e1neos de renombre.\\r\\n\\r\\nPunta del Este es tambi\u00e9n un destino natural \u00fanico. Con m\u00e1s de 20 kil\u00f3metros de costa y altas sierras que miran al mar, el balneario tambi\u00e9n ofrece encantadores rincones y paisajes para quienes llegan en busca de una tranquilidad absoluta.\\r\\n\\r\\nEl punto de encuentro de sus dos playas m\u00e1s famosas, Playa Mansa y Playa Brava, supone el fin del R\u00edo de la Plata y el comienzo del Oc\u00e9ano Atl\u00e1ntico. El balneario creci\u00f3 hacia el Oeste formando Punta Ballena y hacia el Este creando La Barra y Jos\u00e9 Ignacio.\\r\\n\\r\\nLa diversidad de su costa y sus arenas finas y blancas la hacen un destino ideal para la realizaci\u00f3n de deportes como el surf, windsurf, jet-ski, moton\u00e1utica, vela, pesca y yachting. En tierra firme, los turistas tambi\u00e9n encuentran escenarios privilegiados para la pr\u00e1ctica de otros deportes como el polo, el golf, el tenis o el rugby. En s\u00edntesis, Punta del Este, es sin\u00f3nimo de un sinf\u00edn de alternativas para satisfacer las necesidades de los paladares tur\u00edsticos m\u00e1s exigentes y heterog\u00e9neos.\",\"primary_image\":\"http:\/\/uruguaynatural.com\/wp-content\/uploads\/2023\/02\/29262640598_f94d21ab1b_o-copy.jpg.webp\"},{\"id\":2932,\"link\":\"http:\/\/uruguaynatural.com\/%places-slug%\/carrasco\/\",\"title\":\"Carrasco\",\"description\":\"En marzo de 2013, la rambla de Carrasco recuper\u00f3 uno de sus emblemas cuando abri\u00f3 sus puertas Casino Carrasco & Spa, en un edificio con cien a\u00f1os de historia, declarado Patrimonio Hist\u00f3rico Nacional en 1975.\\r\\n\\r\\n[embed]https:\/\/youtu.be\/6QA1ROLlVPk[\/embed]\",\"primary_image\":\"http:\/\/uruguaynatural.com\/wp-content\/uploads\/2023\/06\/DSC_0722-scaled.jpg\"},{\"id\":470,\"link\":\"http:\/\/uruguaynatural.com\/%places-slug%\/minas\/\",\"title\":\"Minas\",\"description\":\"La ciudad de MINAS es la Capital departamental de Lavalleja.\\r\\n\\r\\nSe encuentra asentada entre las sierras de Minas y Carap\u00e9; ambos ramales de la Cuchilla Grande, la cual tiene su altura m\u00e1xima a 25 km. de la ciudad por la ruta 60, y es bordeada por el R\u00edo Santa Luc\u00eda.\\r\\n\\r\\nSu suelo est\u00e1 conformado por granito y roca pizarroza, especie que origina sierras y mares de piedras, afloramiento rocosos y amplias elevaciones.\\r\\n\\r\\nSu clima se caracteriza por h\u00famedo, con persistencia de lluvias ocasionales durante todo el a\u00f1o, pero no obstante tiene su propio microclima, donde las elevaciones influyen para darle una gran pureza a su atm\u00f3sfera.\",\"primary_image\":\"http:\/\/uruguaynatural.com\/wp-content\/uploads\/2023\/02\/Centro-de-Minas.jpg.webp\"}]","date_enabled":"","start_date":"0","end_date":"0","_links":{"self":[{"href":"https:\/\/uruguaynatural.com\/pt\/wp-json\/wp\/v2\/experiences\/4565","targetHints":{"allow":["GET"]}}],"collection":[{"href":"https:\/\/uruguaynatural.com\/pt\/wp-json\/wp\/v2\/experiences"}],"about":[{"href":"https:\/\/uruguaynatural.com\/pt\/wp-json\/wp\/v2\/types\/experiences"}],"author":[{"embeddable":true,"href":"https:\/\/uruguaynatural.com\/pt\/wp-json\/wp\/v2\/users\/5"}],"wp:attachment":[{"href":"https:\/\/uruguaynatural.com\/pt\/wp-json\/wp\/v2\/media?parent=4565"}],"wp:term":[{"taxonomy":"experience-categories","embeddable":true,"href":"https:\/\/uruguaynatural.com\/pt\/wp-json\/wp\/v2\/experience-categories?post=4565"}],"curies":[{"name":"wp","href":"https:\/\/api.w.org\/{rel}","templated":true}]}}