{"id":4370,"date":"{\"dateEnabled\":false,\"start\":\"1970-01-01T00:00:00.000Z\",\"end\":\"1970-01-01T00:00:00.000Z\"}","date_gmt":"2024-02-02T20:38:14","guid":{"rendered":"http:\/\/uruguaynatural.com\/es\/experiences\/\/"},"modified":"2025-10-06T17:43:31","modified_gmt":"2025-10-06T20:43:31","slug":"moverte-por-uruguay-es-mas-facil","status":"publish","type":"experiences","link":"https:\/\/uruguaynatural.com\/pt\/experiences\/moverte-por-uruguay-es-mas-facil\/","title":{"rendered":"Viajar pelo Uruguai ficou mais f\u00e1cil"},"author":5,"template":"","experience-categories":[56,21,20,48],"class_list":["post-4370","experiences","type-experiences","status-publish","hentry","experience-categories-gastronomia","experience-categories-multidestino","experience-categories-naturaleza","experience-categories-praias"],"acf":[],"primary_title":"<h1><span class=\"highlight highlight--violeta\">Moverte por Uruguay es m\u00e1s f\u00e1cil<\/span><\/h1>","description":"<p class=\"western\" align=\"justify\"><span style=\"font-family: ARial, sans-serif;\">La ventaja de visitar Uruguay es que todo se encuentra cerca. Ahora con los nuevos servicios de traslado tur\u00edsticos que lanzaron en Rocha, Canelones y Montevideo, todo es m\u00e1s f\u00e1cil. Pod\u00e9s conocer distintas playas de los departamentos y tambi\u00e9n realizar circuitos urbanos, rurales y hasta cabalgatas para disfrutar al m\u00e1ximo tu estad\u00eda. \u00a1Enterate de todo!<\/span><\/p>","info":"<span style=\"font-family: Times New Roman, serif;\"><span style=\"font-size: medium;\"><span lang=\"pt-BR\">A vantagem de visitar o Uruguai \u00e9 que tudo est\u00e1 perto. Agora, com os novos servi\u00e7os de transporte tur\u00edstico lan\u00e7ados em Rocha, Canelones, Montevid\u00e9u e Lavalleja, tudo ficou mais simples. Voc\u00ea pode conhecer diferentes praias dos departamentos e tamb\u00e9m fazer circuitos urbanos, rurais e at\u00e9 cavalgadas para aproveitar ao m\u00e1ximo sua estadia. Saiba mais!\r\n<\/span><\/span><\/span>\r\n\r\n<span style=\"font-family: Times New Roman, serif;\"><span style=\"font-size: medium;\"><span lang=\"pt-BR\">A viagem tem um custo de 200 pesos por pessoa. Nesse sentido, em 2025 foi inaugurado um novo ponto de venda de ingressos e informa\u00e7\u00f5es tur\u00edsticas, localizado ao lado do Museu de La Paloma, funcionando das 10:00 \u00e0s 18:00. Al\u00e9m disso, as passagens tamb\u00e9m podem ser adquiridas <a href=\"https:\/\/microweb.me\/bus-turistico\">neste site<\/a>. Crian\u00e7as menores de 12 anos viajam gratuitamente.<\/span><\/span><\/span>\r\n\r\n<span style=\"font-family: Times New Roman, serif;\"><span style=\"font-size: medium;\"><span lang=\"pt-BR\">Esse servi\u00e7o, pensado para pessoas com defici\u00eancia motora, conta com design de piso baixo, rampa de acesso, espa\u00e7o para uma cadeira de rodas (gratuito) e dois assentos preferenciais. Al\u00e9m disso, \u00e9 poss\u00edvel viajar com animais de estima\u00e7\u00e3o, tomando os cuidados necess\u00e1rios em cada caso, como o uso de coleira, guia, etc.<\/span><\/span><\/span>\r\n\r\n<span style=\"font-family: Times New Roman, serif;\"><span style=\"font-size: medium;\"><strong><span lang=\"pt-BR\">HOR\u00c1RIOS<\/span><\/strong><span lang=\"pt-BR\">\r\nO itiner\u00e1rio completo inclui 23 pontos estrat\u00e9gicos todos os dias da semana durante o ver\u00e3o.\r\nA parada principal est\u00e1 estrategicamente localizada em frente ao Museu de La Paloma, e o \u00f4nibus parte diariamente em dois turnos: \u00e0s 10:00 e \u00e0s 15:00.<\/span><\/span><\/span>\r\n\r\n<span style=\"font-family: Times New Roman, serif;\"><span style=\"font-size: medium;\"><span lang=\"pt-BR\">Est\u00e1 inclu\u00edda uma parada de meia hora na Laguna de Rocha, que oferece aos passageiros a oportunidade de explorar esse belo ambiente natural. Outra parada acontece no Porto de La Paloma, destacando sua import\u00e2ncia para a pesca local. Tanto na Laguna de Rocha quanto no porto de La Paloma, os visitantes ter\u00e3o a oportunidade de desfrutar de produtos t\u00edpicos elaborados a partir da pesca do dia.<\/span><\/span><\/span>\r\n\r\n<span style=\"font-family: Times New Roman, serif;\"><span style=\"font-size: medium;\"><span lang=\"pt-BR\">Para mais informa\u00e7\u00f5es, pode-se consultar o seguinte <a href=\"https:\/\/microweb.me\/bus-turistico\">link<\/a>, que \u00e9 atualizado permanentemente.<\/span><\/span><\/span>\r\n\r\n<span style=\"font-family: Times New Roman, serif;\"><span style=\"font-size: medium;\"><strong><span lang=\"pt-BR\">CANELONES TE LEVA<\/span><\/strong><span lang=\"pt-BR\">\r\nEm fevereiro retornam os passeios de um dia promovidos pela Dire\u00e7\u00e3o de Desenvolvimento Tur\u00edstico de Canelones a destinos pr\u00f3ximos, circuitos costeiros, urbanos e rurais do departamento, complementando a estadia durante o ver\u00e3o em datas especiais.<\/span><\/span><\/span>\r\n\r\n<span style=\"font-family: Times New Roman, serif;\"><span style=\"font-size: medium;\"><span lang=\"pt-BR\">Quem escolher Canelones para passar as f\u00e9rias poder\u00e1, em algumas datas espec\u00edficas como feriados ou eventos como a Festa da Vindima, contar com transporte para visitar localidades vizinhas, sempre com coordena\u00e7\u00e3o pr\u00e9via pelo WhatsApp do Escrit\u00f3rio de Desenvolvimento Tur\u00edstico de Canelones: (+598) 92 572 584.<\/span><\/span><\/span>\r\n\r\n<span style=\"font-family: Times New Roman, serif;\"><span style=\"font-size: medium;\"><strong><span lang=\"pt-BR\">O \u00d4NIBUS TUR\u00cdSTICO DE MONTEVID\u00c9U EST\u00c1 DE VOLTA<\/span><\/strong><span lang=\"pt-BR\">\r\nA partir de ter\u00e7a-feira, 12 de novembro, o \u00d4nibus Tur\u00edstico de Montevid\u00e9u retoma suas atividades com o circuito Hist\u00f3rico-Cultural, com sa\u00eddas di\u00e1rias e descontos para o p\u00fablico nacional.<\/span><\/span><\/span>\r\n\r\n<span style=\"font-family: Times New Roman, serif;\"><span style=\"font-size: medium;\"><span lang=\"pt-BR\">Os modernos \u00f4nibus de dois andares, el\u00e9tricos e acess\u00edveis, permitir\u00e3o aos visitantes percorrer a cidade e seus pontos mais emblem\u00e1ticos, todos os dias das 09:00 \u00e0s 20:50. O ponto de partida e chegada ser\u00e1 o Mercado del Puerto.<\/span><\/span><\/span>\r\n\r\n<span style=\"font-family: Times New Roman, serif;\"><span style=\"font-size: medium;\"><span lang=\"pt-BR\">O circuito contar\u00e1 com guia a bordo e espa\u00e7o para cadeira de rodas. Al\u00e9m disso, cada assento dispor\u00e1 de um console com fones de ouvido, com audioguia em tr\u00eas idiomas: espanhol, ingl\u00eas e portugu\u00eas.<\/span><\/span><\/span>\r\n\r\n\u201c<span style=\"font-family: Times New Roman, serif;\"><span style=\"font-size: medium;\"><span lang=\"pt-BR\">Descubra Montevid\u00e9u de corpo e alma\u201d \u00e9 o \u00fanico tour da cidade com a modalidade <\/span><em><span lang=\"pt-BR\">hop on \u2013 hop off<\/span><\/em><span lang=\"pt-BR\">. Isso significa que os passageiros podem fazer um percurso de aproximadamente duas horas, descer nos pontos de interesse conforme as paradas estipuladas, explor\u00e1-los com calma e depois continuar o tour no pr\u00f3ximo \u00f4nibus.<\/span><\/span><\/span>\r\n\r\n<span style=\"font-family: Times New Roman, serif;\"><span style=\"font-size: medium;\"><strong><span lang=\"pt-BR\">Ingressos e pre\u00e7os<\/span><\/strong><span lang=\"pt-BR\">\r\nOs ingressos podem ser adquiridos ao subir no \u00f4nibus, com cart\u00e3o de d\u00e9bito ou cr\u00e9dito. Tamb\u00e9m est\u00e3o dispon\u00edveis em plataformas de venda online como Despegar, Civitatis, Viator e GetYourGuide, al\u00e9m de ag\u00eancias e hot\u00e9is.<\/span><\/span><\/span>\r\n\r\n<span style=\"font-family: Times New Roman, serif;\"><span style=\"font-size: medium;\"><strong><span lang=\"pt-BR\">Pre\u00e7os<\/span><\/strong><span lang=\"pt-BR\">\r\n$ 1000 para turistas.\r\n$ 500 para p\u00fablico nacional (com cart\u00e3o STM).\r\n$ 250 para aposentados e estudantes (com cart\u00e3o STM).<\/span><\/span><\/span>\r\n\r\n<span style=\"font-family: Times New Roman, serif;\"><span style=\"font-size: medium;\"><span lang=\"pt-BR\">Novos circuitos ser\u00e3o adicionados em breve.<\/span><\/span><\/span>\r\n\r\n<span style=\"font-family: Times New Roman, serif;\"><span style=\"font-size: medium;\"><span lang=\"pt-BR\"><a href=\"https:\/\/www.busturisticomontevideo.com\/\"><span style=\"font-family: ARial, sans-serif;\">+INFO<\/span><\/a>\r\nPara consultas: consultas@busturisticomontevideo.com<\/span><\/span><\/span>\r\n\r\n<span style=\"font-family: Times New Roman, serif;\"><span style=\"font-size: medium;\"><strong><span lang=\"pt-BR\">TOUR TUR\u00cdSTICO DE \u00d4NIBUS POR LAVALLEJA<\/span><\/strong><span lang=\"pt-BR\">\r\nPor sua vez, a Prefeitura de Lavalleja realiza periodicamente um tour tur\u00edstico de \u00f4nibus gratuito pelas principais atra\u00e7\u00f5es do departamento, com circuitos em diferentes dias e hor\u00e1rios, destinado a turistas e residentes.<\/span><\/span><\/span>\r\n\r\n<span style=\"font-family: Times New Roman, serif;\"><span style=\"font-size: medium;\"><span lang=\"pt-BR\">Os percursos realizados s\u00e3o os seguintes:\r\n\u2013 Cerro Artigas, Salto del Penitente, Villa Serrana.\r\n\u2013 Cerro Artigas, Represa da OSE, Parque de Minas.\r\n\u2013 Plaza Libertad, Cerro Virgen del Verd\u00fan, Reserva Natural Salus.\r\n\u2013 Centro Cultural e Esportivo \u00c1ngel Ugarte (antiga esta\u00e7\u00e3o da de trem), Cerro Arequita e Monte de Omb\u00faes, Camping Arequita.<\/span><\/span><\/span>\r\n\r\n<span style=\"font-family: Times New Roman, serif;\"><span style=\"font-size: medium;\"><span lang=\"pt-BR\">Os interessados devem se inscrever no Escrit\u00f3rio de Turismo, pelo telefone 4442 9796. As vagas s\u00e3o limitadas. Menores devem estar acompanhados por um adulto respons\u00e1vel.<\/span><\/span><\/span>\r\n\r\n<span style=\"font-family: Times New Roman, serif;\"><span style=\"font-size: medium;\"><span lang=\"pt-BR\">N\u00e3o perca essa oportunidade de explorar o Uruguai!<\/span><\/span><\/span>","highlights":"","primary_image":"[{\"id\":4371,\"url\":\"https:\/\/uruguaynatural.com\/wp-content\/uploads\/2024\/02\/Bus-Rocha.jpg\"}]","secondary_image":"[{\"id\":4372,\"url\":\"http:\/\/uruguaynatural.com\/wp-content\/uploads\/2024\/02\/Bus-Rocha-1440x550-DSC_0456.jpg\"}]","gallery_images":"[{\"id\":4373,\"url\":\"http:\/\/uruguaynatural.com\/wp-content\/uploads\/2024\/02\/Bus-Rocha-1.jpg\"},{\"id\":4379,\"url\":\"http:\/\/uruguaynatural.com\/wp-content\/uploads\/2024\/02\/DSC_0677-scaled.jpg\"},{\"id\":4380,\"url\":\"http:\/\/uruguaynatural.com\/wp-content\/uploads\/2024\/02\/DSC_0150-scaled.jpg\"},{\"id\":4382,\"url\":\"http:\/\/uruguaynatural.com\/wp-content\/uploads\/2024\/02\/DJI_02370-16-LaPaloma-scaled.jpg\"},{\"id\":4381,\"url\":\"http:\/\/uruguaynatural.com\/wp-content\/uploads\/2024\/02\/PDE-Canelones-bus.jpg\"}]","enable_map":"1","coord_lat":"","coord_lng":"","locations":"-34.7787676225651,-55.76282450205421|-34.90556389058055,-56.185056291907166|-34.44186974807675,-54.268814696273125|-34.86502574191689,-55.269962967238115|-34.936733212956376,-54.940373123488115|-34.375306,-55.21752799999999|-34.3721919,-55.0524778|-34.3912215,-55.2165996|-34.3776183,-55.2381778|-34.3737089,-55.2908635|-34.404366,-55.3252636|-34.2878927,-55.2686977|-34.28990099999999,-55.2687484|-34.2841096,-55.2778585|-34.421727495383074,-55.18573680553092|-34.35146275240694,-54.94953075084342","department":"Rocha","places":"[{\"id\":1296,\"link\":\"http:\/\/uruguaynatural.com\/%places-slug%\/montevideo\/\",\"title\":\"Montevideo\",\"description\":\"La rambla capitalina, el balc\u00f3n de acceso a m\u00e1s de <strong>30 kil\u00f3metro de costa<\/strong>, es uno de los principales atributos de Montevideo y un paseo imperdible para sus habitantes que suelen recurrir a ella para tomar mate y realizar extensas caminatas. Tambi\u00e9n lo son la cantidad de espacios verdes, parques y jardines que posibilitan m\u00faltiples opciones al aire libre.\\r\\n\\r\\nMontevideo tambi\u00e9n cuenta con una amplia movida cultural. As\u00ed por ejemplo, su cartelera teatral, es llamativamente extensa y variada, y abarca tanto espect\u00e1culos cl\u00e1sicos, como modernos o alternativos. En sus museos, centros culturales , casas de cultura y salas de exposici\u00f3n es posible apreciar el arte de una amplia gama de artistas de alcance internacional como Juan Manuel Blanes, Rafael Barradas, Pedro Figari, Joaqu\u00edn Torres Garc\u00eda, Jos\u00e9 C\u00faneo e Ignacio Iturria, entre otros.\\r\\n<h3>M\u00e1s informaci\u00f3n<\/h3>\\r\\n<ul>\\r\\n \\t<li><strong>Los inicios:<\/strong> Montevideo fue fundada por el gobernador y capit\u00e1n del R\u00edo del Plata Don Bruno Mauricio de Zabala. El proceso fundacional de la ciudad se inscribe entre 1724 y 1730, per\u00edodo en que comenzaron a arribar los primeros pobladores provenientes de Buenos aires y de las Islas Canarias. En el a\u00f1o 1833 se proyecta el nuevo trazado para la Ciudad Nueva que comienza a ejecutarse plenamente a partir de 1861.A diferencia de la Ciudad Vieja, que estaba amurallada en todo su per\u00edmetro, la Ciudad Nueva se proyecta con calles anchas y arboladas donde se localizaron comercios suntuosos y grandes residencias.<\/li>\\r\\n<\/ul>\\r\\n\u00a0\\r\\n<ul>\\r\\n \\t<li><strong>Capital con los pies en el r\u00edo:<\/strong> Recorrer 30 kil\u00f3metros de costa a es una de las posibilidades imperdibles que ofrece la capital montevideana que nunca le da la espalda al R\u00edo de la Plata. Por un extenso trayecto, desde Capurro hasta Carrasco, se extiende la Rambla de Montevideo, que fue concebida como un balc\u00f3n hacia el mar, para un verdadero disfrute de las costas de la ciudad.\\r\\nSus diversos tramos poseen especial belleza, ya que en su recorrido, ya sea a pie, en bicicleta o en auto, adem\u00e1s de hermosas playas es posible apreciar la arquitectura urbana que las rodea. Edificios antiguos y modernos, plazas y espacios deportivos como la pista de patinaje en el Parque Rod\u00f3, la de Skate en Buceo y varios gimnasios al aire libre, se suceden conformando atractivas panor\u00e1micas para el turista.\\r\\nDesde el puerto capitalino, hacia el Este, se suceden las playas m\u00e1s urbanas: Ram\u00edrez, Pocitos, Carrasco, Buceo, Malv\u00edn, en tanto hacia el Oeste, existen otras playas m\u00e1s agrestes y de acceso individual como la Colorada, Punta Espinillo, Punta Yeguas, Zabala o Santa Catarina. Las playas de Montevideo son caracter\u00edsticas por sus finas y blancas arenas y las calmas aguas del R\u00edo de la Plata, as\u00ed como por su seguridad. Adem\u00e1s del servicio de guardavidas, todas las playas habilitadas tienen asegurada la cobertura de salud y el cuidado de los ba\u00f1istas a trav\u00e9s de puestos de primeros auxilios y atenci\u00f3n m\u00e9dica de urgencia y emergencia. En el verano, adem\u00e1s de disfrutar del sol, arena y mar, los turistas pueden disfrutar de espect\u00e1culos y actividades recreativas gratuitas para ni\u00f1os, j\u00f3venes y adultos.<\/li>\\r\\n<\/ul>\\r\\n<h4>\u00a1No te pierdas!<\/h4>\\r\\n<ol>\\r\\n \\t<li>Plaza Matriz: ubicada en la Ciudad Vieja, entre las calles Peatonal Sarand\u00ed y Juan Carlos G\u00f3mez,\u00a0 en esta plaza se respira historia. La Iglesia Matriz, El Cabildo y otros edificios hist\u00f3ricos se encuentran rodeando su m\u00edtica fuente, uno de los monumentos m\u00e1s bellos de la ciudad.<\/li>\\r\\n \\t<li>Estadio Centenario: ubicado en la zona de Parque Batlle, es el principal escenario deportivo del pa\u00eds, con una imponente infraestructura capaz de albergar hasta 80.000 espectadores. Es posible coordinar visitas guiadas y conocer los hitos que transformaron al f\u00fatbol en la mayor pasi\u00f3n de los uruguayos.<\/li>\\r\\n \\t<li>Jard\u00edn Bot\u00e1nico: ubicado en el Prado,\u00a0 alberga una gran colecci\u00f3n de flora de distintas partes del mundo a lo largo y ancho de m\u00e1s de trece hect\u00e1reas. El entorno es ideal para extensas jornadas de picnic y para conectarse con la naturaleza, sin salir de la ciudad. El acceso es gratuito.<\/li>\\r\\n \\t<li>Mercado del Puerto: es uno de los puntos de mayor congregaci\u00f3n de turistas en la capital. Su gastronom\u00eda representa las m\u00e1s arraigadas tradiciones de Uruguay. El asado es el plato predominante y la mayor\u00eda de los restaurantes son parilladas pero existen otras opciones. Los espect\u00e1culos culturales y las artesan\u00edas tambi\u00e9n son protagonistas en el entorno.<\/li>\\r\\n<\/ol>\",\"primary_image\":\"http:\/\/uruguaynatural.com\/wp-content\/uploads\/2023\/04\/Captura-de-pantalla-de-2023-04-11-15-39-26.png\"},{\"id\":3145,\"link\":\"http:\/\/uruguaynatural.com\/%places-slug%\/parque-del-plata\/\",\"title\":\"Parque del Plata\",\"description\":\"La zona de la barra del Arroyo Sol\u00eds Chico es uno de los lugares preferidos para los deportes n\u00e1uticos y la pesca.\\r\\n\\r\\nEn el paseo del Sol\u00eds se puede admirar la escultura al Sapo Ruperto, protagonista de diversas historias de la narrativa infantil uruguaya.\\r\\n\\r\\nTambi\u00e9n se puede disfrutar de espect\u00e1culos musicales y ferias artesanales. En este balneario se film\u00f3 parte de la pel\u00edcula El Viaje hacia al Mar, inspirada en el cuento del escritor uruguayo Juan Jos\u00e9 Morosoli.\",\"primary_image\":\"http:\/\/uruguaynatural.com\/wp-content\/uploads\/2023\/06\/2019-ParquedelPlata-Alexis-Noquet-Costa-de-Oro-Alta-16-scaled.jpg\"},{\"id\":3072,\"link\":\"http:\/\/uruguaynatural.com\/%places-slug%\/la-floresta\/\",\"title\":\"La Floresta\",\"description\":\"<div class=\\\"itemHeader\\\"><\/div>\\r\\n<div class=\\\"itemBody\\\">\\r\\n<div class=\\\"itemIntroText\\\"><section id=\\\"item-wrap\\\" class=\\\"destino-wrap\\\"><article>Las casonas antiguas, la ic\u00f3nica Iglesia, el Paseo de las Esculturas sobre la costanera y el ex Hotel La Floresta (edificado en 1913) constituyen atractivos ineludibles para quienes se decidan a visitarla y para quienes disfruten de caminatas panor\u00e1micas y puestas de sol con identidad propia. La calle principal del balneario, la Avenida Treinta y Tres re\u00fane variados restaurantes, comercios y locales de entretenimiento, incluyendo un cine con buena programaci\u00f3n todos los veranos.<\/article><article>\\r\\n<h3><\/h3>\\r\\n<h3>\u00a1No te pierdas!<\/h3>\\r\\n<div class=\\\"mas-visitados clearfix\\\">\\r\\n<figure><img class=\\\"circular-img\\\" src=\\\"https:\/\/uruguaynatural.com\/images\/destinos-destacados\/6.png\\\" alt=\\\"\\\" \/><\/figure>\\r\\n<h4>Paseo de las Esculturas.<\/h4>\\r\\nA lo largo de toda la costanera se exponen obras creadas en el Encuentro Bienal Internacional de Escultures que cuenta con varias ediciones.\u00a0El paseo de las esculturas comienz\u00f3 en el marco de la Bienal Internacional de Escultores de la Liga de Fomento de Canelones, que se realiza desde el a\u00f1o 2000 con el objetivo de promover el desarrollo est\u00e9tico y funcional del balneario.\\r\\n\\r\\n<\/div>\\r\\n<div class=\\\"mas-visitados clearfix\\\">\\r\\n<figure><img class=\\\"circular-img\\\" src=\\\"https:\/\/uruguaynatural.com\/images\/destinos-destacados\/8.png\\\" alt=\\\"\\\" \/><\/figure>\\r\\n<h4>Ex hotel La Floresta.<\/h4>\\r\\nUbicado al final de la avenida\u00a0<a class=\\\"enlace-contextual\\\" title=\\\"Treinta y Tres\\\" href=\\\"http:\/\/www.viajeauruguay.com\/treinta-y-tres\/\\\" target=\\\"_blank\\\" rel=\\\"noopener\\\">Treinta y Tres<\/a>, sobre la rambla, es uno de los edificios m\u00e1s ic\u00f3nicos del departamento. En frente hay un gran predio con bancos y miradores para ver el atardecer. La \\\"bajada del hotel\\\" es el punto m\u00e1s concurrido de la playa.\u00a0Es el primer hotel del balneario. Abri\u00f3 sus puertas el 27 de diciembre del a\u00f1o 1914. Para ese entonces, la v\u00eda de tren que un\u00eda Montevideo con Maldonado comenz\u00f3 a parar en la estaci\u00f3n Mosquitos, pr\u00f3xima a este naciente balneario, para acercar excursionistas. La construcci\u00f3n original era de madera y estaba iluminada a gas\u00f3geno.\\r\\n\\r\\n<\/div>\\r\\n<div class=\\\"mas-visitados clearfix\\\">\\r\\n<figure><img class=\\\"circular-img\\\" src=\\\"https:\/\/uruguaynatural.com\/images\/destinos-destacados\/5.png\\\" alt=\\\"\\\" \/><\/figure>\\r\\n<h4>Santuario Virgen de Flores.<\/h4>\\r\\nAl norte de La Floresta, se encuentra el modern\u00edsimo e imponente Santuario dedicado a la Virgen de las Flores, del Movimiento Orionita en Uruguay, donde estuvo viviendo el fundador del Movimiento, San Luis Orione, m\u00e1s conocido como Don Orione.\\r\\n\\r\\n<\/div>\\r\\n<div class=\\\"mas-visitados clearfix\\\">\\r\\n<figure><img class=\\\"circular-img\\\" src=\\\"https:\/\/uruguaynatural.com\/images\/destinos-destacados\/7.png\\\" alt=\\\"\\\" \/><\/figure>\\r\\n<h4>Tanque de Agua de Eladio Dieste.<\/h4>\\r\\nUbicada a escasos 200 mts al sur de la ruta Interbalnearia, escondida entre los frondosos \u00e1rboles que caracterizan al balneario Las Vegas, a orillas del Arroyo Sol\u00eds Chico se encuentra esta obra de Eladio Dieste. Se trata de una torre calada para un tanque de agua construida en ladrillos, y es un claro referente del estilo arquitect\u00f3nico de su autor. Contacto: 43320365.\\r\\n\\r\\n\u00a0\\r\\n<div class=\\\"module_round_box_outer\\\">\\r\\n<div class=\\\"module_round_box\\\">\\r\\n<div class=\\\"s5_module_box_1\\\">\\r\\n<div class=\\\"s5_module_box_2\\\">\\r\\n<div class=\\\"s5_outer\\\">\\r\\n<div class=\\\"custom\\\"><section id=\\\"modulo-wrap\\\" class=\\\"links-de-interes-wrap\\\">\\r\\n<ul>\\r\\n \\t<li class=\\\"modulo-icono\\\"><img src=\\\"https:\/\/uruguaynatural.com\/images\/icon-link.png\\\" alt=\\\"\\\" \/>\u00a0<a href=\\\"http:\/\/www.comunacanaria.gub.uy\/\\\">www.comunacanaria.gub.uy<\/a><\/li>\\r\\n<\/ul>\\r\\n<\/section><\/div>\\r\\n<\/div>\\r\\n<div><\/div>\\r\\n<\/div>\\r\\n<\/div>\\r\\n<\/div>\\r\\n<\/div>\\r\\n<div class=\\\"module_round_box_outer\\\">\\r\\n<div class=\\\"module_round_box\\\">\\r\\n<div class=\\\"s5_module_box_1\\\">\\r\\n<div class=\\\"s5_module_box_2\\\">\\r\\n<div class=\\\"s5_outer\\\">\\r\\n<div class=\\\"custom\\\"><section id=\\\"modulo-wrap\\\" class=\\\"informacion-turistica\\\">\\r\\n<ul>\\r\\n \\t<li class=\\\"modulo-icono\\\"><img src=\\\"https:\/\/uruguaynatural.com\/images\/icon-informacion-turistica.png\\\" alt=\\\"\\\" \/><b>Centro de Informes - Atl\u00e1ntida<\/b>Direcci\u00f3n: Roger Balet s\/n y calle 1Tel. (+598) 4372 3104<\/li>\\r\\n<\/ul>\\r\\n<\/section><\/div>\\r\\n<\/div>\\r\\n<\/div>\\r\\n<\/div>\\r\\n<\/div>\\r\\n<\/div>\\r\\n<\/div>\\r\\n<\/article><\/section><\/div>\\r\\n<\/div>\",\"primary_image\":\"http:\/\/uruguaynatural.com\/wp-content\/uploads\/2023\/06\/LaFloresta-Aerea-DSC_0787-scaled.jpg\"},{\"id\":3160,\"link\":\"http:\/\/uruguaynatural.com\/%places-slug%\/costa-azul\/\",\"title\":\"Costa Azul\",\"description\":\"Las condiciones hidrogr\u00e1ficas del extremo oeste de Costa Azul, en su l\u00edmite con Bello Horizonte, hacen de este punto uno de los pesqueros de corvina m\u00e1s importantes de las costas del R\u00edo de la Plata.\\r\\n\\r\\nAdem\u00e1s cuenta con oferta gastron\u00f3mica t\u00edpica de campo, incluyendo una peculiar parrilla armada con ruedas de carruajes en el establecimiento rural\u00a0<a href=\\\"https:\/\/www.instagram.com\/restaurant__aripuca\/\\\">Aripuca<\/a>. Tambi\u00e9n hay juegos para ni\u00f1os, piscina, y parque para pasar todo el d\u00eda como una nueva opci\u00f3n de entretenimiento familiar para complementar la propuesta de sol y playa.\",\"primary_image\":\"http:\/\/uruguaynatural.com\/wp-content\/uploads\/2023\/06\/2019-Costa-Azul-Alexis-Noquet-Costa-de-Oro-Alta-25-scaled.jpg\"},{\"id\":402,\"link\":\"http:\/\/uruguaynatural.com\/%places-slug%\/punta-del-este\/\",\"title\":\"Punta del Este\",\"description\":\"Se ubica en el departamento de Maldonado, a s\u00f3lo una hora y media de la capital del pa\u00eds. Lujosas residencias de veraneo, altos edificios de apartamento frente al mar, enormes yates en el puerto, hoteles y restaurantes de lujo lo transforman en el balneario de mayor glamour de Am\u00e9rica.\\r\\n\\r\\nNo en vano, fue elegida como destino de veraneo por grandes celebridades como el dise\u00f1ador Ralph Lauren, el jugador del f\u00fatbol Zinedine Zidane, el cantante de Metallica James Hetfield o la colombiana Shakira.\\r\\n\\r\\nRecorriendo la ciudad el visitante encuentra una amplia oferta recreativa, que incluye sala de exposiciones, restaurantes, pubs, discotecas, tiendas de antig\u00fcedades, galer\u00edas de arte, cines, teatros y una agitada vida nocturna. La ciudad balnearia es elegida para la realizaci\u00f3n de grandes fiestas de lujo, desfiles de moda de marcas de prestigio y una amplia gama de propuestas culturales de gran dimensi\u00f3n como el Festival Internacional de Jazz, el Festival Internacional de Cine o exposiciones de artistas contempor\u00e1neos de renombre.\\r\\n\\r\\nPunta del Este es tambi\u00e9n un destino natural \u00fanico. Con m\u00e1s de 20 kil\u00f3metros de costa y altas sierras que miran al mar, el balneario tambi\u00e9n ofrece encantadores rincones y paisajes para quienes llegan en busca de una tranquilidad absoluta.\\r\\n\\r\\nEl punto de encuentro de sus dos playas m\u00e1s famosas, Playa Mansa y Playa Brava, supone el fin del R\u00edo de la Plata y el comienzo del Oc\u00e9ano Atl\u00e1ntico. El balneario creci\u00f3 hacia el Oeste formando Punta Ballena y hacia el Este creando La Barra y Jos\u00e9 Ignacio.\\r\\n\\r\\nLa diversidad de su costa y sus arenas finas y blancas la hacen un destino ideal para la realizaci\u00f3n de deportes como el surf, windsurf, jet-ski, moton\u00e1utica, vela, pesca y yachting. En tierra firme, los turistas tambi\u00e9n encuentran escenarios privilegiados para la pr\u00e1ctica de otros deportes como el polo, el golf, el tenis o el rugby. En s\u00edntesis, Punta del Este, es sin\u00f3nimo de un sinf\u00edn de alternativas para satisfacer las necesidades de los paladares tur\u00edsticos m\u00e1s exigentes y heterog\u00e9neos.\",\"primary_image\":\"http:\/\/uruguaynatural.com\/wp-content\/uploads\/2023\/02\/29262640598_f94d21ab1b_o-copy.jpg.webp\"},{\"id\":2528,\"link\":\"http:\/\/uruguaynatural.com\/%places-slug%\/piriapolis\/\",\"title\":\"Piri\u00e1polis\",\"description\":\"Descubrirla de cerca suele llevar aparejada la necesidad de adentrarse en su historia, sus s\u00edmbolos, sus tradiciones y la riqueza de su pasado que le regala una identidad \u00fanica en el presente. En ella, extensas playas y altos cerros disputan protagonismo, creando un entorno ideal para el descanso.\\r\\n\\r\\nFundada por Francisco Piria en 1890, en pleno auge de la Belle \u00c9poque. Piria fue un visionario y alquimista, quien originariamente la bautiz\u00f3 \u201cBalneario del Porvenir\u201d, un nombre que con el tiempo se convertir\u00eda en realidad.\\r\\n\\r\\nPiri\u00e1polis cuenta con magn\u00edficos edificaciones como una extensa rambla costanera, r\u00e9plica de la Biarritz francesa, el gigantesco Argentino Hotel que durante mucho a\u00f1os fue el m\u00e1s grande de Am\u00e9rica del Sur y el enigm\u00e1tico Castillo de Piria.\\r\\n\\r\\nSus playas se ubican a lo largo de una franja de 25 kil\u00f3metros de costa, desde el arroyo Sol\u00eds hasta Punta Negra. Todas ellas, de blancas arenas y aguas limpias, reciben cada verano miles de turistas uruguayos, argentinos, brasile\u00f1os, chilenos, paraguayos y de otros pa\u00edses de Am\u00e9rica Latina Am\u00e9rica y de Europa. Hacia el oeste algunas de las m\u00e1s atractivas son: Playa Grande, Playa Verde, Playa Hermosa, Las Flores y Bella Vista.\\r\\n\\r\\nEn los espacios naturales se practican diferentes deportes n\u00e1uticos, pesca y recreaci\u00f3n para todos los gustos. Es ideal para recorrer los senderos de los cerros a pie, en bici o en aerosillas, las \u00fanicas de estas latitudes.\\r\\n\\r\\nLa gastronom\u00eda de Piri\u00e1polis, asociada a su ubicaci\u00f3n costera, ofrece eventos a lo largo del a\u00f1o donde se pueden degustar las delicias locales como sucede en la Paella Gigante, en diciembre de cada a\u00f1o, entre otros. Los eventos deportivos y culturales son moneda corriente en este destino privilegiado por su naturaleza, su historia y su gente.\\r\\n\\r\\nSu alta conectividad y accesibilidad permiten llegar a ella por tierra, agua y aire, contando con puerto, y aeropuertos a s\u00f3lo 81 km de distancia de Montevideo, y 38 km de Punta del Este respectivamente.\\r\\n\\r\\nPiri\u00e1polis te espera con toda su magia... sus cerros, bulevares extensos, historia, cultura y sus playas de ensue\u00f1o.\",\"primary_image\":\"http:\/\/uruguaynatural.com\/wp-content\/uploads\/2023\/12\/PiriaPuerto-WEB.jpg\"},{\"id\":359,\"link\":\"http:\/\/uruguaynatural.com\/%places-slug%\/parque-nacional-de-santa-teresa\/\",\"title\":\"Parque Nacional de Santa Teresa\",\"description\":\"Una antigua fortaleza, playas de arenas blancas y agua verde, palmares y flora ex\u00f3tica forman parte de los m\u00faltiples atractivos del balneario Santa Teresa. En este \u00faltimo se encuentra el Parque Nacional de Santa Teresa, compuesto por tres mil hect\u00e1reas y dos millones de \u00e1rboles con especies de los cinco continentes y amplios jardines. Este \u00faltimo es reconocido internacionalmente como uno de los parques creados por el hombre m\u00e1s grande del mundo. Dentro del predio es posible visitar la Fortaleza de Santa Teresa, que se remonta a 1762, cuando los portugueses previendo un nuevo conflicto con Espa\u00f1a, decidieron fortificar una estrecha franja de tierra entre el oc\u00e9ano y la Laguna Negra. Dentro de este singular monumento se destacan espacios muse\u00edsticos que atestiguan siglos de historia.\\r\\nLas playas Cerro Chato o El Barco, son las preferidas por las familias por ser m\u00e1s tranquilas, mientras que la Moza es la elegida por los m\u00e1s jovenes ya que cuenta con parador y varios servicios pr\u00f3ximos como parrillada, helader\u00eda y supermercado.\",\"primary_image\":\"http:\/\/uruguaynatural.com\/wp-content\/uploads\/2023\/01\/parque-nacional-santa-teresa-050718100-1458440238.jpg\"},{\"id\":356,\"link\":\"http:\/\/uruguaynatural.com\/%places-slug%\/cabo-polonio\/\",\"title\":\"Cabo Polonio\",\"description\":\"Esta \u00e1rea costero marina posee una gran heterogeneidad de ambientes naturales, que incluye playas arenosas, puntas rocosas, dunas, bosque nativo costero, peque\u00f1os humedales, ambientes oce\u00e1nicos e islas. Muchos de estos ecosistemas son prioritarios para el SNAP, dada su distribuci\u00f3n restringida en el territorio uruguayo (ecosistemas raros). El componente m\u00e1s destacado -por su singularidad- es el sistema dunar de Cabo Polonio, que constituye el remanente m\u00e1s extenso de una faja arenosa que se extend\u00eda antiguamente a lo largo de nuestra costa. Es una de las pocas \u00e1reas de dunas m\u00f3viles de la regi\u00f3n, con zonas que superan los 20 metros de altura.\\r\\n\\r\\nEl Parque Nacional Cabo Polonio alberga varias especies prioritarias para el SNAP, incluyendo especies en peligro o amenazadas de extinci\u00f3n (como el sapito de Darwin), especies vegetales y animales con distribuci\u00f3n restringida (como la banana do mato, la rana de cuatro ojos y la tortuga de canaleta) y especies migratorias de importancia regional y global (como gaviotines, ballena franca austral y tortuga verde).\\r\\n\\r\\nTambi\u00e9n comprende sitios clave para el ciclo anual de crust\u00e1ceos de inter\u00e9s comercial (como camar\u00f3n rosado, camar\u00f3n marino y langostino de mar), y para la cr\u00eda y alimentaci\u00f3n de m\u00e1s de 47 especies de peces (tibur\u00f3n gatuso, corvina, br\u00f3tola, pejerrey). En sus islas se localiza casi la mitad de las poblaciones de lobo marino fino y le\u00f3n marino de Uruguay. Sus \u00e1reas son utilizadas para la reproducci\u00f3n y la cr\u00eda de estas especies. La zona rocosa del cabo alberga el \u00fanico asentamiento continental de lobo fino del pa\u00eds y ofrece una oportunidad \u00fanica para observar de cerca a estos animales.\\r\\n\\r\\n<strong>\u00bfC\u00f3mo llegar?<\/strong>\\r\\nEst\u00e1 situado en la costa atl\u00e1ntica del departamento de Rocha, a la altura de kil\u00f3metro 264,500 de la Ruta Nacional N\u00ba 10. Para ingresar existen varias opciones, una de ellas es desde la Terminal Puerta del Polonio, a trav\u00e9s de veh\u00edculos todo terreno,\u00a0 se recorren unos 7 Kil\u00f3metros hasta el centro del poblado. Otra opci\u00f3n ser\u00eda realizarlo a pie o a caballo. Para los m\u00e1s aventureros tambi\u00e9n se puede ingresar desde la Barra de Valizas, a pie o a caballo.\\r\\n<h3>M\u00e1s informaci\u00f3n<\/h3>\\r\\n<ul>\\r\\n \\t<li style=\\\"list-style-type: none;\\\">\\r\\n<ul>\\r\\n \\t<li><a href=\\\"https:\/\/uruguaynatural.com\/index.php\/lugares-para-ir\/region-este\/areas-protegidas\/parque-nacional-cabo-polonio#\\\">Situaci\u00f3n con respecto al SNAP<\/a>El Parque Nacional Cabo Polonio ingres\u00f3 a mediados de 2009 al Sis tema Nacional de \u00c1reas Protegidas (SNAP). Se trata de un \u00e1rea costero marina de 25.820 hect\u00e1reas distribuidas en: ecosistemas terrestres (4.653 hect\u00e1reas), marinos (21.151 hect\u00e1reas en espejo de agua) e insulares (16 hect\u00e1reas).<\/li>\\r\\n \\t<li><strong>Valores culturales<\/strong><\/li>\\r\\n<\/ul>\\r\\n<\/li>\\r\\n<\/ul>\\r\\nAsociados a los distintos ambientes del \u00e1rea existe una serie de sitios de alto inter\u00e9s para la conservaci\u00f3n del patrimonio cultural de la naci\u00f3n. Desde el punto de vista arqueol\u00f3gico Cabo Polonio y su entorno fueron ocupados por sociedades prehist\u00f3ricas hace aproximadamente 11.000 a\u00f1os, hasta la llegada de las sociedades europeas. Desde el punto de vista hist\u00f3rico, el cerro de la Buena Vista (punto m\u00e1s alto del \u00e1rea) sirvi\u00f3 de l\u00edmite entre los imperios de Espa\u00f1a y Portugal entre 1750 y 1777 seg\u00fan el Tratado de Madrid.\\r\\n\\r\\nEl patrimonio arqueol\u00f3gico subacu\u00e1tico a\u00fan no ha sido estudiado y reviste un especial inter\u00e9s por estar signado por numerosos naufragios. El poblado de Cabo Polonio, donde hoy viven unas 70 personas, tuvo su origen en el Siglo XIX, en torno a la explotaci\u00f3n de lobos marinos. Pescadores artesanales que concurr\u00edan al lugar para participar en las lober\u00edas zafrales -suspendidas desde 1991- se asentaron en lugares cercanos a la planta de faena. Durante el verano, se suma un importante n\u00famero de residentes temporales y visitantes.\\r\\n<h3><a href=\\\"http:\/\/turismorocha.gub.uy\/destinos\/cabo-polonio\\\">Website Turismo Rocha<\/a><\/h3>\\r\\n<iframe title=\\\"YouTube video player\\\" src=\\\"https:\/\/www.youtube.com\/embed\/ub4L2GVZnEA\\\" width=\\\"560\\\" height=\\\"315\\\" frameborder=\\\"0\\\" allowfullscreen=\\\"allowfullscreen\\\"><\/iframe>\\r\\n<h3>\u00a1No te pierdas!<\/h3>\\r\\n<img src=\\\"https:\/\/uruguaynatural.com\/images\/destinos-destacados\/Cabo.jpg\\\" alt=\\\"\\\" \/>\\r\\n<h4>Arena y sol.<\/h4>\\r\\nEl balneario cuenta con dos hermosas playas, La Playa Sur, con aguas turbulentas y una franja de arena que llega hasta La Pedrera; y la Playa Norte, que bordea el balneario hasta la Punta del Diablo. Tambi\u00e9n se la conoce como Playa de la Calavera, por los numerosos naufragios que all\u00ed ocurrieron.\\r\\n\\r\\n<img src=\\\"https:\/\/uruguaynatural.com\/images\/destinos-destacados\/FaroCabo.jpg\\\" alt=\\\"\\\" \/>\\r\\n<h4>Faro del Cabo.<\/h4>\\r\\nEs el mayor s\u00edmbolo del Cabo, y una de las visitas cl\u00e1sicas durante la estad\u00eda en el lugar. Fue construido en 1881\",\"primary_image\":\"http:\/\/uruguaynatural.com\/wp-content\/uploads\/2023\/01\/cabo_polonio1.jpg\"}]","date_enabled":"","start_date":"0","end_date":"0","_links":{"self":[{"href":"https:\/\/uruguaynatural.com\/pt\/wp-json\/wp\/v2\/experiences\/4370","targetHints":{"allow":["GET"]}}],"collection":[{"href":"https:\/\/uruguaynatural.com\/pt\/wp-json\/wp\/v2\/experiences"}],"about":[{"href":"https:\/\/uruguaynatural.com\/pt\/wp-json\/wp\/v2\/types\/experiences"}],"author":[{"embeddable":true,"href":"https:\/\/uruguaynatural.com\/pt\/wp-json\/wp\/v2\/users\/5"}],"wp:attachment":[{"href":"https:\/\/uruguaynatural.com\/pt\/wp-json\/wp\/v2\/media?parent=4370"}],"wp:term":[{"taxonomy":"experience-categories","embeddable":true,"href":"https:\/\/uruguaynatural.com\/pt\/wp-json\/wp\/v2\/experience-categories?post=4370"}],"curies":[{"name":"wp","href":"https:\/\/api.w.org\/{rel}","templated":true}]}}