{"id":3172,"date":"{\"dateEnabled\":false,\"start\":\"2023-01-01T18:46:00.000Z\",\"end\":\"2023-12-31T18:46:00.000Z\"}","date_gmt":"2023-06-21T19:14:30","guid":{"rendered":"https:\/\/uruguaynatural.com\/es\/experiences\/\/"},"modified":"2025-06-02T12:33:31","modified_gmt":"2025-06-02T15:33:31","slug":"fin-de-semana-en-colonia-de-sacramento","status":"publish","type":"experiences","link":"https:\/\/uruguaynatural.com\/pt\/experiences\/fin-de-semana-en-colonia-de-sacramento\/","title":{"rendered":"Fim de semana em Col\u00f4nia de Sacramento"},"author":2,"template":"","experience-categories":[17,30],"class_list":["post-3172","experiences","type-experiences","status-publish","hentry","experience-categories-cultura","experience-categories-patrimonio"],"acf":[],"primary_title":"<div class=\"itemHeader\">\r\n<h1 class=\"itemTitle\">Fim de semana em <span class=\"highlight highlight--violeta\">Col\u00f4nia de Sacramento<\/span><\/h1>\r\n<\/div>\r\n<div class=\"itemBody\">\r\n<div class=\"itemFullText\">&nbsp;<\/div>\r\n<\/div>","description":"Devido \u00e0 sua tranquilidade e \u00e0 diversidade de atra\u00e7\u00f5es tur\u00edsticas, Colonia del Sacramento \u00e9 uma cidade recomend\u00e1vel para f\u00e9rias com crian\u00e7as pequenas ou em casal. No primeiro dia, \u00e9 aconselh\u00e1vel percorrer o distrito hist\u00f3rico em um carro el\u00e9trico ou em bicicletas alugadas. As crian\u00e7as v\u00e3o adorar, e os pais ou amantes sozinhos podem apreciar a mistura da arquitetura colonial espanhola e portuguesa, sem bagagem. O Museu \"Recriar Hist\u00f3ria\", onde as fam\u00edlias podem se vestir com trajes de \u00e9poca e tirar fotos, o Aqu\u00e1rio, onde \u00e9 poss\u00edvel descobrir as principais esp\u00e9cies da regi\u00e3o ou o Museu do Autom\u00f3vel, que possui uma cole\u00e7\u00e3o de carros de luxo, s\u00e3o alguns dos passeios mais recomendados. No dia seguinte, sugerimos aproveitar um dia ao ar livre em uma das vin\u00edcolas tur\u00edsticas do departamento ou um dia no campo em seus diversos estabelecimentos rurais.","info":"<a href=\"https:\/\/www.facebook.com\/acuariocolonia\/\"><strong>O AQU\u00c1RIO<\/strong><\/a>\r\n\r\nPossui uma interessante cole\u00e7\u00e3o de peixes regionais e um centro interativo onde s\u00e3o realizadas palestras e audiovisuais sobre a import\u00e2ncia de cuidar do meio ambiente. No por\u00e3o, h\u00e1 uma loja de souvenirs, onde voc\u00ea pode comprar lembran\u00e7as bonitas.\r\nLocaliza\u00e7\u00e3o: Virrey Cevallos 236, Distrito Hist\u00f3rico.\r\n\r\n<a href=\"http:\/\/www.recrearlahistoria.com\/frontend\/es\/index.shtml\"><strong>MUSEU QUE RECRIA A HIST\u00d3RIA<\/strong><\/a>\r\n\r\nBem pr\u00f3ximo \u00e0s ru\u00ednas do Real de San Carlos, um dos cart\u00f5es postais mais t\u00edpicos de Col\u00f4nia, \u00e9 poss\u00edvel mergulhar na hist\u00f3ria ferrovi\u00e1ria do pa\u00eds. A proposta l\u00fadica consiste em quatro vag\u00f5es do in\u00edcio do s\u00e9culo XX\r\nquatro vag\u00f5es do in\u00edcio do s\u00e9culo XX reconstru\u00eddos no estilo de sua \u00e9poca e uma esta\u00e7\u00e3o inspirada em modelos de 1900. S\u00e3o oferecidos v\u00e1rios servi\u00e7os, como visitas guiadas, restaurante e casa de ch\u00e1. Uma das alternativas mais sedutoras para os visitantes mais jovens \u00e9 vestir-se com trajes de \u00e9poca para\r\nOs visitantes mais jovens podem se vestir com trajes de \u00e9poca para serem fotografados no local, viajando no tempo at\u00e9 o in\u00edcio do s\u00e9culo XX.\r\n\r\n<a href=\"http:\/\/www.colonia.gub.uy\/turismo\/\">Ver m\u00e1s<\/a>","highlights":"","primary_image":"[{\"id\":3565,\"url\":\"https:\/\/uruguaynatural.com\/wp-content\/uploads\/2023\/09\/247ColoniaSacramento-SerranaDiaz-900x600-1.jpg\"}]","secondary_image":"[]","gallery_images":"[]","enable_map":"1","coord_lat":"","coord_lng":"","locations":"-34.4680017974418,-57.832874058399426","department":"Colonia","places":"[{\"id\":3166,\"link\":\"http:\/\/uruguaynatural.com\/%places-slug%\/colonia-del-sacramento\/\",\"title\":\"Colonia del Sacramento\",\"description\":\"<article><span style=\\\"color: #000000;\\\">Colonia del Sacramento es uno de los m\u00e1s importantes referentes tur\u00edsticos del Uruguay, recibiendo miles de visitantes durante el a\u00f1o. A tan s\u00f3lo una hora de Buenos Aires por barco, y a dos horas de Montevideo por carretera, Colonia del Sacramento es un remanso donde el visitante se encuentra con la cultura, la historia y la magia de un destino ineludible en el R\u00edo de la Plata.El encanto de la ciudad est\u00e1 vinculado a la particularidad de su historia.Fundada en 1680 por el portugu\u00e9s Manuel Lobo, la ciudad pas\u00f3 de dominio portugu\u00e9s a dominio espa\u00f1ol varias veces, hasta la Declaratoria de Independencia de la Banda Oriental en 1825. Estos sucesos hicieron del Casco Hist\u00f3rico de la capital coloniense un crisol de estilos arquitect\u00f3nicos y urban\u00edsticos en el que conviven estilos coloniales t\u00edpicamente portugueses y viviendas de porte espa\u00f1ol.<\/span>\\r\\n<span style=\\\"color: #000000;\\\">El Casco Hist\u00f3rico de Colonia del Sacramento, declarado Patrimonio Mundial por UNESCO en 1995, atrae a turistas de todo el mundo y es escenario de innumerables producciones fotogr\u00e1ficas que buscan captar la magia del lugar.<\/span><span style=\\\"color: #000000;\\\">Caminar por sus empedradas e irregulares calles permite rememorar la historia, y disfrutar de un paisaje \u00fanico con vistas privilegiadas del R\u00edo de la Plata.La enigm\u00e1tica Calle de los Suspiros, pavimentada con piedras de cu\u00f1a, posee un encanto \u00fanico, capaz de transportar al visitante a un mundo de ensue\u00f1o.<\/span><span style=\\\"color: #000000;\\\">Una visita guiada por el Casco Hist\u00f3rico de Colonia del Sacramento permite sumergirse en la historia y acercarse al rico legado cultural de la ciudad. Museos, teatro, arte, artesan\u00edas y una buena gastronom\u00eda complementan un abanico de posibilidades para el visitante. Adem\u00e1s, la ciudad ofrece al visitante una vasta oferta hotelera de calidad, con opciones que van desde cadenas de hoteles internacionales a las t\u00edpicas posadas, alojadas en antiguas casas coloniales, as\u00ed como una gran variedad de alegres y pintorescos restaurantes.<\/span><span style=\\\"color: #000000;\\\">Siguiendo por la rambla de la ciudad, paseo que muchos eligen hacer en bicicleta, se llega al Real de San Carlos, antiguo enclave militar espa\u00f1ol. All\u00ed se encuentra la iglesia de San Benito, con su imagen de santo negro, y el emprendimiento de Nicol\u00e1s Mihanovich, que a comienzos del siglo XX desarroll\u00f3 en este lugar un complejo tur\u00edstico al gusto de la \u00e9poca y que actualmente posee su principal \u00edcono en la Plaza de Toros.<\/span>\\r\\n<span style=\\\"color: #000000;\\\">Como parte del encanto de la ciudad, Colonia del Sacramento seduce con sus atardeceres sobre el R\u00edo de la Plata cargados de color y magia. La vista desde el faro o desde el muelle viejo es, sin duda, un espect\u00e1culo que seduce a los sentidos. Consulte sobre circuitos tur\u00edsticos y paseos guiados.<\/span>\\r\\n<span style=\\\"color: #000000;\\\">Fuente: Asociaci\u00f3n Tur\u00edstica de Colonia<\/span>\\r\\n\\r\\n\u00a0\\r\\n\\r\\n<\/article><article><article>\\r\\n<h3><span style=\\\"color: #000000;\\\">\u00a1No te pierdas!<\/span><\/h3>\\r\\n<div class=\\\"mas-visitados clearfix\\\">\\r\\n<figure><span style=\\\"color: #000000;\\\"><img class=\\\"circular-img\\\" src=\\\"https:\/\/uruguaynatural.com\/images\/destinos-destacados\/FAROCOLONIA.jpg\\\" alt=\\\"\\\" \/><\/span><\/figure>\\r\\n<h4><\/h4>\\r\\n<h4><span style=\\\"color: #000000;\\\">Faro de Colonia de Sacramento.<\/span><\/h4>\\r\\n<span style=\\\"color: #000000;\\\">Inaugurado en 1857, est\u00e1 emplazado en la calle San Francisco, entre Plaza Mayor y San Pedro. Se asciende a trav\u00e9s de una angosta escalera de caracol que conduce a una de las mejores vistas de la ciudad.<\/span>\\r\\n\\r\\n<\/div>\\r\\n<div class=\\\"mas-visitados clearfix\\\">\\r\\n<figure><span style=\\\"color: #000000;\\\"><img class=\\\"circular-img\\\" src=\\\"https:\/\/uruguaynatural.com\/images\/destinos-destacados\/Calledelossuspiros.jpg\\\" alt=\\\"\\\" \/><\/span><\/figure>\\r\\n<h4><\/h4>\\r\\n<h4><span style=\\\"color: #000000;\\\">Calle de los Suspiros.<\/span><\/h4>\\r\\n<span style=\\\"color: #000000;\\\">Esta angosta y pintoresca callecita construida con\u00a0 adoquines que perviven desde la \u00e9poca colonial,\u00a0 es la arteria principal del Barrio Hist\u00f3rico y est\u00e1 rodeada de construcciones antiguas de gran inter\u00e9s.<\/span>\\r\\n<div class=\\\"mas-visitados clearfix\\\">\\r\\n<figure><span style=\\\"color: #000000;\\\"><img class=\\\"circular-img\\\" src=\\\"https:\/\/uruguaynatural.com\/images\/destinos-destacados\/PUERTOCOLONIA.jpg\\\" alt=\\\"\\\" \/><\/span><\/figure>\\r\\n<h4><\/h4>\\r\\n<h4><span style=\\\"color: #000000;\\\">Puerto de Colonia.<\/span><\/h4>\\r\\n<span style=\\\"color: #000000;\\\">Por su cercan\u00eda a Buenos Aires, es la principal puerta de entrada desde el pa\u00eds vecino, con intenso tr\u00e1nsito de pasajeros entre las dos orillas del R\u00edo de la Plata. Contemplar un atardecer con los buques de fondo resulta una experiencia renovadora.<\/span>\\r\\n\\r\\n<\/div>\\r\\n<div id=\\\"s5_center_area1\\\" class=\\\"back_colonia-del-sacramento\\\">\\r\\n<div id=\\\"s5_center_area2\\\">\\r\\n<div id=\\\"s5_center_area_inner\\\" class=\\\"s5_wrap\\\">\\r\\n<div id=\\\"s5_columns_wrap\\\">\\r\\n<div id=\\\"s5_columns_wrap_inner\\\">\\r\\n<div id=\\\"s5_columns_wrap_inner2\\\">\\r\\n<div id=\\\"s5_right_column_wrap\\\" class=\\\"s5_float_left\\\">\\r\\n<div id=\\\"s5_right_column_wrap_inner\\\">\\r\\n<div id=\\\"s5_right_wrap\\\" class=\\\"s5_float_left\\\">\\r\\n<div class=\\\"module_round_box_outer\\\">\\r\\n<div class=\\\"module_round_box\\\">\\r\\n<div class=\\\"s5_module_box_1\\\">\\r\\n<div class=\\\"s5_module_box_2\\\">\\r\\n<div class=\\\"s5_outer\\\">\\r\\n<div class=\\\"custom\\\">\\r\\n\\r\\n<span style=\\\"color: #000000;\\\"><a style=\\\"color: #000000;\\\" href=\\\"https:\/\/www.colonia.gub.uy\/turismo\/\\\">https:\/\/www.colonia.gub.uy\/turismo\/<\/a><\/span>\\r\\n\\r\\n<\/div>\\r\\n<\/div>\\r\\n<\/div>\\r\\n<\/div>\\r\\n<\/div>\\r\\n<\/div>\\r\\n<div class=\\\"module_round_box_outer\\\">\\r\\n<div class=\\\"module_round_box\\\">\\r\\n<div class=\\\"s5_module_box_1\\\">\\r\\n<div class=\\\"s5_module_box_2\\\">\\r\\n<div class=\\\"s5_outer\\\">\\r\\n<div class=\\\"custom\\\"><section id=\\\"modulo-wrap\\\" class=\\\"informacion-turistica\\\"><span style=\\\"color: #000000;\\\"><img src=\\\"https:\/\/uruguaynatural.com\/images\/icon-informacion-turistica.png\\\" alt=\\\"\\\" \/>COLONIA DEL SACRAMENTO<\/span><span style=\\\"color: #000000;\\\"><strong>Centro de Informes BIT<\/strong><\/span>\\r\\n<span style=\\\"color: #000000;\\\">Odriozola 434 esq. A. M\u00e9ndez<\/span>\\r\\n<span id=\\\"cloak4e833e7f001e62f4547504c9293acb44\\\" style=\\\"color: #000000;\\\"><a style=\\\"color: #000000;\\\" href=\\\"mailto:infoturismobit@gmail.com\\\">infoturismobit@gmail.com<\/a><\/span>\\r\\n<span style=\\\"color: #000000;\\\">Tel. 4523 7707<\/span>\\r\\n<span style=\\\"color: #000000;\\\"><strong>\u00a0<\/strong><\/span>\\r\\n<span style=\\\"color: #000000;\\\"><strong>Centro<\/strong><\/span>\\r\\n<span style=\\\"color: #000000;\\\">Av. Gral. Flores y Rivera<\/span>\\r\\n<span id=\\\"cloakf1c3b346190017ba99865db4f1002061\\\" style=\\\"color: #000000;\\\"><a style=\\\"color: #000000;\\\" href=\\\"mailto:ncentro1680@gmail.com\\\">ncentro1680@gmail.com<\/a><\/span>\\r\\n<span style=\\\"color: #000000;\\\">Tel. 4522 6141<\/span><span style=\\\"color: #000000;\\\"><strong>Terminal de Puerto<\/strong><\/span>\\r\\n<span style=\\\"color: #000000;\\\">Isla Central - Hall de acceso<\/span>\\r\\n<span id=\\\"cloak7bb36a2afe34d65c5f506fb4b14e8134\\\" style=\\\"color: #000000;\\\"><a style=\\\"color: #000000;\\\" href=\\\"mailto:centroinfobit@gmail.com\\\">centroinfobit@gmail.com<\/a><\/span><span style=\\\"color: #000000;\\\"><strong>Barrio Hist\u00f3rico (Barrio Sur)<\/strong><\/span>\\r\\n<span style=\\\"color: #000000;\\\">Manuel Lobo 224<\/span>\\r\\n<span id=\\\"cloak0c49e12a44010511a61480d3482c5326\\\" style=\\\"color: #000000;\\\"><a style=\\\"color: #000000;\\\" href=\\\"mailto:barriohistorico1680@gmail.com\\\">barriohistorico1680@gmail.com<\/a><\/span>\\r\\n<span style=\\\"color: #000000;\\\">Tel. 4522 8506<\/span>\\r\\n\\r\\n<span style=\\\"color: #000000;\\\"><strong>Terminal de Buses<\/strong><\/span>\\r\\n<span style=\\\"color: #000000;\\\">Av. Buenos Aires esq. Manuel Lobo<\/span>\\r\\n<span id=\\\"cloak8d7fed3ae703679c72ca8531908320fb\\\" style=\\\"color: #000000;\\\"><a style=\\\"color: #000000;\\\" href=\\\"mailto:infoterminal1680@gmail.com\\\">infoterminal1680@gmail.com<\/a><\/span>\\r\\n<span style=\\\"color: #000000;\\\"><strong>\u00a0<\/strong><\/span>\\r\\n<span style=\\\"color: #000000;\\\"><strong>CONCHILLAS<\/strong><\/span>\\r\\n<span style=\\\"color: #000000;\\\">Av. David Evans<\/span>\\r\\n<span style=\\\"color: #000000;\\\">Edificio Casa Evans<\/span>\\r\\n<span id=\\\"cloakc4cdeeb9577a80cd4af57157314a4e0d\\\" style=\\\"color: #000000;\\\"><a style=\\\"color: #000000;\\\" href=\\\"mailto:turismoconchillas@gmail.com\\\">turismoconchillas@gmail.com<\/a><\/span>\\r\\n<span style=\\\"color: #000000;\\\">Tel. 4577 2454<\/span>\\r\\n<span style=\\\"color: #000000;\\\"><strong>\u00a0<\/strong><\/span>\\r\\n<span style=\\\"color: #000000;\\\"><strong>CARMELO<\/strong><\/span>\\r\\n<span style=\\\"color: #000000;\\\">Kiosco Plaza Independencia<\/span>\\r\\n<span style=\\\"color: #000000;\\\">Uruguay esq. Roosevelt<\/span>\\r\\n<span id=\\\"cloak98c9871becf6866ddd09d707425c23c7\\\" style=\\\"color: #000000;\\\"><a style=\\\"color: #000000;\\\" href=\\\"mailto:turismocarmelo@gmail.com\\\">turismocarmelo@gmail.com<\/a><\/span>\\r\\n<span style=\\\"color: #000000;\\\">Tel. 4543 1890<\/span>\\r\\n\\r\\n<span style=\\\"color: #000000;\\\"><strong>Playa Ser\u00e9<\/strong><\/span>\\r\\n<span style=\\\"color: #000000;\\\">Local Artesanos<\/span>\\r\\n\\r\\n<span style=\\\"color: #000000;\\\"><strong>FLORENCIO SANCHEZ<\/strong><\/span>\\r\\n<span style=\\\"color: #000000;\\\">Cruce Rutas 2, 12 y 57<\/span>\\r\\n<span style=\\\"color: #000000;\\\">Tel. 4536 6703<\/span>\\r\\n<span style=\\\"color: #000000;\\\"><strong>\u00a0<\/strong><\/span>\\r\\n<span style=\\\"color: #000000;\\\"><strong>VILLA LA PAZ<\/strong><\/span>\\r\\n<span style=\\\"color: #000000;\\\">Centro de Artesanos La Paz<\/span>\\r\\n<span style=\\\"color: #000000;\\\">Plaza Doroteo Garc\u00eda, e\/ J.D.Costabel y Gral. Artigas<\/span>\\r\\n\\r\\n<span style=\\\"color: #000000;\\\"><strong>COLONIA VALDENSE<\/strong><\/span>\\r\\n<span style=\\\"color: #000000;\\\">Centro de Artesanos Ciudad Jard\u00edn<\/span>\\r\\n<span style=\\\"color: #000000;\\\">Ruta 1, km. 121<\/span>\\r\\n<span style=\\\"color: #000000;\\\">Tel. 4558 8412<\/span>\\r\\n<span style=\\\"color: #000000;\\\"><strong>\u00a0<\/strong><\/span>\\r\\n<span style=\\\"color: #000000;\\\"><strong>NUEVA HELVECIA<\/strong><\/span>\\r\\n<span style=\\\"color: #000000;\\\">Centro del Movimiento \u201cNuevas Generaciones\u201d<\/span>\\r\\n<span style=\\\"color: #000000;\\\">25 de Agosto e\/Berna y 18 de Julio<\/span>\\r\\n<span style=\\\"color: #000000;\\\">Tel. 4554 5657<\/span>\\r\\n\\r\\n<span style=\\\"color: #000000;\\\"><strong>ROSARIO<\/strong><\/span>\\r\\n<span style=\\\"color: #000000;\\\">Ituzaing\u00f3 y Fuica<\/span>\\r\\n\\r\\n<\/section><\/div>\\r\\n<\/div>\\r\\n<div><\/div>\\r\\n<\/div>\\r\\n<\/div>\\r\\n<\/div>\\r\\n<\/div>\\r\\n<\/div>\\r\\n<\/div>\\r\\n<\/div>\\r\\n<\/div>\\r\\n<\/div>\\r\\n<\/div>\\r\\n<\/div>\\r\\n<\/div>\\r\\n<\/div>\\r\\n<div id=\\\"s5_bottom_row1_area1\\\">\\r\\n<div id=\\\"s5_bottom_row1_area2\\\">\\r\\n<div id=\\\"s5_bottom_row1_area_inner\\\" class=\\\"s5_wrap\\\">\\r\\n<div id=\\\"s5_bottom_row1_wrap\\\">\\r\\n<div id=\\\"s5_bottom_row1\\\">\\r\\n<div id=\\\"s5_bottom_row1_inner\\\">\\r\\n<div id=\\\"s5_pos_bottom_row1_1\\\" class=\\\"s5_float_left\\\">\\r\\n<div class=\\\"module_round_box_outer\\\">\\r\\n<div class=\\\"module_round_box\\\">\\r\\n<div class=\\\"s5_module_box_1\\\">\\r\\n<div class=\\\"s5_module_box_2\\\">\\r\\n<div class=\\\"s5_mod_h3_outer\\\"><\/div>\\r\\n<\/div>\\r\\n<\/div>\\r\\n<\/div>\\r\\n<\/div>\\r\\n<\/div>\\r\\n<\/div>\\r\\n<\/div>\\r\\n<\/div>\\r\\n<\/div>\\r\\n<\/div>\\r\\n<\/div>\\r\\n<\/div>\\r\\n<\/article><\/article>\",\"primary_image\":\"http:\/\/uruguaynatural.com\/wp-content\/uploads\/2023\/06\/headerColonia.jpg\"},{\"id\":3173,\"link\":\"http:\/\/uruguaynatural.com\/%places-slug%\/colonia-valdense\/\",\"title\":\"Colonia Valdense\",\"description\":\"<span style=\\\"color: #000000;\\\">La fiesta de la gratitud en marzo, el D\u00eda de la Fraternidad Valdense en Agosto y la Fiesta de la Cata Nacional de Queso en noviembre, constitituyen tres momentos del a\u00f1o ideales para decidirse a descubrirla. Adem\u00e1s de disfrutar de su vida tranquila y sus paisajes, no deje de conocer los siguientes atractivos de gran valor hist\u00f3rico y patrimonial.<\/span>\\r\\n\\r\\n<span style=\\\"color: #000000;\\\">Recorriendo la ciudad, se encuentra la Plaza de la Libertad, el Parque escolar, la Escuela N\u00ba 26, el Club Atl\u00e9tico Valdense, la casa quinta que perteneci\u00f3 al secretario del presidente Williman, Emilio Barbouroux, la Plaza de Deportes, el Primer Liceo Rural del pa\u00eds, fundado en 1888, por el pastor Daniel Armand Ug\u00f3n y la Biblioteca Archivo Valdense.<\/span>\\r\\n\\r\\n\u00a0\\r\\n<div class=\\\"module_round_box_outer\\\">\\r\\n<div class=\\\"module_round_box\\\">\\r\\n<div class=\\\"s5_module_box_1\\\">\\r\\n<div class=\\\"s5_module_box_2\\\">\\r\\n<div class=\\\"s5_outer\\\">\\r\\n<div class=\\\"custom\\\">\\r\\n\\r\\n[embed]https:\/\/www.youtube.com\/watch?v=sWAdu-lOC1I[\/embed]\\r\\n\\r\\n<section id=\\\"modulo-wrap\\\" class=\\\"links-de-interes-wrap\\\"><span style=\\\"color: #000000;\\\"><img src=\\\"https:\/\/uruguaynatural.com\/images\/icon-link.png\\\" \/><\/span>\\r\\n<span style=\\\"color: #000000;\\\"><a style=\\\"color: #000000;\\\" href=\\\"https:\/\/www.colonia.gub.uy\/turismo\/\\\">https:\/\/www.colonia.gub.uy\/turismo\/<\/a>\u00a0<\/span><\/section><\/div>\\r\\n<\/div>\\r\\n<\/div>\\r\\n<\/div>\\r\\n<\/div>\\r\\n<\/div>\\r\\n<div class=\\\"module_round_box_outer\\\">\\r\\n<div class=\\\"module_round_box\\\">\\r\\n<div class=\\\"s5_module_box_1\\\">\\r\\n<div class=\\\"s5_module_box_2\\\">\\r\\n<div class=\\\"s5_outer\\\">\\r\\n<div class=\\\"custom\\\"><section id=\\\"modulo-wrap\\\" class=\\\"informacion-turistica\\\"><span style=\\\"color: #000000;\\\"><img src=\\\"https:\/\/uruguaynatural.com\/images\/icon-informacion-turistica.png\\\" alt=\\\"\\\" \/><\/span>\\r\\n<span style=\\\"color: #000000;\\\">COLONIA DEL SACRAMENTO<\/span><\/section><section><\/section><section class=\\\"informacion-turistica\\\"><span style=\\\"color: #000000;\\\"><strong>Centro de Informes BIT<\/strong><\/span>\\r\\n<span style=\\\"color: #000000;\\\">Odriozola 434 esq. A. M\u00e9ndez<\/span>\\r\\n<span id=\\\"cloak4e833e7f001e62f4547504c9293acb44\\\" style=\\\"color: #000000;\\\"><a style=\\\"color: #000000;\\\" href=\\\"mailto:infoturismobit@gmail.com\\\">infoturismobit@gmail.com<\/a><\/span>\\r\\n<span style=\\\"color: #000000;\\\">Tel. 4523 7707<\/span>\\r\\n<span style=\\\"color: #000000;\\\"><strong>\u00a0<\/strong><\/span>\\r\\n<span style=\\\"color: #000000;\\\"><strong>Centro<\/strong><\/span>\\r\\n<span style=\\\"color: #000000;\\\">Av. Gral. Flores y Rivera<\/span>\\r\\n<span id=\\\"cloakf1c3b346190017ba99865db4f1002061\\\" style=\\\"color: #000000;\\\"><a style=\\\"color: #000000;\\\" href=\\\"mailto:ncentro1680@gmail.com\\\">ncentro1680@gmail.com<\/a><\/span>\\r\\n<span style=\\\"color: #000000;\\\">Tel. 4522 6141<\/span><\/section><section><\/section><section class=\\\"informacion-turistica\\\"><span style=\\\"color: #000000;\\\"><strong>Terminal de Puerto<\/strong><\/span>\\r\\n<span style=\\\"color: #000000;\\\">Isla Central \u2013 Hall de acceso<\/span>\\r\\n<span style=\\\"color: #000000;\\\"><a style=\\\"color: #000000;\\\" href=\\\"mailto:centroinfobit@gmail.com\\\">centroinfobit@gmail.com<\/a><\/span><\/section><section><\/section><section class=\\\"informacion-turistica\\\"><span style=\\\"color: #000000;\\\"><strong>\\r\\nBarrio Hist\u00f3rico (Barrio Sur)<\/strong><\/span>\\r\\n<span style=\\\"color: #000000;\\\">Manuel Lobo 224<\/span>\\r\\n<span id=\\\"cloak0c49e12a44010511a61480d3482c5326\\\" style=\\\"color: #000000;\\\"><a style=\\\"color: #000000;\\\" href=\\\"mailto:barriohistorico1680@gmail.com\\\">barriohistorico1680@gmail.com<\/a><\/span>\\r\\n<span style=\\\"color: #000000;\\\">Tel. 4522 8506<\/span><span style=\\\"color: #000000;\\\"><strong>Terminal de Buses\\r\\n<\/strong>Av. Buenos Aires esq. Manuel Lobo<\/span>\\r\\n<span style=\\\"color: #000000;\\\"><a style=\\\"color: #000000;\\\" href=\\\"mailto:infoterminal1680@gmail.com\\\">infoterminal1680@gmail.com<\/a><\/span>\\r\\n<div class=\\\"FOOTERsubTituloFooter\\\"><span style=\\\"color: #000000;\\\"><strong>Colonia Valdense<\/strong><\/span><\/div>\\r\\n<div class=\\\"FOOTERtextoFooter\\\"><span style=\\\"color: #000000;\\\">Centro de Artesanos Ciudad Jard\u00edn<\/span>\\r\\n<span style=\\\"color: #000000;\\\">Ruta 1, km. 121<\/span>\\r\\n<span style=\\\"color: #000000;\\\">Tel. 4558 8412<\/span><\/div>\\r\\n<\/section><\/div>\\r\\n<\/div>\\r\\n<\/div>\\r\\n<\/div>\\r\\n<\/div>\\r\\n<\/div>\",\"primary_image\":\"http:\/\/uruguaynatural.com\/wp-content\/uploads\/2023\/06\/Cvaldense.png\"}]","date_enabled":"","start_date":"1672598760000","end_date":"1704048360000","_links":{"self":[{"href":"https:\/\/uruguaynatural.com\/pt\/wp-json\/wp\/v2\/experiences\/3172","targetHints":{"allow":["GET"]}}],"collection":[{"href":"https:\/\/uruguaynatural.com\/pt\/wp-json\/wp\/v2\/experiences"}],"about":[{"href":"https:\/\/uruguaynatural.com\/pt\/wp-json\/wp\/v2\/types\/experiences"}],"author":[{"embeddable":true,"href":"https:\/\/uruguaynatural.com\/pt\/wp-json\/wp\/v2\/users\/2"}],"wp:attachment":[{"href":"https:\/\/uruguaynatural.com\/pt\/wp-json\/wp\/v2\/media?parent=3172"}],"wp:term":[{"taxonomy":"experience-categories","embeddable":true,"href":"https:\/\/uruguaynatural.com\/pt\/wp-json\/wp\/v2\/experience-categories?post=3172"}],"curies":[{"name":"wp","href":"https:\/\/api.w.org\/{rel}","templated":true}]}}