{"id":2902,"date":"{\"dateEnabled\":false}","date_gmt":"2023-06-12T18:13:52","guid":{"rendered":"https:\/\/uruguaynatural.com\/es\/experiences\/\/"},"modified":"2023-09-27T17:39:12","modified_gmt":"2023-09-27T20:39:12","slug":"8-paseos-bajo-las-estrellas","status":"publish","type":"experiences","link":"https:\/\/uruguaynatural.com\/pt\/experiences\/8-paseos-bajo-las-estrellas\/","title":{"rendered":"8 caminhadas sob as estrelas"},"author":5,"template":"","experience-categories":[22,73,20],"class_list":["post-2902","experiences","type-experiences","status-publish","hentry","experience-categories-astroturismo","experience-categories-aventuraeesporte","experience-categories-naturaleza"],"acf":[],"primary_title":"<h1>8 caminhadas <span class=\"highlight highlight--violeta\">sob as estrelas\r\n<\/span><\/h1>","description":"Se a observa\u00e7\u00e3o de estrelas lhe agrada e voc\u00ea quer aprender mais sobre o c\u00e9u noturno em geral, n\u00f3s lhe contamos sobre algumas operadoras no Uruguai que oferecem diferentes passeios para desfrutar desse patrim\u00f4nio natural. Venha e veja!","info":"<span style=\"color: #000080;\"><strong>1) Ecoturismo Laguna Garz\u00f3n<\/strong><\/span>\r\n\r\nEles o convidam para uma caminhada de interpreta\u00e7\u00e3o do ecossistema e do c\u00e9u noturno. Ocasionalmente, eles organizam passeios especiais na lua cheia. A trilha pela \u00c1rea Natural Protegida Laguna Garz\u00f3n enfoca a astronomia, a mitologia e as lendas dos povos nativos.\r\n\r\nN\u00e3o faltam fogueiras, sopa quente no inverno e astrofotografia de lembran\u00e7a.\r\n\r\nH\u00e1 tamb\u00e9m atividades mais aventureiras, como caiaque, cavalgadas, pranchas de stand up paddle, passeios de bicicleta e muito mais.\r\n\r\n<a href=\"https:\/\/lagunagarzon.uy\/informacion\/\">Mais informa\u00e7\u00f5es<\/a>\r\n\r\n<span style=\"color: #000080;\"><strong>2) Experi\u00eancias na Villa Serrana<\/strong><\/span>\r\n\r\nGeosightseeing e noites estreladas na Villa Serrana. Eles prop\u00f5em conhecer a Villa Serrana e seus arredores visitando propriedades particulares com verdadeiros tesouros e descobrir a paisagem montanhosa a cavalo, a p\u00e9 ou de bicicleta.\r\nEm uma paisagem de serras, os visitantes se sentem como parte do \"rebanho\" ao caminhar pelo territ\u00f3rio enquanto os mitos e as lendas do patrim\u00f4nio sombrio s\u00e3o narrados.\r\n\r\nPiqueniques, caminhadas sobre geodos, cogumelos e muito mais s\u00e3o a desculpa para viver uma experi\u00eancia de integra\u00e7\u00e3o e harmonia com a natureza.\r\n\r\n<a href=\"https:\/\/experienciasvillaserrana.com.uy\/\">Mais informa\u00e7\u00f5es\u00a0<\/a>\r\n\r\n<span style=\"color: #000080;\"><strong>3)\u00a0<\/strong><\/span><span style=\"color: #000080;\"><strong>O Passo Arequita em Lavalleja<\/strong><\/span>\r\n\r\nQuando o c\u00e9u fala atrav\u00e9s de seu manto estrelado... tudo o que resta \u00e9 contemplar. Os passeios geralmente s\u00e3o realizados antes do p\u00f4r do sol em uma trilha de dificuldade m\u00e9dia-alta at\u00e9 a Arequita Hill. Ap\u00f3s o p\u00f4r do sol, come\u00e7a a interpreta\u00e7\u00e3o do c\u00e9u noturno, repleto de mist\u00e9rios e lendas, para depois desfrutar de um jantar crioulo ao lado de uma fogueira.\r\n\r\nEles tamb\u00e9m oferecem outras op\u00e7\u00f5es de trekking e, em setembro, ter\u00e3o uma loja rural com produtos locais e artesanais.\r\n\r\n<a href=\"https:\/\/www.instagram.com\/el_paso_arequita\/\">Mais informa\u00e7\u00f5es\u00a0<\/a>\r\n\r\n<span style=\"color: #000080;\"><strong>4) Ravina dos Corvos - Marina Montemu\u00f1o<\/strong><\/span>\r\n\r\nA Paisagem Protegida Quebrada de los Cuervos e as Sierras del Yerbal, em Treinta y Tres, s\u00e3o o cen\u00e1rio para encontros com a natureza e a ab\u00f3bada celeste, a cultura local, a arte e a gastronomia em Posta de las Cuervas. Ao lado da fogueira, voc\u00ea pode contemplar as estrelas enquanto compartilha livros, hist\u00f3rias, lendas e saboreia uma deliciosa picada.\r\n\r\nVoc\u00ea tamb\u00e9m pode caminhar pela primeira trilha de arte no mato e abra\u00e7ar uma \u00e1rvore com mais de 100 anos de idade.\r\n\r\n<a href=\"https:\/\/www.instagram.com\/p\/Cs2JVV_MOTJ\/\">Mais informa\u00e7\u00f5es<\/a>\r\n\r\n<span style=\"color: #000080;\"><strong>5) Passeios no Valle Eden<\/strong><\/span>\r\n\r\nO lugar onde Carlos Gardel nasceu, Tacuaremb\u00f3, tem as condi\u00e7\u00f5es de c\u00e9u escuro para descobrir as m\u00e1gicas noites estreladas. No cora\u00e7\u00e3o do Valle Eden, os c\u00e9us s\u00e3o a desculpa perfeita para apreciar o manto estrelado, a Via L\u00e1ctea, os planetas, a chuva de motociclistas e as hist\u00f3rias locais.\r\n\r\nEles tamb\u00e9m organizam passeios de trem, um tour pelo Museu Carlos Gardel, um dia de tangos, milongas e deliciosos almo\u00e7os campestres.\r\n\r\n<a href=\"https:\/\/www.instagram.com\/valleedenpaseos\/?igshid=MzRlODBiNWFlZA%3D%3D\">Mais informa\u00e7\u00f5es<\/a>\r\n\r\n<span style=\"color: #000080;\"><strong>6) \u201cBanho de estrelas\u201d - Fernando Ilharregui - Guich\u00f3n<\/strong><\/span>\r\n\r\nPerto do ambiente termal de Almir\u00f3n, em Paysand\u00fa, Fernando Ilharregui prop\u00f5e um passeio para experimentar um \"banho estelar\". Acompanhado pelo som de grilos e palmeiras ao fundo, Fernando descreve as constela\u00e7\u00f5es, sua mitologia que remonta \u00e0 antiguidade, o significado de seus nomes e suas dist\u00e2ncias em anos-luz da Terra.\r\n\r\nEles tamb\u00e9m oferecem passeios de canoa, pesca esportiva, observa\u00e7\u00e3o de p\u00e1ssaros e colheita de frutos de buti\u00e1, t\u00edpicos da regi\u00e3o.\r\n\r\nContato: Fernando Ilharregui - (+598) 098 386 487\r\n\r\n<a href=\"https:\/\/www.instagram.com\/termas_de_almiron_alojamientos\/\">Mais informa\u00e7\u00f5es\u00a0<\/a>\r\n\r\n<span style=\"color: #000080;\"><strong>7) \u201cPatrim\u00f4nio sob as estrelas\u201d: Posada del Minero \u2013 Minas de Corrales<\/strong><\/span>\r\n\r\nUm piquenique \u00e0 tarde, vinho, empanadas, anedotas e fatos curiosos sobre o c\u00e9u no mesmo passeio. Tudo isso dentro da estrutura da Represa Cu\u00f1apir\u00fa, pelas m\u00e3os da Posada del Minero.\r\n\r\nSe voc\u00ea quiser mais... poder\u00e1 conhecer em primeira m\u00e3o a hist\u00f3ria da Rota do Ouro no Uruguai nas galerias subterr\u00e2neas.\r\n\r\n<a href=\"https:\/\/www.instagram.com\/posdelminerouy\/?igshid=MzRlODBiNWFlZA%3D%3D\">Mais informa\u00e7\u00f5es\u00a0<\/a>\r\n\r\n<span style=\"color: #000080;\"><strong>8) FotoaventuraUy<\/strong><\/span>\r\n\r\nEntre as aventuras na Ilha de Flores, as fogueiras com c\u00e9u estrelado em Villa Serrana ou em Gruta de Salamanca ou ao norte no Valle del Lunarejo, os diferentes cen\u00e1rios da FotoaventuraUy acontecem para descobrir o c\u00e9u e, por que n\u00e3o, o Uruguai.\r\nDe vez em quando, as hist\u00f3rias encantadas de N\u00e9stor Ganduglia s\u00e3o contadas, ent\u00e3o junte-se a n\u00f3s!\r\n\r\n<a href=\"https:\/\/instagram.com\/fotoaventurauy?igshid=MzRlODBiNWFlZA==\">Mais informa\u00e7\u00f5es<\/a>\r\n\r\nPresenteie-se com momentos \u00fanicos!","highlights":"","primary_image":"[{\"id\":2903,\"url\":\"https:\/\/uruguaynatural.com\/wp-content\/uploads\/2023\/06\/Rocha-_-Observando-Orion-con-un-catalejo-desde-una-duna-cercana-a-la-Laguna-de-Rocha-900x600-1.jpg\"}]","secondary_image":"[]","gallery_images":"[{\"id\":2905,\"url\":\"http:\/\/uruguaynatural.com\/wp-content\/uploads\/2023\/06\/Rocha-_-Astroturismo-en-la-Laguna-Garzon-III.jpg\"},{\"id\":2904,\"url\":\"http:\/\/uruguaynatural.com\/wp-content\/uploads\/2023\/06\/Lavalleja-_-Observando-el-cielo-en-las-Sierras-de-Minas.jpg\"},{\"id\":2903,\"url\":\"http:\/\/uruguaynatural.com\/wp-content\/uploads\/2023\/06\/Rocha-_-Observando-Orion-con-un-catalejo-desde-una-duna-cercana-a-la-Laguna-de-Rocha-900x600-1.jpg\"}]","enable_map":"1","coord_lat":"","coord_lng":"","locations":"-34.777929562315336,-54.56334005367216|-34.288539450504146,-55.26753032937065|-34.32535006889386,-54.984289057397994|-32.92892257472513,-54.45840936757341|-31.821195460375254,-56.17974337489294|-32.358224668452124,-57.26780134474219|-31.569742910755938,-55.47065752582277|-31.157903838875367,-55.88041323260988|-34.075800452406796,-54.60639290884056","department":"Maldonado","places":"[{\"id\":2555,\"link\":\"http:\/\/uruguaynatural.com\/%places-slug%\/rivera\/\",\"title\":\"Rivera\",\"description\":\"Situada en las nacientes del arroyo Cu\u00f1apir\u00fa, la ciudad creci\u00f3 alrededor del Cerro del Marco, quedando separada de Santa Ana do Livramento apenas por una calle.\\r\\nLa capital se llama as\u00ed en homenaje al Coronel Bernarb\u00e9 Rivera, mientras que el departamento, le debe su nombre a Fructuoso Rivera, el primer presidente de Uruguay.\\r\\nEn todos los casos la historia est\u00e1 muy presente en diferentes lugares, sitios de memoria, plazas y museos que deben conocer.\\r\\nVisitar el departamento de Rivera es una verdadera aventura entre el pasado cultural y patrimonial y un presente comercial destacado.\\r\\nEn la ciudad el turista puede encontrar las m\u00e1s variadas ofertas gastron\u00f3micas, hoteleras y los mejores casinos de la regi\u00f3n. Rivera ofrece a los turistas modernos Free Shop y centros comerciales, cuyo objetivo principal es brindar una oferta completa, con promociones permanentes de las diferentes empresas de calidad internacional que est\u00e1n instaladas. Si lo que buscas es ocio y diversi\u00f3n, la emoci\u00f3n del juego en las salas de maquinas (Slots) y juegos de mesa, constituye otro de los grandes atractivos que regala la ciudad. En Rivera, tambi\u00e9n se puede disfrutar de una variada gastronom\u00eda, que va desde la t\u00edpica cocina campestre hasta la mejor cocina francesa.\\r\\n<h3>\u00a1No te pierdas!<\/h3>\\r\\n<div class=\\\"mas-visitados clearfix\\\">\\r\\n<figure><img class=\\\"circular-img\\\" src=\\\"https:\/\/uruguaynatural.com\/images\/destinos-destacados\/PlazaRivera.jpeg\\\" alt=\\\"\\\" \/><\/figure>\\r\\n<h4>Plaza Internacional.<\/h4>\\r\\nCreada en 1943, en plena Segunda Guerra Mundial, es un monumento internacional a la paz mundial y a la convivencia de los pueblos. La plaza, dise\u00f1ada sobre un extenso espacio fronterizo une a las dos ciudades y es visitada a diario por cientos de turistas.\\r\\n\\r\\n<\/div>\\r\\n<div class=\\\"mas-visitados clearfix\\\">\\r\\n<figure><img class=\\\"circular-img\\\" src=\\\"https:\/\/uruguaynatural.com\/images\/destinos-destacados\/Atilio.jpg\\\" alt=\\\"\\\" \/><\/figure>\\r\\n<h4>Atractivos deportivos.<\/h4>\\r\\nLos amantes del f\u00fatbol tienen en la ciudad una parada ineludible: el Estadio Atilio Paiva Olivera, una de las sedes de la Copa Am\u00e9rica de 1995 y de importantes partidos de la Copa Libertadores de Am\u00e9rica. Los aficionados al automovilismo, deber\u00e1n estar atentos a la agenda del Aut\u00f3dromo Municipal cercano al Parque Gran Breta\u00f1a, en donde tienen lugar importantes actividades autom\u00f3vilisticas y pruebas de motociclismo.\\r\\n\\r\\n<\/div>\\r\\n<div class=\\\"mas-visitados clearfix\\\">\\r\\n<figure><img class=\\\"circular-img\\\" src=\\\"https:\/\/uruguaynatural.com\/images\/destinos-destacados\/Compras.jpg\\\" alt=\\\"\\\" \/><\/figure>\\r\\n<h4>Ir de compras.<\/h4>\\r\\nRivera ofrece a los turistas modernos free shop y centros comerciales, cuyo principal objetivo es brindar una oferta completa, con promociones permanentes de las diferentes empresas de calidad internacional que est\u00e1n instaladas.\\r\\n\\r\\n<\/div>\\r\\n<div class=\\\"mas-visitados clearfix\\\">\\r\\n<div class=\\\"mas-visitados clearfix\\\">\\r\\n<figure><img class=\\\"circular-img\\\" src=\\\"https:\/\/uruguaynatural.com\/images\/destinos-destacados\/noche.jpg\\\" alt=\\\"\\\" \/><\/figure>\\r\\n<h4>Disfrutar de la noche.<\/h4>\\r\\nSi lo que buscas es ocio y diversi\u00f3n, una excelente opci\u00f3n es acercarte a la emoci\u00f3n del juego en las salas de maquinas (Slots) y juegos de mesa.\\r\\n\\r\\n<\/div>\\r\\n<div class=\\\"mas-visitados clearfix\\\">\\r\\n<div class=\\\"mas-visitados clearfix\\\">\\r\\n<figure><img class=\\\"circular-img\\\" src=\\\"https:\/\/uruguaynatural.com\/images\/destinos-destacados\/Gastronomia.jpg\\\" alt=\\\"\\\" \/><\/figure>\\r\\n<h4>Degustar la gastronom\u00eda de frontera.<\/h4>\\r\\nEntres todos los encantos de ocio y turismo que encuentras en Rivera, puedes disfrutar de nuestra variada gastronom\u00eda. Desde la t\u00edpica cocina campestre y parrilladas, hasta el servicio de la mejor cocina francesa.\\r\\n\\r\\n<\/div>\\r\\n<div class=\\\"mas-visitados clearfix\\\"><\/div>\\r\\n<\/div>\\r\\n<\/div>\",\"primary_image\":\"http:\/\/uruguaynatural.com\/wp-content\/uploads\/2023\/06\/20180707_142746.jpg\"},{\"id\":481,\"link\":\"http:\/\/uruguaynatural.com\/%places-slug%\/tacuarembo\/\",\"title\":\"Tacuaremb\u00f3\",\"description\":\"Su nombre es <strong>Tacuaremb\u00f3<\/strong>, es el m\u00e1s grande de los 19 departamentos que componen el pa\u00eds, con una extensi\u00f3n de 15.438 km2 y m\u00e1s de 90.000 habitantes, hombres y mujeres pujantes y emprendedores que constituyen el capital m\u00e1s valioso de su tierra, su capital humano.\",\"primary_image\":\"http:\/\/uruguaynatural.com\/wp-content\/uploads\/2023\/02\/dnnghaZoz7LAHota.jpg\"},{\"id\":506,\"link\":\"http:\/\/uruguaynatural.com\/%places-slug%\/paysandu\/\",\"title\":\"Paysand\u00fa\",\"description\":\"En Paysand\u00fa conviven diversas actividades productivas, riquezas hist\u00f3ricas, culturales y naturales, que a la vez que lo diferencian, lo hacen un lugar \u00fanico y especial en la regi\u00f3n.\\n\\nSe ubica en el litoral termal donde existen dos centros con aguas de propiedades curativas. La naturaleza se expresa en cada rinc\u00f3n del departamento, donde habitan maravillosos paisajes, como los ubicados dentro del \u00c1rea Protegida Montes del Queguay, bellos palmares y hermosos atardeceres pueden disfrutarse a lo largo de la costa del r\u00edo Uruguay.\\n\\nPaysand\u00fa es cuna del Artiguismo, es ciudad de h\u00e9roes que sucumbieron en defensa de la soberan\u00eda nacional con un pasado de gloria industrial y de suelos que fueron habitados por poblaciones charr\u00faas. Un departamento donde a\u00fan persisten las tradiciones criollas y donde la cultura se traduce en cada uno de los eventos que se conmemoran a lo largo del a\u00f1o.\",\"primary_image\":\"http:\/\/uruguaynatural.com\/wp-content\/uploads\/2023\/02\/2021-03-03-18_11_16-Morato-un-castillo-en-Uruguay-YouTube.png\"},{\"id\":1588,\"link\":\"http:\/\/uruguaynatural.com\/%places-slug%\/maldonado\/\",\"title\":\"Maldonado\",\"description\":\"<section id=\\\"item-wrap\\\" class=\\\"destino-wrap\\\"><!--Desarrollo item--><article>Maldonado, es la capital del departamento hom\u00f3nimo. Actualmente se encuentra conurbada con la ciudad de Punta del Este y de forma parcial est\u00e1 vinculada a la ciudad de San Carlos.<\/article><article>Entre las tres ciudades conforman el segundo conurbano m\u00e1s amplio y poblado del pa\u00eds. El departamento en su conjunto es rico en contrastes. Posee un relieve sorprendente que se caracteriza por la presencia de sierras y por m\u00e1s de 100 kil\u00f3metros de costa diversa para disfrutar desde su l\u00edmite con Canelones (por el arroyo Sol\u00eds Grande) hasta su frontera con Rocha en el extremo este del pa\u00eds. Su famosa pen\u00ednsula de Punta del Este divide al r\u00edo de la Plata del oc\u00e9ano Atl\u00e1ntico, y es conocida como la ciudad balnearia m\u00e1s glamorosa de la regi\u00f3n.\\r\\nLa catedral de San Fernando de Maldonado es uno de los edificios m\u00e1s emblem\u00e1ticos de la capital. Frente a ella se ubica la moderna plaza San Fernando de Maldonado, donde se desarrollan numerosos eventos culturales y sociales. El cuartel de dragones es otro de los edificios importantes que no pueden dejar de conocerse. Su construcci\u00f3n culmin\u00f3 en 1797 y actualmente alberba diversos vestigios hist\u00f3rico-culturales que permiten al turista trasladarse en el tiempo.<\/article>\\r\\n<h3>\u00a1No te pierdas!<\/h3>\\r\\n<div class=\\\"mas-visitados clearfix\\\">\\r\\n<figure><img class=\\\"circular-img\\\" src=\\\"images\/destinos-destacados\/desktop.jpg\\\" alt=\\\"\\\" \/><\/figure>\\r\\n<h4>Catedral de San Fernando.<\/h4>\\r\\nEmblem\u00e1tica iglesia de estilo neocl\u00e1sico, construida a lo largo de casi un siglo, entre 1801 y 1895. El altar mayor, obra de Antonio Veiga, guarda la imagen de la Virgen del Carmen, perteneciente al vapor Ciudad de Santander, naufragado en 1829 cerca de la Isla de Lobos.\\r\\n\\r\\n<\/div>\\r\\n<div class=\\\"mas-visitados clearfix\\\">\\r\\n<figure><img class=\\\"circular-img\\\" src=\\\"images\/destinos-destacados\/desktop.jpg\\\" alt=\\\"\\\" \/><\/figure>\\r\\n<h4>Cuartel de Dragones.<\/h4>\\r\\nEl edificio hist\u00f3rico construido entre 1771 y 1797, abarca una manzana frente a la plaza principal. En su interior funcional el Museo Did\u00e1ctico Artiguista, a su vez, se exhibe una colecci\u00f3n de pintura y escultura Nacional, donada por Nicol\u00e1s Garc\u00eda Uriburu.\\r\\n\\r\\n<\/div>\\r\\n<!--Fin m\u00e1s visitados-->\\r\\n\\r\\n<\/section>\",\"primary_image\":\"http:\/\/uruguaynatural.com\/wp-content\/uploads\/2023\/04\/Maldonado.jpg\"}]","date_enabled":"","start_date":"","end_date":"","_links":{"self":[{"href":"https:\/\/uruguaynatural.com\/pt\/wp-json\/wp\/v2\/experiences\/2902","targetHints":{"allow":["GET"]}}],"collection":[{"href":"https:\/\/uruguaynatural.com\/pt\/wp-json\/wp\/v2\/experiences"}],"about":[{"href":"https:\/\/uruguaynatural.com\/pt\/wp-json\/wp\/v2\/types\/experiences"}],"author":[{"embeddable":true,"href":"https:\/\/uruguaynatural.com\/pt\/wp-json\/wp\/v2\/users\/5"}],"wp:attachment":[{"href":"https:\/\/uruguaynatural.com\/pt\/wp-json\/wp\/v2\/media?parent=2902"}],"wp:term":[{"taxonomy":"experience-categories","embeddable":true,"href":"https:\/\/uruguaynatural.com\/pt\/wp-json\/wp\/v2\/experience-categories?post=2902"}],"curies":[{"name":"wp","href":"https:\/\/api.w.org\/{rel}","templated":true}]}}