{"id":2204,"date":"{\"dateEnabled\":false}","date_gmt":"2023-05-11T19:36:04","guid":{"rendered":"https:\/\/uruguaynatural.com\/es\/experiences\/\/"},"modified":"2023-09-28T08:26:28","modified_gmt":"2023-09-28T11:26:28","slug":"belloni-el-escultor-que-moldeo-la-identidad-uruguaya","status":"publish","type":"experiences","link":"https:\/\/uruguaynatural.com\/pt\/experiences\/belloni-el-escultor-que-moldeo-la-identidad-uruguaya\/","title":{"rendered":"Belloni: o escultor que moldou a identidade uruguaia"},"author":5,"template":"","experience-categories":[27,17],"class_list":["post-2204","experiences","type-experiences","status-publish","hentry","experience-categories-arte","experience-categories-cultura"],"acf":[],"primary_title":"<h1><span class=\"highlight highlight--verde\">Belloni:<\/span> o escultor que moldou a <span class=\"highlight highlight--verde\">identidade <\/span>uruguaia<\/h1>","description":"Descobrir o escultor, artista e professor por tr\u00e1s de suas obras, que refletem a cultura e a identidade uruguaia, \u00e9 a nova proposta tur\u00edstica em torno do escultor Jos\u00e9 Belloni.","info":"Uma rota composta por tr\u00eas circuitos em Montevid\u00e9u em torno de Jos\u00e9 Belloni foi incorporada \u00e0 oferta de turismo cultural uruguaio: um no bairro Ciudad Vieja; outro em Paso Molino e Prado; e um terceiro em Tres Cruces, Parque Batlle e Parque Rod\u00f3, todos lugares emblem\u00e1ticos ligados ao artista e locais de interesse hist\u00f3rico e tur\u00edstico.\r\n\r\nS\u00e3o tr\u00eas conceitos que, nas palavras de seu neto, Jos\u00e9 Alverto Belloni, o definem como um \"escultor profundamente conceitual no pensamento; naturalista na execu\u00e7\u00e3o, com uma leve tend\u00eancia \u00e0 estiliza\u00e7\u00e3o\".\r\n\r\nEle produziu mais de 1.500 esculturas durante sua vida, sem contar suas pinturas e aquarelas. A rota do artista tamb\u00e9m ser\u00e1 projetada em outros departamentos do pa\u00eds e, no futuro, ser\u00e1 gerada uma rota internacional, levando em conta que suas obras est\u00e3o presentes em diferentes partes do mundo, como Argentina, Brasil, Su\u00ed\u00e7a, It\u00e1lia, Espanha, Estados Unidos, Fran\u00e7a, entre outras na\u00e7\u00f5es. Um exemplo disso \u00e9 o m\u00e1rmore do General Artigas localizado na Gallery of Heroes em Washington, uma r\u00e9plica do The Wagon na Casa Branca, entre outros.\r\n<p align=\"justify\"><b>ORIGEM<\/b><\/p>\r\nFilho de um jardineiro su\u00ed\u00e7o e de uma m\u00e3e basca espanhola, ele nasceu no Uruguai em 12 de setembro de 1882 na casa de campo do poeta Aur\u00e9lio Berro, em El Paso del Molino, Montevid\u00e9u, e morreu na mesma cidade em 1965.\r\n\r\nAos oito anos de idade, viajou com seu pai Giuseppe para a Su\u00ed\u00e7a. L\u00e1, ele se formou como artista e conheceu seu mentor, o escultor Luigi Vassalli, que o orientou e o treinou em v\u00e1rias t\u00e9cnicas.\r\n\r\nEm 1909, retornou ao Uruguai para se candidatar a uma bolsa de estudos de escultura no velho continente, o que lhe permitiu aperfei\u00e7oar seus estudos na Europa, na Academia Real de Munique e, posteriormente, na Escola de Belas Artes de Roma. Seu talento e seus estudos o levaram a ser distinguido com v\u00e1rios pr\u00eamios, ministrou aulas de moldagem e seu trabalho ultrapassou fronteiras.\r\n\r\nAo t\u00e9rmino de sua bolsa de estudos, retornou a Montevid\u00e9u, onde foi nomeado pela Comiss\u00e3o do C\u00edrculo Fomento de Belas Artes para dirigir as aulas de modelagem e desenho ornamental, cargo que ocupou at\u00e9 1914, sendo posteriormente nomeado diretor do mesmo C\u00edrculo.\r\n<p align=\"justify\">\u201c<b>ESCULTOR DA P\u00c1TRIA\u201d<\/b><\/p>\r\n<p align=\"justify\">\"Jos\u00e9 Belloni devolveu ao seu povo o que o povo havia investido nele por meio de sua arte. Ele foi o escultor da p\u00e1tria, mas tamb\u00e9m o artista da igualdade de classes e dos direitos humanos. Seu legado representa nossa identidade e nossas origens como povo oriental\", acrescentou.<\/p>\r\nQuanto \u00e0 sua personalidade, Jos\u00e9 era um homem de \"car\u00e1ter alegre, que tinha uma rela\u00e7\u00e3o de cumplicidade com sua fam\u00edlia e netos\", lembra seu neto.\r\n\r\nEntre sua vasta obra, destaca-se o monumento a \"La Carreta\", localizado no Parque Batlle y Ordo\u00f1ez, uma das obras mais admir\u00e1veis do g\u00eanero escult\u00f3rico, que alcan\u00e7ou fama universal, assim como \"La Diligencia\", localizada no Prado, uma obra de caracter\u00edsticas semelhantes \u00e0 anterior.\r\n\r\nA escultura La Carreta, embora seu esbo\u00e7o tenha sido montado em miniatura em Montevid\u00e9u, foi conclu\u00edda em Floren\u00e7a, na It\u00e1lia, pois naquela \u00e9poca n\u00e3o havia fundi\u00e7\u00f5es em toda a Am\u00e9rica que permitissem a realiza\u00e7\u00e3o de uma obra de tal magnitude, explicou seu neto.\r\n\r\nEle tamb\u00e9m \u00e9 o autor de algumas das figuras decorativas no Sal\u00f3n de los Pasos Perdidos do Pal\u00e1cio Legislativo e dos baixos-relevos do bras\u00e3o nacional na antec\u00e2mara da C\u00e2mara dos Senadores.\r\n\r\nO escultor Belloni acreditava acima de tudo na natureza, nos direitos do homem, na igualdade de g\u00eaneros e ra\u00e7as e em um mundo mais equilibrado entre o espiritual e o material. Ele conseguiu capturar tudo isso em suas esculturas, o que torna dif\u00edcil classific\u00e1-las de acordo com as tend\u00eancias usuais.\r\n<p align=\"justify\"><b>CIRCUITO DA CIDADE VELHA<\/b><\/p>\r\n<p align=\"justify\">1) <b>Catedral de Montevid\u00e9u (Plaza Constituci\u00f3n)<\/b> - Em 1947, o artista projetou as esculturas para a remodela\u00e7\u00e3o do front\u00e3o da Iglesia Matriz, incluindo as figuras de 3,50 metros de altura da Virgem e dos santos padroeiros da cidade (San Felipe e Santiago); os dois anjos anexados \u00e0s torres e o t\u00edmpano central de concreto com Jesus e seus disc\u00edpulos.<\/p>\r\n<p align=\"justify\"><b>2) Teatro Sol\u00eds (Buenos Aires 678)<\/b> - Baixo-relevo encomendado ao artista pela Sociedad Uruguaya de Autores em 1919, em homenagem ao dramaturgo Florencio S\u00e1nchez, consistindo em duas placas de bronze emolduradas em m\u00e1rmore rosa, com os \u00edcones de \"Trag\u00e9dia\" e \"Com\u00e9dia\", localizadas no sagu\u00e3o do centro cultural.<\/p>\r\n<p align=\"justify\"><b>3) Monumento a Juan Manuel Blanes (Buenos Aires, entre Juncal e Liniers) <\/b>\u2013 Produzida em 1948, ela homenageia o chamado \"Pintor da P\u00e1tria Uruguaia\", por retratar com sua paleta os atos mais importantes da consolida\u00e7\u00e3o do processo de independ\u00eancia nacional.<\/p>\r\n<p align=\"justify\"><b>4) Monumento ao Bar\u00e3o de Mau\u00e1 (Rambla Gran Breta\u00f1a e Ciudadela)<\/b> \u2013 \u00c9 uma obra de dimens\u00f5es importantes em granito rosa, em homenagem a Irineo Evangelista de Souza, um importante financista e empres\u00e1rio brasileiro que atuou no Uruguai na segunda metade do s\u00e9culo XIX. O busto de bronze do escultor nortista Rodolfo Bernardelli complementa a obra.<\/p>\r\n<p align=\"justify\"><b>5) Monumento \"El Entrevero\" - Pra\u00e7a Juan P. Fabini (Avenida 18 de Julio entre R\u00edo Negro e Julio Herrera y Obes) <\/b>\u2013 Essa obra, inaugurada em 1967, ap\u00f3s a morte do artista dois anos antes, relembra em bronze os combates de nossas guerras de Independ\u00eancia e os conflitos civis no Uruguai, homenageando o humilde soldado, defensor de um ideal, representado pelo ga\u00facho, o negro, o branco e o \u00edndio.<\/p>\r\nVeja a rota completa da Belloni <a href=\"https:\/\/www.rutabelloni.com.uy\/inicio\/index.php\">aqui<\/a>!\r\n\r\n+ info: <a href=\"http:\/\/www.museobelloni.com\/\">www.museobelloni.com\/<\/a>","highlights":"","primary_image":"[{\"id\":2205,\"url\":\"https:\/\/uruguaynatural.com\/wp-content\/uploads\/2023\/05\/BelloniyNieto-238-900x607-1.jpg\"}]","secondary_image":"[]","gallery_images":"[]","enable_map":"1","coord_lat":"","coord_lng":"","locations":"-34.892188202153854,-56.15516616759558|-34.905785121168456,-56.194260138487365|-34.9061722610837,-56.20344402215436|-34.90726328193372,-56.201298254942444|-34.91155683610203,-56.19872333428815|-34.86208362747114,-56.211059304962504|-34.89424849851174,-56.16458858753275","department":"Montevideo","places":"[{\"id\":2925,\"link\":\"http:\/\/uruguaynatural.com\/%places-slug%\/canelones\/\",\"title\":\"Canelones\",\"description\":\"En la actualidad es centro administrativo del departamento y en sus alrededores predominan peque\u00f1as chacras, quintas, bodegas y tambos tur\u00edsticos. Entre sus eventos destacados se destaca Fiesta Nacional de la Bandera y el Peric\u00f3n Federal que tiene lugar en diciembre.\\r\\n\\r\\nCanelones, en tanto departamento,\u00a0 se destaca por ser luego de Montevideo, por ser el m\u00e1s poblado del pa\u00eds y uno de los m\u00e1s estrat\u00e9gicos desde el punto de vista geopol\u00edtico. Situado al Sur del pa\u00eds, es el puente de comunicaci\u00f3n entre la capital y el interior del pa\u00eds, adem\u00e1s de receptor de visitantes extranjeros, al ser sede del Aeropuerto Internacional de Carrasco Cuenta con una superficie de m\u00e1s de 4.500 metros cuadrados y una poblaci\u00f3n que supera los 520 mil. Su territorio, levemente ondulado y pleno de llanuras, cuenta con un rico caudal de arroyos integrantes de la cuenca del r\u00edo Santa Luc\u00eda, fuente de riqueza acu\u00edfera potable para todo el sur del pa\u00eds, que termina desembocando en las costas del R\u00edo de la Plata. Existen adem\u00e1s algunos lagos de gran tama\u00f1o, tajamares o embalses y pozos excavados que almacenan agua durante el invierno para el riego en verano. Canelones es adem\u00e1s, un departamento fundamental para comprender la historia del pa\u00eds. De acuerdo a las instrucciones dadas por el Gral. Jos\u00e9 Gervasio Artigas en 1816, Canelones constituir\u00eda una de las seis jurisdicciones con que se dividir\u00eda la Provincia Oriental.\\r\\n\\r\\nLa ciudad de Canelones alberga importantes monumentos y construcciones que invitan a disfrutar del turismo hist\u00f3rico-cultural.\u00a0En el Parque Gral. Artigas se encuentra el Museo Arqueol\u00f3gico Antonio Taddei, quien fuera uno de los precursores de la Arqueolog\u00eda cient\u00edfica en Uruguay. Exhibe material paleontol\u00f3gico y fundamentalmente arqueol\u00f3gico pertenecientes a culturas ind\u00edgenas que habitaron nuestro territorio. Otro sitio imperdible de la capital canaria es la Catedral Nuestra Se\u00f1ora de Guadalupe, construida en 1843, con una tipolog\u00eda arquitect\u00f3nica representativa del Neoclacisimo espa\u00f1ol. En torno a la Capilla en honor a esta virgen se fund\u00f3 la Villa Nuestra Se\u00f1ora de Guadalupe en 1783 y fue a los pies de la imagen que se bendijo en 1829 al primer Pabell\u00f3n Nacional, creado por la Asamblea General Constituyente y Legislativa del Estado.\\r\\n\\r\\nEn la plaza 18 de Julio est\u00e1 el Monumento a la Bandera, inaugurado en 1939 y conocido como \u201cLa Joaquina\u201d, aludiendo al retrato en relieve de Joaqu\u00edn Su\u00e1rez que hay en su frente. La figura luce la cl\u00e1sica t\u00fanica griega de las alegor\u00edas c\u00edvicas de la \u00e9poca, sosteniendo en su mano derecha una espada y con la izquierda alza el pabell\u00f3n nacional.\\r\\n\\r\\n<strong>\u00a1No te pierdas!<\/strong>\\r\\n<div class=\\\"mas-visitados clearfix\\\">\\r\\n<h3><img class=\\\"circular-img\\\" src=\\\"https:\/\/uruguaynatural.com\/images\/destinos-destacados\/politeama.png\\\" alt=\\\"\\\" \/><\/h3>\\r\\n<strong>Complejo Cultural Politeama<\/strong>\\r\\n\\r\\nEl Complejo Cultural Politeama cumpli\u00f3 100 a\u00f1os y su denominaci\u00f3n hace referencia a que este espacio ha sido destinado hist\u00f3ricamente a diversos tipos de espect\u00e1culos como zarzuelas, representaciones teatrales, funciones de cine, bailes y hasta competencias de boxeo. Cuenta con dos tertulias y platea flanqueada por pasillos que componen la sala teatral \u201cAtahualpa del Cioppo\u201d.\u00a0Teatro Atahualpa del Cioppo. Reinaugurado en el a\u00f1o 2014 luego de varias reformas, es considerado el polo art\u00edstico de la ciudad y \u00e1mbito c\u00e9ntrico de realizaci\u00f3n de actividades culturales.\u00a0Contacto: 1828 Int. 1233\\r\\n<h3><\/h3>\\r\\n<\/div>\\r\\n<div class=\\\"mas-visitados clearfix\\\">\\r\\n<figure><img class=\\\"circular-img\\\" src=\\\"https:\/\/uruguaynatural.com\/images\/destinos-destacados\/spikerman.png\\\" alt=\\\"\\\" \/><\/figure>\\r\\n<strong>Museo Spikerman<\/strong>\\r\\n\\r\\nEn el mismo se exhiben materiales representativos de la etapa fundacional de la ciudad y una valiosa colecci\u00f3n numism\u00e1tica y otra de armas pertenecientes al proceso revolucionario Artiguista, a la Cruzada Libertadora y a las guerras civiles de la primera mitad del siglo XIX, adem\u00e1s de ara\u00f1as y un reloj que pertenecieron a jefes pol\u00edticos del departamento de la misma \u00e9poca.\u00a0Contacto: (+598) \u00a043323111\\r\\n\\r\\n<\/div>\\r\\n<div class=\\\"mas-visitados clearfix\\\">\\r\\n<figure><img class=\\\"circular-img\\\" src=\\\"https:\/\/uruguaynatural.com\/images\/destinos-destacados\/bandera.png\\\" alt=\\\"\\\" \/><\/figure>\\r\\n<strong>Monumento a la bandera<\/strong>\\r\\n<p class=\\\"western\\\" lang=\\\"es-UY\\\">Ubicado en la plaza 18 de Julio de Canelones, es un monumento de estilo historicista \u00a0en homenaje al primer pabell\u00f3n nacional. Consiste en una figura femenina en postura vertical, con la cabeza erguida y expresi\u00f3n severa. Vestida con una t\u00fanica, sostiene una espada en la mano derecha y con la izquierda alza la bandera.<\/p>\\r\\n\u00a0\\r\\n\\r\\n<\/div>\\r\\n<div class=\\\"mas-visitados clearfix\\\">\\r\\n<figure><img class=\\\"circular-img\\\" src=\\\"https:\/\/uruguaynatural.com\/images\/destinos-destacados\/granja.png\\\" alt=\\\"\\\" \/><\/figure>\\r\\n<strong>Granja de los ni\u00f1os<\/strong>\\r\\n\\r\\nSe trata de un espacio interdisciplinario e interinstitucional y educativo, que buscar promover la producci\u00f3n responsable y una cultura de vida saludable, posicionando a la granja como un lugar de referencia en los paseos p\u00fablicos del \u00e1rea metropolitana. El mismo contempla espacios l\u00fadicos recreativos, un galp\u00f3n cultural, un sector agroecol\u00f3gico, un espacio pecuario, ludoteca al aire libre, casitas en los \u00e1rboles, corrales de animales dom\u00e9sticos y un auditorio. Contacto: 43323060\\r\\n\\r\\n\u00a0\\r\\n\\r\\n<\/div>\",\"primary_image\":\"http:\/\/uruguaynatural.com\/wp-content\/uploads\/2023\/06\/Plaza-de-Canelones.jpg\"}]","date_enabled":"","start_date":"","end_date":"","_links":{"self":[{"href":"https:\/\/uruguaynatural.com\/pt\/wp-json\/wp\/v2\/experiences\/2204","targetHints":{"allow":["GET"]}}],"collection":[{"href":"https:\/\/uruguaynatural.com\/pt\/wp-json\/wp\/v2\/experiences"}],"about":[{"href":"https:\/\/uruguaynatural.com\/pt\/wp-json\/wp\/v2\/types\/experiences"}],"author":[{"embeddable":true,"href":"https:\/\/uruguaynatural.com\/pt\/wp-json\/wp\/v2\/users\/5"}],"wp:attachment":[{"href":"https:\/\/uruguaynatural.com\/pt\/wp-json\/wp\/v2\/media?parent=2204"}],"wp:term":[{"taxonomy":"experience-categories","embeddable":true,"href":"https:\/\/uruguaynatural.com\/pt\/wp-json\/wp\/v2\/experience-categories?post=2204"}],"curies":[{"name":"wp","href":"https:\/\/api.w.org\/{rel}","templated":true}]}}