{"id":3154,"date":"2023-06-21T15:49:05","date_gmt":"2023-06-21T18:49:05","guid":{"rendered":"https:\/\/uruguaynatural.com\/es\/places\/\/"},"modified":"2026-04-16T10:39:52","modified_gmt":"2026-04-16T13:39:52","slug":"fray-bentos-2","status":"publish","type":"places","link":"https:\/\/uruguaynatural.com\/es\/places\/fray-bentos-2\/","title":{"rendered":"Fray Bentos"},"author":2,"template":"","place-categories":[86,187,101],"class_list":["post-3154","places","type-places","status-publish","hentry","place-categories-ciudades","place-categories-region-litoral-sur","place-categories-rio-negro"],"acf":[],"primary_title":"<h1 class=\"itemTitle\"><span class=\"highlight highlight--violeta\">Fray Bentos<\/span><\/h1>","short_description":"Situada en las m\u00e1rgenes del r\u00edo Uruguay, en el l\u00edmite con Argentina, la capital del departamento de R\u00edo Negro, facilita el tr\u00e1nsito entre ambos pa\u00edses, a trav\u00e9s del puente internacional Libertador General San Mart\u00edn. Es una ciudad de 25.000 habitantes surgida a mediados del siglo XIX bajo el influjo de la industria de la carne. All\u00ed se instal\u00f3 el primer establecimiento industrial del pa\u00eds, el frigor\u00edfico Liebig\u00b4s de fama internacional, que actualmente conforma el Paisaje Cultural Industrial Fray Bentos, recientemente declarado Patrimonio Hist\u00f3rico Cultural de la Humanidad por la Unesco.","description":"<div class=\"itemHeader\"><\/div>\r\n<div class=\"itemBody\">\r\n<div class=\"itemIntroText\"><section id=\"item-wrap\" class=\"destino-wrap\"><article>Como lugares de inter\u00e9s se destacan: la rambla, el Museo de la Revoluci\u00f3n Industrial, el Barrio Anglo, el Museo Luis Solari, la Plaza Hargain, el Teatro Young, el Parque Roosevelt y el Teatro de Verano. Otros atractivos son la ruta panor\u00e1mica desde Barrio Anglo hasta el balneario Las Ca\u00f1as, el mirador del Puente San Mart\u00edn; y la planta industrial de UPM, que puede visitarse mediante previa coordinaci\u00f3n.\r\nEl departamento al que pertenece est\u00e1 enclavado entre los dos r\u00edos m\u00e1s importantes del pa\u00eds, el majestuoso R\u00edo Uruguay y el caudaloso R\u00edo Negro. Ambos tienen un caudal combinado de m\u00e1s de cinco millones de litros por segundo.\r\nEl territorio est\u00e1 regado por numerosos cursos de agua y tiene costas sobre dos importantes embalses hidroel\u00e9ctricos: Rinc\u00f3n de Palmar y Rinc\u00f3n de Baygorria. Su clima es templado y agradable lo que favorece el disfrute de la naturaleza durante todas las \u00e9pocas del a\u00f1o.\r\nR\u00edo Negro cuenta con hermosas playas fluviales como Las Ca\u00f1as, Puerto Viejo y Potrero de Burro sobre el R\u00edo Uruguay y Los Arrayanes sobre el R\u00edo Negro.\r\nEl departamento tambi\u00e9n se caracteriza por la presencia de m\u00faltiples \u00e1reas de valor y pr\u00f3diga biodiversidad. La preservaci\u00f3n y valorizaci\u00f3n de dichas \u00e1reas ha sido beneficiosa para las comunidades locales que habitan en la zona. As\u00ed, por ejemplo, Esteros de Farrapos e Islas de R\u00edo Uruguay, localizada en la costa fluvial occidental del departamento, fue indentificada y promovida como \u00c1rea Protegida por el Sistema Nacional de \u00c1reas Protegidas, y es motivo de orgullo para los\u00a0 rio negrenses.<\/article><article>\r\n<h3>\u00a1No te pierdas!<\/h3>\r\n<div class=\"mas-visitados clearfix\">\r\n<figure><img class=\"circular-img\" src=\"https:\/\/uruguaynatural.com\/images\/destinos-destacados\/desktop.jpg\" alt=\"\" \/><\/figure>\r\n<h4>Rambla costanera.<\/h4>\r\nFue realizada en\u00a0 1940 por los arquitectos Carlevaro y Avella Tr\u00edas, utilizando espacios ganados al r\u00edo Uruguay que fueron rellenados con material de las barrancas. En esta zona se puede pescar y practicar deportes n\u00e1uticos y por las tardes es el punto de encuentro de los habitantes de la ciudad.\r\n\r\n<\/div>\r\n<div class=\"mas-visitados clearfix\">\r\n<figure><img class=\"circular-img\" src=\"https:\/\/uruguaynatural.com\/images\/destinos-destacados\/Teatro_Miguel_Young_6.jpg\" alt=\"\" \/><\/figure>\r\n<h4>Teatro Miguel Young.<\/h4>\r\nUbicado en 25 de Mayo y Zorrilla de San Martin, a una cuadra de la Plaza Constituci\u00f3n, este antiguo teatro con m\u00e1s de 100 a\u00f1os de antig\u00fcedad, cuenta con 400 butacas.\r\nEl edificio fue declarado Monumento Hist\u00f3rico Nacional en 2001 y constituye\u00a0 una joya de estilo ecl\u00e9ctico. Su ac\u00fastica, sus palcos, foyer, cazuela, tertulia y para\u00edso reciben durante todo el a\u00f1o grupos de diversas ramas art\u00edsticas.\r\n<h3><\/h3>\r\n<div class=\"mas-visitados clearfix\">\r\n<figure><img class=\"circular-img\" src=\"https:\/\/uruguaynatural.com\/images\/destinos-destacados\/Catedral_de_Melo_(1981)1.JPG\" alt=\"\" \/><\/figure>\r\n<h4>Iglesia Nuestra Se\u00f1ora del Pilar.<\/h4>\r\nUbicada frente a la plaza constituci\u00f3n, por calle 25 de mayo entre 18 de Julio y Rinc\u00f3n, constituye\u00a0 la primera iglesia de Fray Bentos. Fue construida por la compa\u00f1\u00eda del saladero Liebig en 1862. Entre sus piezas, adem\u00e1s de\u00a0 la imagen de Mar\u00eda Sant\u00edsima original, que se conserva hasta el presente, se destaca un reloj tra\u00eddo de Francia durante la \u00e9poca dorada de Fray Bentos.\r\n\r\n<\/div>\r\n<div class=\"mas-visitados clearfix\">\r\n<figure><img class=\"circular-img\" src=\"https:\/\/uruguaynatural.com\/images\/destinos-destacados\/Plaza_Hargain.jpg\" alt=\"\" \/><\/figure>\r\n<h4>Plaza Hargain.<\/h4>\r\nUbicada en la zona portuaria de Fray Bentos, lleva el nombre del primer poblador de la ciudad, que se instal\u00f3 en la zona en 1857. La primera plaza de la ciudad mantiene la caracter\u00edstica de un paseo del siglo XIX. Sus casas recicladas de hospedaje ofrecen un sitio privilegiado que invita al descanso.\r\n\r\n<\/div>\r\n<div class=\"module_round_box_outer\">\r\n<div class=\"module_round_box\">\r\n<div class=\"s5_module_box_1\">\r\n<div class=\"s5_module_box_2\">\r\n<div class=\"s5_outer\">\r\n<div class=\"custom\"><section id=\"modulo-wrap\" class=\"links-de-interes-wrap\"><a href=\"http:\/\/www.rionegro.gub.uy\/\" target=\"_blank\" rel=\"noopener\">www.rionegro.gub.uy<\/a><\/section><\/div>\r\n<\/div>\r\n<div><b>Terminal de \u00d3mnibus<\/b><\/div>\r\n<div>Direcci\u00f3n: 18 de Julio entre Blanes y Jos\u00e9 P. Varela - Tel. (+598) 456 2 2737 \/ 4416<\/div>\r\n<\/div>\r\n<\/div>\r\n<\/div>\r\n<\/div>\r\n<div class=\"module_round_box_outer\">\r\n<div class=\"module_round_box\">\r\n<div class=\"s5_module_box_1\">\r\n<div class=\"s5_module_box_2\">\r\n<div class=\"s5_outer\">\r\n<div class=\"custom\"><section id=\"modulo-wrap\" class=\"informacion-turistica\"><b>Intendencia de R\u00edo Negro<\/b>\r\nDirecci\u00f3n de Turismo\r\nDirecci\u00f3n: 25 de Mayo y Lavalleja - Tel. (+598) 4562 2233 \/ 1935 int. 15612<span id=\"cloakc27880be203a6be777f54fdc362a1820\"> - <a href=\"mailto:turismo@rionegro.gub.uy\">turismo@rionegro.gub.uy<\/a><\/span><span id=\"cloak1066cd021b300636c4702a5a3fc328b7\"> - <a href=\"mailto:turismorn@gmail.com\">turismorn@gmail.com<\/a><\/span><\/section><\/div>\r\n<\/div>\r\n<\/div>\r\n<\/div>\r\n<\/div>\r\n<\/div>\r\n<\/div>\r\n<\/article><\/section><\/div>\r\n<\/div>","primary_image":"[{\"id\":3161,\"url\":\"https:\/\/uruguaynatural.com\/wp-content\/uploads\/2023\/06\/anglo.jpg\"}]","secondary_image":"[]","gallery_images":"[]","enable_map":"1","coord_lat":"","coord_lng":"","locations":"-33.12948458885291,-58.29788451113933","department":"Rio Negro","_links":{"self":[{"href":"https:\/\/uruguaynatural.com\/es\/wp-json\/wp\/v2\/places\/3154","targetHints":{"allow":["GET"]}}],"collection":[{"href":"https:\/\/uruguaynatural.com\/es\/wp-json\/wp\/v2\/places"}],"about":[{"href":"https:\/\/uruguaynatural.com\/es\/wp-json\/wp\/v2\/types\/places"}],"author":[{"embeddable":true,"href":"https:\/\/uruguaynatural.com\/es\/wp-json\/wp\/v2\/users\/2"}],"wp:attachment":[{"href":"https:\/\/uruguaynatural.com\/es\/wp-json\/wp\/v2\/media?parent=3154"}],"wp:term":[{"taxonomy":"place-categories","embeddable":true,"href":"https:\/\/uruguaynatural.com\/es\/wp-json\/wp\/v2\/place-categories?post=3154"}],"curies":[{"name":"wp","href":"https:\/\/api.w.org\/{rel}","templated":true}]}}