{"id":2925,"date":"2023-06-12T16:40:15","date_gmt":"2023-06-12T19:40:15","guid":{"rendered":"https:\/\/uruguaynatural.com\/es\/places\/\/"},"modified":"2023-09-27T14:38:22","modified_gmt":"2023-09-27T17:38:22","slug":"canelones","status":"publish","type":"places","link":"https:\/\/uruguaynatural.com\/es\/places\/canelones\/","title":{"rendered":"Canelones"},"author":7,"template":"","place-categories":[91,86,85],"class_list":["post-2925","places","type-places","status-publish","hentry","place-categories-canelones","place-categories-ciudades","place-categories-metropolitana"],"acf":[],"primary_title":"<h1 class=\"itemTitle\"><span class=\"highlight highlight--verde\">Canelones<\/span><\/h1>","short_description":"Llamada originalmente \"Villa de Nuestra Se\u00f1ora de Guadalupe\", Canelones,\u00a0 fue cuna del primer pabell\u00f3n patrio y tierra de inmigrantes canarios.","description":"En la actualidad es centro administrativo del departamento y en sus alrededores predominan peque\u00f1as chacras, quintas, bodegas y tambos tur\u00edsticos. Entre sus eventos destacados se destaca Fiesta Nacional de la Bandera y el Peric\u00f3n Federal que tiene lugar en diciembre.\r\n\r\nCanelones, en tanto departamento,\u00a0 se destaca por ser luego de Montevideo, por ser el m\u00e1s poblado del pa\u00eds y uno de los m\u00e1s estrat\u00e9gicos desde el punto de vista geopol\u00edtico. Situado al Sur del pa\u00eds, es el puente de comunicaci\u00f3n entre la capital y el interior del pa\u00eds, adem\u00e1s de receptor de visitantes extranjeros, al ser sede del Aeropuerto Internacional de Carrasco Cuenta con una superficie de m\u00e1s de 4.500 metros cuadrados y una poblaci\u00f3n que supera los 520 mil. Su territorio, levemente ondulado y pleno de llanuras, cuenta con un rico caudal de arroyos integrantes de la cuenca del r\u00edo Santa Luc\u00eda, fuente de riqueza acu\u00edfera potable para todo el sur del pa\u00eds, que termina desembocando en las costas del R\u00edo de la Plata. Existen adem\u00e1s algunos lagos de gran tama\u00f1o, tajamares o embalses y pozos excavados que almacenan agua durante el invierno para el riego en verano. Canelones es adem\u00e1s, un departamento fundamental para comprender la historia del pa\u00eds. De acuerdo a las instrucciones dadas por el Gral. Jos\u00e9 Gervasio Artigas en 1816, Canelones constituir\u00eda una de las seis jurisdicciones con que se dividir\u00eda la Provincia Oriental.\r\n\r\nLa ciudad de Canelones alberga importantes monumentos y construcciones que invitan a disfrutar del turismo hist\u00f3rico-cultural.\u00a0En el Parque Gral. Artigas se encuentra el Museo Arqueol\u00f3gico Antonio Taddei, quien fuera uno de los precursores de la Arqueolog\u00eda cient\u00edfica en Uruguay. Exhibe material paleontol\u00f3gico y fundamentalmente arqueol\u00f3gico pertenecientes a culturas ind\u00edgenas que habitaron nuestro territorio. Otro sitio imperdible de la capital canaria es la Catedral Nuestra Se\u00f1ora de Guadalupe, construida en 1843, con una tipolog\u00eda arquitect\u00f3nica representativa del Neoclacisimo espa\u00f1ol. En torno a la Capilla en honor a esta virgen se fund\u00f3 la Villa Nuestra Se\u00f1ora de Guadalupe en 1783 y fue a los pies de la imagen que se bendijo en 1829 al primer Pabell\u00f3n Nacional, creado por la Asamblea General Constituyente y Legislativa del Estado.\r\n\r\nEn la plaza 18 de Julio est\u00e1 el Monumento a la Bandera, inaugurado en 1939 y conocido como \u201cLa Joaquina\u201d, aludiendo al retrato en relieve de Joaqu\u00edn Su\u00e1rez que hay en su frente. La figura luce la cl\u00e1sica t\u00fanica griega de las alegor\u00edas c\u00edvicas de la \u00e9poca, sosteniendo en su mano derecha una espada y con la izquierda alza el pabell\u00f3n nacional.\r\n\r\n<strong>\u00a1No te pierdas!<\/strong>\r\n<div class=\"mas-visitados clearfix\">\r\n<h3><img class=\"circular-img\" src=\"https:\/\/uruguaynatural.com\/images\/destinos-destacados\/politeama.png\" alt=\"\" \/><\/h3>\r\n<strong>Complejo Cultural Politeama<\/strong>\r\n\r\nEl Complejo Cultural Politeama cumpli\u00f3 100 a\u00f1os y su denominaci\u00f3n hace referencia a que este espacio ha sido destinado hist\u00f3ricamente a diversos tipos de espect\u00e1culos como zarzuelas, representaciones teatrales, funciones de cine, bailes y hasta competencias de boxeo. Cuenta con dos tertulias y platea flanqueada por pasillos que componen la sala teatral \u201cAtahualpa del Cioppo\u201d.\u00a0Teatro Atahualpa del Cioppo. Reinaugurado en el a\u00f1o 2014 luego de varias reformas, es considerado el polo art\u00edstico de la ciudad y \u00e1mbito c\u00e9ntrico de realizaci\u00f3n de actividades culturales.\u00a0Contacto: 1828 Int. 1233\r\n<h3><\/h3>\r\n<\/div>\r\n<div class=\"mas-visitados clearfix\">\r\n<figure><img class=\"circular-img\" src=\"https:\/\/uruguaynatural.com\/images\/destinos-destacados\/spikerman.png\" alt=\"\" \/><\/figure>\r\n<strong>Museo Spikerman<\/strong>\r\n\r\nEn el mismo se exhiben materiales representativos de la etapa fundacional de la ciudad y una valiosa colecci\u00f3n numism\u00e1tica y otra de armas pertenecientes al proceso revolucionario Artiguista, a la Cruzada Libertadora y a las guerras civiles de la primera mitad del siglo XIX, adem\u00e1s de ara\u00f1as y un reloj que pertenecieron a jefes pol\u00edticos del departamento de la misma \u00e9poca.\u00a0Contacto: (+598) \u00a043323111\r\n\r\n<\/div>\r\n<div class=\"mas-visitados clearfix\">\r\n<figure><img class=\"circular-img\" src=\"https:\/\/uruguaynatural.com\/images\/destinos-destacados\/bandera.png\" alt=\"\" \/><\/figure>\r\n<strong>Monumento a la bandera<\/strong>\r\n<p class=\"western\" lang=\"es-UY\">Ubicado en la plaza 18 de Julio de Canelones, es un monumento de estilo historicista \u00a0en homenaje al primer pabell\u00f3n nacional. Consiste en una figura femenina en postura vertical, con la cabeza erguida y expresi\u00f3n severa. Vestida con una t\u00fanica, sostiene una espada en la mano derecha y con la izquierda alza la bandera.<\/p>\r\n&nbsp;\r\n\r\n<\/div>\r\n<div class=\"mas-visitados clearfix\">\r\n<figure><img class=\"circular-img\" src=\"https:\/\/uruguaynatural.com\/images\/destinos-destacados\/granja.png\" alt=\"\" \/><\/figure>\r\n<strong>Granja de los ni\u00f1os<\/strong>\r\n\r\nSe trata de un espacio interdisciplinario e interinstitucional y educativo, que buscar promover la producci\u00f3n responsable y una cultura de vida saludable, posicionando a la granja como un lugar de referencia en los paseos p\u00fablicos del \u00e1rea metropolitana. El mismo contempla espacios l\u00fadicos recreativos, un galp\u00f3n cultural, un sector agroecol\u00f3gico, un espacio pecuario, ludoteca al aire libre, casitas en los \u00e1rboles, corrales de animales dom\u00e9sticos y un auditorio. Contacto: 43323060\r\n\r\n&nbsp;\r\n\r\n<\/div>","primary_image":"[{\"id\":2952,\"url\":\"https:\/\/uruguaynatural.com\/wp-content\/uploads\/2023\/06\/Plaza-de-Canelones.jpg\"}]","secondary_image":"[]","gallery_images":"[]","enable_map":"1","coord_lat":"","coord_lng":"","locations":"-34.52733273693529,-56.281473054296875","department":"Canelones","_links":{"self":[{"href":"https:\/\/uruguaynatural.com\/es\/wp-json\/wp\/v2\/places\/2925","targetHints":{"allow":["GET"]}}],"collection":[{"href":"https:\/\/uruguaynatural.com\/es\/wp-json\/wp\/v2\/places"}],"about":[{"href":"https:\/\/uruguaynatural.com\/es\/wp-json\/wp\/v2\/types\/places"}],"author":[{"embeddable":true,"href":"https:\/\/uruguaynatural.com\/es\/wp-json\/wp\/v2\/users\/7"}],"wp:attachment":[{"href":"https:\/\/uruguaynatural.com\/es\/wp-json\/wp\/v2\/media?parent=2925"}],"wp:term":[{"taxonomy":"place-categories","embeddable":true,"href":"https:\/\/uruguaynatural.com\/es\/wp-json\/wp\/v2\/place-categories?post=2925"}],"curies":[{"name":"wp","href":"https:\/\/api.w.org\/{rel}","templated":true}]}}