{"id":6945,"date":"2025-09-30T13:17:39","date_gmt":"2025-09-30T16:17:39","guid":{"rendered":"http:\/\/uruguaynatural.com\/es\/?page_id=6945"},"modified":"2025-09-30T14:15:53","modified_gmt":"2025-09-30T17:15:53","slug":"patrimonio-2025","status":"publish","type":"page","link":"https:\/\/uruguaynatural.com\/es\/patrimonio-2025\/","title":{"rendered":"Patrimonio 2025"},"content":{"rendered":"<p><iframe src=\"https:\/\/www.youtube.com\/watch?v=II0ZQN_zp_g\"><\/iframe><\/p>\n<h1>\n<h2 class=\"western\" align=\"justify\" style=\"text-align: center;\"><span style=\"font-family: ARial, sans-serif;\">Celebr\u00e1 el D\u00eda del Patrimonio 2025<br \/>&#8220;1825-1830 Bicentenario en Todos los Pagos&#8221;<\/span><\/h2>\n<\/h1>\n<hr>\n<p><time datetime=\"2025-10-04\">2025-10-04<\/time><\/p>\n<div>\n<p class=\"western\" align=\"justify\"><span style=\"font-family: ARial, sans-serif;\">El D\u00eda del Patrimonio 2025 se celebrar\u00e1 el s\u00e1bado 4 y domingo 5 de octubre, con la tem\u00e1tica central \u201c1825-1830 Bicentenario en todos los pagos\u201d. La conmemoraci\u00f3n invitar\u00e1 a reflexionar sobre el proceso hist\u00f3rico que dio origen a la independencia y a la creaci\u00f3n del Estado Oriental del Uruguay, destacando el protagonismo de hombres y mujeres de distintas condiciones sociales, \u00e9tnicas y culturales que contribuyeron a la construcci\u00f3n del pa\u00eds. <\/span><\/p>\n<p class=\"western\" align=\"justify\"><span style=\"font-family: ARial, sans-serif;\"><span>Para acompa\u00f1ar esta celebraci\u00f3n, compartimos algunos <\/span><\/span><strong><span style=\"font-family: ARial, sans-serif;\"><span>itinerarios recomendados por regi\u00f3n<\/span><\/span><\/strong><span style=\"font-family: ARial, sans-serif;\"><span>, que permiten recorrer Uruguay con una mirada bicentenaria. <\/span><\/span><span style=\"font-family: ARial, sans-serif;\"><b>Todas las actividades son con entrada gratuita.<\/b><\/span><\/p>\n<\/div>\n<ul>\n<li>\n<h3>REGI\u00d3N METROPOLITANA<\/h3>\n<div>\n<p class=\"western\" align=\"justify\"><span style=\"font-family: ARial, sans-serif;\">La capital y sus alrededores rescatan los hitos fundacionales, conectando el pasado colonial y la gesta libertadora con el presente.<\/span><\/p>\n<p class=\"western\" align=\"justify\"><span style=\"font-family: ARial, sans-serif;\"><b>Montevideo<\/b><\/span><span style=\"font-family: ARial, sans-serif;\"> impulsa la Ruta del Bicentenario con 25 puntos en Ciudad Vieja. La Base Naval del Puerto permitir\u00e1 recorrer buques y presenciar un desfile y concierto de la Banda de Parada de la Armada. El Museo Hist\u00f3rico Nacional (Casa Rivera) ofrecer\u00e1 una exposici\u00f3n temporal conmemorativa. El Museo Militar \u201c18 de Mayo de 1811\u201d inaugurar\u00e1 la Sala Itinerante \u201c200 a\u00f1os de la Cruzada Libertadora\u201d. El Archivo General de la Naci\u00f3n (AGN) presentar\u00e1 documentos y actividades sobre la participaci\u00f3n de comunidades ind\u00edgenas, afrodescendientes e inmigrantes. La clausura oficial ser\u00e1 en la explanada del Palacio Legislativo con un espect\u00e1culo de la Orquesta Filarm\u00f3nica de Montevideo y el Ballet Folcl\u00f3rico Juvenil. La Aduana de Oribe y Museo del Arma de Ingenieros brindar\u00e1n conferencias sobre el Brigadier General Juan Antonio Lavalleja y la historia de los Treinta y Tres Orientales. El Cementerio Brit\u00e1nico abordar\u00e1 su historia desde 1825 hasta 2025.<\/span><\/p>\n<figure id=\"attachment_6402\" aria-describedby=\"caption-attachment-6402\" style=\"width: 1024px\" class=\"wp-caption aligncenter\"><img loading=\"lazy\" decoding=\"async\" src=\"http:\/\/10.10.0.32\/wp-content\/uploads\/2025\/05\/Atardecer-MDEO-Lameiro2-1024x576.jpg\" alt=\"\" width=\"1024\" height=\"576\" class=\"size-large wp-image-6402\" srcset=\"https:\/\/uruguaynatural.com\/wp-content\/uploads\/2025\/05\/Atardecer-MDEO-Lameiro2-1024x576.jpg 1024w, https:\/\/uruguaynatural.com\/wp-content\/uploads\/2025\/05\/Atardecer-MDEO-Lameiro2-300x169.jpg 300w, https:\/\/uruguaynatural.com\/wp-content\/uploads\/2025\/05\/Atardecer-MDEO-Lameiro2-768x432.jpg 768w, https:\/\/uruguaynatural.com\/wp-content\/uploads\/2025\/05\/Atardecer-MDEO-Lameiro2-1536x864.jpg 1536w, https:\/\/uruguaynatural.com\/wp-content\/uploads\/2025\/05\/Atardecer-MDEO-Lameiro2-2048x1152.jpg 2048w\" sizes=\"(max-width: 1024px) 100vw, 1024px\" \/><figcaption id=\"caption-attachment-6402\" class=\"wp-caption-text\">Atardecer en Montevideo<\/figcaption><\/figure>\n<p class=\"western\" align=\"justify\"><span style=\"font-family: ARial, sans-serif;\"><b>Canelones<\/b><\/span><span style=\"font-family: ARial, sans-serif;\"> propone en Sauce, visitas guiadas y juegos en el Centro Cultural y Museo Casa de Artigas. En Las Piedras, el Centro Cultural Miguel \u00c1ngel Pareja presentar\u00e1 la exposici\u00f3n \u201cLa gesta de los valientes por la libertad desde el pago de Las Piedras\u201d. El Museo del Agua de OSE (Aguas Corrientes) abrir\u00e1 la Usina a vapor inaugurada en 1871. La Escuela Militar de Aeron\u00e1utica (Pando) ofrecer\u00e1 muestras de aeronaves, demostraciones de aeromodelismo y paracaidismo, y un concierto de la Banda de M\u00fasicos.<\/span><\/p>\n<p><figure id=\"attachment_6656\" aria-describedby=\"caption-attachment-6656\" style=\"width: 900px\" class=\"wp-caption aligncenter\"><img loading=\"lazy\" decoding=\"async\" src=\"http:\/\/10.10.0.32\/wp-content\/uploads\/2025\/07\/cristo-obrero1-900x600-1.jpg\" alt=\"Parroquia Cristo Obrero\" width=\"900\" height=\"600\" class=\"size-full wp-image-6656\" srcset=\"https:\/\/uruguaynatural.com\/wp-content\/uploads\/2025\/07\/cristo-obrero1-900x600-1.jpg 900w, https:\/\/uruguaynatural.com\/wp-content\/uploads\/2025\/07\/cristo-obrero1-900x600-1-300x200.jpg 300w, https:\/\/uruguaynatural.com\/wp-content\/uploads\/2025\/07\/cristo-obrero1-900x600-1-768x512.jpg 768w\" sizes=\"(max-width: 900px) 100vw, 900px\" \/><figcaption id=\"caption-attachment-6656\" class=\"wp-caption-text\">Iglesia Cristo Obrero y Nuestra Se\u00f1ora de Lourdes, Atl\u00e1ntida, Canelones<\/figcaption><\/figure><\/div>\n<\/li>\n<li>\n<h3>REGI\u00d3N CENTRO SUR<\/h3>\n<div>\n<p class=\"western\" align=\"justify\"><span style=\"font-family: ARial, sans-serif;\">Esta regi\u00f3n resalta los escenarios de la Declaratoria de la Independencia y la institucionalizaci\u00f3n del pa\u00eds.<\/span><\/p>\n<p class=\"western\" align=\"justify\"><span style=\"font-family: ARial, sans-serif;\"><b>Florida<\/b><\/span><span style=\"font-family: ARial, sans-serif;\"> acoge la exposici\u00f3n \u201cLa Patria y Florida: Miradas en el Bicentenario\u201d en el MAVEA, con obras de artistas nacionales sobre la independencia. La Marcha del Bicentenario de Rinc\u00f3n a Sarand\u00ed culminar\u00e1 en Sarand\u00ed Grande con actos en el Obelisco y la Plaza Gallinal, y la recreaci\u00f3n de la Batalla de Sarand\u00ed el 12 de octubre.<\/span><\/p>\n<p align=\"justify\"><img loading=\"lazy\" decoding=\"async\" src=\"http:\/\/10.10.0.32\/wp-content\/uploads\/2025\/09\/Piedra-Alta-Florida-1024x645.jpg\" alt=\"\" width=\"1024\" height=\"645\" class=\"aligncenter size-large wp-image-6954\" srcset=\"https:\/\/uruguaynatural.com\/wp-content\/uploads\/2025\/09\/Piedra-Alta-Florida-1024x645.jpg 1024w, https:\/\/uruguaynatural.com\/wp-content\/uploads\/2025\/09\/Piedra-Alta-Florida-300x189.jpg 300w, https:\/\/uruguaynatural.com\/wp-content\/uploads\/2025\/09\/Piedra-Alta-Florida-768x484.jpg 768w, https:\/\/uruguaynatural.com\/wp-content\/uploads\/2025\/09\/Piedra-Alta-Florida-1536x968.jpg 1536w, https:\/\/uruguaynatural.com\/wp-content\/uploads\/2025\/09\/Piedra-Alta-Florida-2048x1291.jpg 2048w\" sizes=\"(max-width: 1024px) 100vw, 1024px\" \/><\/p>\n<p class=\"western\" align=\"justify\"><span style=\"font-family: ARial, sans-serif;\"><b>San Jos\u00e9<\/b><\/span><span style=\"font-family: ARial, sans-serif;\"> conmemora los 150 a\u00f1os de la Bas\u00edlica Catedral y ofrece el recorrido hist\u00f3rico \u201cBicentenario de San Jos\u00e9: un pasado que forja identidad\u201d. El Teatro Macci\u00f3 brindar\u00e1 un espect\u00e1culo guiado, y la Casa de la Cultura de Libertad presentar\u00e1 \u201cUruguay la independencia y el candombe\u201d.<\/span><\/p>\n<p class=\"western\" align=\"justify\"><span style=\"font-family: ARial, sans-serif;\"><b>Colonia<\/b><\/span><span style=\"font-family: ARial, sans-serif;\"> propone en Carmelo la exposici\u00f3n \u201cMujeres de la Revoluci\u00f3n\u201d en la Estancia y Capilla Don Juan de Narbona y un libro sobre La Cruzada Libertadora. El Museo de la Industria Naval exhibir\u00e1 materiales del Combate de Las Vacas. En Colonia del Sacramento, el Barrio Hist\u00f3rico ofrecer\u00e1 exposiciones de arqueolog\u00eda y el Centro Cultural de AFE conmemorar\u00e1 los 100 a\u00f1os del primer viaje interdepartamental con una caravana de autobuses hist\u00f3ricos.<\/span><\/p>\n<figure id=\"attachment_3565\" aria-describedby=\"caption-attachment-3565\" style=\"width: 900px\" class=\"wp-caption aligncenter\"><img loading=\"lazy\" decoding=\"async\" src=\"http:\/\/10.10.0.32\/wp-content\/uploads\/2023\/09\/247ColoniaSacramento-SerranaDiaz-900x600-1.jpg\" alt=\"\" width=\"900\" height=\"600\" class=\"wp-image-3565 size-full\" \/><figcaption id=\"caption-attachment-3565\" class=\"wp-caption-text\">Calle de los suspiros &#8211; Colonia del Sacramento<\/figcaption><\/figure>\n<p class=\"western\" align=\"justify\"><span style=\"font-family: ARial, sans-serif;\"><b>Durazno<\/b><\/span><span style=\"font-family: ARial, sans-serif;\"> invita a recorrer entre otros la Sala de Arte \u201cProf. Arq. Eduardo Gonz\u00e1lez Pose\u201d y el Cuartel \u201cPaso del Rey\u201d de Sarand\u00ed del Y\u00ed.<\/span><\/p>\n<p align=\"justify\"><img loading=\"lazy\" decoding=\"async\" src=\"http:\/\/10.10.0.32\/wp-content\/uploads\/2023\/09\/durazno1.jpg\" alt=\"\" width=\"1400\" height=\"400\" class=\"aligncenter size-full wp-image-3318\" \/><\/p>\n<p class=\"western\" align=\"justify\"><span style=\"font-family: ARial, sans-serif;\"><b>Flores<\/b><\/span><span style=\"font-family: ARial, sans-serif;\"> acoge la Marcha del Bicentenario entre Paso Lugo y Trinidad, con visitas guiadas al Grupo \u201c\u00c9xodo del Pueblo Oriental\u201d de Artiller\u00eda N.\u00ba 2 y su torre de guardia vieja.<\/span><\/p>\n<p align=\"justify\">\n<\/div>\n<\/li>\n<li>\n<h3>REGI\u00d3N ESTE<\/h3>\n<div>\n<p class=\"western\" align=\"justify\"><span style=\"font-family: ARial, sans-serif;\">Destaca los balnearios hist\u00f3ricos, fortificaciones y la memoria de los h\u00e9roes de la independencia.<\/span><\/p>\n<p class=\"western\" align=\"justify\"><span style=\"font-family: ARial, sans-serif;\"><b>Maldonado<\/b><\/span><span style=\"font-family: ARial, sans-serif;\"> abrir\u00e1 el Cuartel de Dragones para visitas guiadas y la Orquesta Departamental actuar\u00e1 en vivo. El Museo Colecci\u00f3n Garc\u00eda Uriburu propondr\u00e1 un recorrido sobre obras de finales del siglo XIX y principios del XX. En San Carlos, el Centro de Investigaciones Hist\u00f3ricas ofrecer\u00e1 la muestra \u201cBicentenario, Cnel. Basilio Ara\u00fajo y Gral. Leonardo Olivera\u201d. En Piri\u00e1polis, el Hotel San Sebasti\u00e1n abordar\u00e1 la influencia del Gral. Artigas, Lavalleja y Olivera, y se podr\u00e1n visitar la Torre del Vig\u00eda, la Bater\u00eda del Medio y el Faro de Punta del Este.<\/span><\/p>\n<p align=\"justify\"><img loading=\"lazy\" decoding=\"async\" src=\"http:\/\/10.10.0.32\/wp-content\/uploads\/2023\/05\/Punta-del-Este-07.png\" alt=\"\" width=\"586\" height=\"393\" class=\"aligncenter size-full wp-image-2600\" srcset=\"https:\/\/uruguaynatural.com\/wp-content\/uploads\/2023\/05\/Punta-del-Este-07.png 586w, https:\/\/uruguaynatural.com\/wp-content\/uploads\/2023\/05\/Punta-del-Este-07-300x201.png 300w\" sizes=\"(max-width: 586px) 100vw, 586px\" \/><\/p>\n<p class=\"western\" align=\"justify\"><span style=\"font-family: ARial, sans-serif;\"><b>Rocha<\/b><\/span><span style=\"font-family: ARial, sans-serif;\"> conmemorar\u00e1 la gesta de 1825 en el Museo Militar Fuerte \u201cSan Miguel\u201d y la Fortaleza \u201cSanta Teresa\u201d, con tiro de salva de ca\u00f1\u00f3n de \u00e9poca. Los faros de Cabo Polonio y Santa Mar\u00eda (La Paloma) ofrecer\u00e1n visitas guiadas.<\/span><\/p>\n<p align=\"justify\"><img loading=\"lazy\" decoding=\"async\" src=\"http:\/\/10.10.0.32\/wp-content\/uploads\/2024\/02\/Bus-Rocha.jpg\" alt=\"\" width=\"1025\" height=\"683\" class=\"aligncenter size-full wp-image-4371\" srcset=\"https:\/\/uruguaynatural.com\/wp-content\/uploads\/2024\/02\/Bus-Rocha.jpg 1025w, https:\/\/uruguaynatural.com\/wp-content\/uploads\/2024\/02\/Bus-Rocha-300x200.jpg 300w, https:\/\/uruguaynatural.com\/wp-content\/uploads\/2024\/02\/Bus-Rocha-768x512.jpg 768w\" sizes=\"(max-width: 1025px) 100vw, 1025px\" \/><\/p>\n<p class=\"western\" align=\"justify\"><span style=\"font-family: ARial, sans-serif;\"><b>Treinta y Tres<\/b><\/span><span style=\"font-family: ARial, sans-serif;\"> permitir\u00e1 recorrer el Batall\u00f3n \u201cTreinta y Tres Orientales\u201d y el Museo Hist\u00f3rico, adem\u00e1s del Museo Agust\u00edn Araujo con presentaciones art\u00edsticas.<\/span><\/p>\n<p align=\"justify\"><img loading=\"lazy\" decoding=\"async\" src=\"http:\/\/10.10.0.32\/wp-content\/uploads\/2025\/09\/Quebrada-de-los-Cuervos-1024x768.jpg\" alt=\"\" width=\"1024\" height=\"768\" class=\"aligncenter size-large wp-image-6894\" srcset=\"https:\/\/uruguaynatural.com\/wp-content\/uploads\/2025\/09\/Quebrada-de-los-Cuervos-1024x768.jpg 1024w, https:\/\/uruguaynatural.com\/wp-content\/uploads\/2025\/09\/Quebrada-de-los-Cuervos-300x225.jpg 300w, https:\/\/uruguaynatural.com\/wp-content\/uploads\/2025\/09\/Quebrada-de-los-Cuervos-768x576.jpg 768w, https:\/\/uruguaynatural.com\/wp-content\/uploads\/2025\/09\/Quebrada-de-los-Cuervos-1536x1152.jpg 1536w, https:\/\/uruguaynatural.com\/wp-content\/uploads\/2025\/09\/Quebrada-de-los-Cuervos-2048x1536.jpg 2048w\" sizes=\"(max-width: 1024px) 100vw, 1024px\" \/><\/p>\n<p class=\"western\" align=\"justify\"><span style=\"font-family: ARial, sans-serif;\"><b>Lavalleja<\/b><\/span><span style=\"font-family: ARial, sans-serif;\"> brindar\u00e1 charlas, danza y teatro sobre \u201cGauchaje y negritud\u201d en Minas, y caminatas guiadas en Aguas Blancas.<\/span><\/p>\n<p align=\"justify\"><img loading=\"lazy\" decoding=\"async\" src=\"http:\/\/10.10.0.32\/wp-content\/uploads\/2023\/02\/Centro-de-Minas.jpg.webp\" alt=\"\" width=\"960\" height=\"480\" class=\"aligncenter size-full wp-image-473\" srcset=\"https:\/\/uruguaynatural.com\/wp-content\/uploads\/2023\/02\/Centro-de-Minas.jpg.webp 960w, https:\/\/uruguaynatural.com\/wp-content\/uploads\/2023\/02\/Centro-de-Minas.jpg-300x150.webp 300w, https:\/\/uruguaynatural.com\/wp-content\/uploads\/2023\/02\/Centro-de-Minas.jpg-768x384.webp 768w\" sizes=\"(max-width: 960px) 100vw, 960px\" \/><\/p>\n<\/div>\n<\/li>\n<li>\n<h3>REGI\u00d3N LITORAL<\/h3>\n<div>\n<p class=\"western\" align=\"justify\"><span style=\"font-family: ARial, sans-serif;\">Clave en los preparativos y batallas de la Cruzada Libertadora, con fuertes lazos con el R\u00edo de la Plata y la historia industrial.<\/span><\/p>\n<p class=\"western\" align=\"justify\"><span style=\"font-family: ARial, sans-serif;\"><b>R\u00edo Negro<\/b><\/span><span style=\"font-family: ARial, sans-serif;\"> inicia la Marcha del Bicentenario en Fray Bentos, recreando el recorrido del Gral. Fructuoso Rivera. El Museo de la Revoluci\u00f3n Industrial y el Paisaje Industrial Fray Bentos ofrecer\u00e1n visitas guiadas.<\/span><\/p>\n<figure id=\"attachment_2636\" aria-describedby=\"caption-attachment-2636\" style=\"width: 1024px\" class=\"wp-caption aligncenter\"><img loading=\"lazy\" decoding=\"async\" src=\"http:\/\/10.10.0.32\/wp-content\/uploads\/2023\/05\/CPRio20Negro20Fray20Bentos20P20LaRosa074-MaquinasyPersonasArte-1-1024x683.jpg\" alt=\"\" width=\"1024\" height=\"683\" class=\"size-large wp-image-2636\" srcset=\"https:\/\/uruguaynatural.com\/wp-content\/uploads\/2023\/05\/CPRio20Negro20Fray20Bentos20P20LaRosa074-MaquinasyPersonasArte-1-1024x683.jpg 1024w, https:\/\/uruguaynatural.com\/wp-content\/uploads\/2023\/05\/CPRio20Negro20Fray20Bentos20P20LaRosa074-MaquinasyPersonasArte-1-300x200.jpg 300w, https:\/\/uruguaynatural.com\/wp-content\/uploads\/2023\/05\/CPRio20Negro20Fray20Bentos20P20LaRosa074-MaquinasyPersonasArte-1-768x512.jpg 768w, https:\/\/uruguaynatural.com\/wp-content\/uploads\/2023\/05\/CPRio20Negro20Fray20Bentos20P20LaRosa074-MaquinasyPersonasArte-1-1536x1024.jpg 1536w, https:\/\/uruguaynatural.com\/wp-content\/uploads\/2023\/05\/CPRio20Negro20Fray20Bentos20P20LaRosa074-MaquinasyPersonasArte-1-2048x1365.jpg 2048w\" sizes=\"(max-width: 1024px) 100vw, 1024px\" \/><figcaption id=\"caption-attachment-2636\" class=\"wp-caption-text\">Frigor\u00edfico Anglo &#8211; Ciudad de Fray Bentos<\/figcaption><\/figure>\n<p class=\"western\" align=\"justify\"><span style=\"font-family: ARial, sans-serif;\"><b>Soriano<\/b><\/span><span style=\"font-family: ARial, sans-serif;\"> acoge la Marcha del Bicentenario en Mercedes, con visitas al Museo Escolar Rural y a la Central Hidroel\u00e9ctrica Constituci\u00f3n.<\/span><\/p>\n<p align=\"justify\"><img loading=\"lazy\" decoding=\"async\" src=\"http:\/\/10.10.0.32\/wp-content\/uploads\/2025\/09\/Villa-Soriano-1024x576.jpg\" alt=\"\" width=\"1024\" height=\"576\" class=\"aligncenter size-large wp-image-6957\" srcset=\"https:\/\/uruguaynatural.com\/wp-content\/uploads\/2025\/09\/Villa-Soriano-1024x576.jpg 1024w, https:\/\/uruguaynatural.com\/wp-content\/uploads\/2025\/09\/Villa-Soriano-300x169.jpg 300w, https:\/\/uruguaynatural.com\/wp-content\/uploads\/2025\/09\/Villa-Soriano-768x432.jpg 768w, https:\/\/uruguaynatural.com\/wp-content\/uploads\/2025\/09\/Villa-Soriano-1536x864.jpg 1536w, https:\/\/uruguaynatural.com\/wp-content\/uploads\/2025\/09\/Villa-Soriano-2048x1152.jpg 2048w\" sizes=\"(max-width: 1024px) 100vw, 1024px\" \/><\/p>\n<p class=\"western\" align=\"justify\"><span style=\"font-family: ARial, sans-serif;\"><b>Paysand\u00fa<\/b><\/span><span style=\"font-family: ARial, sans-serif;\"> ofrecer\u00e1 charlas en el Castillo Morat\u00f3, gu\u00edas especiales en el Museo Hist\u00f3rico Casa del Esp\u00edritu y recorridos por el Batall\u00f3n \u201cGral. Leandro G\u00f3mez\u201d.<\/span><\/p>\n<p align=\"justify\"><img loading=\"lazy\" decoding=\"async\" src=\"http:\/\/10.10.0.32\/wp-content\/uploads\/2025\/09\/Meseta-de-Artigas-1024x579.jpg\" alt=\"\" width=\"1024\" height=\"579\" class=\"aligncenter size-large wp-image-6958\" srcset=\"https:\/\/uruguaynatural.com\/wp-content\/uploads\/2025\/09\/Meseta-de-Artigas-1024x579.jpg 1024w, https:\/\/uruguaynatural.com\/wp-content\/uploads\/2025\/09\/Meseta-de-Artigas-300x170.jpg 300w, https:\/\/uruguaynatural.com\/wp-content\/uploads\/2025\/09\/Meseta-de-Artigas-768x434.jpg 768w, https:\/\/uruguaynatural.com\/wp-content\/uploads\/2025\/09\/Meseta-de-Artigas-1536x869.jpg 1536w, https:\/\/uruguaynatural.com\/wp-content\/uploads\/2025\/09\/Meseta-de-Artigas-2048x1159.jpg 2048w\" sizes=\"(max-width: 1024px) 100vw, 1024px\" \/><\/p>\n<p class=\"western\" align=\"justify\"><span style=\"font-family: ARial, sans-serif;\"><b>Salto<\/b><\/span><span style=\"font-family: ARial, sans-serif;\"> organizar\u00e1 la Feria del Bicentenario con m\u00fasica y danzas tradicionales, adem\u00e1s del Citytour \u201cDe plaza a plaza\u201d y paseos guiados por la zona portuaria.<img loading=\"lazy\" decoding=\"async\" src=\"http:\/\/10.10.0.32\/wp-content\/uploads\/2023\/05\/Salto-01.png\" alt=\"\" width=\"530\" height=\"350\" class=\"aligncenter size-full wp-image-2613\" srcset=\"https:\/\/uruguaynatural.com\/wp-content\/uploads\/2023\/05\/Salto-01.png 530w, https:\/\/uruguaynatural.com\/wp-content\/uploads\/2023\/05\/Salto-01-300x198.png 300w\" sizes=\"(max-width: 530px) 100vw, 530px\" \/><\/span><\/p>\n<\/div>\n<\/li>\n<li>\n<h3>REGI\u00d3N NORTE<\/h3>\n<div>\n<p class=\"western\" align=\"justify\"><span style=\"font-family: ARial, sans-serif;\">Explora la frontera y la historia militar.<\/span><\/p>\n<p class=\"western\" align=\"justify\"><span style=\"font-family: ARial, sans-serif;\"><b>Cerro Largo<\/b><\/span><span style=\"font-family: ARial, sans-serif;\"> presentar\u00e1 la exposici\u00f3n \u201cRetratos de la Naci\u00f3n: Los Constituyentes de 1830 por Willy Marchand\u201d y una charla del historiador Mat\u00edas Borba. En R\u00edo Branco, el Regimiento \u201cGeneral Aparicio Saravia\u201d permitir\u00e1 visitar veh\u00edculos blindados.<\/span><\/p>\n<p align=\"justify\">\n<p class=\"western\" align=\"justify\"><span style=\"font-family: ARial, sans-serif;\"><b>Rivera<\/b><\/span><span style=\"font-family: ARial, sans-serif;\"> abrir\u00e1 el Regimiento \u201cBrigadier General Fructuoso Rivera\u201d para recorridos guiados y visitas a vi\u00f1as desde el Mirador de la Bodega Cerro Chapeu, un nuevo punto tur\u00edstico binacional.<\/span><\/p>\n<p align=\"justify\"><img loading=\"lazy\" decoding=\"async\" src=\"http:\/\/10.10.0.32\/wp-content\/uploads\/2023\/06\/Rivera-Cerros-1024x485.jpg\" alt=\"\" width=\"1024\" height=\"485\" class=\"aligncenter size-large wp-image-3248\" srcset=\"https:\/\/uruguaynatural.com\/wp-content\/uploads\/2023\/06\/Rivera-Cerros-1024x485.jpg 1024w, https:\/\/uruguaynatural.com\/wp-content\/uploads\/2023\/06\/Rivera-Cerros-300x142.jpg 300w, https:\/\/uruguaynatural.com\/wp-content\/uploads\/2023\/06\/Rivera-Cerros-768x364.jpg 768w, https:\/\/uruguaynatural.com\/wp-content\/uploads\/2023\/06\/Rivera-Cerros-1536x728.jpg 1536w, https:\/\/uruguaynatural.com\/wp-content\/uploads\/2023\/06\/Rivera-Cerros-2048x971.jpg 2048w\" sizes=\"(max-width: 1024px) 100vw, 1024px\" \/><\/p>\n<p class=\"western\" align=\"justify\"><span style=\"font-family: ARial, sans-serif;\"><\/span><\/p>\n<p class=\"western\" align=\"justify\"><span style=\"font-family: ARial, sans-serif;\"><b>Tacuaremb\u00f3<\/b><\/span><span style=\"font-family: ARial, sans-serif;\"> permitir\u00e1 visitar la Central Hidroel\u00e9ctrica de Rinc\u00f3n del Bonete y el Centro Cultural Nacional de San Gregorio de Polanco, con actividades sobre la independencia y la Cruzada Libertadora.<\/span><\/p>\n<figure id=\"attachment_3012\" aria-describedby=\"caption-attachment-3012\" style=\"width: 1024px\" class=\"wp-caption aligncenter\"><img loading=\"lazy\" decoding=\"async\" src=\"http:\/\/10.10.0.32\/wp-content\/uploads\/2023\/06\/BVO6821-1024x683.jpg\" alt=\"\" width=\"1024\" height=\"683\" class=\"size-large wp-image-3012\" srcset=\"https:\/\/uruguaynatural.com\/wp-content\/uploads\/2023\/06\/BVO6821-1024x683.jpg 1024w, https:\/\/uruguaynatural.com\/wp-content\/uploads\/2023\/06\/BVO6821-300x200.jpg 300w, https:\/\/uruguaynatural.com\/wp-content\/uploads\/2023\/06\/BVO6821-768x513.jpg 768w, https:\/\/uruguaynatural.com\/wp-content\/uploads\/2023\/06\/BVO6821-1536x1025.jpg 1536w, https:\/\/uruguaynatural.com\/wp-content\/uploads\/2023\/06\/BVO6821-2048x1367.jpg 2048w\" sizes=\"(max-width: 1024px) 100vw, 1024px\" \/><figcaption id=\"caption-attachment-3012\" class=\"wp-caption-text\">Cerro Batov\u00ed. Tacuaremb\u00f3<\/figcaption><\/figure>\n<p class=\"western\" align=\"justify\"><span style=\"font-family: ARial, sans-serif;\"><b>Artigas<\/b><\/span><span style=\"font-family: ARial, sans-serif;\"> ofrecer\u00e1 exposiciones en el Museo Hist\u00f3rico Departamental y en el Museo de las Comunicaciones Luis Murillo Muraro, adem\u00e1s de la Sub Prefectura en Bella Uni\u00f3n con material mar\u00edtimo y terrestre.<\/span><\/p>\n<p align=\"justify\"><img loading=\"lazy\" decoding=\"async\" src=\"http:\/\/10.10.0.32\/wp-content\/uploads\/2023\/05\/Artigas-01.png\" alt=\"\" width=\"662\" height=\"441\" class=\"aligncenter size-full wp-image-2772\" srcset=\"https:\/\/uruguaynatural.com\/wp-content\/uploads\/2023\/05\/Artigas-01.png 662w, https:\/\/uruguaynatural.com\/wp-content\/uploads\/2023\/05\/Artigas-01-300x200.png 300w\" sizes=\"(max-width: 662px) 100vw, 662px\" \/><\/p>\n<p class=\"western\" align=\"justify\"><span style=\"font-family: ARial, sans-serif;\">El D\u00eda del Patrimonio es m\u00e1s que una apertura de puertas: es una oportunidad para viajar en el tiempo, redescubrir nuestras ra\u00edces y celebrar la memoria colectiva que nos une como pa\u00eds.<\/span><\/p>\n<\/div>\n<\/li>\n<\/ul>\n<hr>\n<p>\n    <a href=\"https:\/\/www.gub.uy\/ministerio-educacion-cultura\/patrimonio-uruguay\/guia-actividades-dia-del-patrimonio-2025\">  \u00a1Descarg\u00e1 la gu\u00eda completa y eleg\u00ed tu recorrido!<\/a>\n<\/p>\n<p><!--more--><br \/>\n<!-- {\"type\":\"layout\",\"children\":[{\"type\":\"section\",\"props\":{\"image_position\":\"center-center\",\"style\":\"default\",\"title_breakpoint\":\"xl\",\"title_position\":\"top-left\",\"title_rotation\":\"left\",\"vertical_align\":\"middle\",\"width\":\"default\"},\"children\":[{\"type\":\"row\",\"children\":[{\"type\":\"column\",\"props\":{\"image_position\":\"center-center\",\"media_overlay_gradient\":\"\",\"position_sticky_breakpoint\":\"m\"},\"children\":[{\"type\":\"video\",\"props\":{\"margin\":\"default\",\"video\":\"https:\\\/\\\/www.youtube.com\\\/watch?v=II0ZQN_zp_g\",\"video_controls\":true,\"video_height\":\"480\",\"video_width\":\"100%\"}},{\"type\":\"headline\",\"props\":{\"content\":\"\n\n<h2 class=\\\"western\\\" align=\\\"justify\\\" style=\\\"text-align: center;\\\"><span style=\\\"font-family: ARial, sans-serif;\\\">Celebr\\u00e1 el D\\u00eda del Patrimonio 2025<br \\\/>\\\"1825-1830 Bicentenario en Todos los Pagos\\\"<\\\/span><\\\/h2>\",\"title_element\":\"h1\"}},{\"type\":\"divider\",\"props\":{\"divider_element\":\"hr\"}},{\"type\":\"countdown\",\"props\":{\"date\":\"2025-10-04\",\"grid_column_gap\":\"small\",\"grid_row_gap\":\"small\",\"label_days\":\"D\\u00edas\",\"label_hours\":\"Horas\",\"label_margin\":\"small\",\"label_minutes\":\"Minutos\",\"label_seconds\":\"Segundos\",\"margin\":\"default\",\"show_label\":true,\"show_separator\":true,\"text_align\":\"center\"}},{\"type\":\"text\",\"props\":{\"column_breakpoint\":\"m\",\"content\":\"\n\n<p class=\\\"western\\\" align=\\\"justify\\\"><span style=\\\"font-family: ARial, sans-serif;\\\">El D\\u00eda del Patrimonio 2025 se celebrar\\u00e1 el s\\u00e1bado 4 y domingo 5 de octubre, con la tem\\u00e1tica central \\u201c1825-1830 Bicentenario en todos los pagos\\u201d. La conmemoraci\\u00f3n invitar\\u00e1 a reflexionar sobre el proceso hist\\u00f3rico que dio origen a la independencia y a la creaci\\u00f3n del Estado Oriental del Uruguay, destacando el protagonismo de hombres y mujeres de distintas condiciones sociales, \\u00e9tnicas y culturales que contribuyeron a la construcci\\u00f3n del pa\\u00eds. <\\\/span><\\\/p>\\n\n\n<p class=\\\"western\\\" align=\\\"justify\\\"><span style=\\\"font-family: ARial, sans-serif;\\\"><span>Para acompa\\u00f1ar esta celebraci\\u00f3n, compartimos algunos <\\\/span><\\\/span><strong><span style=\\\"font-family: ARial, sans-serif;\\\"><span>itinerarios recomendados por regi\\u00f3n<\\\/span><\\\/span><\\\/strong><span style=\\\"font-family: ARial, sans-serif;\\\"><span>, que permiten recorrer Uruguay con una mirada bicentenaria. <\\\/span><\\\/span><span style=\\\"font-family: ARial, sans-serif;\\\"><b>Todas las actividades son con entrada gratuita.<\\\/b><\\\/span><\\\/p>\",\"margin\":\"default\"}},{\"type\":\"accordion\",\"props\":{\"collapsible\":true,\"content_column_breakpoint\":\"m\",\"image_align\":\"top\",\"image_grid_breakpoint\":\"m\",\"image_grid_width\":\"1-2\",\"image_svg_color\":\"emphasis\",\"link_style\":\"default\",\"link_text\":\"Read more\",\"show_image\":true,\"show_link\":true},\"children\":[{\"type\":\"accordion_item\",\"props\":{\"content\":\"\n\n<p class=\\\"western\\\" align=\\\"justify\\\"><span style=\\\"font-family: ARial, sans-serif;\\\">La capital y sus alrededores rescatan los hitos fundacionales, conectando el pasado colonial y la gesta libertadora con el presente.<\\\/span><\\\/p>\\n\n\n<p class=\\\"western\\\" align=\\\"justify\\\"><span style=\\\"font-family: ARial, sans-serif;\\\"><b>Montevideo<\\\/b><\\\/span><span style=\\\"font-family: ARial, sans-serif;\\\"> impulsa la Ruta del Bicentenario con 25 puntos en Ciudad Vieja. La Base Naval del Puerto permitir\\u00e1 recorrer buques y presenciar un desfile y concierto de la Banda de Parada de la Armada. El Museo Hist\\u00f3rico Nacional (Casa Rivera) ofrecer\\u00e1 una exposici\\u00f3n temporal conmemorativa. El Museo Militar \\u201c18 de Mayo de 1811\\u201d inaugurar\\u00e1 la Sala Itinerante \\u201c200 a\\u00f1os de la Cruzada Libertadora\\u201d. El Archivo General de la Naci\\u00f3n (AGN) presentar\\u00e1 documentos y actividades sobre la participaci\\u00f3n de comunidades ind\\u00edgenas, afrodescendientes e inmigrantes. La clausura oficial ser\\u00e1 en la explanada del Palacio Legislativo con un espect\\u00e1culo de la Orquesta Filarm\\u00f3nica de Montevideo y el Ballet Folcl\\u00f3rico Juvenil. La Aduana de Oribe y Museo del Arma de Ingenieros brindar\\u00e1n conferencias sobre el Brigadier General Juan Antonio Lavalleja y la historia de los Treinta y Tres Orientales. El Cementerio Brit\\u00e1nico abordar\\u00e1 su historia desde 1825 hasta 2025.<\\\/span><\\\/p>\\n[caption id=\\\"attachment_6402\\\" align=\\\"aligncenter\\\" width=\\\"1024\\\"]<img src=\\\"http:\\\/\\\/10.10.0.32\\\/wp-content\\\/uploads\\\/2025\\\/05\\\/Atardecer-MDEO-Lameiro2-1024x576.jpg\\\" alt=\\\"\\\" width=\\\"1024\\\" height=\\\"576\\\" class=\\\"size-large wp-image-6402\\\" \\\/> Atardecer en Montevideo[\\\/caption]\\n\n\n<p class=\\\"western\\\" align=\\\"justify\\\"><span style=\\\"font-family: ARial, sans-serif;\\\"><b>Canelones<\\\/b><\\\/span><span style=\\\"font-family: ARial, sans-serif;\\\"> propone en Sauce, visitas guiadas y juegos en el Centro Cultural y Museo Casa de Artigas. En Las Piedras, el Centro Cultural Miguel \\u00c1ngel Pareja presentar\\u00e1 la exposici\\u00f3n \\u201cLa gesta de los valientes por la libertad desde el pago de Las Piedras\\u201d. El Museo del Agua de OSE (Aguas Corrientes) abrir\\u00e1 la Usina a vapor inaugurada en 1871. La Escuela Militar de Aeron\\u00e1utica (Pando) ofrecer\\u00e1 muestras de aeronaves, demostraciones de aeromodelismo y paracaidismo, y un concierto de la Banda de M\\u00fasicos.<\\\/span><\\\/p>\\n[caption id=\\\"attachment_6656\\\" align=\\\"aligncenter\\\" width=\\\"900\\\"]<img src=\\\"http:\\\/\\\/10.10.0.32\\\/wp-content\\\/uploads\\\/2025\\\/07\\\/cristo-obrero1-900x600-1.jpg\\\" alt=\\\"Parroquia Cristo Obrero\\\" width=\\\"900\\\" height=\\\"600\\\" class=\\\"size-full wp-image-6656\\\" \\\/> Iglesia Cristo Obrero y Nuestra Se\\u00f1ora de Lourdes, Atl\\u00e1ntida, Canelones[\\\/caption]\",\"title\":\"REGI\\u00d3N METROPOLITANA\"}},{\"type\":\"accordion_item\",\"props\":{\"content\":\"\n\n<p class=\\\"western\\\" align=\\\"justify\\\"><span style=\\\"font-family: ARial, sans-serif;\\\">Esta regi\\u00f3n resalta los escenarios de la Declaratoria de la Independencia y la institucionalizaci\\u00f3n del pa\\u00eds.<\\\/span><\\\/p>\\n\n\n<p class=\\\"western\\\" align=\\\"justify\\\"><span style=\\\"font-family: ARial, sans-serif;\\\"><b>Florida<\\\/b><\\\/span><span style=\\\"font-family: ARial, sans-serif;\\\"> acoge la exposici\\u00f3n \\u201cLa Patria y Florida: Miradas en el Bicentenario\\u201d en el MAVEA, con obras de artistas nacionales sobre la independencia. La Marcha del Bicentenario de Rinc\\u00f3n a Sarand\\u00ed culminar\\u00e1 en Sarand\\u00ed Grande con actos en el Obelisco y la Plaza Gallinal, y la recreaci\\u00f3n de la Batalla de Sarand\\u00ed el 12 de octubre.<\\\/span><\\\/p>\\n\n\n<p align=\\\"justify\\\"><img src=\\\"http:\\\/\\\/10.10.0.32\\\/wp-content\\\/uploads\\\/2025\\\/09\\\/Piedra-Alta-Florida-1024x645.jpg\\\" alt=\\\"\\\" width=\\\"1024\\\" height=\\\"645\\\" class=\\\"aligncenter size-large wp-image-6954\\\" \\\/><\\\/p>\\n\n\n<p class=\\\"western\\\" align=\\\"justify\\\"><span style=\\\"font-family: ARial, sans-serif;\\\"><b>San Jos\\u00e9<\\\/b><\\\/span><span style=\\\"font-family: ARial, sans-serif;\\\"> conmemora los 150 a\\u00f1os de la Bas\\u00edlica Catedral y ofrece el recorrido hist\\u00f3rico \\u201cBicentenario de San Jos\\u00e9: un pasado que forja identidad\\u201d. El Teatro Macci\\u00f3 brindar\\u00e1 un espect\\u00e1culo guiado, y la Casa de la Cultura de Libertad presentar\\u00e1 \\u201cUruguay la independencia y el candombe\\u201d.<\\\/span><\\\/p>\\n\n\n<p class=\\\"western\\\" align=\\\"justify\\\"><span style=\\\"font-family: ARial, sans-serif;\\\"><b>Colonia<\\\/b><\\\/span><span style=\\\"font-family: ARial, sans-serif;\\\"> propone en Carmelo la exposici\\u00f3n \\u201cMujeres de la Revoluci\\u00f3n\\u201d en la Estancia y Capilla Don Juan de Narbona y un libro sobre La Cruzada Libertadora. El Museo de la Industria Naval exhibir\\u00e1 materiales del Combate de Las Vacas. En Colonia del Sacramento, el Barrio Hist\\u00f3rico ofrecer\\u00e1 exposiciones de arqueolog\\u00eda y el Centro Cultural de AFE conmemorar\\u00e1 los 100 a\\u00f1os del primer viaje interdepartamental con una caravana de autobuses hist\\u00f3ricos.<\\\/span><\\\/p>\\n[caption id=\\\"attachment_3565\\\" align=\\\"aligncenter\\\" width=\\\"900\\\"]<img src=\\\"http:\\\/\\\/10.10.0.32\\\/wp-content\\\/uploads\\\/2023\\\/09\\\/247ColoniaSacramento-SerranaDiaz-900x600-1.jpg\\\" alt=\\\"\\\" width=\\\"900\\\" height=\\\"600\\\" class=\\\"wp-image-3565 size-full\\\" \\\/> Calle de los suspiros - Colonia del Sacramento[\\\/caption]\\n\n\n<p class=\\\"western\\\" align=\\\"justify\\\"><span style=\\\"font-family: ARial, sans-serif;\\\"><b>Durazno<\\\/b><\\\/span><span style=\\\"font-family: ARial, sans-serif;\\\"> invita a recorrer entre otros la Sala de Arte \\u201cProf. Arq. Eduardo Gonz\\u00e1lez Pose\\u201d y el Cuartel \\u201cPaso del Rey\\u201d de Sarand\\u00ed del Y\\u00ed.<\\\/span><\\\/p>\\n\n\n<p align=\\\"justify\\\"><img src=\\\"http:\\\/\\\/10.10.0.32\\\/wp-content\\\/uploads\\\/2023\\\/09\\\/durazno1.jpg\\\" alt=\\\"\\\" width=\\\"1400\\\" height=\\\"400\\\" class=\\\"aligncenter size-full wp-image-3318\\\" \\\/><\\\/p>\\n\n\n<p class=\\\"western\\\" align=\\\"justify\\\"><span style=\\\"font-family: ARial, sans-serif;\\\"><b>Flores<\\\/b><\\\/span><span style=\\\"font-family: ARial, sans-serif;\\\"> acoge la Marcha del Bicentenario entre Paso Lugo y Trinidad, con visitas guiadas al Grupo \\u201c\\u00c9xodo del Pueblo Oriental\\u201d de Artiller\\u00eda N.\\u00ba 2 y su torre de guardia vieja.<\\\/span><\\\/p>\\n\n\n<p align=\\\"justify\\\"><\\\/p>\",\"title\":\"REGI\\u00d3N CENTRO SUR\"}},{\"type\":\"accordion_item\",\"props\":{\"content\":\"\n\n<p class=\\\"western\\\" align=\\\"justify\\\"><span style=\\\"font-family: ARial, sans-serif;\\\">Destaca los balnearios hist\\u00f3ricos, fortificaciones y la memoria de los h\\u00e9roes de la independencia.<\\\/span><\\\/p>\\n\n\n<p class=\\\"western\\\" align=\\\"justify\\\"><span style=\\\"font-family: ARial, sans-serif;\\\"><b>Maldonado<\\\/b><\\\/span><span style=\\\"font-family: ARial, sans-serif;\\\"> abrir\\u00e1 el Cuartel de Dragones para visitas guiadas y la Orquesta Departamental actuar\\u00e1 en vivo. El Museo Colecci\\u00f3n Garc\\u00eda Uriburu propondr\\u00e1 un recorrido sobre obras de finales del siglo XIX y principios del XX. En San Carlos, el Centro de Investigaciones Hist\\u00f3ricas ofrecer\\u00e1 la muestra \\u201cBicentenario, Cnel. Basilio Ara\\u00fajo y Gral. Leonardo Olivera\\u201d. En Piri\\u00e1polis, el Hotel San Sebasti\\u00e1n abordar\\u00e1 la influencia del Gral. Artigas, Lavalleja y Olivera, y se podr\\u00e1n visitar la Torre del Vig\\u00eda, la Bater\\u00eda del Medio y el Faro de Punta del Este.<\\\/span><\\\/p>\\n\n\n<p align=\\\"justify\\\"><img src=\\\"http:\\\/\\\/10.10.0.32\\\/wp-content\\\/uploads\\\/2023\\\/05\\\/Punta-del-Este-07.png\\\" alt=\\\"\\\" width=\\\"586\\\" height=\\\"393\\\" class=\\\"aligncenter size-full wp-image-2600\\\" \\\/><\\\/p>\\n\n\n<p class=\\\"western\\\" align=\\\"justify\\\"><span style=\\\"font-family: ARial, sans-serif;\\\"><b>Rocha<\\\/b><\\\/span><span style=\\\"font-family: ARial, sans-serif;\\\"> conmemorar\\u00e1 la gesta de 1825 en el Museo Militar Fuerte \\u201cSan Miguel\\u201d y la Fortaleza \\u201cSanta Teresa\\u201d, con tiro de salva de ca\\u00f1\\u00f3n de \\u00e9poca. Los faros de Cabo Polonio y Santa Mar\\u00eda (La Paloma) ofrecer\\u00e1n visitas guiadas.<\\\/span><\\\/p>\\n\n\n<p align=\\\"justify\\\"><img src=\\\"http:\\\/\\\/10.10.0.32\\\/wp-content\\\/uploads\\\/2024\\\/02\\\/Bus-Rocha.jpg\\\" alt=\\\"\\\" width=\\\"1025\\\" height=\\\"683\\\" class=\\\"aligncenter size-full wp-image-4371\\\" \\\/><\\\/p>\\n\n\n<p class=\\\"western\\\" align=\\\"justify\\\"><span style=\\\"font-family: ARial, sans-serif;\\\"><b>Treinta y Tres<\\\/b><\\\/span><span style=\\\"font-family: ARial, sans-serif;\\\"> permitir\\u00e1 recorrer el Batall\\u00f3n \\u201cTreinta y Tres Orientales\\u201d y el Museo Hist\\u00f3rico, adem\\u00e1s del Museo Agust\\u00edn Araujo con presentaciones art\\u00edsticas.<\\\/span><\\\/p>\\n\n\n<p align=\\\"justify\\\"><img src=\\\"http:\\\/\\\/10.10.0.32\\\/wp-content\\\/uploads\\\/2025\\\/09\\\/Quebrada-de-los-Cuervos-1024x768.jpg\\\" alt=\\\"\\\" width=\\\"1024\\\" height=\\\"768\\\" class=\\\"aligncenter size-large wp-image-6894\\\" \\\/><\\\/p>\\n\n\n<p class=\\\"western\\\" align=\\\"justify\\\"><span style=\\\"font-family: ARial, sans-serif;\\\"><b>Lavalleja<\\\/b><\\\/span><span style=\\\"font-family: ARial, sans-serif;\\\"> brindar\\u00e1 charlas, danza y teatro sobre \\u201cGauchaje y negritud\\u201d en Minas, y caminatas guiadas en Aguas Blancas.<\\\/span><\\\/p>\\n\n\n<p align=\\\"justify\\\"><img src=\\\"http:\\\/\\\/10.10.0.32\\\/wp-content\\\/uploads\\\/2023\\\/02\\\/Centro-de-Minas.jpg.webp\\\" alt=\\\"\\\" width=\\\"960\\\" height=\\\"480\\\" class=\\\"aligncenter size-full wp-image-473\\\" \\\/><\\\/p>\",\"title\":\"REGI\\u00d3N ESTE\"}},{\"type\":\"accordion_item\",\"props\":{\"content\":\"\n\n<p class=\\\"western\\\" align=\\\"justify\\\"><span style=\\\"font-family: ARial, sans-serif;\\\">Clave en los preparativos y batallas de la Cruzada Libertadora, con fuertes lazos con el R\\u00edo de la Plata y la historia industrial.<\\\/span><\\\/p>\\n\n\n<p class=\\\"western\\\" align=\\\"justify\\\"><span style=\\\"font-family: ARial, sans-serif;\\\"><b>R\\u00edo Negro<\\\/b><\\\/span><span style=\\\"font-family: ARial, sans-serif;\\\"> inicia la Marcha del Bicentenario en Fray Bentos, recreando el recorrido del Gral. Fructuoso Rivera. El Museo de la Revoluci\\u00f3n Industrial y el Paisaje Industrial Fray Bentos ofrecer\\u00e1n visitas guiadas.<\\\/span><\\\/p>\\n[caption id=\\\"attachment_2636\\\" align=\\\"aligncenter\\\" width=\\\"1024\\\"]<img src=\\\"http:\\\/\\\/10.10.0.32\\\/wp-content\\\/uploads\\\/2023\\\/05\\\/CPRio20Negro20Fray20Bentos20P20LaRosa074-MaquinasyPersonasArte-1-1024x683.jpg\\\" alt=\\\"\\\" width=\\\"1024\\\" height=\\\"683\\\" class=\\\"size-large wp-image-2636\\\" \\\/> Frigor\\u00edfico Anglo - Ciudad de Fray Bentos[\\\/caption]\\n\n\n<p class=\\\"western\\\" align=\\\"justify\\\"><span style=\\\"font-family: ARial, sans-serif;\\\"><b>Soriano<\\\/b><\\\/span><span style=\\\"font-family: ARial, sans-serif;\\\"> acoge la Marcha del Bicentenario en Mercedes, con visitas al Museo Escolar Rural y a la Central Hidroel\\u00e9ctrica Constituci\\u00f3n.<\\\/span><\\\/p>\\n\n\n<p align=\\\"justify\\\"><img src=\\\"http:\\\/\\\/10.10.0.32\\\/wp-content\\\/uploads\\\/2025\\\/09\\\/Villa-Soriano-1024x576.jpg\\\" alt=\\\"\\\" width=\\\"1024\\\" height=\\\"576\\\" class=\\\"aligncenter size-large wp-image-6957\\\" \\\/><\\\/p>\\n\n\n<p class=\\\"western\\\" align=\\\"justify\\\"><span style=\\\"font-family: ARial, sans-serif;\\\"><b>Paysand\\u00fa<\\\/b><\\\/span><span style=\\\"font-family: ARial, sans-serif;\\\"> ofrecer\\u00e1 charlas en el Castillo Morat\\u00f3, gu\\u00edas especiales en el Museo Hist\\u00f3rico Casa del Esp\\u00edritu y recorridos por el Batall\\u00f3n \\u201cGral. Leandro G\\u00f3mez\\u201d.<\\\/span><\\\/p>\\n\n\n<p align=\\\"justify\\\"><img src=\\\"http:\\\/\\\/10.10.0.32\\\/wp-content\\\/uploads\\\/2025\\\/09\\\/Meseta-de-Artigas-1024x579.jpg\\\" alt=\\\"\\\" width=\\\"1024\\\" height=\\\"579\\\" class=\\\"aligncenter size-large wp-image-6958\\\" \\\/><\\\/p>\\n\n\n<p class=\\\"western\\\" align=\\\"justify\\\"><span style=\\\"font-family: ARial, sans-serif;\\\"><b>Salto<\\\/b><\\\/span><span style=\\\"font-family: ARial, sans-serif;\\\"> organizar\\u00e1 la Feria del Bicentenario con m\\u00fasica y danzas tradicionales, adem\\u00e1s del Citytour \\u201cDe plaza a plaza\\u201d y paseos guiados por la zona portuaria.<img src=\\\"http:\\\/\\\/10.10.0.32\\\/wp-content\\\/uploads\\\/2023\\\/05\\\/Salto-01.png\\\" alt=\\\"\\\" width=\\\"530\\\" height=\\\"350\\\" class=\\\"aligncenter size-full wp-image-2613\\\" \\\/><\\\/span><\\\/p>\",\"title\":\"REGI\\u00d3N LITORAL\"}},{\"type\":\"accordion_item\",\"props\":{\"content\":\"\n\n<p class=\\\"western\\\" align=\\\"justify\\\"><span style=\\\"font-family: ARial, sans-serif;\\\">Explora la frontera y la historia militar.<\\\/span><\\\/p>\\n\n\n<p class=\\\"western\\\" align=\\\"justify\\\"><span style=\\\"font-family: ARial, sans-serif;\\\"><b>Cerro Largo<\\\/b><\\\/span><span style=\\\"font-family: ARial, sans-serif;\\\"> presentar\\u00e1 la exposici\\u00f3n \\u201cRetratos de la Naci\\u00f3n: Los Constituyentes de 1830 por Willy Marchand\\u201d y una charla del historiador Mat\\u00edas Borba. En R\\u00edo Branco, el Regimiento \\u201cGeneral Aparicio Saravia\\u201d permitir\\u00e1 visitar veh\\u00edculos blindados.<\\\/span><\\\/p>\\n\n\n<p align=\\\"justify\\\"><\\\/p>\\n\n\n<p class=\\\"western\\\" align=\\\"justify\\\"><span style=\\\"font-family: ARial, sans-serif;\\\"><b>Rivera<\\\/b><\\\/span><span style=\\\"font-family: ARial, sans-serif;\\\"> abrir\\u00e1 el Regimiento \\u201cBrigadier General Fructuoso Rivera\\u201d para recorridos guiados y visitas a vi\\u00f1as desde el Mirador de la Bodega Cerro Chapeu, un nuevo punto tur\\u00edstico binacional.<\\\/span><\\\/p>\\n\n\n<p align=\\\"justify\\\"><img src=\\\"http:\\\/\\\/10.10.0.32\\\/wp-content\\\/uploads\\\/2023\\\/06\\\/Rivera-Cerros-1024x485.jpg\\\" alt=\\\"\\\" width=\\\"1024\\\" height=\\\"485\\\" class=\\\"aligncenter size-large wp-image-3248\\\" \\\/><\\\/p>\\n\n\n<p class=\\\"western\\\" align=\\\"justify\\\"><span style=\\\"font-family: ARial, sans-serif;\\\"><\\\/span><\\\/p>\\n\n\n<p class=\\\"western\\\" align=\\\"justify\\\"><span style=\\\"font-family: ARial, sans-serif;\\\"><b>Tacuaremb\\u00f3<\\\/b><\\\/span><span style=\\\"font-family: ARial, sans-serif;\\\"> permitir\\u00e1 visitar la Central Hidroel\\u00e9ctrica de Rinc\\u00f3n del Bonete y el Centro Cultural Nacional de San Gregorio de Polanco, con actividades sobre la independencia y la Cruzada Libertadora.<\\\/span><\\\/p>\\n[caption id=\\\"attachment_3012\\\" align=\\\"aligncenter\\\" width=\\\"1024\\\"]<img src=\\\"http:\\\/\\\/10.10.0.32\\\/wp-content\\\/uploads\\\/2023\\\/06\\\/BVO6821-1024x683.jpg\\\" alt=\\\"\\\" width=\\\"1024\\\" height=\\\"683\\\" class=\\\"size-large wp-image-3012\\\" \\\/> Cerro Batov\\u00ed. Tacuaremb\\u00f3[\\\/caption]\\n\n\n<p class=\\\"western\\\" align=\\\"justify\\\"><span style=\\\"font-family: ARial, sans-serif;\\\"><b>Artigas<\\\/b><\\\/span><span style=\\\"font-family: ARial, sans-serif;\\\"> ofrecer\\u00e1 exposiciones en el Museo Hist\\u00f3rico Departamental y en el Museo de las Comunicaciones Luis Murillo Muraro, adem\\u00e1s de la Sub Prefectura en Bella Uni\\u00f3n con material mar\\u00edtimo y terrestre.<\\\/span><\\\/p>\\n\n\n<p align=\\\"justify\\\"><img src=\\\"http:\\\/\\\/10.10.0.32\\\/wp-content\\\/uploads\\\/2023\\\/05\\\/Artigas-01.png\\\" alt=\\\"\\\" width=\\\"662\\\" height=\\\"441\\\" class=\\\"aligncenter size-full wp-image-2772\\\" \\\/><\\\/p>\\n\n\n<p class=\\\"western\\\" align=\\\"justify\\\"><span style=\\\"font-family: ARial, sans-serif;\\\">El D\\u00eda del Patrimonio es m\\u00e1s que una apertura de puertas: es una oportunidad para viajar en el tiempo, redescubrir nuestras ra\\u00edces y celebrar la memoria colectiva que nos une como pa\\u00eds.<\\\/span><\\\/p>\",\"title\":\"REGI\\u00d3N NORTE\"}}]},{\"type\":\"divider\",\"props\":{\"divider_element\":\"hr\"}},{\"type\":\"button\",\"props\":{\"grid_column_gap\":\"small\",\"grid_row_gap\":\"small\",\"margin\":\"default\",\"text_align\":\"center\"},\"children\":[{\"type\":\"button_item\",\"props\":{\"button_style\":\"primary\",\"content\":\"  \\u00a1Descarg\\u00e1 la gu\\u00eda completa y eleg\\u00ed tu recorrido!\",\"icon_align\":\"left\",\"link\":\"https:\\\/\\\/www.gub.uy\\\/ministerio-educacion-cultura\\\/patrimonio-uruguay\\\/guia-actividades-dia-del-patrimonio-2025\"}}]}]}]}]}],\"version\":\"3.0.18\"} --><\/p>\n","protected":false},"excerpt":{"rendered":"<p>Celebr\u00e1 el D\u00eda del Patrimonio 2025&#8220;1825-1830 Bicentenario en Todos los Pagos&#8221; 2025-10-04 El D\u00eda del Patrimonio 2025 se celebrar\u00e1 el s\u00e1bado 4 y domingo 5 de octubre, con la tem\u00e1tica central \u201c1825-1830 Bicentenario en todos los pagos\u201d. La conmemoraci\u00f3n invitar\u00e1 a reflexionar sobre el proceso hist\u00f3rico que dio origen a la independencia y a la [&hellip;]<\/p>\n","protected":false},"author":2,"featured_media":0,"parent":0,"menu_order":0,"comment_status":"closed","ping_status":"closed","template":"","meta":{"_acf_changed":false,"footnotes":""},"class_list":["post-6945","page","type-page","status-publish","hentry"],"acf":[],"_links":{"self":[{"href":"https:\/\/uruguaynatural.com\/es\/wp-json\/wp\/v2\/pages\/6945","targetHints":{"allow":["GET"]}}],"collection":[{"href":"https:\/\/uruguaynatural.com\/es\/wp-json\/wp\/v2\/pages"}],"about":[{"href":"https:\/\/uruguaynatural.com\/es\/wp-json\/wp\/v2\/types\/page"}],"author":[{"embeddable":true,"href":"https:\/\/uruguaynatural.com\/es\/wp-json\/wp\/v2\/users\/2"}],"replies":[{"embeddable":true,"href":"https:\/\/uruguaynatural.com\/es\/wp-json\/wp\/v2\/comments?post=6945"}],"version-history":[{"count":12,"href":"https:\/\/uruguaynatural.com\/es\/wp-json\/wp\/v2\/pages\/6945\/revisions"}],"predecessor-version":[{"id":6961,"href":"https:\/\/uruguaynatural.com\/es\/wp-json\/wp\/v2\/pages\/6945\/revisions\/6961"}],"wp:attachment":[{"href":"https:\/\/uruguaynatural.com\/es\/wp-json\/wp\/v2\/media?parent=6945"}],"curies":[{"name":"wp","href":"https:\/\/api.w.org\/{rel}","templated":true}]}}