{"id":8988,"date":"{\"dateEnabled\":false,\"start\":\"1970-01-01T00:00:00.000Z\",\"end\":\"1970-01-01T00:00:00.000Z\"}","date_gmt":"2026-08-18T19:21:45","guid":{"rendered":"http:\/\/uruguaynatural.com\/es\/experiences\/\/"},"modified":"2026-09-01T16:57:24","modified_gmt":"2026-09-01T19:57:24","slug":"street-art-en-uruguay","status":"publish","type":"experiences","link":"https:\/\/uruguaynatural.com\/es\/experiences\/street-art-en-uruguay\/","title":{"rendered":"Street Art en Uruguay"},"author":5,"template":"","experience-categories":[17,21,29],"class_list":["post-8988","experiences","type-experiences","status-publish","hentry","experience-categories-cultura","experience-categories-multidestino","experience-categories-museos"],"acf":[],"primary_title":"<h1><span class=\"highlight highlight--turquesa highlight--naranja\">Street Art en Uruguay<\/span><\/h1>","description":"\u00bfY si la pr\u00f3xima obra de arte que descubras no est\u00e1 dentro de un museo? En Uruguay, las calles, los barrios y los pueblos tambi\u00e9n son escenarios para el arte. Murales, grafitis, stencil y otras intervenciones convierten fachadas y muros en galer\u00edas a cielo abierto. Una forma diferente de recorrer el pa\u00eds: caminar, pedalear, mirar y dejarse sorprender.","info":"Cada obra puede contar una historia, recordar personajes, reflejar la identidad de una comunidad o simplemente transformar con color un rinc\u00f3n cotidiano.\r\n\r\n\"El muralismo uruguayo tiene sus ra\u00edces a mediados del siglo XX\", explic\u00f3 el gestor Cultural Manuel Rivoir. En 1944, Joaqu\u00edn Torres Garc\u00eda y sus alumnos realizaron murales en el hospital Saint-Bois, en una experiencia que vinculaba el arte con la sanaci\u00f3n. Dumas Oro\u00f1o, Carlos P\u00e1ez Vilar\u00f3 y Manuel Esp\u00ednola G\u00f3mez continuaron luego ese camino.\r\n\r\nCon el tiempo, el muralismo incorpor\u00f3 nuevos lenguajes y dio paso a una escena de arte urbano que hoy sigue creciendo.\r\n<h2 class=\"western\"><span style=\"font-size: medium;\"><b>\u00bfD\u00f3nde descubrirlo?<\/b><\/span><\/h2>\r\n<h3 class=\"western\"><span style=\"font-size: medium;\"><b>Montevideo<\/b><\/span><\/h3>\r\nCiudad Vieja, Centro, Cord\u00f3n, Barrio Sur, Palermo, Aguada, Parque Batlle y Pocitos tienen murales de diferentes estilos y dimensiones. Se pueden descubrir a pie o en bicicleta, integr\u00e1ndolos a otros paseos por la ciudad.\r\n\r\n[caption id=\"attachment_9157\" align=\"alignnone\" width=\"300\"]<img class=\"size-medium wp-image-9157\" src=\"http:\/\/uruguaynatural.com\/wp-content\/uploads\/2026\/08\/Montevideo_-_A_Noe_Cor_-_F_Manu_Rivoir_WEB-300x225.jpg\" alt=\"\" width=\"300\" height=\"225\" \/> Montevideo, <a href=\"https:\/\/www.instagram.com\/_noecor\/\">Noe Cor<\/a>[\/caption]\r\n\r\n[caption id=\"attachment_9034\" align=\"alignnone\" width=\"300\"]<img class=\"size-medium wp-image-9034\" src=\"http:\/\/uruguaynatural.com\/wp-content\/uploads\/2026\/08\/Montevideo-A_Noe-Cor-Ceci-Ro-F_Manu-Rivoir-5-WEB-300x225.jpg\" alt=\"Mural en la plaza de la Diversidad\" width=\"300\" height=\"225\" \/> Montevideo, <a href=\"https:\/\/www.instagram.com\/_noecor\/?hl=es\">Noe Cor<\/a>, <a href=\"https:\/\/www.instagram.com\/ceciro\/?hl=es\">Ceci Ro\u00a0<\/a>[\/caption]\r\n\r\n<strong><a href=\"https:\/\/www.descubrimontevideo.uy\/street-art\">Descubr\u00ed el itinerario de Street Art de Montevideo \u2192<\/a><\/strong>\r\n<h3 class=\"western\"><span style=\"font-size: medium;\"><b>San Gregorio de Polanco, Tacuaremb\u00f3<\/b><\/span><\/h3>\r\nEn 1993, 56 artistas, liderados por Lara e Invernizzi, realizaron 26 murales. Aquella iniciativa creci\u00f3 hasta convertir a la localidad en el <strong>Museo Abierto de Artes Iberoamericano<\/strong>, una singular \u201cciudad museo\u201d para recorrer a cielo abierto.\r\n\r\n[caption id=\"attachment_8995\" align=\"alignnone\" width=\"300\"]<img class=\"size-medium wp-image-8995\" src=\"http:\/\/uruguaynatural.com\/wp-content\/uploads\/2026\/08\/San-Gregorio-de-Polanco-A_Mon-Devane-F_Manu-Rivoir-WEB-300x225.jpg\" alt=\"Mural en San Gregorio de Polanco donde una mano comparte un mate con otra\" width=\"300\" height=\"225\" \/> San Gregorio de Polanco, <a href=\"https:\/\/www.instagram.com\/mondevane\/?hl=es\">Mon Devane<\/a>[\/caption]\r\n\r\n<strong><a href=\"https:\/\/maais.tacuaremboturismo.gub.uy\/murales.php\">Recorr\u00e9 el Museo Abierto de San Gregorio de Polanco \u2192<\/a><\/strong>\r\n<h3 class=\"western\"><span style=\"font-size: medium;\"><b>Rosario, Colonia<\/b><\/span><\/h3>\r\nSus murales recuperan personajes, an\u00e9cdotas y momentos de la historia local. Un recorrido que puede combinarse con otros atractivos de la zona, como la Ruta del Queso o las bodegas de Carmelo junto con los murales de artistas locales en Colonia del Sacramento.\r\n\r\n[caption id=\"attachment_8994\" align=\"alignnone\" width=\"300\"]<img class=\"size-medium wp-image-8994\" src=\"http:\/\/uruguaynatural.com\/wp-content\/uploads\/2026\/08\/Colonia-A_JCBarreto-F_Manu-Rivoir-WEB-300x199.jpg\" alt=\"Ave en colores primarios en Colonia del Sacramento\" width=\"300\" height=\"199\" \/> Colonia del Sacramento, <a href=\"https:\/\/www.instagram.com\/jotace.barreto\/?hl=es\">JC Barreto<\/a>[\/caption]\r\n<h3 class=\"western\"><span style=\"font-size: medium;\"><b>25 de Agosto, Florida<\/b><\/span><\/h3>\r\nEn 2008, la artista francesa Michele Dubaux, conocida como Leo Arti, lleg\u00f3 al pueblo y pint\u00f3 un mural en su casa. Una vecina le pidi\u00f3 reproducir una de sus obras y el gesto se multiplic\u00f3 entre los habitantes.\r\n\r\nHoy, unas <strong>70 obras realizadas por Leo Arti junto a los vecinos<\/strong> forman parte de la <strong>Ruta de los Murales de Florida<\/strong>.\r\n\r\n[caption id=\"attachment_8989\" align=\"alignnone\" width=\"300\"]<img class=\"size-medium wp-image-8989\" src=\"http:\/\/uruguaynatural.com\/wp-content\/uploads\/2026\/08\/25-de-Agosto-A_Leo-Arti-F_Manu-Rivoir-2-580x385-1-300x199.jpg\" alt=\"Mural con un jard\u00edn en el pueblo 25 de Agosto de Leo Arti\" width=\"300\" height=\"199\" \/> 25 de Agosto, <a href=\"https:\/\/www.instagram.com\/leo_arti_pintora\/?hl=es\">Leo Arti<\/a>[\/caption]\r\n<h3 class=\"western\"><span style=\"font-size: medium;\"><b>19 de Abril, Rocha<\/b><\/span><\/h3>\r\nCon poco m\u00e1s de 200 habitantes, este peque\u00f1o pueblo sobre la Ruta 9 guarda una particular galer\u00eda a cielo abierto: <strong>ChafaloteArte<\/strong>. Pinturas, esculturas, fotograf\u00edas y mosaicos de m\u00e1s de veinte artistas conviven con sus calles y casas.\r\n\r\nUna parada para combinar arte con el encanto de la vida rural uruguaya.\r\n\r\n[caption id=\"attachment_8993\" align=\"alignnone\" width=\"300\"]<img class=\"size-medium wp-image-8993\" src=\"http:\/\/uruguaynatural.com\/wp-content\/uploads\/2026\/08\/Diecinueve-de-Abril-A_Guillermina-Umpierrez-F_Manu-Rivoir-WEB-300x262.jpg\" alt=\"Distintas mujeres caricaturizadas en la fachada de una casa en 19 de Abril, Rocha\" width=\"300\" height=\"262\" \/> 19 de Abril, <a href=\"https:\/\/www.instagram.com\/gui.yermina\/?hl=es\">Guillermina Umpierrez<\/a>[\/caption]\r\n\r\n<strong><a href=\"https:\/\/turismorocha.gub.uy\/atractivos\/historicos\/chafalotearte\">Descubr\u00ed ChafaloteArte \u2192<\/a><\/strong>\r\n\r\n<span style=\"color: #000000;\"><strong>Aigu\u00e1, Maldonado<\/strong><\/span>\r\n\r\nEn las calles de Aigu\u00e1, el arte tambi\u00e9n cuenta historias de mujeres. Cada a\u00f1o, el Festival <a href=\"https:\/\/www.instagram.com\/mujersemilla.uy\/\">\"Mujer Semilla\"<\/a> re\u00fane a artistas bajo la curadur\u00eda de Mar\u00eda Noel Rabu\u00f1al para crear obras que rescatan la identidad, las tradiciones y los saberes transmitidos por las mujeres rurales de la localidad.\r\n\r\n[caption id=\"attachment_8992\" align=\"alignnone\" width=\"300\"]<img class=\"size-medium wp-image-8992\" src=\"http:\/\/uruguaynatural.com\/wp-content\/uploads\/2026\/08\/Aigua\u0301-A_Min8-F_Manu-Rivoir-WEB-300x225.jpg\" alt=\"Mural en Aigu\u00e1, aparece un ni\u00f1o mirando una vela y un tigre justo en frente, le sostiene la mirada\" width=\"300\" height=\"225\" \/> Aigu\u00e1, <a href=\"https:\/\/www.instagram.com\/min_ocho\/?hl=es\">Min8<\/a>[\/caption]\r\n<h3 class=\"western\"><span style=\"font-size: medium;\"><b>Minas, Lavalleja<\/b><\/span><\/h3>\r\nEn 2026, el <strong>Festival de Arte Urbano Wang<\/strong> dej\u00f3 <a href=\"https:\/\/www.instagram.com\/p\/DXkXwP9jxy1\/?img_index=1\">15 nuevas intervenciones<\/a> en distintos espacios de la ciudad. Las obras dialogan con la historia y la vida de la comunidad. Se realizaron varias actividades paralelas: taller de muralismo participativo con j\u00f3venes, cine y encuentros de arte urbano, entre otros.\r\n\r\nUna muestra de que el arte urbano contin\u00faa encontrando nuevos lugares donde expresarse.\r\n\r\n[caption id=\"attachment_9140\" align=\"alignnone\" width=\"300\"]<img class=\"size-medium wp-image-9140\" src=\"http:\/\/uruguaynatural.com\/wp-content\/uploads\/2026\/08\/Artista-MeninaFer-Mirador-WEB-300x200.jpg\" alt=\"Mural en mirador de Minas de la artista MeninaF\u00e9r. All\u00ed aparece el rostro de una mujer ind\u00edgna en un jard\u00edn con flores y un p\u00e1jaro.\" width=\"300\" height=\"200\" \/> <a href=\"https:\/\/www.instagram.com\/ferpineirua\/\">Casa Wang, MeninaF\u00e9r<\/a>[\/caption]\r\n<h2 class=\"western\"><span style=\"font-size: medium;\"><b>El arte tambi\u00e9n est\u00e1 en el camino<\/b><\/span><\/h2>\r\nEl Street Art cambia con el tiempo: aparecen nuevas obras, otras se transforman y algunas desaparecen. Por eso, cada recorrido puede ser diferente.\r\n\r\nEleg\u00ed un lugar, sal\u00ed a caminar y mir\u00e1 a tu alrededor. Tal vez la pr\u00f3xima obra aparezca justo al doblar la esquina.\r\n\r\n<a href=\"https:\/\/www.instagram.com\/streetartuy\/\">\u00a1Conoc\u00e9 m\u00e1s en Street Art Uy!<\/a>\r\n\r\nFotograf\u00edas: <a href=\"https:\/\/www.instagram.com\/manurivoir\/\">Manu Rivoir<\/a>","highlights":"","primary_image":"[{\"id\":8989,\"url\":\"https:\/\/uruguaynatural.com\/wp-content\/uploads\/2026\/08\/25-de-Agosto-A_Leo-Arti-F_Manu-Rivoir-2-580x385-1.jpg\"}]","secondary_image":"[{\"id\":8996,\"url\":\"http:\/\/uruguaynatural.com\/wp-content\/uploads\/2026\/08\/25-de-Agosto-A_Leo-Arti-F_Manu-Rivoir-2-Cabezal.jpg\"}]","gallery_images":"[{\"id\":8992,\"url\":\"http:\/\/uruguaynatural.com\/wp-content\/uploads\/2026\/08\/Aigua\u0301-A_Min8-F_Manu-Rivoir-WEB.jpg\"},{\"id\":8995,\"url\":\"http:\/\/uruguaynatural.com\/wp-content\/uploads\/2026\/08\/San-Gregorio-de-Polanco-A_Mon-Devane-F_Manu-Rivoir-WEB.jpg\"},{\"id\":9034,\"url\":\"http:\/\/uruguaynatural.com\/wp-content\/uploads\/2026\/08\/Montevideo-A_Noe-Cor-Ceci-Ro-F_Manu-Rivoir-5-WEB.jpg\"},{\"id\":9076,\"url\":\"http:\/\/uruguaynatural.com\/wp-content\/uploads\/2026\/08\/Montevideo-A_Noe-Cor-F_Manu-Rivoir-WEB.jpg\"},{\"id\":8997,\"url\":\"http:\/\/uruguaynatural.com\/wp-content\/uploads\/2026\/08\/Colonia-A_JCBarreto-F_Manu-RivoirWEB.jpg\"},{\"id\":8996,\"url\":\"http:\/\/uruguaynatural.com\/wp-content\/uploads\/2026\/08\/25-de-Agosto-A_Leo-Arti-F_Manu-Rivoir-2-Cabezal.jpg\"},{\"id\":8993,\"url\":\"http:\/\/uruguaynatural.com\/wp-content\/uploads\/2026\/08\/Diecinueve-de-Abril-A_Guillermina-Umpierrez-F_Manu-Rivoir-WEB.jpg\"}]","enable_map":"1","coord_lat":"","coord_lng":"","locations":"-34.9055016,-56.1851147|-34.2020299,-54.7634459|-34.3756356,-55.2368996|-34.3637,-54.0680451|-34.3121056,-57.3509452|-34.4635328,-57.8346094|-32.6176633,-55.83485659999999|-34.9055016,-56.1851147|-34.3637,-54.0680451|-34.3756356,-55.2368996|-32.6176633,-55.83485659999999","department":"Montevideo","places":"[{\"id\":7638,\"link\":\"http:\/\/uruguaynatural.com\/es\/places\/maldonado-encuentro-de-sierras-arte-y-mar-%f0%9f%8c%8a\/\",\"title\":\"Maldonado: Encuentro de Sierras, Arte y Mar\",\"description\":\"<p align=\\\"justify\\\"><span style=\\\"font-family: ARial, sans-serif;\\\">Maldonado lo tiene todo, desde la sofisticaci\u00f3n costera hasta la m\u00edstica tranquila de sus balnearios hist\u00f3ricos y el encanto rural de su interior. Es un lugar donde la arquitectura de vanguardia convive con paisajes incre\u00edbles, enmarcado por las mejores playas del Atl\u00e1ntico y la serenidad de las sierras. Este destino te da una ruta inolvidable para cada viajero.<\/span><\/p>\\r\\n<p class=\\\"western\\\" align=\\\"justify\\\">\u2728 <strong><span style=\\\"font-family: ARial, sans-serif;\\\">La Costa m\u00e1s Glamorosa y la Vanguardia Art\u00edstica<\/span><\/strong><\/p>\\r\\n<p align=\\\"justify\\\"><span style=\\\"font-family: ARial, sans-serif;\\\">Prep\u00e1rate para la zona m\u00e1s exclusiva. Punta del Este es el balneario principal, famoso por sus playas Mansa y Brava. En su puerto pod\u00e9s avistar lobos marinos y disfrutar de alta gastronom\u00eda, adem\u00e1s de visitar la Isla Gorriti, una reserva natural. Un punto clave es que, adem\u00e1s de ser un destino vacacional de lujo, la pen\u00ednsula es un centro importante para el turismo de reuniones.<\/span><\/p>\\r\\n<p align=\\\"justify\\\"><span style=\\\"font-family: ARial, sans-serif;\\\">Al cruzar el ic\u00f3nico Puente Ondulante (Leonel Viera), se accede a La Barra y Manantiales, zonas con un ambiente chic y art\u00edstico. Ac\u00e1 se encuentra el impresionante Museo de Arte Contempor\u00e1neo Atchugarry (MACA), rodeado de un parque de esculturas.<\/span><\/p>\\r\\n<p align=\\\"justify\\\"><span style=\\\"font-family: ARial, sans-serif;\\\">M\u00e1s al este, Jos\u00e9 Ignacio es un antiguo pueblo de pescadores transformado en un enclave de lujo relajado. No dejes de visitar su Faro, cruzar el Puente Circular sobre Laguna Garz\u00f3n y adentrarte en Pueblo Garz\u00f3n, un refugio de la slow gastronomy y el arte.<\/span><\/p>\\r\\n<p class=\\\"western\\\" align=\\\"justify\\\">\ud83c\udf05 <strong><span style=\\\"font-family: ARial, sans-serif;\\\">Punta Ballena, M\u00edstica y Balnearios Hist\u00f3ricos<\/span><\/strong><\/p>\\r\\n<p align=\\\"justify\\\"><span style=\\\"font-family: ARial, sans-serif;\\\">Esta regi\u00f3n es ideal para explorar la fusi\u00f3n entre la sierra y el mar. Es justo aqu\u00ed donde se encuentra Casapueblo, la famosa ciudad-escultura de Carlos P\u00e1ez Vilar\u00f3. Funciona como hotel y museo, y es el escenario de la tradicional \u201cCeremonia del Sol\u201d al atardecer.<\/span><\/p>\\r\\n<p align=\\\"justify\\\"><span style=\\\"font-family: ARial, sans-serif;\\\">Cerca, el Arboretum Lussich te invita a recorrer una de las reservas forestales m\u00e1s importantes del mundo, con unas 192 hect\u00e1reas llenas de especies para avistar aves.<\/span><\/p>\\r\\n<p align=\\\"justify\\\"><span style=\\\"font-family: ARial, sans-serif;\\\">Junto a la costa, la ciudad balnearia de Piri\u00e1polis te espera con su encanto Belle \u00c9poque y un toque esot\u00e9rico. Fundada por Francisco Piria, conserva hitos como el emblem\u00e1tico castillo que lleva su nombre, la Rambla de los Argentinos y Cerro San Antonio, que ofrece una vista inigualable de la bah\u00eda.<\/span><\/p>\\r\\n<p align=\\\"justify\\\"><span style=\\\"font-family: ARial, sans-serif;\\\">La zona tambi\u00e9n incluye balnearios tranquilos como Sol\u00eds y Las Flores. Hacia el interior, cerca de la costa, ten\u00e9s la Reserva de Fauna del Cerro Pan de Az\u00facar, un paseo de ecoturismo fundamental, y el circuito \u201cSentir las \u00c1nimas\u201d con sus Pozos Azules.<\/span><\/p>\\r\\n<p class=\\\"western\\\" align=\\\"justify\\\">\ud83c\udfdb\ufe0f <strong><span style=\\\"font-family: ARial, sans-serif;\\\">Patrimonio Hist\u00f3rico y Rutas Serranas<\/span><\/strong><\/p>\\r\\n<p align=\\\"justify\\\"><span style=\\\"font-family: ARial, sans-serif;\\\">El pasado colonial se respira en la Capital del departamento, donde pod\u00e9s visitar la Torre del Vig\u00eda, el Cuartel de Dragones y Catedral San Fernando. A su vez, San Carlos es un centro de tradici\u00f3n agropecuaria con la iglesia m\u00e1s antigua del pa\u00eds: San Carlos Borromeo. Hacia el norte, el circuito serrano te sorprende con paisajes \u00fanicos. Aigu\u00e1 es un pueblo encantador que sirve de puerta de entrada a las Grutas de Salamanca, el complejo de cavernas m\u00e1s grande del pa\u00eds. Y si lo tuyo es la buena mesa, Pueblo Ed\u00e9n te recibe con su estilo slow life y una Ruta del Vino y el Olivo que te permite visitar bodegas con degustaciones de alta calidad.<\/span><\/p>\\r\\n<p align=\\\"justify\\\"><span style=\\\"font-family: ARial, sans-serif;\\\">Maldonado es un destino infinito: lujo, sierras, historia y aventura. \u00a1Visitalo y descubr\u00ed la magia del Este uruguayo!<\/span><\/p>\",\"primary_image\":\"http:\/\/uruguaynatural.com\/wp-content\/uploads\/2023\/06\/Piria2-scaled.jpg\"},{\"id\":3489,\"link\":\"http:\/\/uruguaynatural.com\/es\/places\/florida\/\",\"title\":\"Florida\",\"description\":\"<p data-path-to-node=\\\"1\\\"><span class=\\\"citation-889 citation-891 citation-893 citation-895 citation-896 citation-897\\\">Florida es tambi\u00e9n Santuario Nacional <\/span><span class=\\\"citation-888 citation-889 citation-890 citation-891 citation-892 citation-893 citation-894 citation-895 citation-896 citation-897 citation-end-897\\\">de la Virgen de los Treinta y Tres Orientales, Patrona del Uruguay, y es San Cono, con su devota peregrinaci\u00f3n. Florida es el acierto de l<\/span><span class=\\\"citation-888 citation-889 citation-890 citation-891 citation-892 citation-893 citation-894 citation-895 citation-896 citation-end-896\\\">os detalles plasmados en cada obra arquitect\u00f3nica, en <\/span><span class=\\\"citation-888 citation-889 citation-890 citation-891 citation-892 citation-893 citation-894 citation-895 citation-end-895\\\">las decenas de monumentos a lo largo de toda la extensi\u00f3n urba<\/span><span class=\\\"citation-888 citation-889 citation-890 citation-891 citation-892 citation-893 citation-end-893\\\">na, las alegor\u00edas de su catedral y la riqueza d<\/span><span class=\\\"citation-888 citation-889 citation-890 citation-891 citation-end-891\\\">el paisaje del Prado Piedra Alta, obra del arquitecto <\/span><span class=\\\"citation-888 citation-889 citation-end-889\\\">y paisajista franc\u00e9s Carlos Racin<\/span>e.<\/p>\\r\\n\\r\\n<div class=\\\"source-inline-chip-container ng-star-inserted\\\"><\/div>\\r\\n<p data-path-to-node=\\\"2\\\">Cuna de grandes exponentes de las artes y las letras como Jos\u00e9 C\u00faneo, Ulises Pasarella, Mario Giacoya y Mario Delgado Apara\u00edn, Florida ofrece un circuito que combina fe, historia y naturaleza en un solo destino.<\/p>\\r\\n\\r\\n<h3 data-path-to-node=\\\"3\\\">\u00a1No te pierdas!<\/h3>\\r\\n<p data-path-to-node=\\\"4\\\"><b data-path-to-node=\\\"4\\\" data-index-in-node=\\\"0\\\">Circuito Hist\u00f3rico: El Origen de la Naci\u00f3n<\/b> Entre el principal parque natural de la ciudad y el centro hist\u00f3rico se encuentra la zona donde el 25 de agosto de 1825 se gest\u00f3 la Declaratoria de la Independencia Nacional.<\/p>\\r\\n\\r\\n<ul data-path-to-node=\\\"5\\\">\\r\\n \\t<li>\\r\\n<p data-path-to-node=\\\"5,0,0\\\"><b data-path-to-node=\\\"5,0,0\\\" data-index-in-node=\\\"0\\\">Piedra Alta:<\/b> Ubicada junto al puente del mismo nombre (ingreso sur a la ciudad), es el sitio emblem\u00e1tico donde se proclam\u00f3 la independencia.<\/p>\\r\\n<\/li>\\r\\n \\t<li>\\r\\n<p data-path-to-node=\\\"5,1,0\\\"><b data-path-to-node=\\\"5,1,0\\\" data-index-in-node=\\\"0\\\">Predio Hist\u00f3rico:<\/b> El lugar exacto donde se reunieron los asamble\u00edstas de 1825.<\/p>\\r\\n<\/li>\\r\\n \\t<li>\\r\\n<p data-path-to-node=\\\"5,2,0\\\"><b data-path-to-node=\\\"5,2,0\\\" data-index-in-node=\\\"0\\\">Plaza Asamblea:<\/b> Alberga el Monumento a la Independencia Nacional y es el coraz\u00f3n del casco hist\u00f3rico.<\/p>\\r\\n<\/li>\\r\\n<\/ul>\\r\\n<p data-path-to-node=\\\"6\\\"><b data-path-to-node=\\\"6\\\" data-index-in-node=\\\"0\\\">Prado Piedra Alta: Naturaleza y Recreaci\u00f3n<\/b> Centro social y paseo ineludible de la ciudad, este parque cuenta con 19 canteros de riqueza centenaria, combinando flora aut\u00f3ctona y ex\u00f3tica.<\/p>\\r\\n\\r\\n<ul data-path-to-node=\\\"7\\\">\\r\\n \\t<li>\\r\\n<p data-path-to-node=\\\"7,0,0\\\"><b data-path-to-node=\\\"7,0,0\\\" data-index-in-node=\\\"0\\\">Atractivos:<\/b> Incluye numerosos monumentos, plazoletas, juegos infantiles, un rosedal y el Teatro de Verano.<\/p>\\r\\n<\/li>\\r\\n \\t<li>\\r\\n<p data-path-to-node=\\\"7,1,0\\\"><b data-path-to-node=\\\"7,1,0\\\" data-index-in-node=\\\"0\\\">Entorno:<\/b> El paisaje que ofrece el R\u00edo Santa Luc\u00eda Chico y el Parque Robaina constituye uno de los mayores atractivos naturales para el descanso y la fotograf\u00eda.<\/p>\\r\\n<\/li>\\r\\n<\/ul>\\r\\n<p data-path-to-node=\\\"8\\\"><b data-path-to-node=\\\"8\\\" data-index-in-node=\\\"0\\\">Turismo Religioso: Fe y Tradici\u00f3n<\/b> Florida es un polo de atracci\u00f3n espiritual para miles de visitantes cada a\u00f1o.<\/p>\\r\\n\\r\\n<ul data-path-to-node=\\\"9\\\">\\r\\n \\t<li>\\r\\n<p data-path-to-node=\\\"9,0,0\\\"><b data-path-to-node=\\\"9,0,0\\\" data-index-in-node=\\\"0\\\">Catedral Bas\u00edlica y Santuario Nacional:<\/b> Hogar de la peque\u00f1a imagen de la Virgen de los Treinta y Tres, ante la cual los patriotas rindieron homenaje.<\/p>\\r\\n<\/li>\\r\\n \\t<li>\\r\\n<p data-path-to-node=\\\"9,1,0\\\"><b data-path-to-node=\\\"9,1,0\\\" data-index-in-node=\\\"0\\\">Capilla de San Cono:<\/b> Famosa por las multitudinarias procesiones cada 3 de junio, donde fieles de todo el pa\u00eds llegan para agradecer y realizar pedidos al \\\"santo de los n\u00fameros\\\".<\/p>\\r\\n<\/li>\\r\\n<\/ul>\\r\\n<p data-path-to-node=\\\"10\\\"><b data-path-to-node=\\\"10\\\" data-index-in-node=\\\"0\\\">Arquitectura y Cultura<\/b> La ciudad invita a recorrer sus calles para apreciar casonas antiguas de gran valor arquitect\u00f3nico.<\/p>\\r\\n\\r\\n<ul data-path-to-node=\\\"11\\\">\\r\\n \\t<li>\\r\\n<p data-path-to-node=\\\"11,0,0\\\"><b data-path-to-node=\\\"11,0,0\\\" data-index-in-node=\\\"0\\\">Edificios Destacados:<\/b> Las sedes de la Jefatura de Polic\u00eda y el Banco Rep\u00fablica son ejemplos claros de la riqueza patrimonial local.<\/p>\\r\\n<\/li>\\r\\n \\t<li>\\r\\n<p data-path-to-node=\\\"11,1,0\\\"><b data-path-to-node=\\\"11,1,0\\\" data-index-in-node=\\\"0\\\">Arte Urbano:<\/b> Se pueden apreciar homenajes a las \\\"Lunas de C\u00faneo\\\" en frescos ubicados en el microcentro de la ciudad.<\/p>\\r\\n<\/li>\\r\\n<\/ul>\\r\\n\\r\\n<hr data-path-to-node=\\\"12\\\" \/>\\r\\n\\r\\n<h3 data-path-to-node=\\\"13\\\">Sabores de Florida<\/h3>\\r\\n<p data-path-to-node=\\\"14\\\">No pod\u00e9s irte sin probar los productos locales de la zona l\u00e1ctea por excelencia, destac\u00e1ndose los quesos artesanales y los dulces tradicionales que reflejan la producci\u00f3n rural del departamento.<\/p>\\r\\n\\r\\n\\r\\n<hr data-path-to-node=\\\"15\\\" \/>\\r\\n\\r\\n<div class=\\\"source-inline-chip-container ng-star-inserted\\\"><\/div>\\r\\n<p data-path-to-node=\\\"16\\\"><i data-path-to-node=\\\"16\\\" data-index-in-node=\\\"0\\\">Florida es un destino que invita a descubrir la identidad uruguaya a trav\u00e9s de sus hitos hist\u00f3ricos y su profunda fe popular.<\/i> <b data-path-to-node=\\\"16\\\" data-index-in-node=\\\"126\\\">\u00a1Visit\u00e1 Florida y descubr\u00ed el lugar donde naci\u00f3 la historia del Uruguay!<\/b><\/p>\\r\\n\u00a0\",\"primary_image\":\"http:\/\/uruguaynatural.com\/wp-content\/uploads\/2023\/09\/k2.items_.cache_.62fb5f1024529266c6e71c0c0c9ddb3c_Genericnsp-670.jpg\"},{\"id\":7096,\"link\":\"http:\/\/uruguaynatural.com\/es\/places\/tacuarembo-2\/\",\"title\":\"Tacuaremb\u00f3: Coraz\u00f3n Gaucho de Uruguay\",\"description\":\"El paisaje est\u00e1 dominado por vastas praderas onduladas y sierras, con la <b>ganader\u00eda<\/b> como principal actividad econ\u00f3mica, lo que le ha valido el apodo de <b>\\\"la tierra del gaucho\\\"<\/b>. Es cuna de importantes figuras de la cultura nacional, destac\u00e1ndose el <b>Festival Patria Gaucha<\/b> que celebra anualmente las costumbres y tradiciones camperas, atrayendo visitantes de todo el mundo.\\r\\n<h3>\u00a1No te pierdas!<\/h3>\\r\\n<h4><b>Valle Ed\u00e9n: Historia y Naturaleza Gardeliana<\/b><\/h4>\\r\\nUbicado a <span class=\\\"math-inline\\\" data-math=\\\"25 \\\\text{ km}\\\">25 km<\/span> de la ciudad de Tacuaremb\u00f3 (acceso por Ruta <span class=\\\"math-inline\\\" data-math=\\\"26, \\\\text{ km } 208\\\">26, km 208<\/span>, Valle Ed\u00e9n combina una vegetaci\u00f3n espesa, sierras y una rica historia ferroviaria.\\r\\n<ul>\\r\\n \\t<li><b>Pulper\u00eda-Museo Carlos Gardel:<\/b> Conoce la antigua pulper\u00eda donde supuestamente frecuentaba el \\\"Mago\\\" y que hoy funciona como museo tem\u00e1tico, defendiendo la nacionalidad uruguaya del artista. El museo alberga documentaci\u00f3n probatoria, fotos y objetos personales.<\/li>\\r\\n \\t<li><b>Estaci\u00f3n de Trenes:<\/b> Un sitio bien conservado que ha servido como set de filmaci\u00f3n de pel\u00edculas como <i>El \u00faltimo tren<\/i>, atrayendo a actores de la talla de H\u00e9ctor Alterio y Federico Luppi.<\/li>\\r\\n \\t<li><b>Atractivos Naturales:<\/b> Explora el <b>Cerro Cementerio<\/b>, cruza el <b>puente colgante peatonal<\/b> sobre el arroyo Jaboner\u00eda, sube a la <b>Cueva del Chivo<\/b> para una vista panor\u00e1mica con cascada, y marav\u00edllate con <b>Las Marmitas<\/b>, formaciones rocosas creadas por la erosi\u00f3n del agua.<\/li>\\r\\n \\t<li><b>Pozo Hondo:<\/b> Un salto de agua de <span class=\\\"math-inline\\\" data-math=\\\"15 \\\\text{ metros}\\\">15 metros <\/span>con una laguna profunda y g\u00e9lida, ubicado entre Valle Ed\u00e9n y Tambores.<\/li>\\r\\n<\/ul>\\r\\n<h4><b>Paso de los Toros: Descanso, Cultura y el R\u00edo Hum<\/b><\/h4>\\r\\nEn la ribera del R\u00edo Negro, Paso de los Toros conserva el encanto natural del viejo R\u00edo Hum de los Charr\u00faas. Es la ciudad que vio nacer al c\u00e9lebre escritor, <b>Mario Benedetti<\/b>, por lo que es una visita ineludible para los amantes de la cultura, la n\u00e1utica y la pesca. Playas de agua dulce, caba\u00f1as y el camping municipal forman parte de los atractivos del lugar.\\r\\n\\r\\n<b>\u00a1Imperdibles en Paso de los Toros!<\/b>\\r\\n<ul>\\r\\n \\t<li><b>Represa de Rinc\u00f3n del Bonete:<\/b> La primera represa hidroel\u00e9ctrica del pa\u00eds y principal atractivo de la ciudad. Su lago artificial de <span class=\\\"math-inline\\\" data-math=\\\"120.000\\\">120.000 <\/span>hect\u00e1reas ofrece extraordinarios pesqueros y extensas playas.<\/li>\\r\\n \\t<li><b>V\u00eda y Plaza Benedetti:<\/b> Un recorrido cultural con 12 carteles luminosos con fragmentos de los poemas del escritor, que culmina en la <b>Plazoleta Benedetti<\/b>, donde una escultura del autor invita a tomarse una <i>selfie<\/i>.<\/li>\\r\\n \\t<li><b>Primera Reserva Acuario del Uruguay:<\/b> Dedicada a la preservaci\u00f3n y valoraci\u00f3n de la biodiversidad dulceacu\u00edcola, exhibiendo peces aut\u00f3ctonos de aguas dulces.<\/li>\\r\\n \\t<li><b>Parroquia Santa Isabel:<\/b> Edificio de estilo neog\u00f3tico que data de <span class=\\\"math-inline\\\" data-math=\\\"1898\\\">1898<\/span>, destac\u00e1ndose por sus vitrales y su gran torre central.<\/li>\\r\\n \\t<li><b>Escultura del Toro:<\/b> S\u00edmbolo de la ciudad, esta obra del artista Carlos Saba\u00f1o es la segunda escultura m\u00e1s fotografiada del pa\u00eds.<\/li>\\r\\n \\t<li><b>Agua T\u00f3nica \\\"Paso de los Toros\\\":<\/b> Conoce la m\u00edstica de la ex-F\u00e1brica de Agua T\u00f3nica, la popular bebida creada por el qu\u00edmico R\u00f3mulo Mangini, que forma parte del circuito cultural hist\u00f3rico de la ciudad.<\/li>\\r\\n<\/ul>\\r\\n<h4><b>San Gregorio de Polanco: Balneario de Arte y Arena<\/b><\/h4>\\r\\nConsiderado un lugar con uno de los atardeceres m\u00e1s bonitos de Uruguay, esta tranquila ciudad balnearia sobre el R\u00edo Negro cuenta con una hermosa playa de grandes arenales.\\r\\n<ul>\\r\\n \\t<li><b>Museo Abierto De Artes Visuales de Latinoam\u00e9rica:<\/b> San Gregorio tiene el m\u00e9rito de albergar este primer museo a cielo abierto de la regi\u00f3n. Al recorrer sus calles, se pueden contemplar cerca de <span class=\\\"math-inline\\\" data-math=\\\"120\\\">120<\/span>\u00a0obras entre murales y esculturas de grandes artistas nacionales y extranjeros como Carlos P\u00e1ez Vilar\u00f3 y Cleber Lara.<\/li>\\r\\n \\t<li><b>Alojamiento y Actividades:<\/b> El balneario ofrece camping bien equipado, caba\u00f1as y hoteles, adem\u00e1s de servicios tur\u00edsticos como paseos a caballo, alquiler de canoas y kayak.<\/li>\\r\\n<\/ul>\\r\\n\u00a0\\r\\n<h4><b>Balneario Ipor\u00e1: Diversi\u00f3n al aire libre<\/b><\/h4>\\r\\nUn complejo tur\u00edstico con lago artificial ideal para el descanso y diversas actividades al aire libre.\\r\\n<h4><b>Aventuras Acu\u00e1ticas en el R\u00edo Negro<\/b><\/h4>\\r\\nEl espejo de agua del embalse del R\u00edo Negro permite deleitarse y recrearse. Sus m\u00e1rgenes cuentan con extensas zonas de playa, camping y la balsa que comunica con poblaciones de Durazno.\\r\\n<h4><b>Sabores de Tacuaremb\u00f3<\/b><\/h4>\\r\\nEn el destino es posible degustar deliciosas tortas fritas, pasteles hojaldrados de dulce de leche, licores especiales de buti\u00e1, los famosos <b>alfajores de La Negrita<\/b> y la especialidad local: el <b>Chorifish<\/b>, un embutido de pescado artesanal.\\r\\n<h4><b>Balneario Ipor\u00e1: Diversi\u00f3n al aire libre<\/b><\/h4>\\r\\nUn complejo tur\u00edstico con lago artificial ideal para el descanso y diversas actividades al aire libre.\\r\\n<h4><b>Aventuras Acu\u00e1ticas en el R\u00edo Negro<\/b><\/h4>\\r\\nEl espejo de agua del embalse del R\u00edo Negro permite deleitarse y recrearse. Sus m\u00e1rgenes cuentan con extensas zonas de playa, camping y la balsa que comunica con poblaciones de Durazno.\\r\\n<h4><b>Sabores de Tacuaremb\u00f3<\/b><\/h4>\\r\\nEn el destino es posible degustar deliciosas tortas fritas, pasteles hojaldrados de dulce de leche, licores especiales de buti\u00e1, los famosos <b>alfajores de La Negrita<\/b> y la especialidad local: el <b>Chorifish<\/b>, un embutido de pescado artesanal.\\r\\n\\r\\n<hr \/>\\r\\n\\r\\nTacuaremb\u00f3 es un destino que invita a conectar con la <b>naturaleza agreste<\/b>, la <b>historia rural<\/b> y el genuino <b>folclore uruguayo<\/b>.\\r\\n\\r\\n<b>\u00a1Visit\u00e1 Tacuaremb\u00f3 y viv\u00ed la esencia del Uruguay m\u00e1s aut\u00e9ntico!<\/b>\",\"primary_image\":\"http:\/\/uruguaynatural.com\/wp-content\/uploads\/2025\/10\/Captura-de-pantalla-de-2025-10-22-10-22-07.png\"},{\"id\":7016,\"link\":\"http:\/\/uruguaynatural.com\/es\/places\/7016\/\",\"title\":\"Lavalleja, donde la calma tiene forma de paisaje\",\"description\":\"Desde la m\u00edstica silueta del <b>Cerro Arequita<\/b> con su gruta, hasta la imponente ca\u00edda del <b>Salto del Penitente<\/b>, Lavalleja es el destino ideal para los amantes de la adrenalina. Recorre senderos, practica deportes de aventura o simplemente desconecta en la tranquilidad de lugares como <b>Villa Serrana<\/b> y la <b>Reserva Salus<\/b>.\\r\\n\\r\\nPero Lavalleja es m\u00e1s que naturaleza. Es tambi\u00e9n cultura, historia y espiritualidad, con el emblem\u00e1tico <b>Santuario de la Virgen del Verd\u00fan<\/b> y la encantadora ciudad capital, <b>Minas<\/b>.\\r\\n<h3>\u00a1Naturaleza, Aventura y Tradici\u00f3n!<\/h3>\\r\\n<h4><b>La Ciudad de Minas: Entre Sierras y Microclima<\/b><\/h4>\\r\\n<b>Minas<\/b> es la capital departamental, asentada entre las sierras de Minas y Carap\u00e9, ramales de la Cuchilla Grande. Su suelo de granito y roca pizarroza origina un paisaje de sierras, mares de piedras y amplias elevaciones.\\r\\n\\r\\nLa ciudad goza de un <b>microclima<\/b> con una atm\u00f3sfera de gran pureza, donde las elevaciones mitigan la humedad, aunque las lluvias ocasionales persisten durante todo el a\u00f1o.\\r\\n\\r\\n<b>\u00a1Imperdibles en Minas!<\/b>\\r\\n<ul>\\r\\n \\t<li><b>Cerro Artigas:<\/b> Hogar del <b>Monumento al Gral. Jos\u00e9 Artigas<\/b>, una de las estatuas ecuestres m\u00e1s grandes del mundo, y del <b>Museo Stelio Belloni<\/b>. Aqu\u00ed se celebra la tradicional <i>Noche de los Fogones<\/i>.<\/li>\\r\\n \\t<li><b>Plaza Libertad:<\/b> Centro social de la ciudad, rodeada por edificios hist\u00f3ricos como la <b>Catedral de la Inmaculada Concepci\u00f3n<\/b>.<\/li>\\r\\n \\t<li><b>Cultura y Museos:<\/b> Visita la <b>Casa de la Cultura<\/b> (con varios museos, incluyendo la casa natal de Lavalleja), el <b>Molino Viejo<\/b> (con vista <span class=\\\"math-inline\\\" data-math=\\\"360^\\\\circ\\\">$360^\\\\circ$<\/span>) y el <b>Museo del Alfajor<\/b>.<\/li>\\r\\n<\/ul>\\r\\n<h4><b>Cerro y Santuario de la Virgen del Verd\u00fan<\/b><\/h4>\\r\\nUno de los principales sitios de turismo religioso. Miles de fieles peregrinan anualmente para subir al cerro y visitar el <b>Santuario Nacional de la Virgen del Verd\u00fan<\/b>. El ascenso ofrece hermosas vistas panor\u00e1micas del paisaje serrano.\\r\\n<h4><b>Cerro Arequita y sus Cuevas<\/b><\/h4>\\r\\nUn imponente monolito de origen volc\u00e1nico. El Arequita es famoso por su <b>gruta<\/b> y su <b>Monte de Omb\u00faes<\/b>, ideales para trekking y la observaci\u00f3n de aves. El parque ofrece actividades de aventura, incluyendo una tirolesa de m\u00e1s de <span class=\\\"math-inline\\\" data-math=\\\"300 \\\\text{ metros}\\\">$300 \\\\text{ metros}$<\/span>.\\r\\n<h4><b>Salto del Penitente<\/b><\/h4>\\r\\nUn espectacular parque natural donde el arroyo Penitente cae en una cascada de m\u00e1s de <span class=\\\"math-inline\\\" data-math=\\\"60 \\\\text{ metros}\\\">$60 \\\\text{ metros}$<\/span>. Es ideal para el descanso en piletas naturales y para la aventura, ofreciendo <b>tirolesa<\/b> y <b>rappel<\/b>.\\r\\n<h4><b>Villa Serrana<\/b><\/h4>\\r\\nUn pintoresco balneario enclavado entre las sierras, conocido por su tranquilidad.\\r\\n<ul>\\r\\n \\t<li><b>Ventorrillo de la Buena Vista:<\/b> Edificaci\u00f3n dise\u00f1ada por el arquitecto Julio Vilamaj\u00f3, que funciona como restaurante y mirador con vistas privilegiadas.<\/li>\\r\\n \\t<li><b>Represa y Lago de Villa Serrana:<\/b> Un espejo de agua perfecto para conectar con la naturaleza.<\/li>\\r\\n<\/ul>\\r\\n<h4><b>Otros atractivos naturales<\/b><\/h4>\\r\\n<ul>\\r\\n \\t<li><b>Parque de Salus:<\/b> Conocido por su fuente de agua mineral natural y su entorno de bosques y arroyos.<\/li>\\r\\n \\t<li><b>Valle del Hilo de la Vida:<\/b> Un espacio de naturaleza y energ\u00eda, ideal para la meditaci\u00f3n y el bienestar.<\/li>\\r\\n<\/ul>\\r\\n<h4><b>Sabores Serranos<\/b><\/h4>\\r\\nLavalleja es conocida por sus exquisitos <b>alfajores<\/b> artesanales, especialmente los de Minas, as\u00ed como por sus vinos y licores de producci\u00f3n local.\\r\\n\\r\\n\u00a0\\r\\n\\r\\n<b>\u00a1Prep\u00e1rate para vivir una experiencia aut\u00e9ntica y recargar energ\u00edas. La geograf\u00eda, la gastronom\u00eda y la calidez de su gente hacen de Lavalleja tu pr\u00f3ximo gran descubrimiento en Uruguay!<\/b>\\r\\n\\r\\nConoc\u00e9 m\u00e1s en <a href=\\\"https:\/\/lavalleja.uy\/\\\">lavalleja.uy<\/a>\\r\\n\\r\\n\u00a0\\r\\n\\r\\n[embed]https:\/\/youtu.be\/_O7wvorFLjE?si=vZkyIPR2tyji-MPI[\/embed]\",\"primary_image\":\"http:\/\/uruguaynatural.com\/wp-content\/uploads\/2025\/10\/Cerro-Arequita-1.jpg\"},{\"id\":7530,\"link\":\"http:\/\/uruguaynatural.com\/es\/places\/colonia-encanto-historico-y-paisajes-del-plata\/\",\"title\":\"Colonia: Encanto Hist\u00f3rico y Paisajes del Plata\",\"description\":\"<h3>\u00a1No te pierdas!<\/h3>\\r\\n\u00a0\\r\\n<h4><b>Colonia del Sacramento: Patrimonio de la Humanidad<\/b><\/h4>\\r\\n<p data-path-to-node=\\\"6\\\">El <b>Barrio Hist\u00f3rico<\/b> es el principal atractivo del departamento, con su trazado irregular y una fascinante mezcla de estilos arquitect\u00f3nicos.<\/p>\\r\\n\\r\\n<ul data-path-to-node=\\\"7\\\">\\r\\n \\t<li>\\r\\n<p data-path-to-node=\\\"7,0,0\\\"><b>Faro de Colonia:<\/b> S\u00edmbolo de la ciudad, desde cuya cima se obtienen las mejores vistas panor\u00e1micas del Barrio Hist\u00f3rico y del R\u00edo de la Plata.<\/p>\\r\\n<\/li>\\r\\n \\t<li>\\r\\n<p data-path-to-node=\\\"7,1,0\\\"><b>Puerta de la Ciudadela y Muralla:<\/b> Vestigios de la fortificaci\u00f3n portuguesa y espa\u00f1ola que proteg\u00eda a la ciudad.<\/p>\\r\\n<\/li>\\r\\n \\t<li>\\r\\n<p data-path-to-node=\\\"7,2,0\\\"><b>Calle de los Suspiros:<\/b> Una de las calles m\u00e1s fotografiadas, con sus casas coloniales de color pastel y su aura de leyenda.<\/p>\\r\\n<\/li>\\r\\n \\t<li>\\r\\n<p data-path-to-node=\\\"7,3,0\\\"><b>Plaza Mayor 25 de Mayo:<\/b> Centro neur\u00e1lgico del casco hist\u00f3rico, rodeada de museos y sitios emblem\u00e1ticos.<\/p>\\r\\n<\/li>\\r\\n<\/ul>\\r\\n<h4><b>Cultura, Historia y Rutas UNESCO<\/b><\/h4>\\r\\n<p data-path-to-node=\\\"9\\\">La ciudad es un verdadero museo a cielo abierto, ideal para recorrer a pie o en bicicleta.<\/p>\\r\\n\\r\\n<ul data-path-to-node=\\\"10\\\">\\r\\n \\t<li>\\r\\n<p data-path-to-node=\\\"10,0,0\\\"><b>Museos del Barrio Hist\u00f3rico:<\/b> Varios peque\u00f1os museos (Museo Municipal, Museo Portugu\u00e9s, Casa de Nacarello, etc.) permiten profundizar en la vida cotidiana de las \u00e9pocas colonial y post-colonial.<\/p>\\r\\n<\/li>\\r\\n \\t<li>\\r\\n<p data-path-to-node=\\\"10,1,0\\\"><b>Trazado Urbano:<\/b> La peculiar disposici\u00f3n de sus calles refleja la alternancia de dominios: las calles anchas y rectas de los portugueses conviven con las angostas y sinuosas de los espa\u00f1oles.<\/p>\\r\\n<\/li>\\r\\n<\/ul>\\r\\n<h4><b>El Ecosistema Rural y Costero<\/b><\/h4>\\r\\n<p data-path-to-node=\\\"12\\\">M\u00e1s all\u00e1 de la capital, el departamento ofrece paisajes de campo, balnearios y producci\u00f3n local.<\/p>\\r\\n\\r\\n<ul data-path-to-node=\\\"13\\\">\\r\\n \\t<li>\\r\\n<p data-path-to-node=\\\"13,0,0\\\"><b>Balnearios del Plata:<\/b><\/p>\\r\\n\\r\\n<ul data-path-to-node=\\\"13,0,1\\\">\\r\\n \\t<li>\\r\\n<p data-path-to-node=\\\"13,0,1,0,0\\\"><b>Playa Ferrando:<\/b> Extensa y tranquila, ideal para el descanso.<\/p>\\r\\n<\/li>\\r\\n \\t<li>\\r\\n<p data-path-to-node=\\\"13,0,1,1,0\\\"><b>Playa Honda:<\/b> Conocida por sus atardeceres y servicios tur\u00edsticos.<\/p>\\r\\n<\/li>\\r\\n<\/ul>\\r\\n<\/li>\\r\\n \\t<li>\\r\\n<p data-path-to-node=\\\"13,1,0\\\"><b>Colonia Suiza (Nueva Helvecia):<\/b> Localidad fundada por inmigrantes suizos, austr\u00edacos y alemanes, famosa por su identidad europea, sus quesos, cervezas artesanales y el tradicional <b>Festival de la Cerveza (Oktoberfest)<\/b>.<\/p>\\r\\n<\/li>\\r\\n \\t<li><b>Colonia Valdense:<\/b> Fundada por inmigrantes provenientes de los <b>Valles Valdenses del Piamonte (Italia)<\/b>. Esta comunidad se distingue por su profunda tradici\u00f3n protestante y su fuerte aporte a la agricultura y la educaci\u00f3n, siendo cuna de importantes instituciones educativas.<\/li>\\r\\n \\t<li>\\r\\n<p data-path-to-node=\\\"13,2,0\\\"><b>Carmelo:<\/b> Conocido como la \\\"Capital Nacional de la Uva y el Vino\\\", se destaca por su tranquilidad, su famoso <b>Puente Giratorio<\/b> sobre el Arroyo de las Vacas y sus <b>bodegas tur\u00edsticas<\/b>, donde se puede degustar el vino <b>Tannat<\/b>.<\/p>\\r\\n<\/li>\\r\\n \\t<li>\\r\\n<p data-path-to-node=\\\"13,3,0\\\"><b>Tarariras:<\/b> Famosa por sus importantes queser\u00edas y tambos, siendo parte de la <b>Ruta de la Leche y el Queso<\/b> del departamento.<\/p>\\r\\n<\/li>\\r\\n \\t<li>\\r\\n<p data-path-to-node=\\\"13,4,0\\\"><b>Ruta de los Quesos y Vinos:<\/b> Recorre bodegas y queser\u00edas artesanales que ofrecen degustaciones y venta directa de productos de alta calidad.<\/p>\\r\\n<\/li>\\r\\n<\/ul>\\r\\n<h4><b>Gastronom\u00eda y Sabores \u00danicos<\/b><\/h4>\\r\\n\u00a0\\r\\n<p data-path-to-node=\\\"15\\\">La oferta culinaria en Colonia es rica y variada, destac\u00e1ndose por la influencia europea.<\/p>\\r\\n\\r\\n<ul data-path-to-node=\\\"16\\\">\\r\\n \\t<li>\\r\\n<p data-path-to-node=\\\"16,0,0\\\"><b>Quesos y L\u00e1cteos:<\/b> Colonia es reconocida como la <b>cuenca lechera<\/b> de Uruguay, siendo imprescindible probar sus quesos (<i>Colonia<\/i>, <i>Dambo<\/i>, etc.).<\/p>\\r\\n<\/li>\\r\\n \\t<li>\\r\\n<p data-path-to-node=\\\"16,1,0\\\"><b>Vinos Tannat:<\/b> Degustaci\u00f3n de vinos finos, especialmente en la zona de Carmelo.<\/p>\\r\\n<\/li>\\r\\n \\t<li>\\r\\n<p data-path-to-node=\\\"16,2,0\\\"><b>Pescado de R\u00edo:<\/b> Disfruta de la gastronom\u00eda basada en el pescado fresco del R\u00edo de la Plata.<\/p>\\r\\n<\/li>\\r\\n<\/ul>\\r\\n\\r\\n<hr data-path-to-node=\\\"17\\\" \/>\\r\\n<p data-path-to-node=\\\"18\\\">Colonia es un destino que encanta por su patrimonio inalterado y su ambiente pac\u00edfico, invitando a vivir una experiencia \u00fanica entre la historia y el R\u00edo de la Plata.<\/p>\\r\\n<p data-path-to-node=\\\"19\\\"><b>\u00a1Viaj\u00e1 a Colonia y dejate seducir por el encanto de su Barrio Hist\u00f3rico!<\/b><\/p>\\r\\n<p data-path-to-node=\\\"19\\\"><a href=\\\"https:\/\/www.colonia.gub.uy\/turismo\/\\\"><b>SITIO OFICIAL<\/b><\/a><\/p>\",\"primary_image\":\"http:\/\/uruguaynatural.com\/wp-content\/uploads\/2023\/06\/DSC_0444.jpg\"}]","date_enabled":"","start_date":"0","end_date":"0","_links":{"self":[{"href":"https:\/\/uruguaynatural.com\/es\/wp-json\/wp\/v2\/experiences\/8988","targetHints":{"allow":["GET"]}}],"collection":[{"href":"https:\/\/uruguaynatural.com\/es\/wp-json\/wp\/v2\/experiences"}],"about":[{"href":"https:\/\/uruguaynatural.com\/es\/wp-json\/wp\/v2\/types\/experiences"}],"author":[{"embeddable":true,"href":"https:\/\/uruguaynatural.com\/es\/wp-json\/wp\/v2\/users\/5"}],"wp:attachment":[{"href":"https:\/\/uruguaynatural.com\/es\/wp-json\/wp\/v2\/media?parent=8988"}],"wp:term":[{"taxonomy":"experience-categories","embeddable":true,"href":"https:\/\/uruguaynatural.com\/es\/wp-json\/wp\/v2\/experience-categories?post=8988"}],"curies":[{"name":"wp","href":"https:\/\/api.w.org\/{rel}","templated":true}]}}