{"id":8114,"date":"{\"dateEnabled\":false,\"start\":\"1970-01-01T00:00:00.000Z\",\"end\":\"1970-01-01T00:00:00.000Z\"}","date_gmt":"2026-04-13T19:25:09","guid":{"rendered":"http:\/\/uruguaynatural.com\/es\/experiences\/\/"},"modified":"2026-04-20T15:58:06","modified_gmt":"2026-04-20T18:58:06","slug":"city-winery-mucho-mas-que-una-bodega","status":"publish","type":"experiences","link":"https:\/\/uruguaynatural.com\/es\/experiences\/city-winery-mucho-mas-que-una-bodega\/","title":{"rendered":"City Winery, mucho m\u00e1s que una bodega"},"author":5,"template":"","experience-categories":[74,17,56],"class_list":["post-8114","experiences","type-experiences","status-publish","hentry","experience-categories-bodegas","experience-categories-cultura","experience-categories-gastronomia"],"acf":[],"primary_title":"<h2><span class=\"highlight highlight--violeta\">City Winery, mucho m\u00e1s que una bodega<\/span><\/h2>","description":"En el coraz\u00f3n de Montevideo, City Winery propone una experiencia \u00fanica que integra bodega urbana, gastronom\u00eda y cultura en un mismo espacio, ideal para quienes desean acercarse al mundo del vino sin salir de la ciudad.","info":"Invita a descubrir distintas cepas y etiquetas de bodegas uruguayas, acompa\u00f1adas por una propuesta gastron\u00f3mica de nivel en su restaurante, dise\u00f1ada para maridar cada copa, tanto para aficionados como para conocedores.\r\n\r\nPero la experiencia va m\u00e1s all\u00e1: City Winery ofrece un recorrido inmersivo 360 por la cultura del pa\u00eds, adem\u00e1s de catas guiadas, visitas a una bodega, talleres de elaboraci\u00f3n de vino y encuentros en torno a la cocina local. Muchas veces en formatos de cupos reducidos, que permiten un recorrido m\u00e1s cercano y personalizado.\r\n\r\nLa propuesta esc\u00e9nica 360 en formato audiovisual combinan m\u00fasica y danza, construyendo un relato sensorial que conecta al visitante con la identidad uruguaya.\r\n\r\nCity Winery es, en definitiva, una forma contempor\u00e1nea de vivir el vino: en la ciudad, con todos los sentidos.\r\n\r\n<a href=\"https:\/\/citywineryuy.com\/es\/\">\u00a1Conoc\u00e9 m\u00e1s!\u00a0<\/a>\r\n\r\n&nbsp;","highlights":"","primary_image":"[{\"id\":8115,\"url\":\"https:\/\/uruguaynatural.com\/wp-content\/uploads\/2026\/04\/FAB9904-580x366-1.jpg\"}]","secondary_image":"[{\"id\":8116,\"url\":\"http:\/\/uruguaynatural.com\/wp-content\/uploads\/2026\/04\/FAB9904-cabezal.jpg\"}]","gallery_images":"[{\"id\":8149,\"url\":\"http:\/\/uruguaynatural.com\/wp-content\/uploads\/2026\/04\/Cena_Winyery-FAB9949-580x386-1.jpg\"},{\"id\":8115,\"url\":\"http:\/\/uruguaynatural.com\/wp-content\/uploads\/2026\/04\/FAB9904-580x366-1.jpg\"},{\"id\":8150,\"url\":\"http:\/\/uruguaynatural.com\/wp-content\/uploads\/2026\/04\/Salainmersiva-cityWinery_FAB9891.jpg\"},{\"id\":8151,\"url\":\"http:\/\/uruguaynatural.com\/wp-content\/uploads\/2026\/04\/Tienda-DSC_0007.jpg\"},{\"id\":8152,\"url\":\"http:\/\/uruguaynatural.com\/wp-content\/uploads\/2026\/04\/Cava-CityWinery_FAB9926.jpg\"},{\"id\":8153,\"url\":\"http:\/\/uruguaynatural.com\/wp-content\/uploads\/2026\/04\/Terraza-brindis-CityWinery-DSC_0040.jpg\"}]","enable_map":"","coord_lat":"","coord_lng":"","locations":"-34.9082311,-56.1682588","department":"Montevideo","places":"[{\"id\":2925,\"link\":\"http:\/\/uruguaynatural.com\/es\/places\/canelones\/\",\"title\":\"Canelones\",\"description\":\"En la actualidad es centro administrativo del departamento y en sus alrededores predominan peque\u00f1as chacras, quintas, bodegas y tambos tur\u00edsticos. Entre sus eventos destacados se destaca Fiesta Nacional de la Bandera y el Peric\u00f3n Federal que tiene lugar en diciembre.\\r\\n\\r\\nCanelones, en tanto departamento,\u00a0 se destaca por ser luego de Montevideo, por ser el m\u00e1s poblado del pa\u00eds y uno de los m\u00e1s estrat\u00e9gicos desde el punto de vista geopol\u00edtico. Situado al Sur del pa\u00eds, es el puente de comunicaci\u00f3n entre la capital y el interior del pa\u00eds, adem\u00e1s de receptor de visitantes extranjeros, al ser sede del Aeropuerto Internacional de Carrasco Cuenta con una superficie de m\u00e1s de 4.500 metros cuadrados y una poblaci\u00f3n que supera los 520 mil. Su territorio, levemente ondulado y pleno de llanuras, cuenta con un rico caudal de arroyos integrantes de la cuenca del r\u00edo Santa Luc\u00eda, fuente de riqueza acu\u00edfera potable para todo el sur del pa\u00eds, que termina desembocando en las costas del R\u00edo de la Plata. Existen adem\u00e1s algunos lagos de gran tama\u00f1o, tajamares o embalses y pozos excavados que almacenan agua durante el invierno para el riego en verano. Canelones es adem\u00e1s, un departamento fundamental para comprender la historia del pa\u00eds. De acuerdo a las instrucciones dadas por el Gral. Jos\u00e9 Gervasio Artigas en 1816, Canelones constituir\u00eda una de las seis jurisdicciones con que se dividir\u00eda la Provincia Oriental.\\r\\n\\r\\nLa ciudad de Canelones alberga importantes monumentos y construcciones que invitan a disfrutar del turismo hist\u00f3rico-cultural.\u00a0En el Parque Gral. Artigas se encuentra el Museo Arqueol\u00f3gico Antonio Taddei, quien fuera uno de los precursores de la Arqueolog\u00eda cient\u00edfica en Uruguay. Exhibe material paleontol\u00f3gico y fundamentalmente arqueol\u00f3gico pertenecientes a culturas ind\u00edgenas que habitaron nuestro territorio. Otro sitio imperdible de la capital canaria es la Catedral Nuestra Se\u00f1ora de Guadalupe, construida en 1843, con una tipolog\u00eda arquitect\u00f3nica representativa del Neoclacisimo espa\u00f1ol. En torno a la Capilla en honor a esta virgen se fund\u00f3 la Villa Nuestra Se\u00f1ora de Guadalupe en 1783 y fue a los pies de la imagen que se bendijo en 1829 al primer Pabell\u00f3n Nacional, creado por la Asamblea General Constituyente y Legislativa del Estado.\\r\\n\\r\\nEn la plaza 18 de Julio est\u00e1 el Monumento a la Bandera, inaugurado en 1939 y conocido como \u201cLa Joaquina\u201d, aludiendo al retrato en relieve de Joaqu\u00edn Su\u00e1rez que hay en su frente. La figura luce la cl\u00e1sica t\u00fanica griega de las alegor\u00edas c\u00edvicas de la \u00e9poca, sosteniendo en su mano derecha una espada y con la izquierda alza el pabell\u00f3n nacional.\\r\\n\\r\\n<strong>\u00a1No te pierdas!<\/strong>\\r\\n<div class=\\\"mas-visitados clearfix\\\">\\r\\n<h3><img class=\\\"circular-img\\\" src=\\\"https:\/\/uruguaynatural.com\/images\/destinos-destacados\/politeama.png\\\" alt=\\\"\\\" \/><\/h3>\\r\\n<strong>Complejo Cultural Politeama<\/strong>\\r\\n\\r\\nEl Complejo Cultural Politeama cumpli\u00f3 100 a\u00f1os y su denominaci\u00f3n hace referencia a que este espacio ha sido destinado hist\u00f3ricamente a diversos tipos de espect\u00e1culos como zarzuelas, representaciones teatrales, funciones de cine, bailes y hasta competencias de boxeo. Cuenta con dos tertulias y platea flanqueada por pasillos que componen la sala teatral \u201cAtahualpa del Cioppo\u201d.\u00a0Teatro Atahualpa del Cioppo. Reinaugurado en el a\u00f1o 2014 luego de varias reformas, es considerado el polo art\u00edstico de la ciudad y \u00e1mbito c\u00e9ntrico de realizaci\u00f3n de actividades culturales.\u00a0Contacto: 1828 Int. 1233\\r\\n<h3><\/h3>\\r\\n<\/div>\\r\\n<div class=\\\"mas-visitados clearfix\\\">\\r\\n<figure><img class=\\\"circular-img\\\" src=\\\"https:\/\/uruguaynatural.com\/images\/destinos-destacados\/spikerman.png\\\" alt=\\\"\\\" \/><\/figure>\\r\\n<strong>Museo Spikerman<\/strong>\\r\\n\\r\\nEn el mismo se exhiben materiales representativos de la etapa fundacional de la ciudad y una valiosa colecci\u00f3n numism\u00e1tica y otra de armas pertenecientes al proceso revolucionario Artiguista, a la Cruzada Libertadora y a las guerras civiles de la primera mitad del siglo XIX, adem\u00e1s de ara\u00f1as y un reloj que pertenecieron a jefes pol\u00edticos del departamento de la misma \u00e9poca.\u00a0Contacto: (+598) \u00a043323111\\r\\n\\r\\n<\/div>\\r\\n<div class=\\\"mas-visitados clearfix\\\">\\r\\n<figure><img class=\\\"circular-img\\\" src=\\\"https:\/\/uruguaynatural.com\/images\/destinos-destacados\/bandera.png\\\" alt=\\\"\\\" \/><\/figure>\\r\\n<strong>Monumento a la bandera<\/strong>\\r\\n<p class=\\\"western\\\" lang=\\\"es-UY\\\">Ubicado en la plaza 18 de Julio de Canelones, es un monumento de estilo historicista \u00a0en homenaje al primer pabell\u00f3n nacional. Consiste en una figura femenina en postura vertical, con la cabeza erguida y expresi\u00f3n severa. Vestida con una t\u00fanica, sostiene una espada en la mano derecha y con la izquierda alza la bandera.<\/p>\\r\\n\u00a0\\r\\n\\r\\n<\/div>\\r\\n<div class=\\\"mas-visitados clearfix\\\">\\r\\n<figure><img class=\\\"circular-img\\\" src=\\\"https:\/\/uruguaynatural.com\/images\/destinos-destacados\/granja.png\\\" alt=\\\"\\\" \/><\/figure>\\r\\n<strong>Granja de los ni\u00f1os<\/strong>\\r\\n\\r\\nSe trata de un espacio interdisciplinario e interinstitucional y educativo, que buscar promover la producci\u00f3n responsable y una cultura de vida saludable, posicionando a la granja como un lugar de referencia en los paseos p\u00fablicos del \u00e1rea metropolitana. El mismo contempla espacios l\u00fadicos recreativos, un galp\u00f3n cultural, un sector agroecol\u00f3gico, un espacio pecuario, ludoteca al aire libre, casitas en los \u00e1rboles, corrales de animales dom\u00e9sticos y un auditorio. Contacto: 43323060\\r\\n\\r\\n\u00a0\\r\\n\\r\\n<\/div>\",\"primary_image\":\"http:\/\/uruguaynatural.com\/wp-content\/uploads\/2023\/06\/Plaza-de-Canelones.jpg\"},{\"id\":7100,\"link\":\"http:\/\/uruguaynatural.com\/es\/places\/san-jose\/\",\"title\":\"San Jos\u00e9: tradici\u00f3n, cultura y costas maragatas\",\"description\":\"<p class=\\\"western\\\" align=\\\"justify\\\"><span style=\\\"font-family: ARial, sans-serif;\\\">San Jos\u00e9 de Mayo, conocida como la \u201ccapital maragata\u201d y ubicada en el suroeste de Uruguay, combina la belleza de su arquitectura hist\u00f3rica con vastos espacios naturales y una rica agenda cultural. Fundada en 1783, es un destino atractivo que invita a descubrir la historia, las tradiciones y la vida urbana del interior.<\/span><\/p>\\r\\n<p class=\\\"western\\\" align=\\\"justify\\\"><span style=\\\"font-family: ARial, sans-serif;\\\"><b>\u00a1No te pierdas!<\/b><\/span><\/p>\\r\\n<p class=\\\"western\\\" align=\\\"justify\\\"><span style=\\\"font-family: ARial, sans-serif;\\\"><b>Patrimonio Hist\u00f3rico y Cultural en la Capital<\/b><\/span><\/p>\\r\\n<p class=\\\"western\\\" align=\\\"justify\\\"><span style=\\\"font-family: ARial, sans-serif;\\\">San Jos\u00e9 de Mayo alberga joyas arquitect\u00f3nicas declaradas Monumento Hist\u00f3rico Nacional:<\/span><\/p>\\r\\n\\r\\n<ul>\\r\\n \\t<li>\\r\\n<p class=\\\"western\\\" align=\\\"justify\\\"><span style=\\\"font-family: ARial, sans-serif;\\\">Teatro Macci\u00f3: uno de los teatros m\u00e1s importantes del pa\u00eds, inaugurado en 1912. Ofrece una variada programaci\u00f3n de artes esc\u00e9nicas y m\u00fasica.<\/span><\/p>\\r\\n<\/li>\\r\\n<\/ul>\\r\\n<ul>\\r\\n \\t<li>\\r\\n<p class=\\\"western\\\" align=\\\"justify\\\"><span style=\\\"font-family: ARial, sans-serif;\\\">Catedral Bas\u00edlica de San Jos\u00e9: un imponente monumento hist\u00f3rico que refleja la tradici\u00f3n religiosa y arquitect\u00f3nica de la regi\u00f3n.<\/span><\/p>\\r\\n<\/li>\\r\\n<\/ul>\\r\\n<ul>\\r\\n \\t<li>\\r\\n<p class=\\\"western\\\" align=\\\"justify\\\"><span style=\\\"font-family: ARial, sans-serif;\\\">Museo de Bellas Artes: permite apreciar la identidad art\u00edstica y cultural del lugar a trav\u00e9s de exposiciones y talleres.<\/span><\/p>\\r\\n<\/li>\\r\\n<\/ul>\\r\\n<p class=\\\"western\\\" align=\\\"justify\\\"><span style=\\\"font-family: ARial, sans-serif;\\\"><b>Tradici\u00f3n Maragata y Fiesta Nacional del Mate<\/b><\/span><\/p>\\r\\n<p class=\\\"western\\\" align=\\\"justify\\\"><span style=\\\"font-family: ARial, sans-serif;\\\">San Jos\u00e9 es epicentro de la cultura criolla:<\/span><\/p>\\r\\n\\r\\n<ul>\\r\\n \\t<li>\\r\\n<p class=\\\"western\\\" align=\\\"justify\\\"><span style=\\\"font-family: ARial, sans-serif;\\\"><b>Fiesta Nacional del Mate:<\/b><\/span><span style=\\\"font-family: ARial, sans-serif;\\\"> este evento anual celebra la cultura y las tradiciones uruguayas. Combina m\u00fasica, gastronom\u00eda, concursos de jineteadas y el desfile del D\u00eda del Gaucho, que atraen a miles de visitantes a la Sociedad Criolla Capit\u00e1n Manuel Artigas.<\/span><\/p>\\r\\n<\/li>\\r\\n<\/ul>\\r\\n<p class=\\\"western\\\" align=\\\"justify\\\"><span style=\\\"font-family: ARial, sans-serif;\\\"><b>Sabores Locales<\/b><\/span><\/p>\\r\\n<p class=\\\"western\\\" align=\\\"justify\\\"><span style=\\\"font-family: ARial, sans-serif;\\\">La gastronom\u00eda local refleja la identidad del departamento con comidas t\u00edpicas, productos regionales, y la producci\u00f3n de vinos y olivas de bodegas locales.<\/span><\/p>\\r\\n<p class=\\\"western\\\" align=\\\"justify\\\"><span style=\\\"font-family: ARial, sans-serif;\\\">La capital maragata invita a recorrer sus calles, conocer su patrimonio y disfrutar de sus tradiciones en un ambiente aut\u00e9ntico y cercano.<\/span><\/p>\\r\\n<p class=\\\"western\\\" align=\\\"justify\\\"><span style=\\\"font-family: ARial, sans-serif;\\\"><b>La Naturaleza \u00danica de los Humedales<\/b><\/span><\/p>\\r\\n<p class=\\\"western\\\" align=\\\"justify\\\"><span style=\\\"font-family: ARial, sans-serif;\\\">El departamento es una puerta de entrada a uno de los ecosistemas m\u00e1s valiosos de Uruguay:<\/span><\/p>\\r\\n\\r\\n<ul>\\r\\n \\t<li>\\r\\n<p class=\\\"western\\\" align=\\\"justify\\\"><span style=\\\"font-family: ARial, sans-serif;\\\"><b>Humedales del Santa Luc\u00eda:<\/b><\/span><span style=\\\"font-family: ARial, sans-serif;\\\"> \u00c1rea Protegida con Recursos Manejados que abarca la desembocadura del r\u00edo Santa Luc\u00eda en el R\u00edo de la Plata. Este sistema de humedales salino costero posee una inmensa biodiversidad y es vital para numerosas especies de flora y fauna.<\/span><\/p>\\r\\n<\/li>\\r\\n<\/ul>\\r\\n<ul>\\r\\n \\t<li>\\r\\n<p class=\\\"western\\\" align=\\\"justify\\\"><span style=\\\"font-family: ARial, sans-serif;\\\"><b>Reserva Natural Playa Penino:<\/b><\/span><span style=\\\"font-family: ARial, sans-serif;\\\"> integrada en los Humedales, esta reserva es un para\u00edso para el avistamiento de aves, con m\u00e1s de 240 especies registradas (residentes y migratorias). La zona es ideal para el ecoturismo, senderismo e interpretaci\u00f3n ambiental.<\/span><\/p>\\r\\n<\/li>\\r\\n<\/ul>\\r\\n<p class=\\\"western\\\" align=\\\"justify\\\"><span style=\\\"font-family: ARial, sans-serif;\\\"><b>Ecoturismo y Aventura en el Interior<\/b><\/span><\/p>\\r\\n<p class=\\\"western\\\" align=\\\"justify\\\"><span style=\\\"font-family: ARial, sans-serif;\\\">San Jos\u00e9 ofrece paisajes \u00fanicos para el turismo de naturaleza y costa:<\/span><\/p>\\r\\n\\r\\n<ul>\\r\\n \\t<li>\\r\\n<p class=\\\"western\\\" align=\\\"justify\\\"><span style=\\\"font-family: ARial, sans-serif;\\\"><b>Balneario Kiy\u00fa:<\/b><\/span><span style=\\\"font-family: ARial, sans-serif;\\\"> un destino costero sobre el R\u00edo de la Plata, famoso por las imponentes Barrancas de San Gregorio, formaciones geol\u00f3gicas de gran belleza, ideales para el senderismo y las excursiones a caballo.<\/span><\/p>\\r\\n<\/li>\\r\\n<\/ul>\\r\\n<ul>\\r\\n \\t<li>\\r\\n<p class=\\\"western\\\" align=\\\"justify\\\"><span style=\\\"font-family: ARial, sans-serif;\\\"><b>Sierras de Mahoma:<\/b><\/span><span style=\\\"font-family: ARial, sans-serif;\\\"> ubicadas a menos de 40 km de la capital, estas sierras son conocidas por sus formaciones rocosas \u00fanicas, creando un paisaje agreste ideal para el ecoturismo.<\/span><\/p>\\r\\n<\/li>\\r\\n \\t<li>\\r\\n<p class=\\\"western\\\" align=\\\"justify\\\"><span style=\\\"font-family: ARial, sans-serif;\\\"><b>Balneario Boca de Cufr\u00e9: <\/b><\/span><\/p>\\r\\n<p class=\\\"western\\\" align=\\\"justify\\\"><span style=\\\"font-family: ARial, sans-serif;\\\">La playa de Boca del Cufr\u00e9 es una \u201cPlaya Natural de Gesti\u00f3n Ambiental Certificada\u201d, lo que ofrece garant\u00edas a los visitantes en relaci\u00f3n a la calidad del agua y de la arena. Cuenta, adem\u00e1s con una escollera recostada sobre el arroyo que resulta ideal para una caminata a la hora del atardecer o bien para pescar o para dejarse llevar por lindos pensamientos frente al mar.\\r\\nOtro punto a favor de este balneario de corte familiar, son los abundantes pinos que pueblan el acceso a la playa, que regalan a los visitantes un excelente refugio del sol en las horas pico.\\r\\nPara los aficionados de la pesca existen al menos tres momentos del a\u00f1o oportunos para visitarlo: de mayo a setiembre cuando se realiza la pesca del pejerrey, de octubre a abril cuando es la zafa de pat\u00ed, bagreo, dorado y boga y en noviembre cuando tiene lugar un importante encuentro de pescadores deportivos.El balneario ofrece diversos opciones de alojamiento como camping y alquiler de caba\u00f1as o casas particulares.<\/span><\/p>\\r\\n<p class=\\\"western\\\" align=\\\"justify\\\"><\/p>\\r\\n\u00a0\\r\\n\\r\\n<iframe title=\\\"BOCA DE CUFR\u00c9 - PARA\u00cdSO MARAGATO\\\" src=\\\"https:\/\/www.youtube.com\/embed\/YAJIOFVnr6k?feature=oembed\\\" width=\\\"500\\\" height=\\\"281\\\" frameborder=\\\"0\\\" allowfullscreen=\\\"allowfullscreen\\\" data-mce-fragment=\\\"1\\\"><\/iframe>\\r\\n\\r\\n\u00a0<\/li>\\r\\n \\t<li>\\r\\n<p class=\\\"western\\\" align=\\\"justify\\\"><span style=\\\"font-family: ARial, sans-serif;\\\"><b>Turismo Rural:<\/b><\/span><span style=\\\"font-family: ARial, sans-serif;\\\"> lugares como Rodr\u00edguez, Mal Abrigo y Libertad ofrecen estancias tur\u00edsticas para disfrutar de la vida de campo, con gastronom\u00eda casera y actividades rurales.<\/span><\/p>\\r\\n<\/li>\\r\\n<\/ul>\\r\\n<p class=\\\"western\\\" align=\\\"justify\\\"><span style=\\\"font-family: ARial, sans-serif;\\\">\u00a1Visit\u00e1 San Jos\u00e9 y conect\u00e1 con la historia, el esp\u00edritu criollo y la naturaleza del suroeste uruguayo!<\/span><\/p>\",\"primary_image\":\"http:\/\/uruguaynatural.com\/wp-content\/uploads\/2025\/10\/3-plaza-33.jpg\"}]","date_enabled":"","start_date":"0","end_date":"0","_links":{"self":[{"href":"https:\/\/uruguaynatural.com\/es\/wp-json\/wp\/v2\/experiences\/8114","targetHints":{"allow":["GET"]}}],"collection":[{"href":"https:\/\/uruguaynatural.com\/es\/wp-json\/wp\/v2\/experiences"}],"about":[{"href":"https:\/\/uruguaynatural.com\/es\/wp-json\/wp\/v2\/types\/experiences"}],"author":[{"embeddable":true,"href":"https:\/\/uruguaynatural.com\/es\/wp-json\/wp\/v2\/users\/5"}],"wp:attachment":[{"href":"https:\/\/uruguaynatural.com\/es\/wp-json\/wp\/v2\/media?parent=8114"}],"wp:term":[{"taxonomy":"experience-categories","embeddable":true,"href":"https:\/\/uruguaynatural.com\/es\/wp-json\/wp\/v2\/experience-categories?post=8114"}],"curies":[{"name":"wp","href":"https:\/\/api.w.org\/{rel}","templated":true}]}}