{"id":6649,"date":"{\"dateEnabled\":false,\"start\":\"1970-01-01T00:00:00.000Z\",\"end\":\"1970-01-01T00:00:00.000Z\"}","date_gmt":"2025-07-15T19:29:46","guid":{"rendered":"http:\/\/uruguaynatural.com\/es\/experiences\/\/"},"modified":"2025-07-15T16:32:27","modified_gmt":"2025-07-15T19:32:27","slug":"descubri-a-torres-garcia-en-un-tour-fascinante","status":"publish","type":"experiences","link":"https:\/\/uruguaynatural.com\/es\/experiences\/descubri-a-torres-garcia-en-un-tour-fascinante\/","title":{"rendered":"Descubr\u00ed a Torres Garc\u00eda en un tour fascinante"},"author":5,"template":"","experience-categories":[17,29],"class_list":["post-6649","experiences","type-experiences","status-publish","hentry","experience-categories-cultura","experience-categories-museos"],"acf":[],"primary_title":"<h1><span class=\"highlight highlight--naranja\"><b>Descubr\u00ed a Torres Garc\u00eda en un tour fascinante<\/b><\/span><\/h1>","description":"<p align=\"justify\">Montevideo, adem\u00e1s de destacar por su rambla y arquitectura, su cultura es atrapante. Sumergise en el universo de un creador que cambi\u00f3 la forma de mirar el arte y el mundo, es fascinante, y a\u00fan m\u00e1s al conocer el arte con sentido humanista del uruguayo Joaqu\u00edn Torres Garc\u00eda.<\/p>","info":"<p align=\"justify\">\u201cEl norte es el sur\u201d. Con esa frase, Joaqu\u00edn Torres Garc\u00eda desafi\u00f3 al mundo a mirar desde otro lugar. No solo invirti\u00f3 un mapa: propuso repensar la identidad de Uruguay y Am\u00e9rica Latina, dejar de imitar y empezar a crear desde lo propio. Su mensaje sigue vigente y su legado art\u00edstico, m\u00e1s vivo que nunca.<\/p>\r\n<p align=\"justify\">Ubicado en pleno coraz\u00f3n del casco hist\u00f3rico de Montevideo, sobre la Peatonal Sarand\u00ed 683, el Museo Torres Garc\u00eda te invita a descubrir a uno de los grandes artistas del siglo XX. Un pensador, pintor, escultor y maestro que no solo dej\u00f3 m\u00e1s de 2.000 obras, sino tambi\u00e9n una forma de entender el arte como herramienta de transformaci\u00f3n.<\/p>\r\n<p align=\"justify\"><b>INTERACTIVO<\/b><\/p>\r\n<p align=\"justify\">La visita es mucho m\u00e1s que una muestra: es un recorrido por la vida de un artista que cruz\u00f3 el Atl\u00e1ntico, vivi\u00f3 en Barcelona, Nueva York y Par\u00eds, y volvi\u00f3 a Montevideo con una idea revolucionaria: el Universalismo Constructivo. Una doctrina est\u00e9tica y filos\u00f3fica que combina s\u00edmbolos, geometr\u00eda, colores primarios y una profunda visi\u00f3n humanista.<\/p>\r\n<p align=\"justify\">En el museo podr\u00e1s explorar tres etapas claves de su obra:<\/p>\r\n\r\n<ul>\r\n \t<li>\r\n<p align=\"justify\">El Torres Cl\u00e1sico, con influencias del arte antiguo y el ideal de lo humano esencial.<\/p>\r\n<\/li>\r\n<\/ul>\r\n<ul>\r\n \t<li>\r\n<p align=\"justify\">El Torres Moderno, inspirado en la vida urbana y las tensiones del siglo XX.<\/p>\r\n<\/li>\r\n<\/ul>\r\n<ul>\r\n \t<li>\r\n<p align=\"justify\">El Torres Universal, donde despliega su lenguaje simb\u00f3lico y su mirada espiritual.<\/p>\r\n<\/li>\r\n<\/ul>\r\n<p align=\"justify\"><b>ARTE PARA TODOS<\/b><\/p>\r\n<p align=\"justify\">Desde murales hasta juguetes transformables, desde s\u00edmbolos como el pez, el coraz\u00f3n o el sol, hasta conferencias y textos fundamentales: todo en Torres Garc\u00eda refleja su convicci\u00f3n de que el arte debe estar al servicio de la comunidad. \u201cEs un arte que despierta el alma\u201d, sintetiz\u00f3 Alejandro D\u00edaz, director del museo.<\/p>\r\n<p align=\"justify\">El edificio tambi\u00e9n guarda documentos originales, animaciones interactivas y espacios dedicados a su legendario Taller Torres Garc\u00eda, cuna de generaciones de artistas que proyectaron su legado al mundo.<\/p>\r\n<p align=\"justify\">En 1944 pint\u00f3 junto a sus alumnos del taller varios murales en el Hospital Saint Bois. Este emprendimiento reun\u00eda todo lo que \u00e9l quer\u00eda hacer: arte colectivo, p\u00fablico y con sentido humanista. En este caso, beneficiar a los tuberculosos que se encontraban internados en dicho centro hospitalario.<\/p>\r\n<p align=\"justify\"><b>UNA VISITA QUE DEJA HUELLA <\/b><\/p>\r\n<p align=\"justify\">El Museo Torres Garc\u00eda no solo conserva la obra de un artista: te conecta con su visi\u00f3n. Un arte que no busca decorar, sino despertar, reunir y transformar.<\/p>\r\n<p align=\"justify\">Si est\u00e1s en Montevideo, no dejes pasar la oportunidad de vivir esta experiencia. Camin\u00e1 por la peatonal, entr\u00e1 al museo y dejate inspirar por uno de los grandes creadores de Am\u00e9rica Latina.<\/p>\r\n<b>DATOS \u00daTILES<\/b>\r\n\r\nDirecci\u00f3n: Peatonal Sarand\u00ed 683, Montevideo\r\n\r\nHorario: todos los d\u00edas de 10:00 a 18:00\r\n\r\nIngreso: con costo\r\n\r\nM\u00e1s info: <a href=\"http:\/\/www.torresgarcia.org.uy\/\">www.torresgarcia.org.uy<\/a>","highlights":"","primary_image":"[{\"id\":6650,\"url\":\"https:\/\/uruguaynatural.com\/wp-content\/uploads\/2025\/07\/Museo-JTG-DSC_0093-scaled.jpg\"}]","secondary_image":"[{\"id\":6650,\"url\":\"http:\/\/uruguaynatural.com\/wp-content\/uploads\/2025\/07\/Museo-JTG-DSC_0093-scaled.jpg\"}]","gallery_images":"[{\"id\":6651,\"url\":\"http:\/\/uruguaynatural.com\/wp-content\/uploads\/2025\/07\/Arte-Constructivo-scaled.jpg\"},{\"id\":6650,\"url\":\"http:\/\/uruguaynatural.com\/wp-content\/uploads\/2025\/07\/Museo-JTG-DSC_0093-scaled.jpg\"},{\"id\":6652,\"url\":\"http:\/\/uruguaynatural.com\/wp-content\/uploads\/2025\/07\/1931-42-Estructura.jpg\"}]","enable_map":"","coord_lat":"","coord_lng":"","locations":"-34.9064636,-56.20138169999999","department":"Montevideo","places":"[{\"id\":1296,\"link\":\"http:\/\/uruguaynatural.com\/es\/places\/montevideo\/\",\"title\":\"Montevideo\",\"description\":\"La rambla capitalina, el balc\u00f3n de acceso a m\u00e1s de <strong>30 kil\u00f3metros de costa<\/strong>, es uno de los principales atributos de Montevideo y un paseo imperdible para sus habitantes que suelen recurrir a ella para tomar mate y realizar extensas caminatas. Tambi\u00e9n lo son la cantidad de espacios verdes, parques y jardines que posibilitan m\u00faltiples opciones al aire libre.\\r\\n\\r\\nMontevideo tambi\u00e9n cuenta con una amplia movida cultural. As\u00ed por ejemplo, su cartelera teatral, es llamativamente extensa y variada, y abarca tanto espect\u00e1culos cl\u00e1sicos, como modernos o alternativos. En sus museos, centros culturales , casas de cultura y salas de exposici\u00f3n es posible apreciar el arte de una amplia gama de artistas de alcance internacional como Juan Manuel Blanes, Rafael Barradas, Pedro Figari, Joaqu\u00edn Torres Garc\u00eda, Jos\u00e9 C\u00faneo e Ignacio Iturria, entre otros.\\r\\n<h3>M\u00e1s informaci\u00f3n<\/h3>\\r\\n<ul>\\r\\n \\t<li><strong>Los inicios:<\/strong> Montevideo fue fundada por el gobernador y capit\u00e1n del R\u00edo del Plata Don Bruno Mauricio de Zabala. El proceso fundacional de la ciudad se inscribe entre 1724 y 1730, per\u00edodo en que comenzaron a arribar los primeros pobladores provenientes de Buenos aires y de las Islas Canarias. En el a\u00f1o 1833 se proyecta el nuevo trazado para la Ciudad Nueva que comienza a ejecutarse plenamente a partir de 1861.A diferencia de la Ciudad Vieja, que estaba amurallada en todo su per\u00edmetro, la Ciudad Nueva se proyecta con calles anchas y arboladas donde se localizaron comercios suntuosos y grandes residencias.<\/li>\\r\\n<\/ul>\\r\\n\u00a0\\r\\n<ul>\\r\\n \\t<li><strong>Capital con los pies en el r\u00edo:<\/strong> Recorrer 30 kil\u00f3metros de costa a es una de las posibilidades imperdibles que ofrece la capital montevideana que nunca le da la espalda al R\u00edo de la Plata. Por un extenso trayecto, desde Capurro hasta Carrasco, se extiende la Rambla de Montevideo, que fue concebida como un balc\u00f3n hacia el mar, para un verdadero disfrute de las costas de la ciudad.\\r\\nSus diversos tramos poseen especial belleza, ya que en su recorrido, ya sea a pie, en bicicleta o en auto, adem\u00e1s de hermosas playas es posible apreciar la arquitectura urbana que las rodea. Edificios antiguos y modernos, plazas y espacios deportivos como la pista de patinaje en el Parque Rod\u00f3, la de Skate en Buceo y varios gimnasios al aire libre, se suceden conformando atractivas panor\u00e1micas para el turista.\\r\\nDesde el puerto capitalino, hacia el Este, se suceden las playas m\u00e1s urbanas: Ram\u00edrez, Pocitos, Carrasco, Buceo, Malv\u00edn, en tanto hacia el Oeste, existen otras playas m\u00e1s agrestes y de acceso individual como la Colorada, Punta Espinillo, Punta Yeguas, Zabala o Santa Catarina. Las playas de Montevideo son caracter\u00edsticas por sus finas y blancas arenas y las calmas aguas del R\u00edo de la Plata, as\u00ed como por su seguridad. Adem\u00e1s del servicio de guardavidas, todas las playas habilitadas tienen asegurada la cobertura de salud y el cuidado de los ba\u00f1istas a trav\u00e9s de puestos de primeros auxilios y atenci\u00f3n m\u00e9dica de urgencia y emergencia. En el verano, adem\u00e1s de disfrutar del sol, arena y mar, los turistas pueden disfrutar de espect\u00e1culos y actividades recreativas gratuitas para ni\u00f1os, j\u00f3venes y adultos.<\/li>\\r\\n<\/ul>\\r\\n<h4>\u00a1No te pierdas!<\/h4>\\r\\n<ol>\\r\\n \\t<li>Plaza Matriz: ubicada en la Ciudad Vieja, entre las calles Peatonal Sarand\u00ed y Juan Carlos G\u00f3mez,\u00a0 en esta plaza se respira historia. La Iglesia Matriz, El Cabildo y otros edificios hist\u00f3ricos se encuentran rodeando su m\u00edtica fuente, uno de los monumentos m\u00e1s bellos de la ciudad.<\/li>\\r\\n \\t<li>Estadio Centenario: ubicado en la zona de Parque Batlle, es el principal escenario deportivo del pa\u00eds, con una imponente infraestructura capaz de albergar hasta 80.000 espectadores. Es posible coordinar visitas guiadas y conocer los hitos que transformaron al f\u00fatbol en la mayor pasi\u00f3n de los uruguayos.<\/li>\\r\\n \\t<li>Jard\u00edn Bot\u00e1nico: ubicado en el Prado,\u00a0 alberga una gran colecci\u00f3n de flora de distintas partes del mundo a lo largo y ancho de m\u00e1s de trece hect\u00e1reas. El entorno es ideal para extensas jornadas de picnic y para conectarse con la naturaleza, sin salir de la ciudad. El acceso es gratuito.<\/li>\\r\\n \\t<li>Mercado del Puerto: es uno de los puntos de mayor congregaci\u00f3n de turistas en la capital. Su gastronom\u00eda representa las m\u00e1s arraigadas tradiciones de Uruguay. El asado es el plato predominante y la mayor\u00eda de los restaurantes son parilladas pero existen otras opciones. Los espect\u00e1culos culturales y las artesan\u00edas tambi\u00e9n son protagonistas en el entorno.<\/li>\\r\\n<\/ol>\",\"primary_image\":\"http:\/\/uruguaynatural.com\/wp-content\/uploads\/2023\/04\/Captura-de-pantalla-de-2023-04-11-15-39-26.png\"},{\"id\":2925,\"link\":\"http:\/\/uruguaynatural.com\/es\/places\/canelones\/\",\"title\":\"Canelones\",\"description\":\"En la actualidad es centro administrativo del departamento y en sus alrededores predominan peque\u00f1as chacras, quintas, bodegas y tambos tur\u00edsticos. Entre sus eventos destacados se destaca Fiesta Nacional de la Bandera y el Peric\u00f3n Federal que tiene lugar en diciembre.\\r\\n\\r\\nCanelones, en tanto departamento,\u00a0 se destaca por ser luego de Montevideo, por ser el m\u00e1s poblado del pa\u00eds y uno de los m\u00e1s estrat\u00e9gicos desde el punto de vista geopol\u00edtico. Situado al Sur del pa\u00eds, es el puente de comunicaci\u00f3n entre la capital y el interior del pa\u00eds, adem\u00e1s de receptor de visitantes extranjeros, al ser sede del Aeropuerto Internacional de Carrasco Cuenta con una superficie de m\u00e1s de 4.500 metros cuadrados y una poblaci\u00f3n que supera los 520 mil. Su territorio, levemente ondulado y pleno de llanuras, cuenta con un rico caudal de arroyos integrantes de la cuenca del r\u00edo Santa Luc\u00eda, fuente de riqueza acu\u00edfera potable para todo el sur del pa\u00eds, que termina desembocando en las costas del R\u00edo de la Plata. Existen adem\u00e1s algunos lagos de gran tama\u00f1o, tajamares o embalses y pozos excavados que almacenan agua durante el invierno para el riego en verano. Canelones es adem\u00e1s, un departamento fundamental para comprender la historia del pa\u00eds. De acuerdo a las instrucciones dadas por el Gral. Jos\u00e9 Gervasio Artigas en 1816, Canelones constituir\u00eda una de las seis jurisdicciones con que se dividir\u00eda la Provincia Oriental.\\r\\n\\r\\nLa ciudad de Canelones alberga importantes monumentos y construcciones que invitan a disfrutar del turismo hist\u00f3rico-cultural.\u00a0En el Parque Gral. Artigas se encuentra el Museo Arqueol\u00f3gico Antonio Taddei, quien fuera uno de los precursores de la Arqueolog\u00eda cient\u00edfica en Uruguay. Exhibe material paleontol\u00f3gico y fundamentalmente arqueol\u00f3gico pertenecientes a culturas ind\u00edgenas que habitaron nuestro territorio. Otro sitio imperdible de la capital canaria es la Catedral Nuestra Se\u00f1ora de Guadalupe, construida en 1843, con una tipolog\u00eda arquitect\u00f3nica representativa del Neoclacisimo espa\u00f1ol. En torno a la Capilla en honor a esta virgen se fund\u00f3 la Villa Nuestra Se\u00f1ora de Guadalupe en 1783 y fue a los pies de la imagen que se bendijo en 1829 al primer Pabell\u00f3n Nacional, creado por la Asamblea General Constituyente y Legislativa del Estado.\\r\\n\\r\\nEn la plaza 18 de Julio est\u00e1 el Monumento a la Bandera, inaugurado en 1939 y conocido como \u201cLa Joaquina\u201d, aludiendo al retrato en relieve de Joaqu\u00edn Su\u00e1rez que hay en su frente. La figura luce la cl\u00e1sica t\u00fanica griega de las alegor\u00edas c\u00edvicas de la \u00e9poca, sosteniendo en su mano derecha una espada y con la izquierda alza el pabell\u00f3n nacional.\\r\\n\\r\\n<strong>\u00a1No te pierdas!<\/strong>\\r\\n<div class=\\\"mas-visitados clearfix\\\">\\r\\n<h3><img class=\\\"circular-img\\\" src=\\\"https:\/\/uruguaynatural.com\/images\/destinos-destacados\/politeama.png\\\" alt=\\\"\\\" \/><\/h3>\\r\\n<strong>Complejo Cultural Politeama<\/strong>\\r\\n\\r\\nEl Complejo Cultural Politeama cumpli\u00f3 100 a\u00f1os y su denominaci\u00f3n hace referencia a que este espacio ha sido destinado hist\u00f3ricamente a diversos tipos de espect\u00e1culos como zarzuelas, representaciones teatrales, funciones de cine, bailes y hasta competencias de boxeo. Cuenta con dos tertulias y platea flanqueada por pasillos que componen la sala teatral \u201cAtahualpa del Cioppo\u201d.\u00a0Teatro Atahualpa del Cioppo. Reinaugurado en el a\u00f1o 2014 luego de varias reformas, es considerado el polo art\u00edstico de la ciudad y \u00e1mbito c\u00e9ntrico de realizaci\u00f3n de actividades culturales.\u00a0Contacto: 1828 Int. 1233\\r\\n<h3><\/h3>\\r\\n<\/div>\\r\\n<div class=\\\"mas-visitados clearfix\\\">\\r\\n<figure><img class=\\\"circular-img\\\" src=\\\"https:\/\/uruguaynatural.com\/images\/destinos-destacados\/spikerman.png\\\" alt=\\\"\\\" \/><\/figure>\\r\\n<strong>Museo Spikerman<\/strong>\\r\\n\\r\\nEn el mismo se exhiben materiales representativos de la etapa fundacional de la ciudad y una valiosa colecci\u00f3n numism\u00e1tica y otra de armas pertenecientes al proceso revolucionario Artiguista, a la Cruzada Libertadora y a las guerras civiles de la primera mitad del siglo XIX, adem\u00e1s de ara\u00f1as y un reloj que pertenecieron a jefes pol\u00edticos del departamento de la misma \u00e9poca.\u00a0Contacto: (+598) \u00a043323111\\r\\n\\r\\n<\/div>\\r\\n<div class=\\\"mas-visitados clearfix\\\">\\r\\n<figure><img class=\\\"circular-img\\\" src=\\\"https:\/\/uruguaynatural.com\/images\/destinos-destacados\/bandera.png\\\" alt=\\\"\\\" \/><\/figure>\\r\\n<strong>Monumento a la bandera<\/strong>\\r\\n<p class=\\\"western\\\" lang=\\\"es-UY\\\">Ubicado en la plaza 18 de Julio de Canelones, es un monumento de estilo historicista \u00a0en homenaje al primer pabell\u00f3n nacional. Consiste en una figura femenina en postura vertical, con la cabeza erguida y expresi\u00f3n severa. Vestida con una t\u00fanica, sostiene una espada en la mano derecha y con la izquierda alza la bandera.<\/p>\\r\\n\u00a0\\r\\n\\r\\n<\/div>\\r\\n<div class=\\\"mas-visitados clearfix\\\">\\r\\n<figure><img class=\\\"circular-img\\\" src=\\\"https:\/\/uruguaynatural.com\/images\/destinos-destacados\/granja.png\\\" alt=\\\"\\\" \/><\/figure>\\r\\n<strong>Granja de los ni\u00f1os<\/strong>\\r\\n\\r\\nSe trata de un espacio interdisciplinario e interinstitucional y educativo, que buscar promover la producci\u00f3n responsable y una cultura de vida saludable, posicionando a la granja como un lugar de referencia en los paseos p\u00fablicos del \u00e1rea metropolitana. El mismo contempla espacios l\u00fadicos recreativos, un galp\u00f3n cultural, un sector agroecol\u00f3gico, un espacio pecuario, ludoteca al aire libre, casitas en los \u00e1rboles, corrales de animales dom\u00e9sticos y un auditorio. Contacto: 43323060\\r\\n\\r\\n\u00a0\\r\\n\\r\\n<\/div>\",\"primary_image\":\"http:\/\/uruguaynatural.com\/wp-content\/uploads\/2023\/06\/Plaza-de-Canelones.jpg\"}]","date_enabled":"","start_date":"0","end_date":"0","_links":{"self":[{"href":"https:\/\/uruguaynatural.com\/es\/wp-json\/wp\/v2\/experiences\/6649","targetHints":{"allow":["GET"]}}],"collection":[{"href":"https:\/\/uruguaynatural.com\/es\/wp-json\/wp\/v2\/experiences"}],"about":[{"href":"https:\/\/uruguaynatural.com\/es\/wp-json\/wp\/v2\/types\/experiences"}],"author":[{"embeddable":true,"href":"https:\/\/uruguaynatural.com\/es\/wp-json\/wp\/v2\/users\/5"}],"wp:attachment":[{"href":"https:\/\/uruguaynatural.com\/es\/wp-json\/wp\/v2\/media?parent=6649"}],"wp:term":[{"taxonomy":"experience-categories","embeddable":true,"href":"https:\/\/uruguaynatural.com\/es\/wp-json\/wp\/v2\/experience-categories?post=6649"}],"curies":[{"name":"wp","href":"https:\/\/api.w.org\/{rel}","templated":true}]}}