{"id":6612,"date":"{\"dateEnabled\":false,\"start\":\"1970-01-01T00:00:00.000Z\",\"end\":\"1970-01-01T00:00:00.000Z\"}","date_gmt":"2025-07-04T21:19:31","guid":{"rendered":"http:\/\/uruguaynatural.com\/es\/experiences\/\/"},"modified":"2025-07-04T18:27:24","modified_gmt":"2025-07-04T21:27:24","slug":"vivi-rocha-de-los-palmares-al-mar","status":"publish","type":"experiences","link":"https:\/\/uruguaynatural.com\/es\/experiences\/vivi-rocha-de-los-palmares-al-mar\/","title":{"rendered":"Viv\u00ed Rocha: de los palmares al mar"},"author":7,"template":"","experience-categories":[75,73,17,131,56,20,48],"class_list":["post-6612","experiences","type-experiences","status-publish","hentry","experience-categories-areaprotegida","experience-categories-aventura-deporte","experience-categories-cultura","experience-categories-fiestas-tradicionales","experience-categories-gastronomia","experience-categories-naturaleza","experience-categories-playas"],"acf":[],"primary_title":"<h1><span class=\"highlight highlight--verde\">Viv\u00ed Rocha: de los palmares al mar<\/span><\/h1>","description":"<p class=\"western\" align=\"justify\"><span style=\"font-family: ARial, sans-serif;\">Imagin\u00e1 sumergirte en una tierra donde la naturaleza te abraza en cada paso, la historia susurra entre sus troncos y los sabores te conectan con el alma del lugar. <\/span><\/p>","info":"<p class=\"western\" align=\"justify\"><strong><span style=\"font-family: ARial, sans-serif;\">Rocha te espera con escenarios que cautivan<\/span><\/strong><strong><span style=\"font-family: ARial, sans-serif;\">:<\/span><\/strong><span style=\"font-family: ARial, sans-serif;\"> sus dunas que borran huellas, <\/span><strong><span style=\"font-family: ARial, sans-serif;\">palmares de buti\u00e1 que se mecen al viento<\/span><\/strong><span style=\"font-family: ARial, sans-serif;\"> y un mar hipn\u00f3tico que despierta la emoci\u00f3n. Su historia vibra en leyendas ind\u00edgenas, una rica cultura costera y un patrimonio vivo en cada pueblo. En su sabor, descubrir\u00e1s frutos nativos, mariscos reci\u00e9n capturados y productos sustentables que remiten al hogar. Tanto en alojamientos como en cada encuentro, experimentar\u00e1s una hospitalidad genuina y un refugio reconfortante donde te sentir\u00e1s como en familia.<\/span><\/p>\r\n<p class=\"western\" align=\"left\"><span style=\"font-family: ARial, sans-serif;\">Te invitamos a explorar Rocha de una manera vibrante, aut\u00e9ntica y emocionante: <\/span><\/p>\r\n<p class=\"western\" align=\"left\"><span style=\"font-family: ARial, sans-serif;\"><b>PALMARES DE ROCHA: BOSQUE BICENTENARIO DE BUTI\u00c1<\/b><\/span><\/p>\r\n<p class=\"western\" align=\"justify\"><span style=\"font-family: ARial, sans-serif;\">Atraves\u00e1 un bosque de 70\u202f000 hect\u00e1reas donde las palmeras de buti\u00e1 se elevan hasta 9\u202fm, con su follaje verde ceniciento que impone respeto y belleza. Forman parte de la Reserva de Bi\u00f3sfera Ba\u00f1ados del Este\u2014Patrimonio UNESCO desde 1976\u2014y se extienden en un paisaje de humedales, historia ind\u00edgena y poes\u00eda viva. Cada palmera, con sus m\u00e1s de 200 a\u00f1os, es un guardi\u00e1n del tiempo, tejido en leyendas, cantos y el escudo del departamento.<\/span><\/p>\r\n<p class=\"western\" align=\"justify\"><span style=\"font-family: ARial, sans-serif;\">\u00bfQuer\u00e9s un tesoro culinario? Prob\u00e1 el fruto del buti\u00e1: agridulce, su sabor despierta los sentidos y es la base de vinos, licores, dulces y salsas artesanales irrepetibles. Solo aqu\u00ed, entre estas palmeras, podr\u00e1s vivir esa experiencia \u00fanica.<\/span><\/p>\r\n<p class=\"western\" align=\"justify\"><span style=\"font-family: ARial, sans-serif;\"><b>AGUAS DULCES: HISTORIA, PLAYA Y RA\u00cdCES NATIVAS<\/b><\/span><\/p>\r\n<p class=\"western\" align=\"justify\"><span style=\"font-family: ARial, sans-serif;\">Un refugio donde confluyen playa, naturaleza, historia y cultura. Descubr\u00ed la Laguna de Brioso, ideal para caminatas, mateadas y avistamiento de aves. Su playa naturista, tranquila y serena, invita al descanso en un entorno respetuoso con lo natural.<\/span><\/p>\r\n<p class=\"western\" align=\"justify\"><span style=\"font-family: ARial, sans-serif;\">No te pierdas los festivales de primavera dedicados a frutos nativos, que combinan degustaciones, m\u00fasica y talleres para conectar con nuestras ra\u00edces. Caminos que se internan en los senderos del Monte de Omb\u00faes y llevate la sensaci\u00f3n de estar en el coraz\u00f3n del este uruguayo.<\/span><\/p>\r\n<p class=\"western\" align=\"justify\"><span style=\"font-family: ARial, sans-serif;\"><b>BARRA DE VALIZAS: ENTRE DUNAS Y LEYENDAS<\/b><\/span><\/p>\r\n<p class=\"western\" align=\"justify\"><span style=\"font-family: ARial, sans-serif;\">Aqu\u00ed, las dunas doradas se mueven con el viento y el mar canta en las ensenadas. Sub\u00ed a caballo, camin\u00e1 por senderos hasta el Cerro de la Buena Vista y ves al horizonte o sentite libre bajando en sandboarding.<\/span><\/p>\r\n<p class=\"western\" align=\"justify\"><span style=\"font-family: ARial, sans-serif;\">Explor\u00e1 bosques que guardan historias de naufragios, leyendas marineras y festivales de camar\u00f3n donde los pescadores comparten su tradici\u00f3n. La gastronom\u00eda local (con camarones reci\u00e9n capturados), te llevar\u00e1 directamente al sabor del oc\u00e9ano.<\/span><\/p>\r\n<p class=\"western\" align=\"justify\"><span style=\"font-family: ARial, sans-serif;\"><b>PUNTA DEL DIABLO: EL REFUGIO DEL ESP\u00cdRITU COSTERO<\/b><\/span><\/p>\r\n<p class=\"western\" align=\"justify\"><span style=\"font-family: ARial, sans-serif;\">Un pueblo que late al comp\u00e1s de las olas: pescador, relajado, aut\u00e9ntico. Sus alojamientos ofrecen vistas eternas al mar y su cocina conecta con la frescura regional. Aqu\u00ed, el d\u00eda amanece con el canto de gaviotas y la brisa costera.<\/span><\/p>\r\n<p class=\"western\" align=\"justify\"><span style=\"font-family: ARial, sans-serif;\">Caf\u00e9s \u00edntimos, atardeceres en la arena y una comunidad que te recibe con calidez, hacen de este rinc\u00f3n una experiencia pausada, cercana y memorable.<\/span><\/p>\r\n<p class=\"western\" align=\"justify\"><span style=\"font-family: ARial, sans-serif;\"><b>LA PALOMA: SOPLOS DE VIENTO, SURF y NATURALEZA VIVA<\/b><\/span><\/p>\r\n<p class=\"western\" align=\"justify\"><span style=\"font-family: ARial, sans-serif;\">La \u201cCapital del Surf\u201d te ofrece un faro centenario \u2014el Cabo Santa Mar\u00eda\u2014 y la posibilidad de avistar ballenas entre julio y octubre desde sus miradores tem\u00e1ticos.<\/span><\/p>\r\n<p class=\"western\" align=\"justify\"><span style=\"font-family: ARial, sans-serif;\">Practiqu\u00e1 surf, windsurf o kitesurf; luego descans\u00e1 en alojamientos con piscina climatizada, perfectos todo el a\u00f1o. Y cuando el apetito se despierta: disfrut\u00e1 de pescados, mariscos y carnes locales, adem\u00e1s de la feria \u201cSabores de Rocha\u201d en setiembre, que fusiona gastronom\u00eda y sostenibilidad.<\/span><\/p>\r\n<p class=\"western\" align=\"justify\"><span style=\"font-family: ARial, sans-serif;\"><b>CHUY Y BARRA DEL CHUY: FRONTERA, COMPRAS Y NATURALEZA<\/b><\/span><\/p>\r\n<p class=\"western\" align=\"justify\"><span style=\"font-family: ARial, sans-serif;\"><b>CHUY<\/b><\/span><\/p>\r\n<p class=\"western\" align=\"justify\"><span style=\"font-family: ARial, sans-serif;\">Viv\u00ed la fusi\u00f3n vibrante de Uruguay y Brasil en una ciudad de fronteras fluidas, sabores mixtos y acentos entrecruzados. Disfrut\u00e1 de una gastronom\u00eda casera cargada de identidad regional y alojamientos c\u00f3modos que ofrecen descanso tras un d\u00eda de exploraci\u00f3n.<\/span><\/p>\r\n<p class=\"western\" align=\"justify\"><span style=\"font-family: ARial, sans-serif;\"><b>BARRA DEL CHUY<\/b><\/span><\/p>\r\n<p class=\"western\" align=\"justify\"><span style=\"font-family: ARial, sans-serif;\">Un rinc\u00f3n natural donde te pod\u00e9s relajar en la playa, caminar por el bosque o tomar mate en un deck. Y, si quer\u00e9s, cruz\u00e1 a Chuy y encontr\u00e1 productos libres de impuestos: moda, electr\u00f3nica, vinos\u2026 una experiencia dual de descanso y compras.<\/span><\/p>\r\n<p class=\"western\" align=\"justify\"><span style=\"font-family: ARial, sans-serif;\">Rocha est\u00e1 m\u00e1s cerca de lo que imagin\u00e1s... y te espera con los brazos abiertos. Ven\u00ed, descubr\u00ed sus palmares, camin\u00e1 sus senderos, recorr\u00e9 su costa, prob\u00e1 sus sabores y reconoc\u00e9 un Uruguay que late en cada rinc\u00f3n.<\/span><\/p>\r\n<p class=\"western\" align=\"justify\"><span style=\"font-family: ARial, sans-serif;\">M\u00e1s informaci\u00f3n en <\/span><span style=\"color: #000080;\"><u><a href=\"https:\/\/www.escapatearocha.uy\/\"><span style=\"font-family: ARial, sans-serif;\">Escapate a Rocha<\/span><\/a><\/u><\/span><span style=\"font-family: ARial, sans-serif;\"> y <\/span><span style=\"color: #000080;\"><u><a href=\"https:\/\/turismorocha.gub.uy\/\"><span style=\"font-family: ARial, sans-serif;\">Turismo Rocha<\/span><\/a><\/u><\/span><span style=\"font-family: ARial, sans-serif;\">. <\/span><\/p>","highlights":"","primary_image":"[{\"id\":6613,\"url\":\"https:\/\/uruguaynatural.com\/wp-content\/uploads\/2025\/07\/Palmares-de-Rocha-Ganadora-concurso-instagram-scaled.jpg\"}]","secondary_image":"[{\"id\":6613,\"url\":\"http:\/\/uruguaynatural.com\/wp-content\/uploads\/2025\/07\/Palmares-de-Rocha-Ganadora-concurso-instagram-scaled.jpg\"}]","gallery_images":"[{\"id\":6613,\"url\":\"http:\/\/uruguaynatural.com\/wp-content\/uploads\/2025\/07\/Palmares-de-Rocha-Ganadora-concurso-instagram-scaled.jpg\"},{\"id\":6614,\"url\":\"http:\/\/uruguaynatural.com\/wp-content\/uploads\/2025\/07\/Palmares-de-Rocha.jpg\"},{\"id\":6615,\"url\":\"http:\/\/uruguaynatural.com\/wp-content\/uploads\/2025\/07\/08-12-2024-Rocha-Valizas-paisaje-palmera-Manana-Alexis-Noquet-1-scaled.jpg\"},{\"id\":6616,\"url\":\"http:\/\/uruguaynatural.com\/wp-content\/uploads\/2025\/07\/Valizas-Cabalgata-4096-2731-max-scaled.jpg\"},{\"id\":6617,\"url\":\"http:\/\/uruguaynatural.com\/wp-content\/uploads\/2025\/07\/Playa-Punta-del-Diablo-4096-2729-max-scaled.jpg\"},{\"id\":6618,\"url\":\"http:\/\/uruguaynatural.com\/wp-content\/uploads\/2025\/07\/08-12-2024-Rocha-Cabo-Polonio-playa-Amanecer-Alexis-Noquet-1-scaled.jpg\"},{\"id\":6619,\"url\":\"http:\/\/uruguaynatural.com\/wp-content\/uploads\/2025\/07\/07-12-2024-Rocha-Cabo-Polonio-astrofotografia-Noche-Alexis-Noquet-1-scaled.jpg\"},{\"id\":6620,\"url\":\"http:\/\/uruguaynatural.com\/wp-content\/uploads\/2025\/07\/07-12-2024-Rocha-Cabo-Polonio-fogata-Noche-Alexis-Noquet-7-1-scaled.jpg\"},{\"id\":6621,\"url\":\"http:\/\/uruguaynatural.com\/wp-content\/uploads\/2025\/07\/La-Paloma-4096-2731-max-scaled.jpg\"},{\"id\":6622,\"url\":\"http:\/\/uruguaynatural.com\/wp-content\/uploads\/2025\/07\/Rocha-Surf-4096-2734-max-scaled.jpg\"},{\"id\":6623,\"url\":\"http:\/\/uruguaynatural.com\/wp-content\/uploads\/2025\/07\/Rocha-surfistas-4096-2725-max-scaled.jpg\"},{\"id\":6624,\"url\":\"http:\/\/uruguaynatural.com\/wp-content\/uploads\/2025\/07\/08-12-2024-Rocha-Laguna-Garzon-Hotel-laguna-Garzon-Merienda-Atardecer-Alexis-Noquet-3-scaled.jpg\"}]","enable_map":"1","coord_lat":"","coord_lng":"","locations":"-34.1879845,-53.7809281|-34.2756177,-53.7827584|-34.0461502,-53.5491787|-34.3352846,-53.7934232|-34.6601743,-54.1683187|-33.6979513,-53.4556873|-33.7547214,-53.3928701","department":"Rocha","places":"[{\"id\":1588,\"link\":\"http:\/\/uruguaynatural.com\/es\/places\/maldonado\/\",\"title\":\"Maldonado\",\"description\":\"<section id=\\\"item-wrap\\\" class=\\\"destino-wrap\\\"><!--Desarrollo item--><article>Entre las tres ciudades conforman el segundo conurbano m\u00e1s amplio y poblado del pa\u00eds. El departamento en su conjunto es rico en contrastes. Posee un relieve sorprendente que se caracteriza por la presencia de sierras y por m\u00e1s de 100 kil\u00f3metros de costa diversa para disfrutar desde su l\u00edmite con Canelones (por el arroyo Sol\u00eds Grande) hasta su frontera con Rocha en el extremo este del pa\u00eds. Su famosa pen\u00ednsula de Punta del Este divide al r\u00edo de la Plata del oc\u00e9ano Atl\u00e1ntico, y es conocida como la ciudad balnearia m\u00e1s glamorosa de la regi\u00f3n.\\r\\nLa catedral de San Fernando de Maldonado es uno de los edificios m\u00e1s emblem\u00e1ticos de la capital. Frente a ella se ubica la moderna plaza San Fernando de Maldonado, donde se desarrollan numerosos eventos culturales y sociales. El cuartel de dragones es otro de los edificios importantes que no pueden dejar de conocerse. Su construcci\u00f3n culmin\u00f3 en 1797 y actualmente alberba diversos vestigios hist\u00f3rico-culturales que permiten al turista trasladarse en el tiempo.<\/article>\\r\\n<h3>\u00a1No te pierdas!<\/h3>\\r\\n<div class=\\\"mas-visitados clearfix\\\">\\r\\n<figure><img class=\\\"circular-img\\\" src=\\\"images\/destinos-destacados\/desktop.jpg\\\" alt=\\\"\\\" \/><\/figure>\\r\\n<h4>Catedral de San Fernando.<\/h4>\\r\\nEmblem\u00e1tica iglesia de estilo neocl\u00e1sico, construida a lo largo de casi un siglo, entre 1801 y 1895. El altar mayor, obra de Antonio Veiga, guarda la imagen de la Virgen del Carmen, perteneciente al vapor Ciudad de Santander, naufragado en 1829 cerca de la Isla de Lobos.\\r\\n\\r\\n<\/div>\\r\\n<div class=\\\"mas-visitados clearfix\\\">\\r\\n<figure><img class=\\\"circular-img\\\" src=\\\"images\/destinos-destacados\/desktop.jpg\\\" alt=\\\"\\\" \/><\/figure>\\r\\n<h4>Cuartel de Dragones.<\/h4>\\r\\nEl edificio hist\u00f3rico construido entre 1771 y 1797, abarca una manzana frente a la plaza principal. En su interior funcional el Museo Did\u00e1ctico Artiguista, a su vez, se exhibe una colecci\u00f3n de pintura y escultura Nacional, donada por Nicol\u00e1s Garc\u00eda Uriburu.\\r\\n\\r\\n<\/div>\\r\\n<!--Fin m\u00e1s visitados-->\\r\\n\\r\\n<\/section>\",\"primary_image\":\"http:\/\/uruguaynatural.com\/wp-content\/uploads\/2023\/04\/Maldonado.jpg\"},{\"id\":402,\"link\":\"http:\/\/uruguaynatural.com\/es\/places\/punta-del-este\/\",\"title\":\"Punta del Este\",\"description\":\"Se ubica en el departamento de Maldonado, a s\u00f3lo una hora y media de la capital del pa\u00eds. Lujosas residencias de veraneo, altos edificios de apartamento frente al mar, enormes yates en el puerto, hoteles y restaurantes de lujo lo transforman en el balneario de mayor glamour de Am\u00e9rica.\\r\\n\\r\\nNo en vano, fue elegida como destino de veraneo por grandes celebridades como el dise\u00f1ador Ralph Lauren, el jugador del f\u00fatbol Zinedine Zidane, el cantante de Metallica James Hetfield o la colombiana Shakira.\\r\\n\\r\\nRecorriendo la ciudad el visitante encuentra una amplia oferta recreativa, que incluye sala de exposiciones, restaurantes, pubs, discotecas, tiendas de antig\u00fcedades, galer\u00edas de arte, cines, teatros y una agitada vida nocturna. La ciudad balnearia es elegida para la realizaci\u00f3n de grandes fiestas de lujo, desfiles de moda de marcas de prestigio y una amplia gama de propuestas culturales de gran dimensi\u00f3n como el Festival Internacional de Jazz, el Festival Internacional de Cine o exposiciones de artistas contempor\u00e1neos de renombre.\\r\\n\\r\\nPunta del Este es tambi\u00e9n un destino natural \u00fanico. Con m\u00e1s de 20 kil\u00f3metros de costa y altas sierras que miran al mar, el balneario tambi\u00e9n ofrece encantadores rincones y paisajes para quienes llegan en busca de una tranquilidad absoluta.\\r\\n\\r\\nEl punto de encuentro de sus dos playas m\u00e1s famosas, Playa Mansa y Playa Brava, supone el fin del R\u00edo de la Plata y el comienzo del Oc\u00e9ano Atl\u00e1ntico. El balneario creci\u00f3 hacia el Oeste formando Punta Ballena y hacia el Este creando La Barra y Jos\u00e9 Ignacio.\\r\\n\\r\\nLa diversidad de su costa y sus arenas finas y blancas la hacen un destino ideal para la realizaci\u00f3n de deportes como el surf, windsurf, jet-ski, moton\u00e1utica, vela, pesca y yachting. En tierra firme, los turistas tambi\u00e9n encuentran escenarios privilegiados para la pr\u00e1ctica de otros deportes como el polo, el golf, el tenis o el rugby. En s\u00edntesis, Punta del Este, es sin\u00f3nimo de un sinf\u00edn de alternativas para satisfacer las necesidades de los paladares tur\u00edsticos m\u00e1s exigentes y heterog\u00e9neos.\",\"primary_image\":\"http:\/\/uruguaynatural.com\/wp-content\/uploads\/2023\/05\/Punta-del-Este-01.png\"}]","date_enabled":"","start_date":"0","end_date":"0","_links":{"self":[{"href":"https:\/\/uruguaynatural.com\/es\/wp-json\/wp\/v2\/experiences\/6612","targetHints":{"allow":["GET"]}}],"collection":[{"href":"https:\/\/uruguaynatural.com\/es\/wp-json\/wp\/v2\/experiences"}],"about":[{"href":"https:\/\/uruguaynatural.com\/es\/wp-json\/wp\/v2\/types\/experiences"}],"author":[{"embeddable":true,"href":"https:\/\/uruguaynatural.com\/es\/wp-json\/wp\/v2\/users\/7"}],"wp:attachment":[{"href":"https:\/\/uruguaynatural.com\/es\/wp-json\/wp\/v2\/media?parent=6612"}],"wp:term":[{"taxonomy":"experience-categories","embeddable":true,"href":"https:\/\/uruguaynatural.com\/es\/wp-json\/wp\/v2\/experience-categories?post=6612"}],"curies":[{"name":"wp","href":"https:\/\/api.w.org\/{rel}","templated":true}]}}