{"id":4674,"date":"{\"dateEnabled\":true,\"start\":\"2024-06-10T23:00:00.000Z\",\"end\":\"2024-06-25T02:59:00.000Z\"}","date_gmt":"2024-06-20T18:00:11","guid":{"rendered":"http:\/\/uruguaynatural.com\/es\/experiences\/\/"},"modified":"2025-06-18T14:42:01","modified_gmt":"2025-06-18T17:42:01","slug":"festival-del-tannat-cordero-y-noche-de-san-juan-en-bodegas-turisticas","status":"publish","type":"experiences","link":"https:\/\/uruguaynatural.com\/es\/experiences\/festival-del-tannat-cordero-y-noche-de-san-juan-en-bodegas-turisticas\/","title":{"rendered":"Tannat y Cordero y Noche de San Juan en bodegas tur\u00edsticas"},"author":7,"template":"","experience-categories":[74,17,131,56],"class_list":["post-4674","experiences","type-experiences","status-publish","hentry","experience-categories-bodegas","experience-categories-cultura","experience-categories-fiestas-tradicionales","experience-categories-gastronomia"],"acf":[],"primary_title":"<h1><span class=\"highlight highlight--verde\"><strong>Tannat y Cordero m\u00e1s Noche de San Juan en bodegas tur\u00edsticas<\/strong><\/span><\/h1>","description":"<p align=\"justify\"><span style=\"font-family: ARial, sans-serif;\">En junio la magia del fuego cobra especial relevancia en las bodegas tur\u00edsticas del Uruguay, con la realizaci\u00f3n de dos eventos: la bienvenida al invierno con la Noche de San Juan y el Festival del Tannat &amp; Cordero.<\/span><\/p>","info":"<p align=\"justify\"><span style=\"font-family: ARial, sans-serif;\"><b>Tannat &amp; Cordero<\/b><\/span><\/p>\r\n<p align=\"justify\"><span style=\"font-family: ARial, sans-serif;\">Desde tiempos inmemoriales el hombre se reuni\u00f3 alrededor del fuego, su poder de cocci\u00f3n y transmutaci\u00f3n se conmemora en junio con propuestas gastron\u00f3micas y rituales en algunos establecimientos enotur\u00edsticos del Uruguay.<\/span><\/p>\r\n<p align=\"justify\"><img class=\"alignnone size-medium wp-image-4692\" src=\"http:\/\/uruguaynatural.com\/wp-content\/uploads\/2024\/06\/Tannat-y-Cordero-2-300x200.jpg\" alt=\"\" width=\"300\" height=\"200\" \/><\/p>\r\n<p align=\"justify\"><span style=\"font-family: ARial, sans-serif;\">Los visitantes tendr\u00e1n la posibilidad de experimentar las delicias del vino Tannat y el excelente maridaje con la carne de cordero, dos emblemas gastron\u00f3micos de Uruguay.<\/span><\/p>\r\n<p align=\"justify\"><span style=\"font-family: ARial, sans-serif;\">El Tannat es un vino varietal elaborado con la uva Tannat originaria de Francia, que fue introducida en Uruguay por los inmigrantes vascos desde la localidad de Concordia, Argentina, a fines del siglo XIX. Durante m\u00e1s de un siglo de implantaci\u00f3n, logr\u00f3 una gran difusi\u00f3n y adaptaci\u00f3n a nuestro suelo, transform\u00e1ndose en la \u201cUva Nacional\u201d. Las bodegas a trav\u00e9s de procesos de vinificaci\u00f3n muy actualizados, han ubicado al Tannat uruguayo entre los vinos destacados del mundo, transform\u00e1ndose en nuestra bebida insignia.<\/span><\/p>\r\n<p align=\"justify\"><span style=\"font-family: ARial, sans-serif;\">La carne ovina siempre fue parte de la cocina tradicional en las estancias y chacras de nuestro campo. La introducci\u00f3n de razas ovinas productoras de carne de calidad, dio acceso a la alta cocina a esta noble carne. Los chefs de restaurantes comenzaron a presentar platos con cordero en distintas preparaciones, a fin de brindar la oportunidad de vivir experiencias \u00fanicas, en esta ocasi\u00f3n, en maridaje con distintos vinos Tannat.<\/span><\/p>\r\n<p align=\"justify\"><span style=\"font-family: ARial, sans-serif;\">En esta nueva edici\u00f3n, distintos prestadores tur\u00edsticos ofrecen traslados a bodegas con recorridos y almuerzos o cenas.<\/span><\/p>\r\n<p align=\"justify\"><span style=\"font-family: ARial, sans-serif;\">La mayor\u00eda de las propuestas requieren de reserva previa, por lo que es clave coordinarlas con anterioridad.<\/span><\/p>\r\n<p align=\"justify\"><span style=\"font-family: ARial, sans-serif;\"><a href=\"https:\/\/www.bodegasdeluruguay.com.uy\/agenda\/\">Conoc\u00e9 la programaci\u00f3n del Festival del Tannat &amp; Cordero en bodegas tur\u00edsticas<\/a>.<\/span><\/p>\r\n<p align=\"justify\"><span style=\"font-family: ARial, sans-serif;\"><b>Noche de San Juan<\/b><\/span><\/p>\r\n<p align=\"justify\"><span style=\"font-family: ARial, sans-serif;\">A diferencia del hemisferio norte que celebra la llegada del verano, en la Noche de San Juan \u201ca la uruguaya\u201d, recibimos el invierno. A pesar del origen europeo de esta celebraci\u00f3n, la misma se ha incorporado con identidad propia desde hace m\u00e1s de una d\u00e9cada en el pa\u00eds.<\/span><\/p>\r\n<p align=\"justify\"><img class=\"alignnone size-medium wp-image-4689\" src=\"http:\/\/uruguaynatural.com\/wp-content\/uploads\/2024\/06\/Noche-de-San-Juan-300x200.jpg\" alt=\"\" width=\"300\" height=\"200\" \/><\/p>\r\n<p align=\"justify\"><span style=\"font-family: ARial, sans-serif;\">En sus inicios era una celebraci\u00f3n pagana que el cristianismo asoci\u00f3 en su evoluci\u00f3n con la v\u00edspera al nacimiento de San Juan Bautista el 24 de junio, difundida por toda Europa actualmente con mayor arraigo en la pen\u00ednsula Ib\u00e9rica.<\/span><\/p>\r\n<p align=\"justify\"><span style=\"font-family: ARial, sans-serif;\">La ceremonia adem\u00e1s de rendirle homenaje al sol, permite quemar todo lo malo y purificar los pecados de los hombres. Con esa intenci\u00f3n se entregan al fuego los \u201cCedulones de San Juan\u201d, mientras otros prefieren expresar simplemente sus deseos para el pr\u00f3ximo a\u00f1o.<\/span><\/p>\r\n<p align=\"justify\"><span style=\"font-family: ARial, sans-serif;\">En Uruguay esta celebraci\u00f3n se combina con una muestra cultural: tamboriles, espect\u00e1culos con fuego, pinturas, proyecciones audiovisuales, narradores, bailarines, poes\u00eda, entre otras.<\/span><\/p>\r\n<p align=\"justify\"><span style=\"font-family: ARial, sans-serif;\"><a href=\"https:\/\/www.inavi.com.uy\/agenda\/\">\u00a1Descubr\u00ed la programaci\u00f3n de la Noche de San Juan por bodega!<\/a><\/span><\/p>\r\n<p align=\"justify\"><span style=\"font-family: ARial, sans-serif;\"><b>La fiesta pionera en Montevideo<\/b><\/span><\/p>\r\n<p align=\"justify\"><span style=\"font-family: ARial, sans-serif;\">La fiesta pionera de San Juan, es organizada en la Plaza Varela de Montevideo por Casal Catal\u00e1, declarada de inter\u00e9s Municipal por el Municipio CH y apoyada por la Generalitat de Catalunya. La organizaci\u00f3n lleva m\u00e1s de 20 a\u00f1os con el impulso de una celebraci\u00f3n que convoca a vecinos de toda la ciudad.<\/span><\/p>\r\n<p align=\"justify\"><img class=\"alignnone size-medium wp-image-4688\" src=\"http:\/\/uruguaynatural.com\/wp-content\/uploads\/2024\/06\/LA-NOCHE-DE-SAN-JUAN-1-13-screenshot-1-300x169.png\" alt=\"\" width=\"300\" height=\"169\" \/><\/p>\r\n<p align=\"justify\"><span style=\"font-family: ARial, sans-serif;\">Se queman varios miles de kilos de le\u00f1a y adem\u00e1s del fog\u00f3n, hay delicias en materia gastron\u00f3mica: Paella, Coca de Sant Joan (dulce t\u00edpico catal\u00e1n), Coca de Recapete (variedad salada de coca), carqui\u00f1olis y ron cremat (ron aromatizado con canela, clavo de olor y lim\u00f3n).<\/span><\/p>\r\n<p align=\"justify\"><span style=\"font-family: ARial, sans-serif;\">Asimismo, hay danzas y m\u00fasica tradicional catalana y al finalizar la noche, llegan los fuegos artificiales para celebrar la noche m\u00e1s larga del hemisferio sur.<\/span><\/p>\r\n<p align=\"justify\"><span style=\"font-family: ARial, sans-serif;\"><b>Otras celebraciones de San Juan en Uruguay<\/b><\/span><\/p>\r\n<strong><span style=\"font-family: ARial, sans-serif;\">Noche de San Juan en Canelones<\/span><\/strong>\r\n<p align=\"justify\"><span style=\"font-family: ARial, sans-serif;\">La Noche de San Juan se celebrar\u00e1 en diversas localidades del departamento de Canelones, con las tradicionales fogatas, espect\u00e1culos musicales, gastronom\u00eda y mucho m\u00e1s.<\/span><\/p>\r\n<p align=\"justify\"><span style=\"font-family: ARial, sans-serif;\">Desde el viernes 20 hasta el martes 24 de junio, se llevar\u00e1n a cabo m\u00e1s de 20 propuestas en localidades como Atl\u00e1ntida, Melgarejo, Totoral del Sauce, San Jacinto, Migues, Tala y Santa Rosa, adem\u00e1s de varias bodegas canarias en Progreso, Las Piedras, La Paz, Sauce, Joaqu\u00edn Su\u00e1rez y Santa Luc\u00eda.<\/span><\/p>\r\n<p align=\"justify\"><span style=\"font-family: ARial, sans-serif;\">La Fiesta de San Juan tiene un origen pagano y se celebra cada 23 de junio, v\u00edspera del d\u00eda de San Juan Bautista. Esta tradici\u00f3n se asocia con la llegada del solsticio de verano en el hemisferio norte y, en el hemisferio sur, ha tomado un sello distintivo uruguayo, imponi\u00e9ndose como una festividad popular en todo el pa\u00eds.<\/span><\/p>\r\n<p align=\"justify\"><span style=\"font-family: ARial, sans-serif;\">Las hogueras son las grandes protagonistas de esta noche m\u00e1gica. En las fiestas de Canelones, adem\u00e1s de las tradicionales fogatas, los asistentes podr\u00e1n disfrutar de opciones gastron\u00f3micas con chefs invitados, platos t\u00edpicos, meriendas, chocolate caliente, maridajes especiales y vino caliente. Tambi\u00e9n habr\u00e1 m\u00fasica, danzas, rituales en torno al fuego y ferias artesanales, entre otras actividades.<\/span><\/p>\r\n<p align=\"justify\"><span style=\"font-family: ARial, sans-serif;\">Consult\u00e1 todos los eventos en la <\/span><strong><span style=\"font-family: ARial, sans-serif;\">App Turismo Canelones<\/span><\/strong><span style=\"font-family: ARial, sans-serif;\"> o a trav\u00e9s de este <\/span><span style=\"font-family: ARial, sans-serif;\"><a href=\"https:\/\/turismo.imcanelones.gub.uy\/disfruta\/noche-de-san-juan.html\">enlace<\/a>.<\/span><\/p>\r\n<p align=\"justify\"><strong><span style=\"font-family: ARial, sans-serif;\"><b>Fiesta de las Hogueras de San Juan en Aigu\u00e1<\/b><\/span><\/strong><\/p>\r\n<p align=\"justify\"><span style=\"font-family: ARial, sans-serif;\">Aigu\u00e1 te espera el <\/span><strong><span style=\"font-family: ARial, sans-serif;\">s\u00e1bado 21 de junio<\/span><\/strong><span style=\"font-family: ARial, sans-serif;\"> para celebrar las tradicionales <\/span><strong><span style=\"font-family: ARial, sans-serif;\">Hogueras de San Juan<\/span><\/strong><span style=\"font-family: ARial, sans-serif;\">, una fiesta llena de <\/span><strong><span style=\"font-family: ARial, sans-serif;\">m\u00fasica, danza, tradici\u00f3n y diversi\u00f3n<\/span><\/strong><span style=\"font-family: ARial, sans-serif;\"> para toda la familia. La jornada comenzar\u00e1 a las <\/span><strong><span style=\"font-family: ARial, sans-serif;\">12:00 <\/span><\/strong><span style=\"font-family: ARial, sans-serif;\">en la plaza principal y se extender\u00e1 hasta la medianoche.<\/span><\/p>\r\n<p align=\"justify\"><span style=\"font-family: ARial, sans-serif;\">La celebraci\u00f3n, que rescata las tradiciones de las familias inmigrantes, incluir\u00e1 el <\/span><strong><span style=\"font-family: ARial, sans-serif;\">encendido de la Hoguera<\/span><\/strong><span style=\"font-family: ARial, sans-serif;\"> a las <\/span><strong><span style=\"font-family: ARial, sans-serif;\">17:35 horas<\/span><\/strong><span style=\"font-family: ARial, sans-serif;\">, acompa\u00f1ado de danzas de fuego, malabares, tambores y el cl\u00e1sico \"juego de las c\u00e9dulas\". Adem\u00e1s, habr\u00e1 <\/span><strong><span style=\"font-family: ARial, sans-serif;\">m\u00e1s de 70 estands de emprendedores<\/span><\/strong><span style=\"font-family: ARial, sans-serif;\">, una <\/span><strong><span style=\"font-family: ARial, sans-serif;\">plaza de comidas<\/span><\/strong><span style=\"font-family: ARial, sans-serif;\">, espect\u00e1culos art\u00edsticos y <\/span><strong><span style=\"font-family: ARial, sans-serif;\">juegos infantiles<\/span><\/strong><span style=\"font-family: ARial, sans-serif;\"> durante todo el d\u00eda.<\/span><\/p>\r\n<p align=\"justify\"><span style=\"font-family: ARial, sans-serif;\">La jornada comenzar\u00e1 a las 12:00 con la apertura de la Feria, donde emprendedores locales ofrecer\u00e1n productos artesanales y gastron\u00f3micos. A las 15:00, la Banda Municipal de Aigu\u00e1 dar\u00e1 inicio a las presentaciones musicales, seguida a las 16:00 por Mar\u00eda Noel y Kike Lafourcade. A las 16:45, la Compa\u00f1\u00eda Le Pifi\u00e9 presentar\u00e1 el circo \u201c\u00a1Hurra!\u201d, una propuesta para toda la familia. El momento m\u00e1s esperado, el encendido de la hoguera, ser\u00e1 a las 17:35, marcando el inicio de la celebraci\u00f3n. A las 19:00, el grupo Danzas Folcl\u00f3ricas Taguat\u00f3 subir\u00e1 al escenario, seguido a las 19:30 por el Grupo \u00d1ande. A las 20:30, Los Sabrosos ofrecer\u00e1n su m\u00fasica, y a las 21:45, Doble 5 Rock Band pondr\u00e1 a todos a bailar. La noche culminar\u00e1 a las 22:45, con la presentaci\u00f3n de Mica Serr\u00f3n, finalista de La Voz Uruguay, y el cierre estar\u00e1 a cargo de DJ Maurix a las 23:30. <\/span><\/p>\r\n<p align=\"justify\"><span style=\"font-family: ARial, sans-serif;\">\u00a1No faltes a esta fiesta \u00fanica que combinar\u00e1 lo mejor de la tradici\u00f3n y cultura!<\/span><\/p>\r\n<p class=\"western\" align=\"left\"><span style=\"font-family: ARial, sans-serif;\"><b>\u00a1San Juan en Florida!<\/b><\/span><\/p>\r\n<p class=\"western\" align=\"justify\"><span style=\"font-family: ARial, sans-serif;\">Florida celebrar\u00e1 la tradicional Noche de San Juan con una serie de actividades en distintos rincones del departamento, donde el fuego, la m\u00fasica, gastronom\u00eda y las tradiciones se combinar\u00e1n para ofrecer una experiencia \u00fanica. A continuaci\u00f3n, te presentamos las diferentes propuestas para disfrutar de esta festividad:<\/span><\/p>\r\n<p class=\"western\" align=\"justify\"><span style=\"font-family: ARial, sans-serif;\"><b>Noche de San Juan en Establecimiento Vieja Estancia<\/b><\/span><\/p>\r\n<p class=\"western\" align=\"justify\"><span style=\"font-family: ARial, sans-serif;\">Una noche especial en el Establecimiento Vieja Estancia, con fog\u00f3n, m\u00fasica en vivo y una experiencia \u00fanica. La cita es el s\u00e1bado 21 de junio a las 20:00, en Camino Villa Vieja 104.500, Villa 25 de Mayo. M\u00e1s informaci\u00f3n y reservas al 099 222 517.<\/span><\/p>\r\n<p class=\"western\" align=\"justify\"><span style=\"font-family: ARial, sans-serif;\"><b>Hogueras de San Juan en San Pedro de Timote<\/b><\/span><\/p>\r\n<p class=\"western\" align=\"justify\"><span style=\"font-family: ARial, sans-serif;\">Las Hogueras de San Juan se celebrar\u00e1n en San Pedro de Timote con una propuesta \u00fanica. Al reservar dos noches, se puede disfrutar de un 10% de descuento y late check-out hasta las 16:00 h. La celebraci\u00f3n tendr\u00e1 lugar del 20 al 22 de junio. Consultas al 091 635 019 o por correo a reservas@sanpedrodetimote.com.<\/span><\/p>\r\n<p class=\"western\" align=\"justify\"><span style=\"font-family: ARial, sans-serif;\"><b>San Juan en Paso Severino<\/b><\/span><\/p>\r\n<p class=\"western\" align=\"justify\"><span style=\"font-family: ARial, sans-serif;\">En Paso Severino, se ofrecer\u00e1 un 20% de descuento en alojamiento con desayuno, disponible del 20 al 23 de junio. Para m\u00e1s detalles, llamar al 4330 9033 \/ 9250 o escribir al 091 976 285 \/ 095 329 283.<\/span><\/p>\r\n<p class=\"western\" align=\"justify\"><span style=\"font-family: ARial, sans-serif;\"><b>Fogata de San Juan en Villa 25 de Agosto<\/b><\/span><\/p>\r\n<p class=\"western\" align=\"justify\"><span style=\"font-family: ARial, sans-serif;\">El lunes 23 de junio, La Cocina de Ana ser\u00e1 el escenario de una fogata acompa\u00f1ada de picada y queimada, de 18:30 a 21:30, en 19 de Abril 516. Reservas al 094 356 116.<\/span><\/p>\r\n<p class=\"western\" align=\"justify\"><span style=\"font-family: ARial, sans-serif;\"><b>Asamblea Bodeg\u00f3n<\/b> <\/span><\/p>\r\n<p class=\"western\" align=\"justify\"><span style=\"font-family: ARial, sans-serif;\">En Asamblea Bodeg\u00f3n, ubicada en Batlle y Ord\u00f3\u00f1ez 529, Florida, podr\u00e1s disfrutar de una fogata comunitaria y vino caliente gratis, cortes\u00eda de la casa, con la reserva de tu cena. Para m\u00e1s informaci\u00f3n y reservas, contact\u00e1 al 091 243 460.<\/span><\/p>\r\n<p class=\"western\" align=\"justify\"><span style=\"font-family: ARial, sans-serif;\"><b>Estancia Hoster\u00eda El Ceibo<\/b><\/span><\/p>\r\n<p class=\"western\" align=\"justify\"><span style=\"font-family: ARial, sans-serif;\">La Estancia Hoster\u00eda El Ceibo, situada en el camino rural entre La Macana y San Jer\u00f3nimo, ofrecer\u00e1 una experiencia completa que incluye fogata bajo el cielo estrellado, vino caliente, cena casera y alojamiento en un entorno natural \u00fanico. Las reservas se pueden realizar comunic\u00e1ndote al 099 125 761.<\/span><\/p>\r\n<p class=\"western\" align=\"justify\"><span style=\"font-family: ARial, sans-serif;\">\u00a1Florida te ofrece diversas opciones para disfrutar de la magia de San Juan junto al fuego!<\/span><\/p>\r\n[embed]https:\/\/www.youtube.com\/watch?v=Ckhu-RZM4U4[\/embed]","highlights":"","primary_image":"[{\"id\":4681,\"url\":\"https:\/\/uruguaynatural.com\/wp-content\/uploads\/2024\/06\/festivales-junio2024-ppal.jpg\"}]","secondary_image":"[{\"id\":4675,\"url\":\"http:\/\/uruguaynatural.com\/wp-content\/uploads\/2024\/06\/Tannat-y-Cordero.jpg\"}]","gallery_images":"[]","enable_map":"1","coord_lat":"","coord_lng":"","locations":"-34.744756,-55.0250881|-34.7791216,-56.2477087|-34.7242605,-56.0404272|-34.713829,-55.850342|-34.590104,-56.2626374|-34.74366699999999,-56.2087458|-34.715247,-56.168007|-34.3928981,-56.6692326|-34.5694274,-54.6279974|-32.3097676,-58.0594088|-34.6713616,-56.37147019999999|-34.67979,-56.25802969999999|-34.7413989,-56.1637703|-34.7452848,-56.1518453|-34.8596687,-55.2351087|-34.7437074,-56.26854609999999|-34.042265,-58.187421|-34.2186967,-57.9308182|-34.626161,-56.248842","department":"Montevideo","places":"[{\"id\":1296,\"link\":\"http:\/\/uruguaynatural.com\/%places-slug%\/montevideo\/\",\"title\":\"Montevideo\",\"description\":\"La rambla capitalina, el balc\u00f3n de acceso a m\u00e1s de <strong>30 kil\u00f3metro de costa<\/strong>, es uno de los principales atributos de Montevideo y un paseo imperdible para sus habitantes que suelen recurrir a ella para tomar mate y realizar extensas caminatas. Tambi\u00e9n lo son la cantidad de espacios verdes, parques y jardines que posibilitan m\u00faltiples opciones al aire libre.\\r\\n\\r\\nMontevideo tambi\u00e9n cuenta con una amplia movida cultural. As\u00ed por ejemplo, su cartelera teatral, es llamativamente extensa y variada, y abarca tanto espect\u00e1culos cl\u00e1sicos, como modernos o alternativos. En sus museos, centros culturales , casas de cultura y salas de exposici\u00f3n es posible apreciar el arte de una amplia gama de artistas de alcance internacional como Juan Manuel Blanes, Rafael Barradas, Pedro Figari, Joaqu\u00edn Torres Garc\u00eda, Jos\u00e9 C\u00faneo e Ignacio Iturria, entre otros.\\r\\n<h3>M\u00e1s informaci\u00f3n<\/h3>\\r\\n<ul>\\r\\n \\t<li><strong>Los inicios:<\/strong> Montevideo fue fundada por el gobernador y capit\u00e1n del R\u00edo del Plata Don Bruno Mauricio de Zabala. El proceso fundacional de la ciudad se inscribe entre 1724 y 1730, per\u00edodo en que comenzaron a arribar los primeros pobladores provenientes de Buenos aires y de las Islas Canarias. En el a\u00f1o 1833 se proyecta el nuevo trazado para la Ciudad Nueva que comienza a ejecutarse plenamente a partir de 1861.A diferencia de la Ciudad Vieja, que estaba amurallada en todo su per\u00edmetro, la Ciudad Nueva se proyecta con calles anchas y arboladas donde se localizaron comercios suntuosos y grandes residencias.<\/li>\\r\\n<\/ul>\\r\\n\u00a0\\r\\n<ul>\\r\\n \\t<li><strong>Capital con los pies en el r\u00edo:<\/strong> Recorrer 30 kil\u00f3metros de costa a es una de las posibilidades imperdibles que ofrece la capital montevideana que nunca le da la espalda al R\u00edo de la Plata. Por un extenso trayecto, desde Capurro hasta Carrasco, se extiende la Rambla de Montevideo, que fue concebida como un balc\u00f3n hacia el mar, para un verdadero disfrute de las costas de la ciudad.\\r\\nSus diversos tramos poseen especial belleza, ya que en su recorrido, ya sea a pie, en bicicleta o en auto, adem\u00e1s de hermosas playas es posible apreciar la arquitectura urbana que las rodea. Edificios antiguos y modernos, plazas y espacios deportivos como la pista de patinaje en el Parque Rod\u00f3, la de Skate en Buceo y varios gimnasios al aire libre, se suceden conformando atractivas panor\u00e1micas para el turista.\\r\\nDesde el puerto capitalino, hacia el Este, se suceden las playas m\u00e1s urbanas: Ram\u00edrez, Pocitos, Carrasco, Buceo, Malv\u00edn, en tanto hacia el Oeste, existen otras playas m\u00e1s agrestes y de acceso individual como la Colorada, Punta Espinillo, Punta Yeguas, Zabala o Santa Catarina. Las playas de Montevideo son caracter\u00edsticas por sus finas y blancas arenas y las calmas aguas del R\u00edo de la Plata, as\u00ed como por su seguridad. Adem\u00e1s del servicio de guardavidas, todas las playas habilitadas tienen asegurada la cobertura de salud y el cuidado de los ba\u00f1istas a trav\u00e9s de puestos de primeros auxilios y atenci\u00f3n m\u00e9dica de urgencia y emergencia. En el verano, adem\u00e1s de disfrutar del sol, arena y mar, los turistas pueden disfrutar de espect\u00e1culos y actividades recreativas gratuitas para ni\u00f1os, j\u00f3venes y adultos.<\/li>\\r\\n<\/ul>\\r\\n<h4>\u00a1No te pierdas!<\/h4>\\r\\n<ol>\\r\\n \\t<li>Plaza Matriz: ubicada en la Ciudad Vieja, entre las calles Peatonal Sarand\u00ed y Juan Carlos G\u00f3mez,\u00a0 en esta plaza se respira historia. La Iglesia Matriz, El Cabildo y otros edificios hist\u00f3ricos se encuentran rodeando su m\u00edtica fuente, uno de los monumentos m\u00e1s bellos de la ciudad.<\/li>\\r\\n \\t<li>Estadio Centenario: ubicado en la zona de Parque Batlle, es el principal escenario deportivo del pa\u00eds, con una imponente infraestructura capaz de albergar hasta 80.000 espectadores. Es posible coordinar visitas guiadas y conocer los hitos que transformaron al f\u00fatbol en la mayor pasi\u00f3n de los uruguayos.<\/li>\\r\\n \\t<li>Jard\u00edn Bot\u00e1nico: ubicado en el Prado,\u00a0 alberga una gran colecci\u00f3n de flora de distintas partes del mundo a lo largo y ancho de m\u00e1s de trece hect\u00e1reas. El entorno es ideal para extensas jornadas de picnic y para conectarse con la naturaleza, sin salir de la ciudad. El acceso es gratuito.<\/li>\\r\\n \\t<li>Mercado del Puerto: es uno de los puntos de mayor congregaci\u00f3n de turistas en la capital. Su gastronom\u00eda representa las m\u00e1s arraigadas tradiciones de Uruguay. El asado es el plato predominante y la mayor\u00eda de los restaurantes son parilladas pero existen otras opciones. Los espect\u00e1culos culturales y las artesan\u00edas tambi\u00e9n son protagonistas en el entorno.<\/li>\\r\\n<\/ol>\",\"primary_image\":\"http:\/\/uruguaynatural.com\/wp-content\/uploads\/2023\/04\/Captura-de-pantalla-de-2023-04-11-15-39-26.png\"},{\"id\":402,\"link\":\"http:\/\/uruguaynatural.com\/%places-slug%\/punta-del-este\/\",\"title\":\"Punta del Este\",\"description\":\"Se ubica en el departamento de Maldonado, a s\u00f3lo una hora y media de la capital del pa\u00eds. Lujosas residencias de veraneo, altos edificios de apartamento frente al mar, enormes yates en el puerto, hoteles y restaurantes de lujo lo transforman en el balneario de mayor glamour de Am\u00e9rica.\\r\\n\\r\\nNo en vano, fue elegida como destino de veraneo por grandes celebridades como el dise\u00f1ador Ralph Lauren, el jugador del f\u00fatbol Zinedine Zidane, el cantante de Metallica James Hetfield o la colombiana Shakira.\\r\\n\\r\\nRecorriendo la ciudad el visitante encuentra una amplia oferta recreativa, que incluye sala de exposiciones, restaurantes, pubs, discotecas, tiendas de antig\u00fcedades, galer\u00edas de arte, cines, teatros y una agitada vida nocturna. La ciudad balnearia es elegida para la realizaci\u00f3n de grandes fiestas de lujo, desfiles de moda de marcas de prestigio y una amplia gama de propuestas culturales de gran dimensi\u00f3n como el Festival Internacional de Jazz, el Festival Internacional de Cine o exposiciones de artistas contempor\u00e1neos de renombre.\\r\\n\\r\\nPunta del Este es tambi\u00e9n un destino natural \u00fanico. Con m\u00e1s de 20 kil\u00f3metros de costa y altas sierras que miran al mar, el balneario tambi\u00e9n ofrece encantadores rincones y paisajes para quienes llegan en busca de una tranquilidad absoluta.\\r\\n\\r\\nEl punto de encuentro de sus dos playas m\u00e1s famosas, Playa Mansa y Playa Brava, supone el fin del R\u00edo de la Plata y el comienzo del Oc\u00e9ano Atl\u00e1ntico. El balneario creci\u00f3 hacia el Oeste formando Punta Ballena y hacia el Este creando La Barra y Jos\u00e9 Ignacio.\\r\\n\\r\\nLa diversidad de su costa y sus arenas finas y blancas la hacen un destino ideal para la realizaci\u00f3n de deportes como el surf, windsurf, jet-ski, moton\u00e1utica, vela, pesca y yachting. En tierra firme, los turistas tambi\u00e9n encuentran escenarios privilegiados para la pr\u00e1ctica de otros deportes como el polo, el golf, el tenis o el rugby. En s\u00edntesis, Punta del Este, es sin\u00f3nimo de un sinf\u00edn de alternativas para satisfacer las necesidades de los paladares tur\u00edsticos m\u00e1s exigentes y heterog\u00e9neos.\",\"primary_image\":\"http:\/\/uruguaynatural.com\/wp-content\/uploads\/2023\/02\/29262640598_f94d21ab1b_o-copy.jpg.webp\"},{\"id\":2567,\"link\":\"http:\/\/uruguaynatural.com\/%places-slug%\/carmelo\/\",\"title\":\"Carmelo\",\"description\":\"Hacia el oeste de Colonia del Sacramento, por la ruta 21, se llega a la ciudad de Carmelo.Esta ciudad, cuya fundaci\u00f3n se remonta a 1816, se enorgullece en tener como fundador al General Jos\u00e9 Gervasio Artigas, pr\u00f3cer de la patria.Poseedora de un entorno natural colmado de belleza y serenidad, durante a\u00f1os Carmelo ha seducido a miles de turistas que buscan descanso, tranquilidad, belleza y comodidad.Su atracadero de yates y la extensa zona de playas que posee atraen a los aficionados a los deportes n\u00e1uticos y de playa.Adem\u00e1s, en su entorno se ubican varias de las Bodegas Tur\u00edsticas que ya se han consolidado como importante atractivo del Departamento de Colonia, y que siguiendo las m\u00e1s viejas tradiciones europeas elaboran deliciosos vinos de nivel internacional.Entre sus varios atractivos se encuentra, adem\u00e1s, su caracter\u00edstico puente giratorio, que cruza el arroyo Las Vacas y que es el \u00fanico a tracci\u00f3n humana de Sudam\u00e9rica; las ruinas jesu\u00edticas de la estancia de Bel\u00e9n, conocidas como Calera de las Hu\u00e9rfanas; y la estancia Narbona, que es el edificio m\u00e1s antiguo del Uruguay que se conserva en sus lineamientos originales. Con su belleza natural y su historia, Carmelo es sin duda un lugar que invita a disfrutar.\",\"primary_image\":\"http:\/\/uruguaynatural.com\/wp-content\/uploads\/2023\/06\/LEO8806-scaled.jpg\"},{\"id\":506,\"link\":\"http:\/\/uruguaynatural.com\/%places-slug%\/paysandu\/\",\"title\":\"Paysand\u00fa\",\"description\":\"En Paysand\u00fa conviven diversas actividades productivas, riquezas hist\u00f3ricas, culturales y naturales, que a la vez que lo diferencian, lo hacen un lugar \u00fanico y especial en la regi\u00f3n.\\r\\n\\r\\nSe ubica en el litoral termal donde existen dos centros con aguas de propiedades curativas. La naturaleza se expresa en cada rinc\u00f3n del departamento, donde habitan maravillosos paisajes, como los ubicados dentro del \u00c1rea Protegida Montes del Queguay, bellos palmares y hermosos atardeceres pueden disfrutarse a lo largo de la costa del r\u00edo Uruguay.\\r\\n\\r\\nPaysand\u00fa es cuna del Artiguismo, es ciudad de h\u00e9roes que sucumbieron en defensa de la soberan\u00eda nacional con un pasado de gloria industrial y de suelos que fueron habitados por poblaciones charr\u00faas. Un departamento donde a\u00fan persisten las tradiciones criollas y donde la cultura se traduce en cada uno de los eventos que se conmemoran a lo largo del a\u00f1o.\",\"primary_image\":\"http:\/\/uruguaynatural.com\/wp-content\/uploads\/2023\/02\/2021-03-03-18_11_16-Morato-un-castillo-en-Uruguay-YouTube.png\"},{\"id\":2528,\"link\":\"http:\/\/uruguaynatural.com\/%places-slug%\/piriapolis\/\",\"title\":\"Piri\u00e1polis\",\"description\":\"Descubrirla de cerca suele llevar aparejada la necesidad de adentrarse en su historia, sus s\u00edmbolos, sus tradiciones y la riqueza de su pasado que le regala una identidad \u00fanica en el presente. En ella, extensas playas y altos cerros disputan protagonismo, creando un entorno ideal para el descanso.\\r\\n\\r\\nFundada por Francisco Piria en 1890, en pleno auge de la Belle \u00c9poque. Piria fue un visionario y alquimista, quien originariamente la bautiz\u00f3 \u201cBalneario del Porvenir\u201d, un nombre que con el tiempo se convertir\u00eda en realidad.\\r\\n\\r\\nPiri\u00e1polis cuenta con magn\u00edficos edificaciones como una extensa rambla costanera, r\u00e9plica de la Biarritz francesa, el gigantesco Argentino Hotel que durante mucho a\u00f1os fue el m\u00e1s grande de Am\u00e9rica del Sur y el enigm\u00e1tico Castillo de Piria.\\r\\n\\r\\nSus playas se ubican a lo largo de una franja de 25 kil\u00f3metros de costa, desde el arroyo Sol\u00eds hasta Punta Negra. Todas ellas, de blancas arenas y aguas limpias, reciben cada verano miles de turistas uruguayos, argentinos, brasile\u00f1os, chilenos, paraguayos y de otros pa\u00edses de Am\u00e9rica Latina Am\u00e9rica y de Europa. Hacia el oeste algunas de las m\u00e1s atractivas son: Playa Grande, Playa Verde, Playa Hermosa, Las Flores y Bella Vista.\\r\\n\\r\\nEn los espacios naturales se practican diferentes deportes n\u00e1uticos, pesca y recreaci\u00f3n para todos los gustos. Es ideal para recorrer los senderos de los cerros a pie, en bici o en aerosillas, las \u00fanicas de estas latitudes.\\r\\n\\r\\nLa gastronom\u00eda de Piri\u00e1polis, asociada a su ubicaci\u00f3n costera, ofrece eventos a lo largo del a\u00f1o donde se pueden degustar las delicias locales como sucede en la Paella Gigante, en diciembre de cada a\u00f1o, entre otros. Los eventos deportivos y culturales son moneda corriente en este destino privilegiado por su naturaleza, su historia y su gente.\\r\\n\\r\\nSu alta conectividad y accesibilidad permiten llegar a ella por tierra, agua y aire, contando con puerto, y aeropuertos a s\u00f3lo 81 km de distancia de Montevideo, y 38 km de Punta del Este respectivamente.\\r\\n\\r\\nPiri\u00e1polis te espera con toda su magia... sus cerros, bulevares extensos, historia, cultura y sus playas de ensue\u00f1o.\",\"primary_image\":\"http:\/\/uruguaynatural.com\/wp-content\/uploads\/2023\/12\/PiriaPuerto-WEB.jpg\"}]","date_enabled":"1","start_date":"1718060400000","end_date":"1719284340000","_links":{"self":[{"href":"https:\/\/uruguaynatural.com\/es\/wp-json\/wp\/v2\/experiences\/4674","targetHints":{"allow":["GET"]}}],"collection":[{"href":"https:\/\/uruguaynatural.com\/es\/wp-json\/wp\/v2\/experiences"}],"about":[{"href":"https:\/\/uruguaynatural.com\/es\/wp-json\/wp\/v2\/types\/experiences"}],"author":[{"embeddable":true,"href":"https:\/\/uruguaynatural.com\/es\/wp-json\/wp\/v2\/users\/7"}],"wp:attachment":[{"href":"https:\/\/uruguaynatural.com\/es\/wp-json\/wp\/v2\/media?parent=4674"}],"wp:term":[{"taxonomy":"experience-categories","embeddable":true,"href":"https:\/\/uruguaynatural.com\/es\/wp-json\/wp\/v2\/experience-categories?post=4674"}],"curies":[{"name":"wp","href":"https:\/\/api.w.org\/{rel}","templated":true}]}}