{"id":2840,"date":"{\"dateEnabled\":false,\"start\":null,\"end\":null}","date_gmt":"2023-06-06T16:52:34","guid":{"rendered":"https:\/\/uruguaynatural.com\/es\/experiences\/\/"},"modified":"2025-05-26T12:25:11","modified_gmt":"2025-05-26T15:25:11","slug":"experiencias-que-transforman-el-alma-y-desarrollan-lo-local","status":"publish","type":"experiences","link":"https:\/\/uruguaynatural.com\/es\/experiences\/experiencias-que-transforman-el-alma-y-desarrollan-lo-local\/","title":{"rendered":"Experiencias que transforman el alma\u00a0y desarrollan lo local"},"author":2,"template":"","experience-categories":[73,15,21,20],"class_list":["post-2840","experiences","type-experiences","status-publish","hentry","experience-categories-aventura-deporte","experience-categories-avistaje","experience-categories-multidestino","experience-categories-naturaleza"],"acf":[],"primary_title":"<h1><span class=\"highlight highlight--violeta\">Experiencias que transforman el alma\u00a0y desarrollan lo local<\/span><\/h1>","description":"El turismo sostenible vibra en armon\u00eda y en perfecto equilibrio con la biodiversidad biol\u00f3gica, la cultura y la identidad propia de un pueblo y al mismo tiempo logra un impacto positivo en la comunidad. En el marco del mes del Medio Ambiente Uruguay propone un viaje por cuatro experiencias que te har\u00e1n emocionar.","info":"A lo largo de las \u00faltimas d\u00e9cadas el turismo se ha transformado en uno de los principales motores de la econom\u00eda mundial, con un rol fundamental en el desarrollo\u00a0socioecon\u00f3mico de los pa\u00edses, generando ingresos, creando empresas y puestos de\u00a0trabajo y desarrollando infraestructuras. Al mismo tiempo, se instala la tendencia del turismo comunitario y sostenible, que crece poco a poco en Uruguay.\r\n\r\nEl paradigma del turismo sostenible es una l\u00ednea estrat\u00e9gica que Uruguay construye a diario, en sinton\u00eda con los principios consagrados en la denominada \u201cCarta del Turismo Sostenible\u201d, de 1995, acordada en la Conferencia Mundial de Turismo Sostenible, donde participaron integrantes de diversos organismos y programas de las Naciones Unidas. En su primer punto estableci\u00f3: \u201cEl desarrollo tur\u00edstico deber\u00e1 fundamentarse sobre criterios de sostenibilidad, es decir, ha de ser soportable ecol\u00f3gicamente a largo plazo, viable econ\u00f3micamente y equitativo desde una perspectiva \u00e9tica y social para las comunidades locales\u201d, visi\u00f3n que m\u00e1s tarde se ratifica y ampl\u00eda en la Organizaci\u00f3n Mundial del Turismo.\r\n\r\nEl turismo sostenible se basa en un flujo circular, por un lado permite al turista escapar de la rutina y de la masificaci\u00f3n de viajes para abrirse a un mundo de experiencias y aventuras. Mientras el locatario cuenta con nuevas fuentes de empleo, revaloriza, cuida y promueve la naturaleza, cultura, historia e identidad. En esta econom\u00eda verde, todos se favorecen. Compartimos algunas sugerencias para que puedas sumarte.\r\n\r\n<strong>\u2022 Red \u00c1nimas (Maldonado y Lavalleja)<\/strong>\r\n\r\n<img class=\"aligncenter wp-image-1481 size-full\" src=\"http:\/\/uruguaynatural.com\/wp-content\/uploads\/2023\/04\/RED-ANIMAS_1Z3A1440-900x600-1.jpg\" alt=\"Red \" width=\"900\" height=\"600\" \/>\r\n\r\nSu propuesta invita a ver salir la luna desde la cumbre de la sierra, visitar y conocer a productores, artistas y artesanos en sus casas y talleres en un entorno de cerros, as\u00ed como un museo al aire libre a pleno sol o recorrer la penumbra de los montes. Adem\u00e1s, de recorrer lugares cargados de historia y belleza junto a gu\u00edas, t\u00e9cnicos y baqueanos.\r\nDesde hace 7 a\u00f1os este grupo multidisciplinario, -integrado por vecinos, profesionales, t\u00e9cnicos, id\u00f3neos, emprendedores, productores, gu\u00edas, artistas, entre otros-, apuesta al Turismo Alternativo en Pan de Az\u00facar-Sierra de las \u00c1nimas. El mismo fue seleccionado por el Programa Peque\u00f1as Donaciones (PPD) en 2017, implementado por el Programa de las Naciones Unidas para el Desarrollo (PNUD) y el Ministerio de Turismo, ejecutado por la Oficina de las Naciones Unidas de Servicios para Proyectos (UNOPS), con el apoyo de la Sociedad Civil y la Universidad de la Rep\u00fablica en el que se capacita y potencia a proyectos de gesti\u00f3n ambiental y ecoturismo. La financiaci\u00f3n corresponde al Fondo para el Medio Ambiente Mundial (FMAM) y los ministerios de Turismo, y Vivienda y Ordenamiento Territorial de Uruguay.\r\n\r\nContacto y punto de encuentro a coordinar: + 598 99 340 958 \/ F:\u00a0<a href=\"https:\/\/www.facebook.com\/redanimascoop\">Red Animas<\/a>\u00a0\/\u00a0<a href=\"mailto:info.redanimas@gmail.com\">info.redanimas@gmail.com<\/a>\r\n\r\n<strong>\u2022 Tinamb\u00fa Ecolodge - Paso Centuri\u00f3n Tours (Cerro Largo)<\/strong>\r\n\r\n[caption id=\"attachment_1482\" align=\"aligncenter\" width=\"900\"]<img class=\"wp-image-1482 size-full\" src=\"http:\/\/uruguaynatural.com\/wp-content\/uploads\/2023\/04\/BataraPintado-TinambuDSCN2481-900x599-1.jpg\" alt=\"Batara Pintado\" width=\"900\" height=\"594\" \/> Batar\u00e1 Pintado[\/caption]\r\n\r\nEs un emprendimiento que ofrece caminatas guiadas enfocadas en la observaci\u00f3n de m\u00e1s de 260 aves registradas y reconocimiento de flora y fauna nativas por la zona de Paso Centuri\u00f3n, Sierra de R\u00edos, Rinc\u00f3n de Paiva y La Gloria en el departamento de Cerro Largo. Cuenta con alojamiento ecol\u00f3gico - construido con materiales naturales de la zona (madera y tierra)- donde se preparan comidas caseras vegetarianas. El proyecto, que es apoyado por la Agencia Nacional para el Desarrollo, utiliza procesos ecol\u00f3gicos en todo su funcionamiento, teniendo ba\u00f1os secos y compostando los desechos, cuentan con un humedal para la purificaci\u00f3n de aguas grises, una huerta org\u00e1nica, y un apiario familiar de donde obtienen la miel para el consumo de los visitantes, y con la cera colectada producen\u00a0<a href=\"https:\/\/www.apipaq.com.uy\/content\/4-acerca-de-apipaq\">envoltorios ecol\u00f3gicos<\/a>\u00a0reutilizables.\r\n\r\nEl Paisaje Protegido Paso Centuri\u00f3n y Sierra de R\u00edos, es un lugar donde se conjugan varios ecosistemas, dando lugar a una gran diversidad de ambientes compuestos por quebradas, montes ribere\u00f1os con caracter\u00edsticas de Selva sub-tropical, praderas naturales, humedales, pastizales, palmares y espinillares, permitiendo de este modo, la existencia de una enorme biodiversidad. La zona fue declarada como Paisaje Protegido por el Sistema Nacional de \u00c1reas Protegidas (SNAP) en el a\u00f1o 2019, y previamente, como Reserva Departamental por la Junta Departamental de Cerro Largo.\r\n\u00c9ste junto a otros emprendimientos como\u00a0<a href=\"https:\/\/www.pasocenturion.com.uy\/las-quitanderas\/\">Las Quitanderas<\/a>, que ofrecen cabalgatas, senderismo, gastronom\u00eda local y alojamiento en casa de familia o camping, es apoyado por el PPD-MINTUR para la generaci\u00f3n de una nueva oferta ecotur\u00edstica de base comunitaria, llevada adelante por un grupo de vecinos de la zona.\r\n\r\n<a href=\"https:\/\/www.pasocenturion.com.uy\/paso-centurion-tours\/#main\">Ver m\u00e1s<\/a>\r\n\r\n<strong>\u2022 Amb\u00e1 (Rocha)<\/strong>\r\n\r\n[caption id=\"attachment_1483\" align=\"aligncenter\" width=\"900\"]<img class=\"wp-image-1483 size-full\" src=\"http:\/\/uruguaynatural.com\/wp-content\/uploads\/2023\/04\/ExperienciaAMBA.jpg\" alt=\"\" width=\"900\" height=\"599\" \/> Experiencia AMB\u00c1[\/caption]\r\n\r\nA 20 kil\u00f3metros de la ciudad de Rocha, entre la localidad de Aigu\u00e1 y la capital del departamento, se encuentra el \u00e1rea de la Sierra de Rocha donde un grupo interdisciplinario se fusiona para ofrecer una propuesta integral al visitante y a grupos escolares. All\u00ed sobre la Ruta 109 al kil\u00f3metro 26, la organizaci\u00f3n civil sin fines de lucro Amb\u00e1 se encarga de la preservaci\u00f3n, promoci\u00f3n y concientizaci\u00f3n sobre el valor de ese espacio natural donde es posible observar m\u00e1s de 130 especies de aves y m\u00e1s de 20 especies de mam\u00edferos.All\u00ed se pueden ver ejemplares de guazuvir\u00e1, zorros o tat\u00fa. Los m\u00e1s afortunados pueden encontrar diferentes mam\u00edferos como el gato mont\u00e9s, gato de pajonal o el yaguatirica (tambi\u00e9n conocido como margay), un felino muy especial que vive en la zona y que tiene la capacidad de rotar sus patas traseras y subir a los \u00e1rboles como si fuera un mono.\r\n\r\nEntre sus propuestas ofrecen una\u00a0<strong>expedici\u00f3n<\/strong>\u00a0de dos d\u00edas para hacer senderismo, reconocimiento de flora nativa, reconocimiento de rastros de fauna, avistaje de aves, colocaci\u00f3n de c\u00e1maras trampa, zafari nocturno, visita a pozos de agua y la regeneraci\u00f3n de monte.\r\n\r\nUruguay tiene el mayor consumo per c\u00e1pita de yerba mate a nivel mundial, y a muchos les interesa conocer sobre su origen y proceso. Por \u00e9so surgi\u00f3 un innovador itinerario, explic\u00f3 Rodrigo Patr\u00f3n, coordinador de las tareas de campo y del programa de educaci\u00f3n en Amb\u00e1:\u00a0<strong>\u201cEl camino de la yerba mate\u201d.<\/strong>\u00a0\u201cExisten \u00e1rboles de m\u00e1s de 100 a\u00f1os y se realiza senderismo entorno a los mismos que tienen 20 metros de altura y algunos no se alcanzan a abrazar\u201d. La iniciativa se desarrolla entre una y dos jornadas, se aprende sobre el proceso de producci\u00f3n, secado de la yerba y te llev\u00e1s una cebadura de mate lista para usarse.\r\n\r\nOtra modalidad es la\u00a0<strong>\u201cExperiencia Amb\u00e1\u201d<\/strong>\u00a0que consiste en visitar el\u00a0<strong>Centro de Regeneraci\u00f3n<\/strong>\u00a0y all\u00ed se participa en las tareas del vivero, resguardo de especies, instalaci\u00f3n de c\u00e1maras trampas, as\u00ed como se participa en cursos y talleres sobre: permacultura, construcci\u00f3n de bamb\u00fa, yerba mate, monitoreo de fauna, entre otros y en un futuro contar\u00e1n con un\u00a0<strong>Centro de Rescate<\/strong>\u00a0donde el visitante podr\u00e1 atender, cuidar y luego devolver a la naturaleza los animales. Tambi\u00e9n cuentan con cabalgatas de horas o hasta 3 d\u00edas de expedici\u00f3n por un circuito previamente acordado.\r\n\r\nContacto:\u00a0<a href=\"mailto:info@amba.org.uy\">info@amba.org.uy<\/a>\u00a0\/ Cel: + 598 99 980 237\r\nF:\u00a0<a href=\"https:\/\/www.facebook.com\/ambauruguay\">ambauruguay\/<\/a>\u00a0 IG:\u00a0<a href=\"https:\/\/www.instagram.com\/ambauruguay\/\">ambauruguay\/<\/a>\r\n\r\n<strong><a href=\"http:\/\/uruguaynatural.com\/experiences\/viajar-en-auto-electrico-en-uruguay\/\">RUTA EL\u00c9CTRICA<\/a><\/strong>\r\n\r\nEn Uruguay es posible\u00a0<a href=\"http:\/\/www.turismo.gub.uy\/index.php\/component\/k2\/item\/2999-viajar-en-auto-electrico-en-uruguay\">circular con autos el\u00e9ctricos<\/a>, con la tranquilidad de encontrar varios puntos de recarga en todo el pa\u00eds. Para poder utilizarlos es necesario solicitar en forma<a href=\"https:\/\/movilidad.ute.com.uy\/solicitar_tarjeta.html\">\u00a0online una tarjeta<\/a>\u00a0que permite acceder a los cargadores instalados en las estaciones de servicio ANCAP y en la v\u00eda p\u00fablica.","highlights":"","primary_image":"[{\"id\":2848,\"url\":\"https:\/\/uruguaynatural.com\/wp-content\/uploads\/2023\/06\/Lugar-1.png\"}]","secondary_image":"[]","gallery_images":"[]","enable_map":"1","coord_lat":"","coord_lng":"","locations":"-34.334751757072496,-55.00196753394939|-34.634832668338625,-55.1965788568791|-34.55727620814864,-55.23903834953971|-34.49874555588144,-55.259077819212436|-34.35226832974301,-55.08398321472025|-34.402422499708194,-55.32396581970072|-32.142486383190956,-53.73143028526792|-32.163487101634324,-53.74782394676694|-34.383859102786715,-54.4822930709656","department":"Montevideo","places":"[{\"id\":1588,\"link\":\"http:\/\/uruguaynatural.com\/%places-slug%\/maldonado\/\",\"title\":\"Maldonado\",\"description\":\"<section id=\\\"item-wrap\\\" class=\\\"destino-wrap\\\"><!--Desarrollo item--><article>Maldonado, es la capital del departamento hom\u00f3nimo. Actualmente se encuentra conurbada con la ciudad de Punta del Este y de forma parcial est\u00e1 vinculada a la ciudad de San Carlos.<\/article><article>Entre las tres ciudades conforman el segundo conurbano m\u00e1s amplio y poblado del pa\u00eds. El departamento en su conjunto es rico en contrastes. Posee un relieve sorprendente que se caracteriza por la presencia de sierras y por m\u00e1s de 100 kil\u00f3metros de costa diversa para disfrutar desde su l\u00edmite con Canelones (por el arroyo Sol\u00eds Grande) hasta su frontera con Rocha en el extremo este del pa\u00eds. Su famosa pen\u00ednsula de Punta del Este divide al r\u00edo de la Plata del oc\u00e9ano Atl\u00e1ntico, y es conocida como la ciudad balnearia m\u00e1s glamorosa de la regi\u00f3n.\\r\\nLa catedral de San Fernando de Maldonado es uno de los edificios m\u00e1s emblem\u00e1ticos de la capital. Frente a ella se ubica la moderna plaza San Fernando de Maldonado, donde se desarrollan numerosos eventos culturales y sociales. El cuartel de dragones es otro de los edificios importantes que no pueden dejar de conocerse. Su construcci\u00f3n culmin\u00f3 en 1797 y actualmente alberba diversos vestigios hist\u00f3rico-culturales que permiten al turista trasladarse en el tiempo.<\/article>\\r\\n<h3>\u00a1No te pierdas!<\/h3>\\r\\n<div class=\\\"mas-visitados clearfix\\\">\\r\\n<figure><img class=\\\"circular-img\\\" src=\\\"images\/destinos-destacados\/desktop.jpg\\\" alt=\\\"\\\" \/><\/figure>\\r\\n<h4>Catedral de San Fernando.<\/h4>\\r\\nEmblem\u00e1tica iglesia de estilo neocl\u00e1sico, construida a lo largo de casi un siglo, entre 1801 y 1895. El altar mayor, obra de Antonio Veiga, guarda la imagen de la Virgen del Carmen, perteneciente al vapor Ciudad de Santander, naufragado en 1829 cerca de la Isla de Lobos.\\r\\n\\r\\n<\/div>\\r\\n<div class=\\\"mas-visitados clearfix\\\">\\r\\n<figure><img class=\\\"circular-img\\\" src=\\\"images\/destinos-destacados\/desktop.jpg\\\" alt=\\\"\\\" \/><\/figure>\\r\\n<h4>Cuartel de Dragones.<\/h4>\\r\\nEl edificio hist\u00f3rico construido entre 1771 y 1797, abarca una manzana frente a la plaza principal. En su interior funcional el Museo Did\u00e1ctico Artiguista, a su vez, se exhibe una colecci\u00f3n de pintura y escultura Nacional, donada por Nicol\u00e1s Garc\u00eda Uriburu.\\r\\n\\r\\n<\/div>\\r\\n<!--Fin m\u00e1s visitados-->\\r\\n\\r\\n<\/section>\",\"primary_image\":\"http:\/\/uruguaynatural.com\/wp-content\/uploads\/2023\/04\/Maldonado.jpg\"},{\"id\":1296,\"link\":\"http:\/\/uruguaynatural.com\/%places-slug%\/montevideo\/\",\"title\":\"Montevideo\",\"description\":\"La rambla capitalina, el balc\u00f3n de acceso a m\u00e1s de <strong>30 kil\u00f3metro de costa<\/strong>, es uno de los principales atributos de Montevideo y un paseo imperdible para sus habitantes que suelen recurrir a ella para tomar mate y realizar extensas caminatas. Tambi\u00e9n lo son la cantidad de espacios verdes, parques y jardines que posibilitan m\u00faltiples opciones al aire libre.\\r\\n\\r\\nMontevideo tambi\u00e9n cuenta con una amplia movida cultural. As\u00ed por ejemplo, su cartelera teatral, es llamativamente extensa y variada, y abarca tanto espect\u00e1culos cl\u00e1sicos, como modernos o alternativos. En sus museos, centros culturales , casas de cultura y salas de exposici\u00f3n es posible apreciar el arte de una amplia gama de artistas de alcance internacional como Juan Manuel Blanes, Rafael Barradas, Pedro Figari, Joaqu\u00edn Torres Garc\u00eda, Jos\u00e9 C\u00faneo e Ignacio Iturria, entre otros.\\r\\n<h3>M\u00e1s informaci\u00f3n<\/h3>\\r\\n<ul>\\r\\n \\t<li><strong>Los inicios:<\/strong> Montevideo fue fundada por el gobernador y capit\u00e1n del R\u00edo del Plata Don Bruno Mauricio de Zabala. El proceso fundacional de la ciudad se inscribe entre 1724 y 1730, per\u00edodo en que comenzaron a arribar los primeros pobladores provenientes de Buenos aires y de las Islas Canarias. En el a\u00f1o 1833 se proyecta el nuevo trazado para la Ciudad Nueva que comienza a ejecutarse plenamente a partir de 1861.A diferencia de la Ciudad Vieja, que estaba amurallada en todo su per\u00edmetro, la Ciudad Nueva se proyecta con calles anchas y arboladas donde se localizaron comercios suntuosos y grandes residencias.<\/li>\\r\\n \\t<li><strong>Capital con los pies en el r\u00edo:<\/strong> Recorrer 30 kil\u00f3metros de costa a es una de las posibilidades imperdibles que ofrece la capital montevideana que nunca le da la espalda al R\u00edo de la Plata. Por un extenso trayecto, desde Capurro hasta Carrasco, se extiende la Rambla de Montevideo, que fue concebida como un balc\u00f3n hacia el mar, para un verdadero disfrute de las costas de la ciudad.\\r\\nSus diversos tramos poseen especial belleza, ya que en su recorrido, ya sea a pie, en bicicleta o en auto, adem\u00e1s de hermosas playas es posible apreciar la arquitectura urbana que las rodea. Edificios antiguos y modernos, plazas y espacios deportivos como la pista de patinaje en el Parque Rod\u00f3, la de Skate en Buceo y varios gimnasios al aire libre, se suceden conformando atractivas panor\u00e1micas para el turista.\\r\\nDesde el puerto capitalino, hacia el Este, se suceden las playas m\u00e1s urbanas: Ram\u00edrez, Pocitos, Carrasco, Buceo, Malv\u00edn, en tanto hacia el Oeste, existen otras playas m\u00e1s agrestes y de acceso individual como la Colorada, Punta Espinillo, Punta Yeguas, Zabala o Santa Catarina. Las playas de Montevideo son caracter\u00edsticas por sus finas y blancas arenas y las calmas aguas del R\u00edo de la Plata, as\u00ed como por su seguridad. Adem\u00e1s del servicio de guardavidas, todas las playas habilitadas tienen asegurada la cobertura de salud y el cuidado de los ba\u00f1istas a trav\u00e9s de puestos de primeros auxilios y atenci\u00f3n m\u00e9dica de urgencia y emergencia. En el verano, adem\u00e1s de disfrutar del sol, arena y mar, los turistas pueden disfrutar de espect\u00e1culos y actividades recreativas gratuitas para ni\u00f1os, j\u00f3venes y adultos.<\/li>\\r\\n<\/ul>\\r\\n<h4>\u00a1No te pierdas!<\/h4>\\r\\n<ol>\\r\\n \\t<li>Plaza Matriz: Ubicada en la Ciudad Vieja, entre las calles Peatonal Sarand\u00ed y Juan Carlos G\u00f3mez,\u00a0 en esta plaza se respira historia.\u00a0La Iglesia Matriz, El Cabildo y otros edificios hist\u00f3ricos se encuentran rodeando su m\u00edtica fuente, uno de los monumentos m\u00e1s bellos de la ciudad.<\/li>\\r\\n \\t<li>Estadio Centenario: Ubicado en la zona de Parque Batlle, es el principal escenario deportivo del pa\u00eds, con una imponente infraestructura capaz de albergar hasta 80.000 espectadores. Es posible coordinar visitas guiadas y conocer los hitos que transformaron al f\u00fatbol en la mayor pasi\u00f3n de los uruguayos.<\/li>\\r\\n \\t<li>Jard\u00edn Bot\u00e1nico: Ubicado en el Prado,\u00a0 alberga una gran colecci\u00f3n de flora de distintas partes del mundo a lo largo y ancho de m\u00e1s de trece hect\u00e1reas. El entorno es ideal para extensas jornadas de picnic y para conectarse con la naturaleza, sin salir de la ciudad. El acceso es gratuito.<\/li>\\r\\n \\t<li>Mercado del Puerto: Es uno de los puntos de mayor congregaci\u00f3n de turistas en la capital. Su gastronom\u00eda representa las m\u00e1s arraigadas tradiciones de Uruguay. El asado es el plato predominante y la mayor\u00eda de los restaurantes son parilladas pero existen otras opciones. Los espect\u00e1culos culturales y las artesan\u00edas tambi\u00e9n son protagonistas en el entorno.<\/li>\\r\\n<\/ol>\",\"primary_image\":\"http:\/\/uruguaynatural.com\/wp-content\/uploads\/2023\/04\/Captura-de-pantalla-de-2023-04-11-15-39-26.png\"}]","date_enabled":"","start_date":"null","end_date":"null","_links":{"self":[{"href":"https:\/\/uruguaynatural.com\/es\/wp-json\/wp\/v2\/experiences\/2840","targetHints":{"allow":["GET"]}}],"collection":[{"href":"https:\/\/uruguaynatural.com\/es\/wp-json\/wp\/v2\/experiences"}],"about":[{"href":"https:\/\/uruguaynatural.com\/es\/wp-json\/wp\/v2\/types\/experiences"}],"author":[{"embeddable":true,"href":"https:\/\/uruguaynatural.com\/es\/wp-json\/wp\/v2\/users\/2"}],"wp:attachment":[{"href":"https:\/\/uruguaynatural.com\/es\/wp-json\/wp\/v2\/media?parent=2840"}],"wp:term":[{"taxonomy":"experience-categories","embeddable":true,"href":"https:\/\/uruguaynatural.com\/es\/wp-json\/wp\/v2\/experience-categories?post=2840"}],"curies":[{"name":"wp","href":"https:\/\/api.w.org\/{rel}","templated":true}]}}