{"id":2451,"date":"{\"dateEnabled\":false}","date_gmt":"2023-05-18T17:49:04","guid":{"rendered":"https:\/\/uruguaynatural.com\/es\/experiences\/\/"},"modified":"2023-09-28T08:12:59","modified_gmt":"2023-09-28T11:12:59","slug":"propuestas-con-sabor-historia-y-alto-vuelo-por-ruta-5","status":"publish","type":"experiences","link":"https:\/\/uruguaynatural.com\/es\/experiences\/propuestas-con-sabor-historia-y-alto-vuelo-por-ruta-5\/","title":{"rendered":"Propuestas con sabor, historia y alto vuelo por ruta 5"},"author":2,"template":"","experience-categories":[27,74,56,20,14],"class_list":["post-2451","experiences","type-experiences","status-publish","hentry","experience-categories-arte","experience-categories-bodegas","experience-categories-gastronomia","experience-categories-naturaleza","experience-categories-religioso"],"acf":[],"primary_title":"<div class=\"itemHeader\">\r\n<h2 class=\"itemTitle\">Propuestas con sabor, historia y alto vuelo por <span class=\"highlight highlight--turquesa highlight--violeta\"> ruta 5<\/span><\/h2>\r\n<\/div>\r\n<div class=\"itemBody\">\r\n<div class=\"itemFullText\"><\/div>\r\n<\/div>","description":"<strong>Si te levantaste con el deseo de experimentar nuevas aventuras, la ruta 5 y zonas aleda\u00f1as, es una buena opci\u00f3n. Deleitarte con novedosas cepas de vinos nacionales, vivir un d\u00eda de campo, realizar un vuelo bautismo en el Aeropuerto de Melilla y conocer la historia en d\u00f3nde naci\u00f3 la Patria, son algunos de sus atractivos.<\/strong>","info":"La ruta atraviesa el pa\u00eds de Sur a Norte, uniendo las ciudades de Montevideo y Rivera y en todo su trayecto \u201cdestila\u201d diversi\u00f3n para toda la familia.\r\n\r\nDepartamentos propuestos: Montevideo, Canelones y Florida.\r\n\r\nCantidad de d\u00edas recomendados: 2 o 3 d\u00edas.\r\n\r\nDistancia: 97 km\r\n\r\n&nbsp;\r\n<h3><strong>DESTACADOS<\/strong><\/h3>\r\n&nbsp;\r\n\r\nPod\u00e9s iniciar por el Aeropuerto Internacional \u00c1ngel Adami, Montevideo, es la oportunidad de realizar vuelos bautismo o contemplar el despegue en aeronaves peque\u00f1as a escasos kil\u00f3metros de la intersecci\u00f3n de la Ruta 5 y la 102, a la altura del Cno Melilla y Av Lezica. Contacto: Tel. 2322 8035\r\n\r\n<strong>PARA\u00cdSO VITIVIN\u00cdCOLA<\/strong>\r\n\r\n<img src=\"https:\/\/uruguaynatural.com\/images\/fotoEnoturismo.jpg\" alt=\"fotoEnoturismo\" \/>\r\n\r\nBeretta Bodega &amp; Vi\u00f1edos, ubicada a escasos kil\u00f3metros de la Ruta 5 y la Ruta 102 sobre Camino La Renga 2443 (Melilla), propone un viaje sensorial por los cinco sentidos a partir de una degustaci\u00f3n de vinos y productos gastron\u00f3micos, as\u00ed como un tour hist\u00f3rico por los vi\u00f1edos y la cava. Para quienes deseen permanecer un rato m\u00e1s, se les cocciona una parrilla de campo con degustaci\u00f3n de los mejores vinos de la casa. \u00a1<a href=\"https:\/\/vinosfinosberetta.com\/2018\/\">Conoc\u00e9 m\u00e1s<\/a>!\r\n\r\nPara los que cultivan su paladar y les gusta experimentar nuevos sabores la bodega Bouza y su restaurante a 1.300 metros del kil\u00f3metro 13,5 de la ruta 5 es un punto clave a visitar. Las diversas cepas con fuerte personalidad - Albari\u00f1o, Chardonnay, Merlot, Tempranillo y Tannat, entre otras-, se pueden degustar maridados con sofisticados platos gourmet. Adem\u00e1s, cuenta con una colecci\u00f3n de m\u00e1s de 100 autos cl\u00e1sicos familiares y un vag\u00f3n de tren que le aportan un plus al paseo.\u00a0<a href=\"https:\/\/www.bodegabouza.com\/\">+ info<\/a>\r\n\r\n<strong>Antigua Bodega sobre el km 20 de la Ruta 5, Santos Lugares, Canelones<\/strong>\r\n\r\nConstruida en 1928 elabora vinos modernos influenciados por el suelo arcilloarenoso de escasa profundidad, que descansa sobre un lecho de roca de granito rosa, favoreciendo la intensidad y la concentraci\u00f3n de aroma en las uvas y el vino. Combinado con la calidez en el trato y el amor por los detalles resulta una experiencia \u00fanica.\u00a0<a href=\"https:\/\/www.antiguabodegastagnari.com.uy\/\">Ver +\u00a0<\/a>\r\n\r\n<strong>Bodega Familia Moizo al 34.200 km<\/strong>\r\n\r\nFundada en 1954 con tradici\u00f3n vitivin\u00edcola piamontesa mantiene el proceso artesanal del vino como lo hac\u00edan sus antecesores en Italia. All\u00ed se puede recorrer los vi\u00f1edos, el caso antiguo de la bodega y degustar los vinos finos, acompa\u00f1ados de comida casera elaborada por la familia. El Tannat y Merlot cobran especial sabor acu\u00f1ados en lecho de piedra, clima con amplitud t\u00e9rmica y luminosidad.\u00a0<a href=\"https:\/\/www.bodegamoizo.com\/\">+ info\u00a0<\/a>\r\n\r\nSobre el km 38.200\u00a0<strong>Establecimiento Juanic\u00f3 \u2013 Familia Deicas<\/strong>\u00a0elabora la reconocida marca de vinos Don Pascual, denominado as\u00ed en honor a Don Pascual Harriague, vasco franc\u00e9s que introdujo la variedad Tannat en el pa\u00eds. Su infraestructura fue declarada Monumento Hist\u00f3rico Nacional debido a sus antiguas edificaciones que datan con anterioridad a 1740 y se vincula a la Compa\u00f1\u00eda de Jes\u00fas (jesuitas).\u00a0En el predio de m\u00e1s de 200 hect\u00e1reas funciona un\u00a0<strong>restaurante gourmet<\/strong>\u00a0donde presentan platos perfectamente maridados con sus vinos. Recorrer los vi\u00f1edos, la planta de elaboraci\u00f3n y conocer el hist\u00f3rico pueblo fundado en funci\u00f3n de la producci\u00f3n de dicho establecimiento son algunos de sus atractivos mejor guardados.\u00a0<a href=\"https:\/\/juanico.com\/\">Saber m\u00e1s\u00a0<\/a>\r\n\r\n<strong>Bodega Marichal<\/strong>, acceso por Ruta 5, km 39 o Ruta 64, km 48,5 se encuentra el establecimiento de la familia Marichal que por cuatro generaciones se dedica a la vinifiaci\u00f3n. All\u00ed se puede disfrutar en la casa original de la familia degustaci\u00f3n de vinos con empanadas caseras hasta un almuerzo campestre con carnes asadas y frescas ensaladas.\u00a0<a href=\"https:\/\/marichalwines.com\/\">+ info\u00a0<\/a>\r\n\r\nPara los amantes de la naturaleza el Parque Embalse Canel\u00f3n Grande a la altura del km 53.100 ofrece un escenario ideal para realizar un picnic o asado, utilizando los parrilleros disponibles para el p\u00fablico general.\r\n\r\n<a href=\"https:\/\/inavi.maps.arcgis.com\/apps\/opsdashboard\/index.html#\/14028f40734b44158e0052c406c9f688\">\u00a1Aqu\u00ed ubic\u00e1 todas las bodegas tur\u00edsticas del pa\u00eds!\u00a0<\/a>\r\n\r\n&nbsp;\r\n\r\n<strong>DIVERSI\u00d3N<\/strong>\r\n\r\n&nbsp;\r\n\r\n<strong>Florida<\/strong>\u00a0es una tierra marcada por la historia y la tradici\u00f3n. En su tierra, se produjo, nada menos que el nacimiento de la patria, cuando el 25 de agosto de 1825 en Piedra Alta tuvo lugar la Declaratoria de la Independencia del imperio de Brasil y se proclam\u00f3 parte de las Provincias Unidas del R\u00edo de la Plata. Se pueden disfrutar de diferentes actividades para todos los gustos, desde estancias rurales como \u201cEl Ceibo\u201d, lugares hist\u00f3ricos como Piedra Alta, religiosos como la Iglesia de los 33 y m\u00e1s.\r\n\r\nA 10 minutos de la Ruta 5, conectando con ruta 76 en el km 8, se encuentra el\u00a0<strong>Centro de Recreaci\u00f3n de Paso Severino<\/strong>, en Florida. Cuenta con grandes espacios verdes y zona para deportes, pesca deportiva y parque de juegos.\r\n\r\nConectando con la ruta 77, en el km 14 se encuentra Cardal y todo lo vinculado a la actividad rural con su \u201cRuta de la leche\u201d y el encanto de la Capilla Fenocchi, escondida en medio del bosque.\r\n\r\n<img src=\"https:\/\/uruguaynatural.com\/images\/MuralLeoArti-TurismoFlorida.jpg\" alt=\"MuralLeoArti TurismoFlorida\" \/>\r\n\r\nMientras\u00a0<strong>25 de Agosto<\/strong>, sobre la ruta 77 el destino resulta ideal para quienes desean pasar una jornada al aire libre, disfrutando de entornos naturales y de la privilegiada vista al R\u00edo Santa Luc\u00eda y de la abundante flora y fauna aut\u00f3ctona del entorno. El destino cuenta con un camping muy tranquilo y los servicios m\u00e1s indispensables. En 2008, a partir de la instalaci\u00f3n en el pueblo, de Michele Dubaux, una artista francesa que utiliza como nombre art\u00edstico Leo Arti, el pueblo vivi\u00f3 una colorida transformaci\u00f3n. Las paredes de m\u00e1s de 40 hogares fueron convertidos en originales lienzos donde se transparentan gran parte de las historias y los sue\u00f1os de sus habitantes.","highlights":"","primary_image":"[{\"id\":2466,\"url\":\"https:\/\/uruguaynatural.com\/wp-content\/uploads\/2023\/05\/951dacecbf1473d30a48fde31dbdd5c1_XL.jpg\"}]","secondary_image":"[]","gallery_images":"[]","enable_map":"1","coord_lat":"","coord_lng":"","locations":"-34.10635977512259,-56.21209464547267|-34.20977096262676,-56.21484122750392|-34.29717375666361,-56.23406730172267|-34.3198609225959,-56.25329337594142|-34.425275676538405,-56.27114615914454|-34.454722730778684,-56.28075919625392|-34.50000562062733,-56.29037223336329|-34.53055767481295,-56.28075919625392|-34.56866664539476,-56.2736982801348|-34.604845396360616,-56.25996536997855|-34.635358962696245,-56.2517256238848|-34.6575874578317,-56.24234942883861|-34.711509323714104,-56.24406604260814|-34.684411623731904,-56.241662783330796|-34.79045061566452,-56.27490180789565|-34.748146993746616,-56.256877363315574|-34.7636608394317,-56.26580375491714|-34.73233840155014,-56.25213581550855|-34.81321871301269,-56.26151824964943|-34.82533840329722,-56.25516677870216|-34.842669279829174,-56.25619674696388|-34.851593085579076,-56.25561798536285|-34.36750260207061,-56.252065685040655|-34.34114316785864,-56.25069239402503|-34.244411519358515,-56.21888302628168|-34.15844409836039,-56.18299140718126|-34.05587392493127,-56.23474091547125|-34.01973469039151,-56.23919118930967|-33.98776866365993,-56.234028938952065|-33.95553892482136,-56.23606460134874","department":"Montevideo","places":"[{\"id\":2925,\"link\":\"http:\/\/uruguaynatural.com\/%places-slug%\/canelones\/\",\"title\":\"Canelones\",\"description\":\"En la actualidad es centro administrativo del departamento y en sus alrededores predominan peque\u00f1as chacras, quintas, bodegas y tambos tur\u00edsticos. Entre sus eventos destacados se destaca Fiesta Nacional de la Bandera y el Peric\u00f3n Federal que tiene lugar en diciembre.\\r\\n\\r\\nCanelones, en tanto departamento,\u00a0 se destaca por ser luego de Montevideo, por ser el m\u00e1s poblado del pa\u00eds y uno de los m\u00e1s estrat\u00e9gicos desde el punto de vista geopol\u00edtico. Situado al Sur del pa\u00eds, es el puente de comunicaci\u00f3n entre la capital y el interior del pa\u00eds, adem\u00e1s de receptor de visitantes extranjeros, al ser sede del Aeropuerto Internacional de Carrasco Cuenta con una superficie de m\u00e1s de 4.500 metros cuadrados y una poblaci\u00f3n que supera los 520 mil. Su territorio, levemente ondulado y pleno de llanuras, cuenta con un rico caudal de arroyos integrantes de la cuenca del r\u00edo Santa Luc\u00eda, fuente de riqueza acu\u00edfera potable para todo el sur del pa\u00eds, que termina desembocando en las costas del R\u00edo de la Plata. Existen adem\u00e1s algunos lagos de gran tama\u00f1o, tajamares o embalses y pozos excavados que almacenan agua durante el invierno para el riego en verano. Canelones es adem\u00e1s, un departamento fundamental para comprender la historia del pa\u00eds. De acuerdo a las instrucciones dadas por el Gral. Jos\u00e9 Gervasio Artigas en 1816, Canelones constituir\u00eda una de las seis jurisdicciones con que se dividir\u00eda la Provincia Oriental.\\r\\n\\r\\nLa ciudad de Canelones alberga importantes monumentos y construcciones que invitan a disfrutar del turismo hist\u00f3rico-cultural.\u00a0En el Parque Gral. Artigas se encuentra el Museo Arqueol\u00f3gico Antonio Taddei, quien fuera uno de los precursores de la Arqueolog\u00eda cient\u00edfica en Uruguay. Exhibe material paleontol\u00f3gico y fundamentalmente arqueol\u00f3gico pertenecientes a culturas ind\u00edgenas que habitaron nuestro territorio. Otro sitio imperdible de la capital canaria es la Catedral Nuestra Se\u00f1ora de Guadalupe, construida en 1843, con una tipolog\u00eda arquitect\u00f3nica representativa del Neoclacisimo espa\u00f1ol. En torno a la Capilla en honor a esta virgen se fund\u00f3 la Villa Nuestra Se\u00f1ora de Guadalupe en 1783 y fue a los pies de la imagen que se bendijo en 1829 al primer Pabell\u00f3n Nacional, creado por la Asamblea General Constituyente y Legislativa del Estado.\\r\\n\\r\\nEn la plaza 18 de Julio est\u00e1 el Monumento a la Bandera, inaugurado en 1939 y conocido como \u201cLa Joaquina\u201d, aludiendo al retrato en relieve de Joaqu\u00edn Su\u00e1rez que hay en su frente. La figura luce la cl\u00e1sica t\u00fanica griega de las alegor\u00edas c\u00edvicas de la \u00e9poca, sosteniendo en su mano derecha una espada y con la izquierda alza el pabell\u00f3n nacional.\\r\\n\\r\\n<strong>\u00a1No te pierdas!<\/strong>\\r\\n<div class=\\\"mas-visitados clearfix\\\">\\r\\n<h3><img class=\\\"circular-img\\\" src=\\\"https:\/\/uruguaynatural.com\/images\/destinos-destacados\/politeama.png\\\" alt=\\\"\\\" \/><\/h3>\\r\\n<strong>Complejo Cultural Politeama<\/strong>\\r\\n\\r\\nEl Complejo Cultural Politeama cumpli\u00f3 100 a\u00f1os y su denominaci\u00f3n hace referencia a que este espacio ha sido destinado hist\u00f3ricamente a diversos tipos de espect\u00e1culos como zarzuelas, representaciones teatrales, funciones de cine, bailes y hasta competencias de boxeo. Cuenta con dos tertulias y platea flanqueada por pasillos que componen la sala teatral \u201cAtahualpa del Cioppo\u201d.\u00a0Teatro Atahualpa del Cioppo. Reinaugurado en el a\u00f1o 2014 luego de varias reformas, es considerado el polo art\u00edstico de la ciudad y \u00e1mbito c\u00e9ntrico de realizaci\u00f3n de actividades culturales.\u00a0Contacto: 1828 Int. 1233\\r\\n<h3><\/h3>\\r\\n<\/div>\\r\\n<div class=\\\"mas-visitados clearfix\\\">\\r\\n<figure><img class=\\\"circular-img\\\" src=\\\"https:\/\/uruguaynatural.com\/images\/destinos-destacados\/spikerman.png\\\" alt=\\\"\\\" \/><\/figure>\\r\\n<strong>Museo Spikerman<\/strong>\\r\\n\\r\\nEn el mismo se exhiben materiales representativos de la etapa fundacional de la ciudad y una valiosa colecci\u00f3n numism\u00e1tica y otra de armas pertenecientes al proceso revolucionario Artiguista, a la Cruzada Libertadora y a las guerras civiles de la primera mitad del siglo XIX, adem\u00e1s de ara\u00f1as y un reloj que pertenecieron a jefes pol\u00edticos del departamento de la misma \u00e9poca.\u00a0Contacto: (+598) \u00a043323111\\r\\n\\r\\n<\/div>\\r\\n<div class=\\\"mas-visitados clearfix\\\">\\r\\n<figure><img class=\\\"circular-img\\\" src=\\\"https:\/\/uruguaynatural.com\/images\/destinos-destacados\/bandera.png\\\" alt=\\\"\\\" \/><\/figure>\\r\\n<strong>Monumento a la bandera<\/strong>\\r\\n<p class=\\\"western\\\" lang=\\\"es-UY\\\">Ubicado en la plaza 18 de Julio de Canelones, es un monumento de estilo historicista \u00a0en homenaje al primer pabell\u00f3n nacional. Consiste en una figura femenina en postura vertical, con la cabeza erguida y expresi\u00f3n severa. Vestida con una t\u00fanica, sostiene una espada en la mano derecha y con la izquierda alza la bandera.<\/p>\\r\\n\u00a0\\r\\n\\r\\n<\/div>\\r\\n<div class=\\\"mas-visitados clearfix\\\">\\r\\n<figure><img class=\\\"circular-img\\\" src=\\\"https:\/\/uruguaynatural.com\/images\/destinos-destacados\/granja.png\\\" alt=\\\"\\\" \/><\/figure>\\r\\n<strong>Granja de los ni\u00f1os<\/strong>\\r\\n\\r\\nSe trata de un espacio interdisciplinario e interinstitucional y educativo, que buscar promover la producci\u00f3n responsable y una cultura de vida saludable, posicionando a la granja como un lugar de referencia en los paseos p\u00fablicos del \u00e1rea metropolitana. El mismo contempla espacios l\u00fadicos recreativos, un galp\u00f3n cultural, un sector agroecol\u00f3gico, un espacio pecuario, ludoteca al aire libre, casitas en los \u00e1rboles, corrales de animales dom\u00e9sticos y un auditorio. Contacto: 43323060\\r\\n\\r\\n\u00a0\\r\\n\\r\\n<\/div>\",\"primary_image\":\"http:\/\/uruguaynatural.com\/wp-content\/uploads\/2023\/06\/Plaza-de-Canelones.jpg\"},{\"id\":2555,\"link\":\"http:\/\/uruguaynatural.com\/%places-slug%\/rivera\/\",\"title\":\"Rivera\",\"description\":\"Situada en las nacientes del arroyo Cu\u00f1apir\u00fa, la ciudad creci\u00f3 alrededor del Cerro del Marco, quedando separada de Santa Ana do Livramento apenas por una calle.\\r\\nLa capital se llama as\u00ed en homenaje al Coronel Bernarb\u00e9 Rivera, mientras que el departamento, le debe su nombre a Fructuoso Rivera, el primer presidente de Uruguay.\\r\\nEn todos los casos la historia est\u00e1 muy presente en diferentes lugares, sitios de memoria, plazas y museos que deben conocer.\\r\\nVisitar el departamento de Rivera es una verdadera aventura entre el pasado cultural y patrimonial y un presente comercial destacado.\\r\\nEn la ciudad el turista puede encontrar las m\u00e1s variadas ofertas gastron\u00f3micas, hoteleras y los mejores casinos de la regi\u00f3n. Rivera ofrece a los turistas modernos Free Shop y centros comerciales, cuyo objetivo principal es brindar una oferta completa, con promociones permanentes de las diferentes empresas de calidad internacional que est\u00e1n instaladas. Si lo que buscas es ocio y diversi\u00f3n, la emoci\u00f3n del juego en las salas de maquinas (Slots) y juegos de mesa, constituye otro de los grandes atractivos que regala la ciudad. En Rivera, tambi\u00e9n se puede disfrutar de una variada gastronom\u00eda, que va desde la t\u00edpica cocina campestre hasta la mejor cocina francesa.\\r\\n<h3>\u00a1No te pierdas!<\/h3>\\r\\n<div class=\\\"mas-visitados clearfix\\\">\\r\\n<figure><img class=\\\"circular-img alignleft\\\" src=\\\"https:\/\/uruguaynatural.com\/images\/destinos-destacados\/PlazaRivera.jpeg\\\" alt=\\\"\\\" width=\\\"241\\\" height=\\\"241\\\" \/><\/figure>\\r\\n<h4>Plaza Internacional.<\/h4>\\r\\nCreada en 1943, en plena Segunda Guerra Mundial, es un monumento internacional a la paz mundial y a la convivencia de los pueblos. La plaza, dise\u00f1ada sobre un extenso espacio fronterizo une a las dos ciudades y es visitada a diario por cientos de turistas.\\r\\n\\r\\n<\/div>\\r\\n\u00a0\\r\\n\\r\\n\u00a0\\r\\n\\r\\n\u00a0\\r\\n\\r\\n\u00a0\\r\\n<div class=\\\"mas-visitados clearfix\\\">\\r\\n<figure><\/figure>\\r\\n<figure><\/figure>\\r\\n<figure><\/figure>\\r\\n<figure><\/figure>\\r\\n<figure><img class=\\\"circular-img alignleft\\\" src=\\\"https:\/\/uruguaynatural.com\/images\/destinos-destacados\/Atilio.jpg\\\" alt=\\\"\\\" width=\\\"241\\\" height=\\\"239\\\" \/><\/figure>\\r\\n<h4>Atractivos deportivos.<\/h4>\\r\\nLos amantes del f\u00fatbol tienen en la ciudad una parada ineludible: el Estadio Atilio Paiva Olivera, una de las sedes de la Copa Am\u00e9rica de 1995 y de importantes partidos de la Copa Libertadores de Am\u00e9rica. Los aficionados al automovilismo, deber\u00e1n estar atentos a la agenda del Aut\u00f3dromo Municipal cercano al Parque Gran Breta\u00f1a, en donde tienen lugar importantes actividades autom\u00f3vilisticas y pruebas de motociclismo.\\r\\n\\r\\n<\/div>\\r\\n\u00a0\\r\\n\\r\\n\u00a0\\r\\n\\r\\n\u00a0\\r\\n<div class=\\\"mas-visitados clearfix\\\">\\r\\n<figure><img class=\\\"circular-img alignleft\\\" src=\\\"https:\/\/uruguaynatural.com\/images\/destinos-destacados\/Compras.jpg\\\" alt=\\\"\\\" width=\\\"241\\\" height=\\\"239\\\" \/><\/figure>\\r\\n<h4>Ir de compras.<\/h4>\\r\\nRivera ofrece a los turistas modernos free shop y centros comerciales, cuyo principal objetivo es brindar una oferta completa, con promociones permanentes de las diferentes empresas de calidad internacional que est\u00e1n instaladas.\\r\\n\\r\\n<\/div>\\r\\n\u00a0\\r\\n\\r\\n\u00a0\\r\\n\\r\\n\u00a0\\r\\n\\r\\n\u00a0\\r\\n<div class=\\\"mas-visitados clearfix\\\">\\r\\n<div class=\\\"mas-visitados clearfix\\\">\\r\\n<figure><img class=\\\"circular-img alignleft\\\" src=\\\"https:\/\/uruguaynatural.com\/images\/destinos-destacados\/noche.jpg\\\" alt=\\\"\\\" width=\\\"241\\\" height=\\\"257\\\" \/><\/figure>\\r\\n<h4>Disfrutar de la noche.<\/h4>\\r\\nSi lo que buscas es ocio y diversi\u00f3n, una excelente opci\u00f3n es acercarte a la emoci\u00f3n del juego en las salas de maquinas (Slots) y juegos de mesa.\\r\\n\\r\\n<\/div>\\r\\n<\/div>\\r\\n\u00a0\\r\\n\\r\\n\u00a0\\r\\n\\r\\n\u00a0\\r\\n\\r\\n\u00a0\\r\\n\\r\\n\u00a0\\r\\n<div class=\\\"mas-visitados clearfix\\\">\\r\\n<div class=\\\"mas-visitados clearfix\\\">\\r\\n<div class=\\\"mas-visitados clearfix\\\">\\r\\n<figure><img class=\\\"circular-img alignleft\\\" src=\\\"https:\/\/uruguaynatural.com\/images\/destinos-destacados\/Gastronomia.jpg\\\" alt=\\\"\\\" width=\\\"241\\\" height=\\\"236\\\" \/><\/figure>\\r\\n<h4>Degustar la gastronom\u00eda de frontera.<\/h4>\\r\\nEntres todos los encantos de ocio y turismo que encuentras en Rivera, puedes disfrutar de nuestra variada gastronom\u00eda. Desde la t\u00edpica cocina campestre y parrilladas, hasta el servicio de la mejor cocina francesa.\\r\\n\\r\\n<\/div>\\r\\n<\/div>\\r\\n<\/div>\",\"primary_image\":\"http:\/\/uruguaynatural.com\/wp-content\/uploads\/2023\/06\/headerrivera-scaled.jpeg\"},{\"id\":3489,\"link\":\"http:\/\/uruguaynatural.com\/%places-slug%\/florida\/\",\"title\":\"Florida\",\"description\":\"Florida es tambi\u00e9n Santuario Nacional de la Virgen de los Treinta y Tres Orientales, Patrona del Uruguay, y es San Cono, con su devota peregrinaci\u00f3n. Florida es el acierto de los detalles plasmados en cada obra arquitect\u00f3nica, en las decenas de monumentos a lo largo de toda la extensi\u00f3n urbana, las alegor\u00edas de su catedral y la riqueza del paisaje del Prado Piedra Alta, obra del arquitecto y paisajista franc\u00e9s Carlos Racine. Las lunas de Jos\u00e9 C\u00faneo plasmadas en los frescos hoy recordados y homenajeados en el microcentro, la m\u00fasica de bandole\u00f3n de Ulises Pasarella y N\u00e9stor Vaz, las pinturas constructivitas de Mario Giacoya, las letras de Mario Delgado Aparain, entre otros exponentes de las artes y las letras, constituyen algunos de los cientos atractivos que Florida tiene para ofrecer.\\r\\n\\r\\nEntre el principal parque natural de la ciudad y el centro hist\u00f3rico se encuentra la cuna de la patria, donde 25 de agosto de 1825 se gest\u00f3 la Declaratoria de la Independencia Nacional. Este circuito conecta la Piedra Alta, junto al puente de mismo nombre que sirve de ingreso sur a la ciudad, con el predio hist\u00f3rico donde se reunieron los asamble\u00edstas del 25.\\r\\nAdem\u00e1s de los dos lugares hist\u00f3ricos se podr\u00e1 visitar el Prado Piedra Alta, centro social y paseo ineludible de la ciudad. Se trata de un parque con 19 canteros de riqueza centenaria, flora aut\u00f3ctona y ex\u00f3tica. All\u00ed se encuentran numerosos monumentos, plazoletas, juegos infantiles, as\u00ed como el Teatro de Verano y el rosedal. El paisaje que entrega el R\u00edo Santa Luc\u00eda Chico y el Parque Robaina, constituyen uno de los mayores atractivos del lugar.\\r\\nPor otra parte, en la zona circundante al predio hist\u00f3rico se puede visitar el Santuario Nacional Virgen de los 33 Orientales y la Plaza Asamblea, que alberga un monumento a la Independencia Nacional.\\r\\nLas casonas antiguas en las que hoy funcionan la Jefatura de Polic\u00eda, el Banco Rep\u00fablica y diversos emprendimientos comerciales, constituyen un atractivo para los amantes de la arquitectura.\\r\\n\\r\\nLo invitamos a descubrirlos.\\r\\n\\r\\nFuente: Intendencia de Florida\",\"primary_image\":\"http:\/\/uruguaynatural.com\/wp-content\/uploads\/2023\/09\/k2.items_.cache_.62fb5f1024529266c6e71c0c0c9ddb3c_Genericnsp-670.jpg\"}]","date_enabled":"","start_date":"","end_date":"","_links":{"self":[{"href":"https:\/\/uruguaynatural.com\/es\/wp-json\/wp\/v2\/experiences\/2451","targetHints":{"allow":["GET"]}}],"collection":[{"href":"https:\/\/uruguaynatural.com\/es\/wp-json\/wp\/v2\/experiences"}],"about":[{"href":"https:\/\/uruguaynatural.com\/es\/wp-json\/wp\/v2\/types\/experiences"}],"author":[{"embeddable":true,"href":"https:\/\/uruguaynatural.com\/es\/wp-json\/wp\/v2\/users\/2"}],"wp:attachment":[{"href":"https:\/\/uruguaynatural.com\/es\/wp-json\/wp\/v2\/media?parent=2451"}],"wp:term":[{"taxonomy":"experience-categories","embeddable":true,"href":"https:\/\/uruguaynatural.com\/es\/wp-json\/wp\/v2\/experience-categories?post=2451"}],"curies":[{"name":"wp","href":"https:\/\/api.w.org\/{rel}","templated":true}]}}