{"id":2204,"date":"{\"dateEnabled\":false}","date_gmt":"2023-05-11T19:36:04","guid":{"rendered":"https:\/\/uruguaynatural.com\/es\/experiences\/\/"},"modified":"2023-09-28T08:26:28","modified_gmt":"2023-09-28T11:26:28","slug":"belloni-el-escultor-que-moldeo-la-identidad-uruguaya","status":"publish","type":"experiences","link":"https:\/\/uruguaynatural.com\/es\/experiences\/belloni-el-escultor-que-moldeo-la-identidad-uruguaya\/","title":{"rendered":"Belloni: el Escultor que molde\u00f3 la identidad uruguaya"},"author":5,"template":"","experience-categories":[27,17],"class_list":["post-2204","experiences","type-experiences","status-publish","hentry","experience-categories-arte","experience-categories-cultura"],"acf":[],"primary_title":"<h1><span class=\"highlight--verde highlight\">Belloni:<\/span> el Escultor que molde\u00f3 la <span class=\"highlight highlight--verde\"> identidad<\/span> uruguaya<\/h1>","description":"Descubrir al escultor, dibujante y docente detr\u00e1s de sus obras, que reflejan la cultura e identidad uruguaya, es la nueva propuesta tur\u00edstica entorno al escultor Jos\u00e9 Belloni.","info":"<p align=\"justify\">Se incorpora a la oferta tur\u00edstica cultural uruguaya una ruta que consta de tres circuitos en Montevideo entorno a Jos\u00e9 Belloni: uno en el barrio Ciudad Vieja; otro en Paso Molino y Prado; y un tercero en Tres Cruces, Parque Batlle y Parque Rod\u00f3, todos lugares emblem\u00e1ticos vinculados al artista y sitios de inter\u00e9s hist\u00f3rico y tur\u00edstico.<\/p>\r\n<p align=\"justify\">Existen tres conceptos que en palabras de su nieto, Jos\u00e9 Alverto Belloni, lo definen como un \u201cEscultor profundamente conceptual en el pensamiento; naturalista en la realizaci\u00f3n, con leve tendencia a la estilizaci\u00f3n\u201d.<\/p>\r\n<p align=\"justify\">M\u00e1s de 1.500 esculturas gener\u00f3 durante su vida, sin contar sus pinturas y acuarelas. La ruta del artista se dise\u00f1ar\u00e1 tambi\u00e9n en otros departamentos del pa\u00eds y en un futuro, se generar\u00e1 una internacional, tomando en cuenta que sus obras est\u00e1n presentes en distintas partes del mundo como Argentina, Brasil, Suiza, Italia, Espa\u00f1a, Estados Unidos, Francia, entre otras naciones. Ejemplo de ello es el m\u00e1rmol del general Artigas ubicado en la galer\u00eda de los h\u00e9roes, en Washington, una r\u00e9plica de La Carreta en la Casa Blanca, entre otras.<\/p>\r\n<p align=\"justify\"><b>ORIGEN<\/b><\/p>\r\n<p align=\"justify\">Hijo de un Jardinero suizo y una madre vasca espa\u00f1ola nace en Uruguay el 12 de setiembre de 1882 en la casa quinta del poeta Aurelio Berro, en El Paso del Molino, Montevideo, y fallece en la misma ciudad en 1965.<\/p>\r\n<p align=\"justify\">A los 8 a\u00f1os de edad viaj\u00f3 junto a su padre Giuseppe a Suiza. All\u00ed se form\u00f3 como artista donde encontr\u00f3 a su mentor, el escultor Luigi Vassalli, quien lo orient\u00f3 y form\u00f3 en las diversas t\u00e9cnicas.<\/p>\r\n<p align=\"justify\">En 1909 regres\u00f3 a Uruguay para postularse a una beca de escultura en el viejo continente, que le permiti\u00f3 perfeccionar sus estudios en Europa en la Academia Real de Munich y m\u00e1s tarde en la escuela de Bellas Artes de Roma. Su talento y sus estudios lo llevaron a que fuera distinguido con varios premios, dictara clases de moldeado y su obra trascendiera fronteras.<\/p>\r\n<p align=\"justify\">Finalizada su beca regres\u00f3 a Montevideo, donde fue designado por la Comisi\u00f3n del C\u00edrculo Fomento de Bellas Artes, para dirigir las clases de modelado y de dibujo ornamental, cargo que ocup\u00f3 hasta el a\u00f1o 1914, y m\u00e1s tarde fue nombrado Director de ese mismo C\u00edrculo.<\/p>\r\n<p align=\"justify\">\u201c<b>ESCULTOR DE LA PATRIA\u201d<\/b><\/p>\r\n<p align=\"justify\">\"Jos\u00e9 Belloni devolvi\u00f3 a su pueblo lo que su pueblo hab\u00eda invertido en \u00e9l a trav\u00e9s de su arte. \u00c9l fue el Escultor de la patria, pero tambi\u00e9n el artista de la igualdad de clases y de los derechos humanos. Su legado representa nuestra identidad y nuestros or\u00edgenes como pueblo oriental\", agreg\u00f3.<\/p>\r\n<p align=\"justify\">En cuanto a su personalidad Jos\u00e9 era un hombre de \u201ccar\u00e1cter alegre, quien entablaba una relaci\u00f3n de complicidad con su familia y sus nietos\u201d, recuerda su nieto.<\/p>\r\n<p align=\"justify\">Dentro de su vasta obra se destaca el monumento a \"La Carreta\", emplazado en el Parque Batlle y Ordo\u00f1ez, una de las m\u00e1s admirables obras del g\u00e9nero escult\u00f3rico, que alcanzara justa fama universal, as\u00ed como \"La Diligencia\", ubicada en el Prado, obra de similares caracter\u00edsticas a la anterior.<\/p>\r\n<p align=\"justify\">La escultura La Carreta, si bien su boceto fue armado en miniatura en Montevideo, fue culminado en Florencia, Italia, ya que no exist\u00edan en aquella \u00e9poca fundiciones en toda Am\u00e9rica que permitieran culminar una obra de tal magnitud, explic\u00f3 su nieto.<\/p>\r\n<p align=\"justify\">Es tambi\u00e9n autor de algunas figuras decorativas del Sal\u00f3n de los Pasos Perdidos del Palacio Legislativo y de los bajorrelieves del escudo nacional que se hallan en la antesala de la C\u00e1mara de Senadores.<\/p>\r\n<p align=\"justify\">El escultor Belloni cre\u00eda por sobre todo en la naturaleza, en los derechos del hombre, en la igualdad de g\u00e9neros, de razas, y en un mundo m\u00e1s equilibrado entre lo espiritual y lo material. Todo ello consigui\u00f3 plasmarlo en sus esculturas, por lo que resulta dif\u00edcil encasillarlas en las corrientes habituales.<\/p>\r\n<p align=\"justify\"><b>CIRCUITO CIUDAD VIEJA<\/b><\/p>\r\n<p align=\"justify\">1) <b>Catedral de Montevideo (Plaza Constituci\u00f3n)<\/b> - En 1947 el artista gesta las esculturas para la remodelaci\u00f3n del front\u00f3n de la Iglesia Matriz, comprendiendo las figuras de 3,50 metros de altura de la Virgen y los Santos Patronos de la ciudad (San Felipe y Santiago); las de dos \u00e1ngeles adosados a las torres, y el t\u00edmpano central en hormig\u00f3n, con Jes\u00fas y sus disc\u00edpulos.<\/p>\r\n<p align=\"justify\"><b>2) Teatro Sol\u00eds (Buenos Aires 678)<\/b> - Bajorrelieve encargado al artista por la Sociedad Uruguaya de Autores en 1919, en homenaje al dramaturgo Florencio S\u00e1nchez, que consta de dos placas de bronce enmarcadas en m\u00e1rmol rosado, con los \u00edconos de la \u201cTragedia\u201d y la \u201cComedia\u201d, sitas en el vest\u00edbulo del centro cultural.<\/p>\r\n<p align=\"justify\"><b>3) Monumento a Juan Manuel Blanes (Buenos Aires entre Juncal y Liniers) <\/b>\u2013 Realizado en 1948, homenajea al llamado \u201cPintor de la Patria\u201d uruguayo, por representar mediante su paleta los actos m\u00e1s importantes de la consolidaci\u00f3n del proceso de independencia nacional.<\/p>\r\n<p align=\"justify\"><b>4) Monumento al Bar\u00f3n de Mau\u00e1 (Rambla Gran Breta\u00f1a y Ciudadela)<\/b> \u2013 Se trata de una obra de importantes dimensiones en granito rosado, en homenaje a Irineo Evangelista de Souza, relevante financista y empresario brasile\u00f1o que actuara en el Uruguay de la segunda mitad del siglo XIX. Complementa la obra el busto en bronce del escultor norte\u00f1o Rodolfo Bernardelli.<\/p>\r\n<p align=\"justify\"><b>5) Monumento \u201cEl Entrevero\u201d \u2013 Plaza Juan P. Fabini (Avda. 18 de Julio entre R\u00edo Negro y Julio Herrera y Obes) <\/b>\u2013 Esta obra inaugurada en 1967, fallecido el artista dos a\u00f1os antes, recuerda mediante el bronce a los combates de nuestras guerras de Independencia y en las pugnas civiles del Uruguay, homenajeando al soldado humilde defensor de un ideal, representado por el gaucho, el negro, el blanco y el indio.<\/p>\r\n\u00a1Conoc\u00e9 la ruta Belloni completa <a href=\"https:\/\/www.rutabelloni.com.uy\/inicio\/index.php\">aqu\u00ed<\/a>!\r\n\r\nTambi\u00e9n pod\u00e9s descargar la aplicaci\u00f3n Rutas Culturales donde se encuentra informaci\u00f3n y est\u00e1 georeferenciada la Ruta Belloni.\r\n\r\n<a href=\"https:\/\/play.google.com\/store\/apps\/details?id=uy.gub.mec.apprutas\">Rutas Culturales en Android<\/a>\u00a0o\u00a0<a href=\"https:\/\/apps.apple.com\/us\/app\/rutas-culturales-y-creativas\/id1638790834\">Rutas Culturales en Apple<\/a>\r\n\r\n+ info: <a href=\"http:\/\/www.museobelloni.com\/\">www.museobelloni.com\/<\/a>","highlights":"","primary_image":"[{\"id\":2205,\"url\":\"https:\/\/uruguaynatural.com\/wp-content\/uploads\/2023\/05\/BelloniyNieto-238-900x607-1.jpg\"}]","secondary_image":"[]","gallery_images":"[]","enable_map":"1","coord_lat":"","coord_lng":"","locations":"-34.892188202153854,-56.15516616759558|-34.905785121168456,-56.194260138487365|-34.9061722610837,-56.20344402215436|-34.90726328193372,-56.201298254942444|-34.91155683610203,-56.19872333428815|-34.86208362747114,-56.211059304962504|-34.89424849851174,-56.16458858753275","department":"Montevideo","places":"[{\"id\":2925,\"link\":\"http:\/\/uruguaynatural.com\/%places-slug%\/canelones\/\",\"title\":\"Canelones\",\"description\":\"En la actualidad es centro administrativo del departamento y en sus alrededores predominan peque\u00f1as chacras, quintas, bodegas y tambos tur\u00edsticos. Entre sus eventos destacados se destaca Fiesta Nacional de la Bandera y el Peric\u00f3n Federal que tiene lugar en diciembre.\\r\\n\\r\\nCanelones, en tanto departamento,\u00a0 se destaca por ser luego de Montevideo, por ser el m\u00e1s poblado del pa\u00eds y uno de los m\u00e1s estrat\u00e9gicos desde el punto de vista geopol\u00edtico. Situado al Sur del pa\u00eds, es el puente de comunicaci\u00f3n entre la capital y el interior del pa\u00eds, adem\u00e1s de receptor de visitantes extranjeros, al ser sede del Aeropuerto Internacional de Carrasco Cuenta con una superficie de m\u00e1s de 4.500 metros cuadrados y una poblaci\u00f3n que supera los 520 mil. Su territorio, levemente ondulado y pleno de llanuras, cuenta con un rico caudal de arroyos integrantes de la cuenca del r\u00edo Santa Luc\u00eda, fuente de riqueza acu\u00edfera potable para todo el sur del pa\u00eds, que termina desembocando en las costas del R\u00edo de la Plata. Existen adem\u00e1s algunos lagos de gran tama\u00f1o, tajamares o embalses y pozos excavados que almacenan agua durante el invierno para el riego en verano. Canelones es adem\u00e1s, un departamento fundamental para comprender la historia del pa\u00eds. De acuerdo a las instrucciones dadas por el Gral. Jos\u00e9 Gervasio Artigas en 1816, Canelones constituir\u00eda una de las seis jurisdicciones con que se dividir\u00eda la Provincia Oriental.\\r\\n\\r\\nLa ciudad de Canelones alberga importantes monumentos y construcciones que invitan a disfrutar del turismo hist\u00f3rico-cultural.\u00a0En el Parque Gral. Artigas se encuentra el Museo Arqueol\u00f3gico Antonio Taddei, quien fuera uno de los precursores de la Arqueolog\u00eda cient\u00edfica en Uruguay. Exhibe material paleontol\u00f3gico y fundamentalmente arqueol\u00f3gico pertenecientes a culturas ind\u00edgenas que habitaron nuestro territorio. Otro sitio imperdible de la capital canaria es la Catedral Nuestra Se\u00f1ora de Guadalupe, construida en 1843, con una tipolog\u00eda arquitect\u00f3nica representativa del Neoclacisimo espa\u00f1ol. En torno a la Capilla en honor a esta virgen se fund\u00f3 la Villa Nuestra Se\u00f1ora de Guadalupe en 1783 y fue a los pies de la imagen que se bendijo en 1829 al primer Pabell\u00f3n Nacional, creado por la Asamblea General Constituyente y Legislativa del Estado.\\r\\n\\r\\nEn la plaza 18 de Julio est\u00e1 el Monumento a la Bandera, inaugurado en 1939 y conocido como \u201cLa Joaquina\u201d, aludiendo al retrato en relieve de Joaqu\u00edn Su\u00e1rez que hay en su frente. La figura luce la cl\u00e1sica t\u00fanica griega de las alegor\u00edas c\u00edvicas de la \u00e9poca, sosteniendo en su mano derecha una espada y con la izquierda alza el pabell\u00f3n nacional.\\r\\n\\r\\n<strong>\u00a1No te pierdas!<\/strong>\\r\\n<div class=\\\"mas-visitados clearfix\\\">\\r\\n<h3><img class=\\\"circular-img\\\" src=\\\"https:\/\/uruguaynatural.com\/images\/destinos-destacados\/politeama.png\\\" alt=\\\"\\\" \/><\/h3>\\r\\n<strong>Complejo Cultural Politeama<\/strong>\\r\\n\\r\\nEl Complejo Cultural Politeama cumpli\u00f3 100 a\u00f1os y su denominaci\u00f3n hace referencia a que este espacio ha sido destinado hist\u00f3ricamente a diversos tipos de espect\u00e1culos como zarzuelas, representaciones teatrales, funciones de cine, bailes y hasta competencias de boxeo. Cuenta con dos tertulias y platea flanqueada por pasillos que componen la sala teatral \u201cAtahualpa del Cioppo\u201d.\u00a0Teatro Atahualpa del Cioppo. Reinaugurado en el a\u00f1o 2014 luego de varias reformas, es considerado el polo art\u00edstico de la ciudad y \u00e1mbito c\u00e9ntrico de realizaci\u00f3n de actividades culturales.\u00a0Contacto: 1828 Int. 1233\\r\\n<h3><\/h3>\\r\\n<\/div>\\r\\n<div class=\\\"mas-visitados clearfix\\\">\\r\\n<figure><img class=\\\"circular-img\\\" src=\\\"https:\/\/uruguaynatural.com\/images\/destinos-destacados\/spikerman.png\\\" alt=\\\"\\\" \/><\/figure>\\r\\n<strong>Museo Spikerman<\/strong>\\r\\n\\r\\nEn el mismo se exhiben materiales representativos de la etapa fundacional de la ciudad y una valiosa colecci\u00f3n numism\u00e1tica y otra de armas pertenecientes al proceso revolucionario Artiguista, a la Cruzada Libertadora y a las guerras civiles de la primera mitad del siglo XIX, adem\u00e1s de ara\u00f1as y un reloj que pertenecieron a jefes pol\u00edticos del departamento de la misma \u00e9poca.\u00a0Contacto: (+598) \u00a043323111\\r\\n\\r\\n<\/div>\\r\\n<div class=\\\"mas-visitados clearfix\\\">\\r\\n<figure><img class=\\\"circular-img\\\" src=\\\"https:\/\/uruguaynatural.com\/images\/destinos-destacados\/bandera.png\\\" alt=\\\"\\\" \/><\/figure>\\r\\n<strong>Monumento a la bandera<\/strong>\\r\\n<p class=\\\"western\\\" lang=\\\"es-UY\\\">Ubicado en la plaza 18 de Julio de Canelones, es un monumento de estilo historicista \u00a0en homenaje al primer pabell\u00f3n nacional. Consiste en una figura femenina en postura vertical, con la cabeza erguida y expresi\u00f3n severa. Vestida con una t\u00fanica, sostiene una espada en la mano derecha y con la izquierda alza la bandera.<\/p>\\r\\n\u00a0\\r\\n\\r\\n<\/div>\\r\\n<div class=\\\"mas-visitados clearfix\\\">\\r\\n<figure><img class=\\\"circular-img\\\" src=\\\"https:\/\/uruguaynatural.com\/images\/destinos-destacados\/granja.png\\\" alt=\\\"\\\" \/><\/figure>\\r\\n<strong>Granja de los ni\u00f1os<\/strong>\\r\\n\\r\\nSe trata de un espacio interdisciplinario e interinstitucional y educativo, que buscar promover la producci\u00f3n responsable y una cultura de vida saludable, posicionando a la granja como un lugar de referencia en los paseos p\u00fablicos del \u00e1rea metropolitana. El mismo contempla espacios l\u00fadicos recreativos, un galp\u00f3n cultural, un sector agroecol\u00f3gico, un espacio pecuario, ludoteca al aire libre, casitas en los \u00e1rboles, corrales de animales dom\u00e9sticos y un auditorio. Contacto: 43323060\\r\\n\\r\\n\u00a0\\r\\n\\r\\n<\/div>\",\"primary_image\":\"http:\/\/uruguaynatural.com\/wp-content\/uploads\/2023\/06\/Plaza-de-Canelones.jpg\"}]","date_enabled":"","start_date":"","end_date":"","_links":{"self":[{"href":"https:\/\/uruguaynatural.com\/es\/wp-json\/wp\/v2\/experiences\/2204","targetHints":{"allow":["GET"]}}],"collection":[{"href":"https:\/\/uruguaynatural.com\/es\/wp-json\/wp\/v2\/experiences"}],"about":[{"href":"https:\/\/uruguaynatural.com\/es\/wp-json\/wp\/v2\/types\/experiences"}],"author":[{"embeddable":true,"href":"https:\/\/uruguaynatural.com\/es\/wp-json\/wp\/v2\/users\/5"}],"wp:attachment":[{"href":"https:\/\/uruguaynatural.com\/es\/wp-json\/wp\/v2\/media?parent=2204"}],"wp:term":[{"taxonomy":"experience-categories","embeddable":true,"href":"https:\/\/uruguaynatural.com\/es\/wp-json\/wp\/v2\/experience-categories?post=2204"}],"curies":[{"name":"wp","href":"https:\/\/api.w.org\/{rel}","templated":true}]}}