{"id":6628,"date":"{\"dateEnabled\":false,\"start\":\"1970-01-01T00:00:00.000Z\",\"end\":\"1970-01-01T00:00:00.000Z\"}","date_gmt":"2025-07-11T19:15:54","guid":{"rendered":"http:\/\/uruguaynatural.com\/es\/experiences\/\/"},"modified":"2025-07-11T16:37:16","modified_gmt":"2025-07-11T19:37:16","slug":"por-los-pasos-de-artigas-un-viaje-por-la-historia-y-legado-del-procer-nacional","status":"publish","type":"experiences","link":"https:\/\/uruguaynatural.com\/en\/experiences\/por-los-pasos-de-artigas-un-viaje-por-la-historia-y-legado-del-procer-nacional\/","title":{"rendered":"Por los pasos de Artigas: un viaje por la historia y legado del Pr\u00f3cer Nacional"},"author":7,"template":"","experience-categories":[],"class_list":["post-6628","experiences","type-experiences","status-publish","hentry"],"acf":[],"primary_title":"<h1 class=\"western\" align=\"justify\"><span class=\"highlight highlight--verde\" style=\"font-family: ARial, sans-serif;\"><b>Por los pasos de Artigas: un viaje por la historia y legado del Pr\u00f3cer Nacional <\/b><\/span><\/h1>","description":"<p class=\"western\" align=\"justify\"><span style=\"font-family: ARial, sans-serif;\">La figura de <\/span><span style=\"font-family: ARial, sans-serif;\"><b>Jos\u00e9 Artigas<\/b><\/span><span style=\"font-family: ARial, sans-serif;\"> no es solo la de un pr\u00f3cer; es el latido profundo de Uruguay. Nacido el <\/span><span style=\"font-family: ARial, sans-serif;\"><b>19 de junio de 1764<\/b><\/span><span style=\"font-family: ARial, sans-serif;\">, Artigas fue el alma de la lucha por la independencia, un hombre que defendi\u00f3 la justicia, la libertad y la autodeterminaci\u00f3n. Hoy, su esp\u00edritu recorre cada rinc\u00f3n del pa\u00eds, y recorrer los lugares de su legado es una experiencia \u00fanica, una invitaci\u00f3n a conectar con la historia viva que marc\u00f3 el destino de la naci\u00f3n.<\/span><\/p>","info":"<p class=\"western\" align=\"justify\"><span style=\"font-family: ARial, sans-serif;\"><b>MONTEVIDEO: DONDE COMENZ\u00d3 LA LEYENDA<\/b><\/span><\/p>\r\n<p class=\"western\" align=\"justify\"><span style=\"font-family: ARial, sans-serif;\"><b>Casa Natal de Jos\u00e9 Artigas (Col\u00f3n y Cerrito)<\/b><\/span><\/p>\r\n<p class=\"western\" align=\"justify\"><span style=\"font-family: ARial, sans-serif;\">Aqu\u00ed, en una esquina de la Ciudad Vieja, naci\u00f3 <\/span><span style=\"font-family: ARial, sans-serif;\"><b>Jos\u00e9 Artigas<\/b><\/span><span style=\"font-family: ARial, sans-serif;\">. Aunque la casa original ya no existe, el monumento que la reemplaza invita a imaginar los primeros pasos de un l\u00edder que cambiar\u00eda la historia. Camina por este rinc\u00f3n emblem\u00e1tico, donde comenz\u00f3 la lucha que hoy sigue vibrando en cada uruguayo.<\/span><\/p>\r\n<p class=\"western\" align=\"justify\"><span style=\"font-family: ARial, sans-serif;\"><b>Plaza Independencia y Mausoleo de Artigas <\/b><\/span><\/p>\r\n<p class=\"western\" align=\"justify\"><span style=\"font-family: ARial, sans-serif;\">En el coraz\u00f3n de Montevideo, la <\/span><span style=\"font-family: ARial, sans-serif;\"><b>Plaza Independencia<\/b><\/span><span style=\"font-family: ARial, sans-serif;\"> guarda los restos de <\/span><span style=\"font-family: ARial, sans-serif;\"><b>Artigas<\/b><\/span><span style=\"font-family: ARial, sans-serif;\"> en un solemne e imponente mausoleo. La estatua ecuestre del pr\u00f3cer parece desafiar el tiempo, manteniendo viva su presencia. Aqu\u00ed, ante este monumento, pod\u00e9s sentir la grandeza de su legado y recordar la lucha de un pueblo que nunca olvid\u00f3 a su h\u00e9roe.<\/span><\/p>\r\n<p class=\"western\" align=\"justify\"><span style=\"font-family: ARial, sans-serif;\"><b>El Cabildo de Montevideo (Juan Carlos G\u00f3mez 1362)<\/b><\/span><\/p>\r\n<p class=\"western\" align=\"justify\"><span style=\"font-family: ARial, sans-serif;\">El <\/span><span style=\"font-family: ARial, sans-serif;\"><b>Cabildo<\/b><\/span><span style=\"font-family: ARial, sans-serif;\"> es un testigo de las decisiones que forjaron la independencia de Uruguay. Sus muros, impregnados de historia, te sumergen en los momentos cruciales de la Revoluci\u00f3n Oriental, cuando Artigas tom\u00f3 las riendas de la lucha por la libertad. Un recorrido por este edificio es una experiencia que conecta el pasado con el presente de manera profunda.<\/span><\/p>\r\n<p class=\"western\" align=\"justify\"><span style=\"font-family: ARial, sans-serif;\"><b>Museo Hist\u00f3rico Nacional (Rinc\u00f3n 437)<\/b><\/span><\/p>\r\n<p class=\"western\" align=\"justify\"><span style=\"font-family: ARial, sans-serif;\">El <\/span><span style=\"font-family: ARial, sans-serif;\"><b>Museo Hist\u00f3rico Nacional<\/b><\/span><span style=\"font-family: ARial, sans-serif;\"> en la Ciudad Vieja, es un viaje a trav\u00e9s del tiempo, especialmente en lo que respecta a Artigas. Cada exposici\u00f3n te permite sentir el pulso de aquellos momentos decisivos en la historia de Uruguay, con objetos, pinturas y relatos que te acercan al hombre que dio todo por la libertad.<\/span><\/p>\r\n<p class=\"western\" align=\"justify\"><span style=\"font-family: ARial, sans-serif;\"><b>SAUCE: LA TIERRA QUE FORJ\u00d3 A ARTIGAS<\/b><\/span><\/p>\r\n<p class=\"western\" align=\"justify\"><span style=\"font-family: ARial, sans-serif;\"><b>Casa de Jos\u00e9 Artigas en Sauce (Avenida Artigas s\/n esquina Carmelo Ren\u00e9 Gonz\u00e1lez, Sauce, Canelones)<\/b><\/span><\/p>\r\n<p class=\"western\" align=\"justify\"><span style=\"font-family: ARial, sans-serif;\">A solo 36 km de Montevideo, <\/span><span style=\"font-family: ARial, sans-serif;\"><b>Sauce<\/b><\/span><span style=\"font-family: ARial, sans-serif;\"> es un rinc\u00f3n lleno de historia, donde Artigas pas\u00f3 sus primeros a\u00f1os. En esta casa rodeada por la naturaleza, podr\u00e1s comprender mejor las ra\u00edces rurales que formaron al futuro l\u00edder. Al caminar por este espacio, la esencia de Artigas te envolver\u00e1, conect\u00e1ndote con el hombre que so\u00f1\u00f3 con un pa\u00eds libre y justo.<\/span><\/p>\r\n<p class=\"western\" align=\"justify\"><span style=\"font-family: ARial, sans-serif;\"><b>PAYSAND\u00da: LA MESETA DE ARTIGAS, MONUMENTO NATURAL<\/b><\/span><\/p>\r\n<p class=\"western\" align=\"justify\"><span style=\"font-family: ARial, sans-serif;\"><b>Meseta de Artigas (Ruta 3, km 452.500, Chapicuy, Paysand\u00fa)<\/b><\/span><\/p>\r\n<p class=\"western\" align=\"justify\"><span style=\"font-family: ARial, sans-serif;\">Imagin\u00e1 un paisaje vasto, lleno de viento y panor\u00e1micas infinitas. As\u00ed es la <\/span><span style=\"font-family: ARial, sans-serif;\"><b>Meseta de Artigas<\/b><\/span><span style=\"font-family: ARial, sans-serif;\">, un destino de otro mundo en <\/span><span style=\"font-family: ARial, sans-serif;\"><b>Paysand\u00fa<\/b><\/span><span style=\"font-family: ARial, sans-serif;\">. Este sitio clave en la lucha de Artigas te invita a reflexionar sobre la libertad desde un mirador natural. Aqu\u00ed, la estatua de Artigas parece vigilar las tierras que tanto am\u00f3, y el alma del pr\u00f3cer sigue viva en el aire que se respira.<\/span><\/p>\r\n<p class=\"western\" align=\"justify\"><span style=\"font-family: ARial, sans-serif;\"><b>Conectando con el Esp\u00edritu de Artigas<\/b><\/span><\/p>\r\n<p class=\"western\" align=\"justify\"><span style=\"font-family: ARial, sans-serif;\">Cada paso que das en estos lugares es m\u00e1s que una visita tur\u00edstica; es un <\/span><span style=\"font-family: ARial, sans-serif;\"><b>homenaje personal<\/b><\/span><span style=\"font-family: ARial, sans-serif;\"> a un hombre cuya vida y legado siguen latiendo con fuerza. Desde su casa natal en Montevideo hasta la majestuosa Meseta de Artigas en Paysand\u00fa, cada destino te invita a sentir la emoci\u00f3n de ser parte de una historia viva, de un Uruguay que crece, pero que nunca olvida a su h\u00e9roe nacional.<\/span><\/p>\r\n<p class=\"western\" align=\"justify\"><span style=\"font-family: ARial, sans-serif;\"><b>\u00a1Emb\u00e1rcate en este viaje de historia, emoci\u00f3n y reflejos!<\/b><\/span><span style=\"font-family: ARial, sans-serif;\"> Cada rinc\u00f3n de Uruguay tiene una historia que contar, y en estos destinos, te acercar\u00e1s al alma de Jos\u00e9 Artigas, un hombre cuya lucha por la independencia se sigue sintiendo con cada paso que das.<\/span><\/p>","highlights":"","primary_image":"[{\"id\":6630,\"url\":\"https:\/\/uruguaynatural.com\/wp-content\/uploads\/2025\/07\/meseta-3-scaled.jpg\"}]","secondary_image":"[{\"id\":6631,\"url\":\"http:\/\/uruguaynatural.com\/wp-content\/uploads\/2025\/07\/Casa-Natal-de-Artigas-scaled.jpg\"}]","gallery_images":"[{\"id\":6631,\"url\":\"http:\/\/uruguaynatural.com\/wp-content\/uploads\/2025\/07\/Casa-Natal-de-Artigas-scaled.jpg\"},{\"id\":6640,\"url\":\"http:\/\/uruguaynatural.com\/wp-content\/uploads\/2025\/07\/Casa-Natal-de-Artigas-2-scaled.jpg\"},{\"id\":6632,\"url\":\"http:\/\/uruguaynatural.com\/wp-content\/uploads\/2025\/07\/Casa-Natal-de-Artigas-1-scaled.jpg\"},{\"id\":6633,\"url\":\"http:\/\/uruguaynatural.com\/wp-content\/uploads\/2025\/07\/Plaza-Independencia-1.jpeg\"},{\"id\":6635,\"url\":\"http:\/\/uruguaynatural.com\/wp-content\/uploads\/2025\/07\/Mausoleo.jpeg\"},{\"id\":6636,\"url\":\"http:\/\/uruguaynatural.com\/wp-content\/uploads\/2025\/07\/Mausoleo-1-scaled.jpg\"},{\"id\":6637,\"url\":\"http:\/\/uruguaynatural.com\/wp-content\/uploads\/2025\/07\/Museo_historico_Casa_de_Artigas.jpg\"},{\"id\":6638,\"url\":\"http:\/\/uruguaynatural.com\/wp-content\/uploads\/2025\/07\/meseta-3-1-scaled.jpg\"},{\"id\":6639,\"url\":\"http:\/\/uruguaynatural.com\/wp-content\/uploads\/2025\/07\/Meseta-de-Artigas-cuadrado.jpg\"}]","enable_map":"1","coord_lat":"","coord_lng":"","locations":"-34.9062773,-56.2101273|-34.9070173,-56.1997163|-34.9065819,-56.2028414|-34.9069833,-56.2066434|-34.6504141,-56.0650264|-31.6130798,-57.9837029","department":"Montevideo","places":"[{\"id\":2925,\"link\":\"http:\/\/uruguaynatural.com\/es\/places\/canelones\/\",\"title\":\"Canelones\",\"description\":\"En la actualidad es centro administrativo del departamento y en sus alrededores predominan peque\u00f1as chacras, quintas, bodegas y tambos tur\u00edsticos. Entre sus eventos destacados se destaca Fiesta Nacional de la Bandera y el Peric\u00f3n Federal que tiene lugar en diciembre.\\r\\n\\r\\nCanelones, en tanto departamento,\u00a0 se destaca por ser luego de Montevideo, por ser el m\u00e1s poblado del pa\u00eds y uno de los m\u00e1s estrat\u00e9gicos desde el punto de vista geopol\u00edtico. Situado al Sur del pa\u00eds, es el puente de comunicaci\u00f3n entre la capital y el interior del pa\u00eds, adem\u00e1s de receptor de visitantes extranjeros, al ser sede del Aeropuerto Internacional de Carrasco Cuenta con una superficie de m\u00e1s de 4.500 metros cuadrados y una poblaci\u00f3n que supera los 520 mil. Su territorio, levemente ondulado y pleno de llanuras, cuenta con un rico caudal de arroyos integrantes de la cuenca del r\u00edo Santa Luc\u00eda, fuente de riqueza acu\u00edfera potable para todo el sur del pa\u00eds, que termina desembocando en las costas del R\u00edo de la Plata. Existen adem\u00e1s algunos lagos de gran tama\u00f1o, tajamares o embalses y pozos excavados que almacenan agua durante el invierno para el riego en verano. Canelones es adem\u00e1s, un departamento fundamental para comprender la historia del pa\u00eds. De acuerdo a las instrucciones dadas por el Gral. Jos\u00e9 Gervasio Artigas en 1816, Canelones constituir\u00eda una de las seis jurisdicciones con que se dividir\u00eda la Provincia Oriental.\\r\\n\\r\\nLa ciudad de Canelones alberga importantes monumentos y construcciones que invitan a disfrutar del turismo hist\u00f3rico-cultural.\u00a0En el Parque Gral. Artigas se encuentra el Museo Arqueol\u00f3gico Antonio Taddei, quien fuera uno de los precursores de la Arqueolog\u00eda cient\u00edfica en Uruguay. Exhibe material paleontol\u00f3gico y fundamentalmente arqueol\u00f3gico pertenecientes a culturas ind\u00edgenas que habitaron nuestro territorio. Otro sitio imperdible de la capital canaria es la Catedral Nuestra Se\u00f1ora de Guadalupe, construida en 1843, con una tipolog\u00eda arquitect\u00f3nica representativa del Neoclacisimo espa\u00f1ol. En torno a la Capilla en honor a esta virgen se fund\u00f3 la Villa Nuestra Se\u00f1ora de Guadalupe en 1783 y fue a los pies de la imagen que se bendijo en 1829 al primer Pabell\u00f3n Nacional, creado por la Asamblea General Constituyente y Legislativa del Estado.\\r\\n\\r\\nEn la plaza 18 de Julio est\u00e1 el Monumento a la Bandera, inaugurado en 1939 y conocido como \u201cLa Joaquina\u201d, aludiendo al retrato en relieve de Joaqu\u00edn Su\u00e1rez que hay en su frente. La figura luce la cl\u00e1sica t\u00fanica griega de las alegor\u00edas c\u00edvicas de la \u00e9poca, sosteniendo en su mano derecha una espada y con la izquierda alza el pabell\u00f3n nacional.\\r\\n\\r\\n<strong>\u00a1No te pierdas!<\/strong>\\r\\n<div class=\\\"mas-visitados clearfix\\\">\\r\\n<h3><img class=\\\"circular-img\\\" src=\\\"https:\/\/uruguaynatural.com\/images\/destinos-destacados\/politeama.png\\\" alt=\\\"\\\" \/><\/h3>\\r\\n<strong>Complejo Cultural Politeama<\/strong>\\r\\n\\r\\nEl Complejo Cultural Politeama cumpli\u00f3 100 a\u00f1os y su denominaci\u00f3n hace referencia a que este espacio ha sido destinado hist\u00f3ricamente a diversos tipos de espect\u00e1culos como zarzuelas, representaciones teatrales, funciones de cine, bailes y hasta competencias de boxeo. Cuenta con dos tertulias y platea flanqueada por pasillos que componen la sala teatral \u201cAtahualpa del Cioppo\u201d.\u00a0Teatro Atahualpa del Cioppo. Reinaugurado en el a\u00f1o 2014 luego de varias reformas, es considerado el polo art\u00edstico de la ciudad y \u00e1mbito c\u00e9ntrico de realizaci\u00f3n de actividades culturales.\u00a0Contacto: 1828 Int. 1233\\r\\n<h3><\/h3>\\r\\n<\/div>\\r\\n<div class=\\\"mas-visitados clearfix\\\">\\r\\n<figure><img class=\\\"circular-img\\\" src=\\\"https:\/\/uruguaynatural.com\/images\/destinos-destacados\/spikerman.png\\\" alt=\\\"\\\" \/><\/figure>\\r\\n<strong>Museo Spikerman<\/strong>\\r\\n\\r\\nEn el mismo se exhiben materiales representativos de la etapa fundacional de la ciudad y una valiosa colecci\u00f3n numism\u00e1tica y otra de armas pertenecientes al proceso revolucionario Artiguista, a la Cruzada Libertadora y a las guerras civiles de la primera mitad del siglo XIX, adem\u00e1s de ara\u00f1as y un reloj que pertenecieron a jefes pol\u00edticos del departamento de la misma \u00e9poca.\u00a0Contacto: (+598) \u00a043323111\\r\\n\\r\\n<\/div>\\r\\n<div class=\\\"mas-visitados clearfix\\\">\\r\\n<figure><img class=\\\"circular-img\\\" src=\\\"https:\/\/uruguaynatural.com\/images\/destinos-destacados\/bandera.png\\\" alt=\\\"\\\" \/><\/figure>\\r\\n<strong>Monumento a la bandera<\/strong>\\r\\n<p class=\\\"western\\\" lang=\\\"es-UY\\\">Ubicado en la plaza 18 de Julio de Canelones, es un monumento de estilo historicista \u00a0en homenaje al primer pabell\u00f3n nacional. Consiste en una figura femenina en postura vertical, con la cabeza erguida y expresi\u00f3n severa. Vestida con una t\u00fanica, sostiene una espada en la mano derecha y con la izquierda alza la bandera.<\/p>\\r\\n\u00a0\\r\\n\\r\\n<\/div>\\r\\n<div class=\\\"mas-visitados clearfix\\\">\\r\\n<figure><img class=\\\"circular-img\\\" src=\\\"https:\/\/uruguaynatural.com\/images\/destinos-destacados\/granja.png\\\" alt=\\\"\\\" \/><\/figure>\\r\\n<strong>Granja de los ni\u00f1os<\/strong>\\r\\n\\r\\nSe trata de un espacio interdisciplinario e interinstitucional y educativo, que buscar promover la producci\u00f3n responsable y una cultura de vida saludable, posicionando a la granja como un lugar de referencia en los paseos p\u00fablicos del \u00e1rea metropolitana. El mismo contempla espacios l\u00fadicos recreativos, un galp\u00f3n cultural, un sector agroecol\u00f3gico, un espacio pecuario, ludoteca al aire libre, casitas en los \u00e1rboles, corrales de animales dom\u00e9sticos y un auditorio. Contacto: 43323060\\r\\n\\r\\n\u00a0\\r\\n\\r\\n<\/div>\",\"primary_image\":\"http:\/\/uruguaynatural.com\/wp-content\/uploads\/2023\/06\/Plaza-de-Canelones.jpg\"},{\"id\":2921,\"link\":\"http:\/\/uruguaynatural.com\/es\/places\/costa-de-oro\/\",\"title\":\"Costa de Oro\",\"description\":\"Bajo esta denominaci\u00f3n se incluyen cerca de treinta balnearios y localidades que se extienden a lo largo de 70 kil\u00f3metros, sobre el R\u00edo de la Plata, entre los arroyos Pando y Sol\u00eds Grande. Entre la extensa lista pueden destacarse algunos como: Salinas, Pinamar, Marindia, Villa Argentina, Atl\u00e1ntida, Las Toscas, Parque del Plata, La Floresta, Costa Azul, Bello Horizonte, Cuchilla Alta, y Jaureguiberry, entre varios otros.\\r\\n\\r\\nSon balnearios familiares, adaptados a las necesidades de la clase media; sin grandes lujos pero con todas las comodidades y servicios que necesita un turista promedio.\\r\\n\\r\\nLas playas de la regi\u00f3n cuentas con arenas blancas y muy finas, que resultan ideales para la pr\u00e1ctica de deportes y al estar situadas sobre un r\u00edo apodado \u201cgrande como el mar\u201d presentan una apariencia oc\u00e9anica.\\r\\n\\r\\nRecorrer la Costa de Oro en su conjunto en auto es un paseo altamente recomendable por la diversidad paisaj\u00edstica que es posible encontrar en pocos kil\u00f3metros. Playas solitarias, playas repletas de ba\u00f1istas, arenas llanas, m\u00e9danos, piscinas naturales, grandes olas, y bosques de pinares son solo algunos ejemplos.\\r\\n\\r\\nLuego de los espectaculares atardeceres estivales, en los que el sol se esconde tras el mar, la noche presenta un buen n\u00famero de posibilidades. El principal centro de la movida nocturna se encuentra en el balneario Atl\u00e1ntida, donde hay un importante polo gastron\u00f3mico, un casino y varios pubs y discotecas.\\r\\n\\r\\nA lo largo de la Costa de Oro, durante el per\u00edodo estival (diciembre a marzo), tambi\u00e9n se pueden encontrar diversos espect\u00e1culos gratuitos al aire libre.\\r\\n\\r\\nAcceder desde Montevideo es muy f\u00e1cil, y en menos de una hora de viaje por las avenidas Gianattassio y la ruta Interbalnearia, la Costa de Oro, se presenta como un oasis playero al alcance de la mano.\",\"primary_image\":\"http:\/\/uruguaynatural.com\/wp-content\/uploads\/2023\/06\/2019-Alexis-Noquet-Costa-de-Oro-Alta-22-scaled.jpg\"},{\"id\":506,\"link\":\"http:\/\/uruguaynatural.com\/es\/places\/paysandu\/\",\"title\":\"Paysand\u00fa\",\"description\":\"En Paysand\u00fa conviven diversas actividades productivas, riquezas hist\u00f3ricas, culturales y naturales, que a la vez que lo diferencian, lo hacen un lugar \u00fanico y especial en la regi\u00f3n.\\r\\n\\r\\nSe ubica en el litoral termal donde existen dos centros con aguas de propiedades curativas. La naturaleza se expresa en cada rinc\u00f3n del departamento, donde habitan maravillosos paisajes, como los ubicados dentro del \u00c1rea Protegida Montes del Queguay, bellos palmares y hermosos atardeceres pueden disfrutarse a lo largo de la costa del r\u00edo Uruguay.\\r\\n\\r\\nPaysand\u00fa es cuna del Artiguismo, es ciudad de h\u00e9roes que sucumbieron en defensa de la soberan\u00eda nacional con un pasado de gloria industrial y de suelos que fueron habitados por poblaciones charr\u00faas. Un departamento donde a\u00fan persisten las tradiciones criollas y donde la cultura se traduce en cada uno de los eventos que se conmemoran a lo largo del a\u00f1o.\",\"primary_image\":\"http:\/\/uruguaynatural.com\/wp-content\/uploads\/2023\/02\/2021-03-03-18_11_16-Morato-un-castillo-en-Uruguay-YouTube.png\"},{\"id\":2611,\"link\":\"http:\/\/uruguaynatural.com\/es\/places\/salto\/\",\"title\":\"Salto\",\"description\":\"La ciudad de Salto se ubica en el litoral del R\u00edo Uruguay al norte, en la frontera con la Rep\u00fablica Argentina. Su origen se remonta a 1756, pero su crecimiento se produjo a medidos del siglo XIX, cuando ya era reconocida como una de las ciudades m\u00e1s importante del pa\u00eds.\\r\\nEn Salto pueden consumirse las naranjas m\u00e1s jugosas de Latinoam\u00e9rica y los ar\u00e1ndanos m\u00e1s frescos de la regi\u00f3n. Gran productor de lana, principal centro generador de energ\u00eda hidroel\u00e9ctrica del pa\u00eds y cuna de valores art\u00edsticos notables como los escritores Horacio Quiroga y Marosa di Giorgio o artistas pl\u00e1sticos como Petrona Viera, a Salto le sobran atractivos tur\u00edsticos.\\r\\nEs la ciudad del Interior con mayor n\u00famero de Monumentos Hist\u00f3ricos Nacionales como el \u00c1rea Portuaria; el Teatro Larra\u00f1aga, el Museo de Artes Pl\u00e1sticas, o el tradicional Mercado 18 de julio. Las aguas termales, son sin duda, su principal atractivo a nivel internacional. Tres grandes complejos termales de primer nivel y dos parques acu\u00e1ticos de vanguardia, despiertan el inter\u00e9s de visitantes de todo el mundo.\",\"primary_image\":\"http:\/\/uruguaynatural.com\/wp-content\/uploads\/2023\/06\/Captura-de-pantalla-de-2023-06-16-15-23-19.png\"}]","date_enabled":"","start_date":"0","end_date":"0","_links":{"self":[{"href":"https:\/\/uruguaynatural.com\/en\/wp-json\/wp\/v2\/experiences\/6628","targetHints":{"allow":["GET"]}}],"collection":[{"href":"https:\/\/uruguaynatural.com\/en\/wp-json\/wp\/v2\/experiences"}],"about":[{"href":"https:\/\/uruguaynatural.com\/en\/wp-json\/wp\/v2\/types\/experiences"}],"author":[{"embeddable":true,"href":"https:\/\/uruguaynatural.com\/en\/wp-json\/wp\/v2\/users\/7"}],"wp:attachment":[{"href":"https:\/\/uruguaynatural.com\/en\/wp-json\/wp\/v2\/media?parent=6628"}],"wp:term":[{"taxonomy":"experience-categories","embeddable":true,"href":"https:\/\/uruguaynatural.com\/en\/wp-json\/wp\/v2\/experience-categories?post=6628"}],"curies":[{"name":"wp","href":"https:\/\/api.w.org\/{rel}","templated":true}]}}