{"id":4674,"date":"{\"dateEnabled\":true,\"start\":\"2024-06-10T23:00:00.000Z\",\"end\":\"2024-06-25T02:59:00.000Z\"}","date_gmt":"2024-06-20T18:00:11","guid":{"rendered":"http:\/\/uruguaynatural.com\/es\/experiences\/\/"},"modified":"2025-06-18T14:42:01","modified_gmt":"2025-06-18T17:42:01","slug":"festival-del-tannat-cordero-y-noche-de-san-juan-en-bodegas-turisticas","status":"publish","type":"experiences","link":"https:\/\/uruguaynatural.com\/en\/experiences\/festival-del-tannat-cordero-y-noche-de-san-juan-en-bodegas-turisticas\/","title":{"rendered":"Tannat and Lamb plus Saint John\u2019s Eve at Tourist Wineries"},"author":7,"template":"","experience-categories":[74,17,131,56],"class_list":["post-4674","experiences","type-experiences","status-publish","hentry","experience-categories-bodegas","experience-categories-cultura","experience-categories-fiestas-tradicionales","experience-categories-gastronomia"],"acf":[],"primary_title":"In June, the magic of fire takes on a special meaning at Uruguay\u2019s tourist wineries with two events: the welcoming of winter with Saint John\u2019s Eve and the Tannat & Lamb Festival.","description":"In June, the magic of fire takes on a special meaning at Uruguay\u2019s tourist wineries with two events: the welcoming of winter with Saint John\u2019s Eve and the Tannat & Lamb Festival.","info":"<span style=\"font-size: medium;\"><b>Tannat and Lamb<\/b><\/span>\r\n\r\n<span style=\"font-size: medium;\">Since ancient times, people have gathered around the fire. Its power to cook and transform is commemorated in June with gastronomic offers and rituals at several wine tourist establishments in Uruguay.<\/span>\r\n\r\n<span style=\"font-size: medium;\">Visitors will have the opportunity to experience the delights of Tannat wine and its excellent pairing with lamb, two of Uruguay\u2019s gastronomic emblems.<\/span>\r\n\r\n<span style=\"font-size: medium;\">Tannat is a varietal wine made from the Tannat grape, originally from France, first brought to Uruguay by Basque immigrants from the town of Concordia, Argentina, in the late 19th century. After more than a century of cultivation, it has widely spread and excellently adapted to our soil, becoming the \"National Vine.\" Through modern winemaking techniques, wineries have positioned Uruguayan Tannat among the world\u2019s finest wines, making it our flagship beverage.<\/span>\r\n\r\n<span style=\"font-size: medium;\">Lamb has always been part of the traditional cuisine on ranches and farms throughout the countryside. The introduction of meat-producing sheep breeds brought this noble meat to haute cuisine. Restaurant chefs began offering lamb dishes in various preparations, giving people the chance to enjoy unique experiences, this time, paired with different Tannat wines.<\/span>\r\n\r\n<span style=\"font-size: medium;\">In this new edition, various tourism operators are offering transportation to wineries including tours and lunch or dinner experiences.<\/span>\r\n\r\n<span style=\"font-size: medium;\">Most options require booking in advance, so it is key to plan ahead.<\/span>\r\n\r\n<a href=\"https:\/\/www.inavi.com.uy\/agenda\/\"><span style=\"font-size: medium;\">Discover the full program of the Tannat &amp; Lamb Festival at our tourist wineries.<\/span><\/a>\r\n\r\n<span style=\"font-size: medium;\"><b>Saint John\u2019s Eve<\/b><\/span>\r\n\r\n<span style=\"font-size: medium;\">Unlike the northern hemisphere, where the arrival of summer is celebrated, Uruguay\u2019s version of Saint John\u2019s Eve welcomes winter. Despite the European origins of this celebration, it has taken on its own identity in Uruguay for over a decade.\r\n<img class=\"alignnone size-medium wp-image-4689\" src=\"http:\/\/uruguaynatural.com\/wp-content\/uploads\/2024\/06\/Noche-de-San-Juan-300x200.jpg\" alt=\"\" width=\"300\" height=\"200\" \/>\r\n<\/span><span style=\"font-size: medium;\">Originally a pagan celebration, Christianity eventually linked it to the eve of Saint John the Baptist\u2019s birth on June 24. It spread across Europe and is now specially rooted in the Iberian Peninsula.<\/span>\r\n\r\n<span style=\"font-size: medium;\">The ceremony not only pays homage to the sun but also allows people to burn away the bad and purify their sins. To this end, participants write letters to Saint John to be thrown into the fire, while others simply make their wishes for the coming year.<\/span>\r\n\r\n<span style=\"font-size: medium;\">In Uruguay, this celebration is combined with cultural displays: drums, fire shows, paintings, audiovisual projections, storytellers, dancers, poetry, and more.<\/span>\r\n\r\n<span style=\"font-size: medium;\">Discover the Saint John\u2019s Eve events scheduled at each winery!<\/span>\r\n\r\n<span style=\"font-size: medium;\"><b>The Pioneering Celebration in Montevideo<\/b><\/span>\r\n\r\n<span style=\"font-size: medium;\">The original Saint John celebration in Montevideo is organized by Casal Catal\u00e1 in Varela Square. It has been declared of Municipal Interest by Municipality CH and is supported by the Generalitat de Catalunya. The organization has promoted this event for over 20 years, attracting residents from across the city.\r\n<img class=\"alignnone size-medium wp-image-4688\" src=\"http:\/\/uruguaynatural.com\/wp-content\/uploads\/2024\/06\/LA-NOCHE-DE-SAN-JUAN-1-13-screenshot-1-300x169.png\" alt=\"\" width=\"300\" height=\"169\" \/>\r\n<\/span>\r\n\r\n<span style=\"font-size: medium;\">Several thousand kilos of firewood are burned, and in addition to the bonfire, there are gastronomic treats to share: paella, Coca de Sant Joan (a traditional Catalan sweet), Coca de Recapete (a savory version), croquants, and <\/span><span style=\"font-size: medium;\"><i>ron cremat<\/i><\/span><span style=\"font-size: medium;\"> (rum flavored with cinnamon, clove, and lemon).<\/span>\r\n\r\n<span style=\"font-size: medium;\">There is also Catalan folk music and dance, and the night ends with fireworks to celebrate the longest night in the southern hemisphere.<\/span>\r\n\r\n<span style=\"font-size: medium;\"><b>Other Saint John Celebrations in Uruguay<\/b><\/span>\r\n\r\n<span style=\"font-size: medium;\"><b>Saint John\u2019s Eve in Canelones<\/b><\/span>\r\n\r\n<span style=\"font-size: medium;\">Saint John\u2019s Eve will be celebrated in various towns in the department of Canelones, featuring traditional bonfires, musical performances, gastronomy, and more.<\/span>\r\n\r\n<span style=\"font-size: medium;\">From Friday, June 20 through Tuesday, June 24, over 20 events will be held in towns like Atl\u00e1ntida, Melgarejo, Totoral del Sauce, San Jacinto, Migues, Tala, and Santa Rosa, as well as at several wineries in Progreso, Las Piedras, La Paz, Sauce, Joaqu\u00edn Su\u00e1rez, and Santa Luc\u00eda.<\/span>\r\n\r\n<span style=\"font-size: medium;\">The Feast of Saint John has pagan roots and is celebrated every June 23, on the eve of Saint John the Baptist\u2019s day. While it is associated with the summer solstice in the north, in the southern hemisphere it has taken on a distinctly Uruguayan character, becoming a popular festivity across the country.<\/span>\r\n\r\n<span style=\"font-size: medium;\">Bonfires are the main feature of this magical night. In Canelones, in addition to the traditional bonfires, attendees will enjoy gastronomic options with local and guest chefs, typical dishes, snacks, hot chocolate, special pairings, and mulled wine. There will also be music, dance, fire rituals, craft markets, and more.<\/span>\r\n\r\n<span style=\"font-size: medium;\">Check out all the events on the Turismo Canelones App or on this <a href=\"https:\/\/turismo.imcanelones.gub.uy\/disfruta\/noche-de-san-juan.html\">link<\/a>.<\/span>\r\n\r\n<span style=\"font-size: medium;\"><b>Aigu\u00e1 Saint John\u2019s Bonfire Festival<\/b><\/span>\r\n\r\n<span style=\"font-size: medium;\">Aigu\u00e1 awaits you on Saturday, June 21 to celebrate the traditional Saint John\u2019s bonfire night, a festival full of music, dance, tradition, and fun for the whole family. The event starts at noon in the main square and goes on until midnight.<\/span>\r\n\r\n<span style=\"font-size: medium;\">Celebrating the traditions brought in by immigrant families, the festivities include lighting the bonfire at 5:35 p.m., along with fire dances, juggling, drumming, and traditional card games. There will also be over 70 entrepreneur stalls, a food court, artistic performances, and children\u2019s games throughout the day.<\/span>\r\n\r\n<span style=\"font-size: medium;\">The fair opens at noon with local entrepreneurs offering handmade and gourmet products. At 3 p.m., the Aigu\u00e1 Municipal Band kicks off the music, followed by Mar\u00eda Noel and Kike Lafourcade at 4 p.m. At 4:45 p.m., Le Pifi\u00e9 troupe presents the circus show \u201c\u00a1Hurra!\u201d, perfect for the whole family. The most anticipated moment, the lighting of the bonfire, takes place at 5:35 p.m. with dusk. At 7:00 p.m., the folk dance group Taguat\u00f3 will take the stage, followed at 7:30 p.m. by the band \u00d1ande. At 8:30 p.m., Los Sabrosos will perform, and at 9:45 p.m., Doble 5 Rock Band will get everyone dancing. The night rounds off with Mica Serr\u00f3n, finalist of The Voice! Uruguay, at 10:45 p.m., and DJ Maurix at 11:30 p.m.<\/span>\r\n\r\n<span style=\"font-size: medium;\">Don\u2019t miss this one-of-a-kind festival that brings together the best of tradition and culture!<\/span>\r\n\r\n<span style=\"font-size: medium;\"><b>Saint John in Florida<\/b><\/span>\r\n\r\n<span style=\"font-size: medium;\">Florida will celebrate the traditional Saint John\u2019s Eve with a variety of activities throughout the department, where bonfires, music, gastronomy, and traditions combine to create a unique experience. Below are the different options to enjoy this celebration:<\/span>\r\n\r\n<span style=\"font-size: medium;\"><b>Saint John\u2019s Eve at Vieja Estancia Ranch<\/b><\/span>\r\n\r\n<span style=\"font-size: medium;\">A special night at Vieja Estancia Ranch, featuring a bonfire, live music, and a unique experience. Saturday, June 21 at 8:00 p.m., at Camino Villa Vieja 104.500, Villa 25 de Mayo. For more info and reservations: 099 222 517.<\/span>\r\n\r\n<span style=\"font-size: medium;\"><b>Saint John\u2019s Bonfire Night at San Pedro de Timote<\/b><\/span>\r\n\r\n<span style=\"font-size: medium;\">The Bonfires of Saint John will be held at San Pedro de Timote with a special offer: book two nights and get a 10% off and late check-out at 4 p.m. The celebration runs from June 20 to 22. Contact: 091 635 019 or email reservas@sanpedrodetimote.com.<\/span>\r\n\r\n<span style=\"font-size: medium;\"><b>Saint John at Paso Severino<\/b><\/span>\r\n\r\n<span style=\"font-size: medium;\">Paso Severino offers a 20% off on bed &amp; breakfast accommodations from June 20 to 23. For more information, call 4330 9033 \/ 9250 or text 091 976 285 \/ 095 329 283.<\/span>\r\n\r\n<span style=\"font-size: medium;\"><b>Saint John\u2019s Bonfire Night at Villa 25 de Agosto<\/b><\/span>\r\n\r\n<span style=\"font-size: medium;\">On Monday, June 23, La Cocina de Ana will host a bonfire with platters and \"queimada\" from 6:30 to 9:30 p.m., at 19 de Abril 516. Book now: 094 356 116.<\/span>\r\n\r\n<span style=\"font-size: medium;\"><b>Asamblea Diner<\/b><\/span>\r\n\r\n<span style=\"font-size: medium;\">At Asamblea Diner, located at Batlle y Ord\u00f3\u00f1ez 529, Florida, enjoy a community bonfire and mulled wine on the house with your dinner. Info and reservations: 091 243 460.<\/span>\r\n\r\n<span style=\"font-size: medium;\"><b>El Ceibo Ranch Inn<\/b><\/span>\r\n\r\n<span style=\"font-size: medium;\">Located on a rural road between La Macana and San Jer\u00f3nimo, El Ceibo offers a complete experience including a bonfire under the stars, mulled wine, homemade dinner, and lodging in a unique natural setting. Book now: 099 125 761.<\/span>\r\n\r\n<span style=\"font-size: medium;\"><b>Florida offers many options to enjoy the magic of Saint John by the fire!\r\n\r\n<\/b><\/span>\r\n\r\n[embed]https:\/\/www.youtube.com\/watch?v=Ckhu-RZM4U4[\/embed]\r\n\r\n<span style=\"font-size: medium;\"><b>&nbsp;<\/b><\/span>","highlights":"","primary_image":"[{\"id\":4681,\"url\":\"https:\/\/uruguaynatural.com\/wp-content\/uploads\/2024\/06\/festivales-junio2024-ppal.jpg\"}]","secondary_image":"[{\"id\":4675,\"url\":\"http:\/\/uruguaynatural.com\/wp-content\/uploads\/2024\/06\/Tannat-y-Cordero.jpg\"}]","gallery_images":"[]","enable_map":"1","coord_lat":"","coord_lng":"","locations":"-34.744756,-55.0250881|-34.7791216,-56.2477087|-34.7242605,-56.0404272|-34.713829,-55.850342|-34.590104,-56.2626374|-34.74366699999999,-56.2087458|-34.715247,-56.168007|-34.3928981,-56.6692326|-34.5694274,-54.6279974|-32.3097676,-58.0594088|-34.6713616,-56.37147019999999|-34.67979,-56.25802969999999|-34.7413989,-56.1637703|-34.7452848,-56.1518453|-34.8596687,-55.2351087|-34.7437074,-56.26854609999999|-34.042265,-58.187421|-34.2186967,-57.9308182|-34.626161,-56.248842","department":"Montevideo","places":"[{\"id\":1296,\"link\":\"http:\/\/uruguaynatural.com\/%places-slug%\/montevideo\/\",\"title\":\"Montevideo\",\"description\":\"La rambla capitalina, el balc\u00f3n de acceso a m\u00e1s de <strong>30 kil\u00f3metro de costa<\/strong>, es uno de los principales atributos de Montevideo y un paseo imperdible para sus habitantes que suelen recurrir a ella para tomar mate y realizar extensas caminatas. Tambi\u00e9n lo son la cantidad de espacios verdes, parques y jardines que posibilitan m\u00faltiples opciones al aire libre.\\r\\n\\r\\nMontevideo tambi\u00e9n cuenta con una amplia movida cultural. As\u00ed por ejemplo, su cartelera teatral, es llamativamente extensa y variada, y abarca tanto espect\u00e1culos cl\u00e1sicos, como modernos o alternativos. En sus museos, centros culturales , casas de cultura y salas de exposici\u00f3n es posible apreciar el arte de una amplia gama de artistas de alcance internacional como Juan Manuel Blanes, Rafael Barradas, Pedro Figari, Joaqu\u00edn Torres Garc\u00eda, Jos\u00e9 C\u00faneo e Ignacio Iturria, entre otros.\\r\\n<h3>M\u00e1s informaci\u00f3n<\/h3>\\r\\n<ul>\\r\\n \\t<li><strong>Los inicios:<\/strong> Montevideo fue fundada por el gobernador y capit\u00e1n del R\u00edo del Plata Don Bruno Mauricio de Zabala. El proceso fundacional de la ciudad se inscribe entre 1724 y 1730, per\u00edodo en que comenzaron a arribar los primeros pobladores provenientes de Buenos aires y de las Islas Canarias. En el a\u00f1o 1833 se proyecta el nuevo trazado para la Ciudad Nueva que comienza a ejecutarse plenamente a partir de 1861.A diferencia de la Ciudad Vieja, que estaba amurallada en todo su per\u00edmetro, la Ciudad Nueva se proyecta con calles anchas y arboladas donde se localizaron comercios suntuosos y grandes residencias.<\/li>\\r\\n<\/ul>\\r\\n\u00a0\\r\\n<ul>\\r\\n \\t<li><strong>Capital con los pies en el r\u00edo:<\/strong> Recorrer 30 kil\u00f3metros de costa a es una de las posibilidades imperdibles que ofrece la capital montevideana que nunca le da la espalda al R\u00edo de la Plata. Por un extenso trayecto, desde Capurro hasta Carrasco, se extiende la Rambla de Montevideo, que fue concebida como un balc\u00f3n hacia el mar, para un verdadero disfrute de las costas de la ciudad.\\r\\nSus diversos tramos poseen especial belleza, ya que en su recorrido, ya sea a pie, en bicicleta o en auto, adem\u00e1s de hermosas playas es posible apreciar la arquitectura urbana que las rodea. Edificios antiguos y modernos, plazas y espacios deportivos como la pista de patinaje en el Parque Rod\u00f3, la de Skate en Buceo y varios gimnasios al aire libre, se suceden conformando atractivas panor\u00e1micas para el turista.\\r\\nDesde el puerto capitalino, hacia el Este, se suceden las playas m\u00e1s urbanas: Ram\u00edrez, Pocitos, Carrasco, Buceo, Malv\u00edn, en tanto hacia el Oeste, existen otras playas m\u00e1s agrestes y de acceso individual como la Colorada, Punta Espinillo, Punta Yeguas, Zabala o Santa Catarina. Las playas de Montevideo son caracter\u00edsticas por sus finas y blancas arenas y las calmas aguas del R\u00edo de la Plata, as\u00ed como por su seguridad. Adem\u00e1s del servicio de guardavidas, todas las playas habilitadas tienen asegurada la cobertura de salud y el cuidado de los ba\u00f1istas a trav\u00e9s de puestos de primeros auxilios y atenci\u00f3n m\u00e9dica de urgencia y emergencia. En el verano, adem\u00e1s de disfrutar del sol, arena y mar, los turistas pueden disfrutar de espect\u00e1culos y actividades recreativas gratuitas para ni\u00f1os, j\u00f3venes y adultos.<\/li>\\r\\n<\/ul>\\r\\n<h4>\u00a1No te pierdas!<\/h4>\\r\\n<ol>\\r\\n \\t<li>Plaza Matriz: ubicada en la Ciudad Vieja, entre las calles Peatonal Sarand\u00ed y Juan Carlos G\u00f3mez,\u00a0 en esta plaza se respira historia. La Iglesia Matriz, El Cabildo y otros edificios hist\u00f3ricos se encuentran rodeando su m\u00edtica fuente, uno de los monumentos m\u00e1s bellos de la ciudad.<\/li>\\r\\n \\t<li>Estadio Centenario: ubicado en la zona de Parque Batlle, es el principal escenario deportivo del pa\u00eds, con una imponente infraestructura capaz de albergar hasta 80.000 espectadores. Es posible coordinar visitas guiadas y conocer los hitos que transformaron al f\u00fatbol en la mayor pasi\u00f3n de los uruguayos.<\/li>\\r\\n \\t<li>Jard\u00edn Bot\u00e1nico: ubicado en el Prado,\u00a0 alberga una gran colecci\u00f3n de flora de distintas partes del mundo a lo largo y ancho de m\u00e1s de trece hect\u00e1reas. El entorno es ideal para extensas jornadas de picnic y para conectarse con la naturaleza, sin salir de la ciudad. El acceso es gratuito.<\/li>\\r\\n \\t<li>Mercado del Puerto: es uno de los puntos de mayor congregaci\u00f3n de turistas en la capital. Su gastronom\u00eda representa las m\u00e1s arraigadas tradiciones de Uruguay. El asado es el plato predominante y la mayor\u00eda de los restaurantes son parilladas pero existen otras opciones. Los espect\u00e1culos culturales y las artesan\u00edas tambi\u00e9n son protagonistas en el entorno.<\/li>\\r\\n<\/ol>\",\"primary_image\":\"http:\/\/uruguaynatural.com\/wp-content\/uploads\/2023\/04\/Captura-de-pantalla-de-2023-04-11-15-39-26.png\"},{\"id\":402,\"link\":\"http:\/\/uruguaynatural.com\/%places-slug%\/punta-del-este\/\",\"title\":\"Punta del Este\",\"description\":\"Se ubica en el departamento de Maldonado, a s\u00f3lo una hora y media de la capital del pa\u00eds. Lujosas residencias de veraneo, altos edificios de apartamento frente al mar, enormes yates en el puerto, hoteles y restaurantes de lujo lo transforman en el balneario de mayor glamour de Am\u00e9rica.\\r\\n\\r\\nNo en vano, fue elegida como destino de veraneo por grandes celebridades como el dise\u00f1ador Ralph Lauren, el jugador del f\u00fatbol Zinedine Zidane, el cantante de Metallica James Hetfield o la colombiana Shakira.\\r\\n\\r\\nRecorriendo la ciudad el visitante encuentra una amplia oferta recreativa, que incluye sala de exposiciones, restaurantes, pubs, discotecas, tiendas de antig\u00fcedades, galer\u00edas de arte, cines, teatros y una agitada vida nocturna. La ciudad balnearia es elegida para la realizaci\u00f3n de grandes fiestas de lujo, desfiles de moda de marcas de prestigio y una amplia gama de propuestas culturales de gran dimensi\u00f3n como el Festival Internacional de Jazz, el Festival Internacional de Cine o exposiciones de artistas contempor\u00e1neos de renombre.\\r\\n\\r\\nPunta del Este es tambi\u00e9n un destino natural \u00fanico. Con m\u00e1s de 20 kil\u00f3metros de costa y altas sierras que miran al mar, el balneario tambi\u00e9n ofrece encantadores rincones y paisajes para quienes llegan en busca de una tranquilidad absoluta.\\r\\n\\r\\nEl punto de encuentro de sus dos playas m\u00e1s famosas, Playa Mansa y Playa Brava, supone el fin del R\u00edo de la Plata y el comienzo del Oc\u00e9ano Atl\u00e1ntico. El balneario creci\u00f3 hacia el Oeste formando Punta Ballena y hacia el Este creando La Barra y Jos\u00e9 Ignacio.\\r\\n\\r\\nLa diversidad de su costa y sus arenas finas y blancas la hacen un destino ideal para la realizaci\u00f3n de deportes como el surf, windsurf, jet-ski, moton\u00e1utica, vela, pesca y yachting. En tierra firme, los turistas tambi\u00e9n encuentran escenarios privilegiados para la pr\u00e1ctica de otros deportes como el polo, el golf, el tenis o el rugby. En s\u00edntesis, Punta del Este, es sin\u00f3nimo de un sinf\u00edn de alternativas para satisfacer las necesidades de los paladares tur\u00edsticos m\u00e1s exigentes y heterog\u00e9neos.\",\"primary_image\":\"http:\/\/uruguaynatural.com\/wp-content\/uploads\/2023\/02\/29262640598_f94d21ab1b_o-copy.jpg.webp\"},{\"id\":2567,\"link\":\"http:\/\/uruguaynatural.com\/%places-slug%\/carmelo\/\",\"title\":\"Carmelo\",\"description\":\"Hacia el oeste de Colonia del Sacramento, por la ruta 21, se llega a la ciudad de Carmelo.Esta ciudad, cuya fundaci\u00f3n se remonta a 1816, se enorgullece en tener como fundador al General Jos\u00e9 Gervasio Artigas, pr\u00f3cer de la patria.Poseedora de un entorno natural colmado de belleza y serenidad, durante a\u00f1os Carmelo ha seducido a miles de turistas que buscan descanso, tranquilidad, belleza y comodidad.Su atracadero de yates y la extensa zona de playas que posee atraen a los aficionados a los deportes n\u00e1uticos y de playa.Adem\u00e1s, en su entorno se ubican varias de las Bodegas Tur\u00edsticas que ya se han consolidado como importante atractivo del Departamento de Colonia, y que siguiendo las m\u00e1s viejas tradiciones europeas elaboran deliciosos vinos de nivel internacional.Entre sus varios atractivos se encuentra, adem\u00e1s, su caracter\u00edstico puente giratorio, que cruza el arroyo Las Vacas y que es el \u00fanico a tracci\u00f3n humana de Sudam\u00e9rica; las ruinas jesu\u00edticas de la estancia de Bel\u00e9n, conocidas como Calera de las Hu\u00e9rfanas; y la estancia Narbona, que es el edificio m\u00e1s antiguo del Uruguay que se conserva en sus lineamientos originales. Con su belleza natural y su historia, Carmelo es sin duda un lugar que invita a disfrutar.\",\"primary_image\":\"http:\/\/uruguaynatural.com\/wp-content\/uploads\/2023\/06\/LEO8806-scaled.jpg\"},{\"id\":506,\"link\":\"http:\/\/uruguaynatural.com\/%places-slug%\/paysandu\/\",\"title\":\"Paysand\u00fa\",\"description\":\"En Paysand\u00fa conviven diversas actividades productivas, riquezas hist\u00f3ricas, culturales y naturales, que a la vez que lo diferencian, lo hacen un lugar \u00fanico y especial en la regi\u00f3n.\\r\\n\\r\\nSe ubica en el litoral termal donde existen dos centros con aguas de propiedades curativas. La naturaleza se expresa en cada rinc\u00f3n del departamento, donde habitan maravillosos paisajes, como los ubicados dentro del \u00c1rea Protegida Montes del Queguay, bellos palmares y hermosos atardeceres pueden disfrutarse a lo largo de la costa del r\u00edo Uruguay.\\r\\n\\r\\nPaysand\u00fa es cuna del Artiguismo, es ciudad de h\u00e9roes que sucumbieron en defensa de la soberan\u00eda nacional con un pasado de gloria industrial y de suelos que fueron habitados por poblaciones charr\u00faas. Un departamento donde a\u00fan persisten las tradiciones criollas y donde la cultura se traduce en cada uno de los eventos que se conmemoran a lo largo del a\u00f1o.\",\"primary_image\":\"http:\/\/uruguaynatural.com\/wp-content\/uploads\/2023\/02\/2021-03-03-18_11_16-Morato-un-castillo-en-Uruguay-YouTube.png\"},{\"id\":2528,\"link\":\"http:\/\/uruguaynatural.com\/%places-slug%\/piriapolis\/\",\"title\":\"Piri\u00e1polis\",\"description\":\"Descubrirla de cerca suele llevar aparejada la necesidad de adentrarse en su historia, sus s\u00edmbolos, sus tradiciones y la riqueza de su pasado que le regala una identidad \u00fanica en el presente. En ella, extensas playas y altos cerros disputan protagonismo, creando un entorno ideal para el descanso.\\r\\n\\r\\nFundada por Francisco Piria en 1890, en pleno auge de la Belle \u00c9poque. Piria fue un visionario y alquimista, quien originariamente la bautiz\u00f3 \u201cBalneario del Porvenir\u201d, un nombre que con el tiempo se convertir\u00eda en realidad.\\r\\n\\r\\nPiri\u00e1polis cuenta con magn\u00edficos edificaciones como una extensa rambla costanera, r\u00e9plica de la Biarritz francesa, el gigantesco Argentino Hotel que durante mucho a\u00f1os fue el m\u00e1s grande de Am\u00e9rica del Sur y el enigm\u00e1tico Castillo de Piria.\\r\\n\\r\\nSus playas se ubican a lo largo de una franja de 25 kil\u00f3metros de costa, desde el arroyo Sol\u00eds hasta Punta Negra. Todas ellas, de blancas arenas y aguas limpias, reciben cada verano miles de turistas uruguayos, argentinos, brasile\u00f1os, chilenos, paraguayos y de otros pa\u00edses de Am\u00e9rica Latina Am\u00e9rica y de Europa. Hacia el oeste algunas de las m\u00e1s atractivas son: Playa Grande, Playa Verde, Playa Hermosa, Las Flores y Bella Vista.\\r\\n\\r\\nEn los espacios naturales se practican diferentes deportes n\u00e1uticos, pesca y recreaci\u00f3n para todos los gustos. Es ideal para recorrer los senderos de los cerros a pie, en bici o en aerosillas, las \u00fanicas de estas latitudes.\\r\\n\\r\\nLa gastronom\u00eda de Piri\u00e1polis, asociada a su ubicaci\u00f3n costera, ofrece eventos a lo largo del a\u00f1o donde se pueden degustar las delicias locales como sucede en la Paella Gigante, en diciembre de cada a\u00f1o, entre otros. Los eventos deportivos y culturales son moneda corriente en este destino privilegiado por su naturaleza, su historia y su gente.\\r\\n\\r\\nSu alta conectividad y accesibilidad permiten llegar a ella por tierra, agua y aire, contando con puerto, y aeropuertos a s\u00f3lo 81 km de distancia de Montevideo, y 38 km de Punta del Este respectivamente.\\r\\n\\r\\nPiri\u00e1polis te espera con toda su magia... sus cerros, bulevares extensos, historia, cultura y sus playas de ensue\u00f1o.\",\"primary_image\":\"http:\/\/uruguaynatural.com\/wp-content\/uploads\/2023\/12\/PiriaPuerto-WEB.jpg\"}]","date_enabled":"1","start_date":"1718060400000","end_date":"1719284340000","_links":{"self":[{"href":"https:\/\/uruguaynatural.com\/en\/wp-json\/wp\/v2\/experiences\/4674","targetHints":{"allow":["GET"]}}],"collection":[{"href":"https:\/\/uruguaynatural.com\/en\/wp-json\/wp\/v2\/experiences"}],"about":[{"href":"https:\/\/uruguaynatural.com\/en\/wp-json\/wp\/v2\/types\/experiences"}],"author":[{"embeddable":true,"href":"https:\/\/uruguaynatural.com\/en\/wp-json\/wp\/v2\/users\/7"}],"wp:attachment":[{"href":"https:\/\/uruguaynatural.com\/en\/wp-json\/wp\/v2\/media?parent=4674"}],"wp:term":[{"taxonomy":"experience-categories","embeddable":true,"href":"https:\/\/uruguaynatural.com\/en\/wp-json\/wp\/v2\/experience-categories?post=4674"}],"curies":[{"name":"wp","href":"https:\/\/api.w.org\/{rel}","templated":true}]}}