{"id":1979,"date":"{\"dateEnabled\":false}","date_gmt":"2023-05-03T20:29:18","guid":{"rendered":"https:\/\/mintur.globaluy.com\/es\/experiences\/\/"},"modified":"2023-09-28T08:28:04","modified_gmt":"2023-09-28T11:28:04","slug":"la-propuesta-renovada-del-ex-anglo","status":"publish","type":"experiences","link":"https:\/\/uruguaynatural.com\/en\/experiences\/la-propuesta-renovada-del-ex-anglo\/","title":{"rendered":"In the flesh, the renewed proposal from the former Anglo"},"author":1,"template":"","experience-categories":[17,29,30],"class_list":["post-1979","experiences","type-experiences","status-publish","hentry","experience-categories-cultura","experience-categories-museos","experience-categories-patrimonio"],"acf":[],"primary_title":"<h1>\"In the flesh\", the renewed proposal from the <span class=\"highlight--turquesa\">former Anglo\r\n<\/span><\/h1>","description":"Visiting the west of the country offers the possibility of experiencing the lifestyle of the early twentieth century. A must for history lovers is a visit to the Museum of the Industrial Revolution, recently renovated in the city of Fray Bentos.","info":"The building where one of the main meat factories in South America operated, known as \"the great kitchen of the world\", passed through the hands of German (Liebig, 1862), British (Anglo, since 1924) and Uruguayan State (Frigor\u00edfico Nacional, since 1968), before closing in the 1970s.\r\n\r\nIt had a profound impact on the way the world eats, creating one of the most famous British brands of the 20th century, Anglo, transforming the Uruguayan economy and helping world food production enter the industrial era. Reason why in July 2015 it was declared Cultural Landscape Heritage of Humanity by the United Nations Educational, Scientific and Cultural Organization (UNESCO).\r\n\r\nA guided tour allows you to learn how its corned beef and Oxo broth cubes were food models around the world and protagonists in the daily nutrition of the European armies during World War I and II.\r\n\r\nIn the Museum you can see all kinds of machinery, the process of elaboration of the meat extract, work uniforms and even the cards of the dismissals of workers who participated in the strikes.\r\n\r\nRecently the Museum of the Revolution was renovated in its script and patrimonial story, as well as the integral conservation of the building and its machinery with an investment of the Inter-American Development Bank program and the Ministry of Tourism, with a local counterpart of the Municipality of R\u00edo Negro.\r\n\r\nThe \"Musealization of the Engine Room\" adds value to the infrastructure that represents the industrial past that moved the entire city of Fray Bentos with cutting-edge technology such as proximity sensors, screens, projectors, specially designed lighting, speakers with recordings and tablets mounted on totem poles that allow to relive the era.\r\n\r\n\r\n<center><iframe src=\"https:\/\/www.youtube.com\/embed\/vHVdwBh05ow\" width=\"640\" height=\"360\" frameborder=\"0\" allowfullscreen=\"allowfullscreen\"><\/iframe><\/center>\r\n<p align=\"justify\">But the most interesting thing about the museum is that it not only focuses on the history of the industry, but also tells the story of the people who worked there and how their lives were affected by the changes in the industry over time. In this sense, stories and testimonies of former workers were compiled in a video documentary entitled \"In the Flesh\". Watch it!<\/p>","highlights":"","primary_image":"[{\"id\":1980,\"url\":\"https:\/\/uruguaynatural.com\/wp-content\/uploads\/2023\/05\/Anglo-vistaPrevia.jpg\"}]","secondary_image":"[]","gallery_images":"[{\"id\":2634,\"url\":\"http:\/\/uruguaynatural.com\/wp-content\/uploads\/2023\/05\/FrayBentos-Anglo-1.jpg\"},{\"id\":2633,\"url\":\"http:\/\/uruguaynatural.com\/wp-content\/uploads\/2023\/05\/LEO5970-1-1.jpg\"},{\"id\":2635,\"url\":\"http:\/\/uruguaynatural.com\/wp-content\/uploads\/2023\/05\/CPRio20Negro20Fray20Bentos20P20LaRosa074-MaquinasyPersonasArte-scaled.jpg\"},{\"id\":2637,\"url\":\"http:\/\/uruguaynatural.com\/wp-content\/uploads\/2023\/05\/CP-RioNegroFray20Bentos-Publico-Maquinas-P-LaRosa079-scaled.jpg\"}]","enable_map":"1","coord_lat":"","coord_lng":"","locations":"-33.116981179461,-58.332064475974505","department":"Rio Negro","places":"[{\"id\":1060,\"link\":\"http:\/\/uruguaynatural.com\/%places-slug%\/fray-bentos\/\",\"title\":\"Fray Bentos\",\"description\":\"Situada en las m\u00e1rgenes del r\u00edo Uruguay, en el l\u00edmite con Argentina, la capital del departamento de R\u00edo Negro, facilita el tr\u00e1nsito entre ambos pa\u00edses, a trav\u00e9s del puente internacional Libertador General San Mart\u00edn. Es una ciudad de 25.000 habitantes surgida a mediados del siglo XIX bajo el influjo de la industria de la carne. All\u00ed se instal\u00f3 el primer establecimiento industrial del pa\u00eds, el frigor\u00edfico Liebig\u00b4s de fama internacional, que actualmente conforma el Paisaje Cultural Industrial Fray Bentos, recientemente declarado Patrimonio Hist\u00f3rico Cultural de la Humanidad por la Unesco.\\r\\nComo lugares de inter\u00e9s se destacan: la rambla, el Museo de la Revoluci\u00f3n Industrial, el Barrio Anglo, el Museo Luis Solari, la Plaza Hargain, el Teatro Young, el Parque Roosevelt y el Teatro de Verano. Otros atractivos son la ruta panor\u00e1mica desde Barrio Anglo hasta el balneario Las Ca\u00f1as, el mirador del Puente San Mart\u00edn; y la planta industrial de UPM, que puede visitarse mediante previa coordinaci\u00f3n.\\r\\nEl departamento al que pertenece est\u00e1 enclavado entre los dos r\u00edos m\u00e1s importantes del pa\u00eds, el majestuoso R\u00edo Uruguay y el caudaloso R\u00edo Negro. Ambos tienen un caudal combinado de m\u00e1s de cinco millones de litros por segundo.\\r\\nEl territorio est\u00e1 regado por numerosos cursos de agua y tiene costas sobre dos importantes embalses hidroel\u00e9ctricos: Rinc\u00f3n de Palmar y Rinc\u00f3n de Baygorria. Su clima es templado y agradable lo que favorece el disfrute de la naturaleza durante todas las \u00e9pocas del a\u00f1o.\\r\\nR\u00edo Negro cuenta con hermosas playas fluviales como Las Ca\u00f1as, Puerto Viejo y Potrero de Burro sobre el R\u00edo Uruguay y Los Arrayanes sobre el R\u00edo Negro.\\r\\nEl departamento tambi\u00e9n se caracteriza por la presencia de m\u00faltiples \u00e1reas de valor y pr\u00f3diga biodiversidad. La preservaci\u00f3n y valorizaci\u00f3n de dichas \u00e1reas ha sido beneficiosa para las comunidades locales que habitan en la zona. As\u00ed, por ejemplo, Esteros de Farrapos e Islas de R\u00edo Uruguay, localizada en la costa fluvial occidental del departamento, fue indentificada y promovida como \u00c1rea Protegida por el Sistema Nacional de \u00c1reas Protegidas, y es motivo de orgullo para los\u00a0 rio negrenses.\\r\\n\\r\\n\u00a0\",\"primary_image\":\"http:\/\/uruguaynatural.com\/wp-content\/uploads\/2023\/05\/FrayBentos-Anglo.jpg\"},{\"id\":2577,\"link\":\"http:\/\/uruguaynatural.com\/%places-slug%\/colonia\/\",\"title\":\"Colonia del Sacramento\",\"description\":\"Un barrio hist\u00f3rico patrimonio de la humanidad, quesos que dan que hablar en todo el mundo, y \u00f3ptimas condiciones n\u00e1uticas son algunos de los motivos por los que no podes dejar de visitar el oeste.\\r\\nColonia del Sacramento es uno de los m\u00e1s importantes referentes tur\u00edsticos del Uruguay, recibiendo miles de visitantes durante el a\u00f1o. A tan s\u00f3lo una hora de Buenos Aires por barco, y a dos horas de Montevideo por carretera, Colonia del Sacramento es un remanso donde el visitante se encuentra con la cultura, la historia y la magia de un destino ineludible en el R\u00edo de la Plata. El encanto de la ciudad est\u00e1 vinculado a la particularidad de su historia.\\r\\n\\r\\nFundada en 1680 por el portugu\u00e9s Manuel Lobo, la ciudad pas\u00f3 de dominio portugu\u00e9s a dominio espa\u00f1ol varias veces, hasta la Declaratoria de Independencia de la Banda Oriental en 1825. Estos sucesos hicieron del Casco Hist\u00f3rico de la capital coloniense un crisol de estilos arquitect\u00f3nicos y urban\u00edsticos en el que conviven estilos coloniales t\u00edpicamente portugueses y viviendas de porte espa\u00f1ol.\\r\\n\\r\\nEl Casco Hist\u00f3rico de Colonia del Sacramento, declarado Patrimonio Mundial por UNESCO en 1995, atrae a turistas de todo el mundo y es escenario de innumerables producciones fotogr\u00e1ficas que buscan captar la magia del lugar.\\r\\nCaminar por sus empedradas e irregulares calles permite rememorar la historia, y disfrutar de un paisaje \u00fanico con vistas privilegiadas del R\u00edo de la Plata. La enigm\u00e1tica Calle de los Suspiros, pavimentada con piedras de cu\u00f1a, posee un encanto \u00fanico, capaz de transportar al visitante a un mundo de ensue\u00f1o.\\r\\n\\r\\nUna visita guiada por el Casco Hist\u00f3rico de Colonia del Sacramento permite sumergirse en la historia y acercarse al rico legado cultural de la ciudad. Museos, teatro, arte, artesan\u00edas y una buena gastronom\u00eda complementan un abanico de posibilidades para el visitante. Adem\u00e1s, la ciudad ofrece al visitante una vasta oferta hotelera de calidad, con opciones que van desde cadenas de hoteles internacionales a las t\u00edpicas posadas, alojadas en antiguas casas coloniales, as\u00ed como una gran variedad de alegres y pintorescos restaurantes.\\r\\n\\r\\nSiguiendo por la rambla de la ciudad, paseo que muchos eligen hacer en bicicleta, se llega al Real de San Carlos, antiguo enclave militar espa\u00f1ol. All\u00ed se encuentra la iglesia de San Benito, con su imagen de santo negro, y el emprendimiento de Nicol\u00e1s Mihanovich, que a comienzos del siglo XX desarroll\u00f3 en este lugar un complejo tur\u00edstico al gusto de la \u00e9poca y que actualmente posee su principal \u00edcono en la Plaza de Toros.\\r\\n\\r\\nComo parte del encanto de la ciudad, Colonia del Sacramento seduce con sus atardeceres sobre el R\u00edo de la Plata cargados de color y magia. La vista desde el faro o desde el muelle viejo es, sin duda, un espect\u00e1culo que seduce a los sentidos. Consulte sobre circuitos tur\u00edsticos y paseos guiados.\\r\\n<div class=\\\"vue-app uk-container\\\" data-v-app=\\\"\\\">\\r\\n<div class=\\\"uk-text-primary uk-margin-remove-top\\\"><article><article>\\r\\n<h3>\u00a1No te pierdas!<\/h3>\\r\\n<div class=\\\"mas-visitados clearfix\\\">\\r\\n<figure><img class=\\\"circular-img\\\" src=\\\"https:\/\/uruguaynatural.com\/images\/destinos-destacados\/FAROCOLONIA.jpg\\\" alt=\\\"\\\" \/><\/figure>\\r\\n<h4><\/h4>\\r\\n<h4>Faro de Colonia de Sacramento.<\/h4>\\r\\nInaugurado en 1857, est\u00e1 emplazado en la calle San Francisco, entre Plaza Mayor y San Pedro. Se asciende a trav\u00e9s de una angosta escalera de caracol que conduce a una de las mejores vistas de la ciudad.\\r\\n\\r\\n<\/div>\\r\\n<div class=\\\"mas-visitados clearfix\\\">\\r\\n<figure><img class=\\\"circular-img\\\" src=\\\"https:\/\/uruguaynatural.com\/images\/destinos-destacados\/Calledelossuspiros.jpg\\\" alt=\\\"\\\" \/><\/figure>\\r\\n<h4><\/h4>\\r\\n<h4>Calle de los Suspiros.<\/h4>\\r\\nEsta angosta y pintoresca callecita construida con\u00a0 adoquines que perviven desde la \u00e9poca colonial,\u00a0 es la arteria principal del Barrio Hist\u00f3rico y est\u00e1 rodeada de construcciones antiguas de gran inter\u00e9s.\\r\\n<div class=\\\"mas-visitados clearfix\\\">\\r\\n<figure><img class=\\\"circular-img\\\" src=\\\"https:\/\/uruguaynatural.com\/images\/destinos-destacados\/PUERTOCOLONIA.jpg\\\" alt=\\\"\\\" \/><\/figure>\\r\\n<h4><\/h4>\\r\\n<h4>Puerto de Colonia.<\/h4>\\r\\nPor su cercan\u00eda a Buenos Aires, es la principal puerta de entrada desde el pa\u00eds vecino, con intenso tr\u00e1nsito de pasajeros entre las dos orillas del R\u00edo de la Plata. Contemplar un atardecer con los buques de fondo resulta una experiencia renovadora.\\r\\n\\r\\n<\/div>\\r\\n<div id=\\\"s5_center_area1\\\" class=\\\"back_colonia-del-sacramento\\\">\\r\\n<div id=\\\"s5_center_area2\\\">\\r\\n<div id=\\\"s5_center_area_inner\\\" class=\\\"s5_wrap\\\">\\r\\n<div id=\\\"s5_columns_wrap\\\">\\r\\n<div id=\\\"s5_columns_wrap_inner\\\">\\r\\n<div id=\\\"s5_columns_wrap_inner2\\\">\\r\\n<div id=\\\"s5_right_column_wrap\\\" class=\\\"s5_float_left\\\">\\r\\n<div id=\\\"s5_right_column_wrap_inner\\\">\\r\\n<div id=\\\"s5_right_wrap\\\" class=\\\"s5_float_left\\\">\\r\\n<div class=\\\"module_round_box_outer\\\">\\r\\n<div class=\\\"module_round_box\\\">\\r\\n<div class=\\\"s5_module_box_1\\\">\\r\\n<div class=\\\"s5_module_box_2\\\">\\r\\n<div class=\\\"s5_outer\\\">\\r\\n<div class=\\\"custom\\\">\\r\\n\\r\\n<a href=\\\"https:\/\/www.colonia.gub.uy\/turismo\/\\\">https:\/\/www.colonia.gub.uy\/turismo\/<\/a>\\r\\n\\r\\n<\/div>\\r\\n<\/div>\\r\\n<\/div>\\r\\n<\/div>\\r\\n<\/div>\\r\\n<\/div>\\r\\n<div class=\\\"module_round_box_outer\\\">\\r\\n<div class=\\\"module_round_box\\\">\\r\\n<div class=\\\"s5_module_box_1\\\">\\r\\n<div class=\\\"s5_module_box_2\\\">\\r\\n<div class=\\\"s5_outer\\\">\\r\\n<div class=\\\"custom\\\"><section id=\\\"modulo-wrap\\\" class=\\\"informacion-turistica\\\"><img src=\\\"https:\/\/uruguaynatural.com\/images\/icon-informacion-turistica.png\\\" alt=\\\"\\\" \/>COLONIA DEL SACRAMENTO<strong>Centro de Informes BIT<\/strong>\\r\\nOdriozola 434 esq. A. M\u00e9ndez\\r\\n<span id=\\\"cloak4e833e7f001e62f4547504c9293acb44\\\"><a href=\\\"mailto:infoturismobit@gmail.com\\\">infoturismobit@gmail.com<\/a><\/span>\\r\\nTel. 4523 7707\\r\\n<strong>\u00a0<\/strong>\\r\\n<strong>Centro<\/strong>\\r\\nAv. Gral. Flores y Rivera\\r\\n<span id=\\\"cloakf1c3b346190017ba99865db4f1002061\\\"><a href=\\\"mailto:ncentro1680@gmail.com\\\">ncentro1680@gmail.com<\/a><\/span>\\r\\nTel. 4522 6141<strong>Terminal de Puerto<\/strong>\\r\\nIsla Central \u2013 Hall de acceso\\r\\n<span id=\\\"cloak7bb36a2afe34d65c5f506fb4b14e8134\\\"><a href=\\\"mailto:centroinfobit@gmail.com\\\">centroinfobit@gmail.com<\/a><\/span><strong>Barrio Hist\u00f3rico (Barrio Sur)<\/strong>\\r\\nManuel Lobo 224\\r\\n<span id=\\\"cloak0c49e12a44010511a61480d3482c5326\\\"><a href=\\\"mailto:barriohistorico1680@gmail.com\\\">barriohistorico1680@gmail.com<\/a><\/span>\\r\\nTel. 4522 8506\u00a0\\r\\n\\r\\n<strong>Terminal de Buses<\/strong>\\r\\nAv. Buenos Aires esq. Manuel Lobo\\r\\n<span id=\\\"cloak8d7fed3ae703679c72ca8531908320fb\\\"><a href=\\\"mailto:infoterminal1680@gmail.com\\\">infoterminal1680@gmail.com<\/a><\/span>\\r\\n<strong>\u00a0<\/strong>\\r\\n<strong>CONCHILLAS<\/strong>\\r\\nAv. David Evans\\r\\nEdificio Casa Evans\\r\\n<span id=\\\"cloakc4cdeeb9577a80cd4af57157314a4e0d\\\"><a href=\\\"mailto:turismoconchillas@gmail.com\\\">turismoconchillas@gmail.com<\/a><\/span>\\r\\nTel. 4577 2454\\r\\n<strong>\u00a0<\/strong>\\r\\n<strong>CARMELO<\/strong>\\r\\nKiosco Plaza Independencia\\r\\nUruguay esq. Roosevelt\\r\\n<span id=\\\"cloak98c9871becf6866ddd09d707425c23c7\\\"><a href=\\\"mailto:turismocarmelo@gmail.com\\\">turismocarmelo@gmail.com<\/a><\/span>\\r\\nTel. 4543 1890\\r\\n\\r\\n<strong>Playa Ser\u00e9<\/strong>\\r\\nLocal Artesanos\\r\\n\\r\\n<strong>FLORENCIO SANCHEZ<\/strong>\\r\\nCruce Rutas 2, 12 y 57\\r\\nTel. 4536 6703\\r\\n<strong>\u00a0<\/strong>\\r\\n<strong>VILLA LA PAZ<\/strong>\\r\\nCentro de Artesanos La Paz\\r\\nPlaza Doroteo Garc\u00eda, e\/ J.D.Costabel y Gral. Artigas\\r\\n\\r\\n<strong>COLONIA VALDENSE<\/strong>\\r\\nCentro de Artesanos Ciudad Jard\u00edn\\r\\nRuta 1, km. 121\\r\\nTel. 4558 8412\\r\\n<strong>\u00a0<\/strong>\\r\\n<strong>NUEVA HELVECIA<\/strong>\\r\\nCentro del Movimiento \u201cNuevas Generaciones\u201d\\r\\n25 de Agosto e\/Berna y 18 de Julio\\r\\nTel. 4554 5657\\r\\n\\r\\n<strong>ROSARIO<\/strong>\\r\\nItuzaing\u00f3 y Fuica\\r\\n\\r\\n<\/section><\/div>\\r\\n<\/div>\\r\\n<div><\/div>\\r\\n<\/div>\\r\\n<\/div>\\r\\n<\/div>\\r\\n<\/div>\\r\\n<\/div>\\r\\n<\/div>\\r\\n<\/div>\\r\\n<\/div>\\r\\n<\/div>\\r\\n<\/div>\\r\\n<\/div>\\r\\n<\/div>\\r\\n<\/div>\\r\\n<div id=\\\"s5_bottom_row1_area1\\\">\\r\\n<div id=\\\"s5_bottom_row1_area2\\\">\\r\\n<div id=\\\"s5_bottom_row1_area_inner\\\" class=\\\"s5_wrap\\\">\\r\\n<div id=\\\"s5_bottom_row1_wrap\\\">\\r\\n<div id=\\\"s5_bottom_row1\\\">\\r\\n<div id=\\\"s5_bottom_row1_inner\\\">\\r\\n<div id=\\\"s5_pos_bottom_row1_1\\\" class=\\\"s5_float_left\\\">\\r\\n<div class=\\\"module_round_box_outer\\\">\\r\\n<div class=\\\"module_round_box\\\">\\r\\n<div class=\\\"s5_module_box_1\\\">\\r\\n<div class=\\\"s5_module_box_2\\\">\\r\\n<div class=\\\"s5_mod_h3_outer\\\"><\/div>\\r\\n<\/div>\\r\\n<\/div>\\r\\n<\/div>\\r\\n<\/div>\\r\\n<\/div>\\r\\n<\/div>\\r\\n<\/div>\\r\\n<\/div>\\r\\n<\/div>\\r\\n<\/div>\\r\\n<\/div>\\r\\n<\/div>\\r\\n<\/article><\/article><\/div>\\r\\n<\/div>\\r\\n\u00a0\",\"primary_image\":\"http:\/\/uruguaynatural.com\/wp-content\/uploads\/2023\/06\/DSC_0093.jpg\"},{\"id\":3036,\"link\":\"http:\/\/uruguaynatural.com\/%places-slug%\/soriano\/\",\"title\":\"Soriano\",\"description\":\"<div class=\\\"itemBody\\\">\\r\\n<div class=\\\"itemIntroText\\\"><section id=\\\"item-wrap\\\" class=\\\"destino-wrap\\\"><article>No en vano Soriano, recibe motes del estilo \\\"departamento f\u00e9rtil\\\" o \\\"granero del pa\u00eds\\\". En su topograf\u00eda llana y de notable irrigaci\u00f3n prosperan con alt\u00edsimos rendimientos los cultivos de trigo, cebada, girasol y \u00faltimamente soja y ma\u00edz. Sobre sus praderas, a fines del siglo XVI surgieron las primeras poblaciones de colonos que lucharon contra las poblaciones nativas en pos de establecerse. Soriano es tambi\u00e9n un departamento f\u00e9rtil en episodios hist\u00f3ricos.Sobre la playa de la Agraciada, ubicada en el km 8 de la ruta 21, el 19 de abril de 1825 desembarcararon el grupo de los Treinta y Tres patriotas que dieron origen a la Cruzada Libertadora, consumando la independencia de Uruguay.<\/article><article><\/article><article>La capital de Soriano es la ciudad de Mercedes, a 278 km de Montevideo, sobre la ruta 2.La ciudad recibe al turista con un enorme puente sobre el R\u00edo Negro, una hermosa rambla, y la posibilidad de embarcarse para recorrer varias islas sobre el R\u00edo Negro, y disfrutar de extensas jornadas de picnic.<\/article><article><\/article><article>Soriano es un departamento abierto a los visitantes que se sorprenden por la belleza de sus r\u00edos y arroyos, as\u00ed como por las m\u00faltiples posibilidades de esparcimiento y turismo n\u00e1utico que hay a lo largo y ancho de su territorio.<\/article><\/section><\/div>\\r\\n<\/div>\",\"primary_image\":\"http:\/\/uruguaynatural.com\/wp-content\/uploads\/2023\/06\/Captura-de-pantalla-de-2022-10-20-10-40-18.png\"}]","date_enabled":"","start_date":"","end_date":"","_links":{"self":[{"href":"https:\/\/uruguaynatural.com\/en\/wp-json\/wp\/v2\/experiences\/1979","targetHints":{"allow":["GET"]}}],"collection":[{"href":"https:\/\/uruguaynatural.com\/en\/wp-json\/wp\/v2\/experiences"}],"about":[{"href":"https:\/\/uruguaynatural.com\/en\/wp-json\/wp\/v2\/types\/experiences"}],"author":[{"embeddable":true,"href":"https:\/\/uruguaynatural.com\/en\/wp-json\/wp\/v2\/users\/1"}],"wp:attachment":[{"href":"https:\/\/uruguaynatural.com\/en\/wp-json\/wp\/v2\/media?parent=1979"}],"wp:term":[{"taxonomy":"experience-categories","embeddable":true,"href":"https:\/\/uruguaynatural.com\/en\/wp-json\/wp\/v2\/experience-categories?post=1979"}],"curies":[{"name":"wp","href":"https:\/\/api.w.org\/{rel}","templated":true}]}}